{"id":4439,"date":"2023-06-05T14:00:15","date_gmt":"2023-06-05T13:00:15","guid":{"rendered":"https:\/\/www.yvar-bregeant.com\/bereits-erschienene-buecher\/"},"modified":"2025-07-31T19:08:51","modified_gmt":"2025-07-31T18:08:51","slug":"bereits-erschienene-buecher","status":"publish","type":"page","link":"https:\/\/www.yvar-bregeant.com\/de\/bereits-erschienene-buecher\/","title":{"rendered":"B\u00fccher"},"content":{"rendered":"\t\t<div data-elementor-type=\"wp-page\" data-elementor-id=\"4439\" class=\"elementor elementor-4439 elementor-235\" data-elementor-post-type=\"page\">\n\t\t\t\t\t\t<section class=\"elementor-section elementor-top-section elementor-element elementor-element-4135eb54 elementor-section-boxed elementor-section-height-default elementor-section-height-default\" data-id=\"4135eb54\" data-element_type=\"section\" data-e-type=\"section\" data-settings=\"{&quot;background_background&quot;:&quot;classic&quot;}\">\n\t\t\t\t\t\t\t<div class=\"elementor-background-overlay\"><\/div>\n\t\t\t\t\t\t\t<div class=\"elementor-container elementor-column-gap-default\">\n\t\t\t\t\t<div class=\"elementor-column elementor-col-100 elementor-top-column elementor-element elementor-element-43041edf\" data-id=\"43041edf\" data-element_type=\"column\" data-e-type=\"column\">\n\t\t\t<div class=\"elementor-widget-wrap elementor-element-populated\">\n\t\t\t\t\t\t<div class=\"elementor-element elementor-element-792a7221 elementor-widget elementor-widget-heading\" data-id=\"792a7221\" data-element_type=\"widget\" data-e-type=\"widget\" data-widget_type=\"heading.default\">\n\t\t\t\t<div class=\"elementor-widget-container\">\n\t\t\t\t\t<h1 class=\"elementor-heading-title elementor-size-default\">Die B\u00fccher  <\/h1>\t\t\t\t<\/div>\n\t\t\t\t<\/div>\n\t\t\t\t\t<\/div>\n\t\t<\/div>\n\t\t\t\t\t<\/div>\n\t\t<\/section>\n\t\t<div class=\"elementor-element elementor-element-eb8cc23 e-flex e-con-boxed e-con e-parent\" data-id=\"eb8cc23\" data-element_type=\"container\" data-e-type=\"container\">\n\t\t\t\t\t<div class=\"e-con-inner\">\n\t\t\t\t<div class=\"elementor-element elementor-element-691ce8c elementor-widget elementor-widget-text-editor\" data-id=\"691ce8c\" data-element_type=\"widget\" data-e-type=\"widget\" data-widget_type=\"text-editor.default\">\n\t\t\t\t<div class=\"elementor-widget-container\">\n\t\t\t\t\t\t\t\t\t<h6 style=\"text-align: center;\"><span style=\"color: #000000;\">(KLICKEN SIE AUF DAS COVER DES BUCHES IHRER WAHL F\u00dcR ALLE DETAILS ZU DIESEM BUCH)<\/span><\/h6>\t\t\t\t\t\t\t\t<\/div>\n\t\t\t\t<\/div>\n\t\t\t\t\t<\/div>\n\t\t\t\t<\/div>\n\t\t<div class=\"elementor-element elementor-element-31f8504 e-flex e-con-boxed e-con e-parent\" data-id=\"31f8504\" data-element_type=\"container\" data-e-type=\"container\">\n\t\t\t\t\t<div class=\"e-con-inner\">\n\t\t<div class=\"elementor-element elementor-element-a440bba e-grid e-con-full e-con e-child\" data-id=\"a440bba\" data-element_type=\"container\" data-e-type=\"container\">\n\t\t\t\t<div class=\"elementor-element elementor-element-ab606ba elementor-widget elementor-widget-image\" data-id=\"ab606ba\" data-element_type=\"widget\" data-e-type=\"widget\" data-widget_type=\"image.default\">\n\t\t\t\t<div class=\"elementor-widget-container\">\n\t\t\t\t\t\t\t\t\t\t\t\t\t\t\t\t<a href=\"https:\/\/www.yvar-bregeant.com\/de\/die-offenbarung-des-buches-genesis\/\" target=\"_blank\">\n\t\t\t\t\t\t\t<img decoding=\"async\" width=\"642\" height=\"1024\" src=\"https:\/\/www.yvar-bregeant.com\/wp-content\/uploads\/2024\/12\/Couverture-unifiee-Volume-1-Francais-vf-642x1024.png\" class=\"attachment-large size-large wp-image-37679\" alt=\"\" srcset=\"https:\/\/www.yvar-bregeant.com\/wp-content\/uploads\/2024\/12\/Couverture-unifiee-Volume-1-Francais-vf-642x1024.png 642w, https:\/\/www.yvar-bregeant.com\/wp-content\/uploads\/2024\/12\/Couverture-unifiee-Volume-1-Francais-vf-188x300.png 188w, https:\/\/www.yvar-bregeant.com\/wp-content\/uploads\/2024\/12\/Couverture-unifiee-Volume-1-Francais-vf-768x1226.png 768w, https:\/\/www.yvar-bregeant.com\/wp-content\/uploads\/2024\/12\/Couverture-unifiee-Volume-1-Francais-vf-963x1536.png 963w, https:\/\/www.yvar-bregeant.com\/wp-content\/uploads\/2024\/12\/Couverture-unifiee-Volume-1-Francais-vf-1283x2048.png 1283w, https:\/\/www.yvar-bregeant.com\/wp-content\/uploads\/2024\/12\/Couverture-unifiee-Volume-1-Francais-vf.png 1410w\" sizes=\"(max-width: 642px) 100vw, 642px\" \/>\t\t\t\t\t\t\t\t<\/a>\n\t\t\t\t\t\t\t\t\t\t\t\t\t\t\t<\/div>\n\t\t\t\t<\/div>\n\t\t\t\t<div class=\"elementor-element elementor-element-5e479ea elementor-widget elementor-widget-image\" data-id=\"5e479ea\" data-element_type=\"widget\" data-e-type=\"widget\" data-widget_type=\"image.default\">\n\t\t\t\t<div class=\"elementor-widget-container\">\n\t\t\t\t\t\t\t\t\t\t\t\t\t\t\t\t<a href=\"https:\/\/www.yvar-bregeant.com\/de\/die-entzifferung-der-hohlensprache\/\" target=\"_blank\">\n\t\t\t\t\t\t\t<img decoding=\"async\" width=\"642\" height=\"1024\" src=\"https:\/\/www.yvar-bregeant.com\/wp-content\/uploads\/2024\/12\/VOLUME-2-LIVRE-1-LE-DECHIFFRAGE-DU-LANGAGE-DES-CAVERNES-FRANCAIS-VF1-642x1024.png\" class=\"attachment-large size-large wp-image-37689\" alt=\"\" srcset=\"https:\/\/www.yvar-bregeant.com\/wp-content\/uploads\/2024\/12\/VOLUME-2-LIVRE-1-LE-DECHIFFRAGE-DU-LANGAGE-DES-CAVERNES-FRANCAIS-VF1-642x1024.png 642w, https:\/\/www.yvar-bregeant.com\/wp-content\/uploads\/2024\/12\/VOLUME-2-LIVRE-1-LE-DECHIFFRAGE-DU-LANGAGE-DES-CAVERNES-FRANCAIS-VF1-188x300.png 188w, https:\/\/www.yvar-bregeant.com\/wp-content\/uploads\/2024\/12\/VOLUME-2-LIVRE-1-LE-DECHIFFRAGE-DU-LANGAGE-DES-CAVERNES-FRANCAIS-VF1-768x1226.png 768w, https:\/\/www.yvar-bregeant.com\/wp-content\/uploads\/2024\/12\/VOLUME-2-LIVRE-1-LE-DECHIFFRAGE-DU-LANGAGE-DES-CAVERNES-FRANCAIS-VF1-963x1536.png 963w, https:\/\/www.yvar-bregeant.com\/wp-content\/uploads\/2024\/12\/VOLUME-2-LIVRE-1-LE-DECHIFFRAGE-DU-LANGAGE-DES-CAVERNES-FRANCAIS-VF1-1283x2048.png 1283w, https:\/\/www.yvar-bregeant.com\/wp-content\/uploads\/2024\/12\/VOLUME-2-LIVRE-1-LE-DECHIFFRAGE-DU-LANGAGE-DES-CAVERNES-FRANCAIS-VF1.png 1410w\" sizes=\"(max-width: 642px) 100vw, 642px\" \/>\t\t\t\t\t\t\t\t<\/a>\n\t\t\t\t\t\t\t\t\t\t\t\t\t\t\t<\/div>\n\t\t\t\t<\/div>\n\t\t\t\t<div class=\"elementor-element elementor-element-92a4a6c elementor-widget elementor-widget-image\" data-id=\"92a4a6c\" data-element_type=\"widget\" data-e-type=\"widget\" data-widget_type=\"image.default\">\n\t\t\t\t<div class=\"elementor-widget-container\">\n\t\t\t\t\t\t\t\t\t\t\t\t\t\t\t\t<a href=\"https:\/\/www.yvar-bregeant.com\/en\/homo-sapiens-book-2-from-god-to-adam\/\" target=\"_blank\">\n\t\t\t\t\t\t\t<img decoding=\"async\" width=\"642\" height=\"1024\" src=\"https:\/\/www.yvar-bregeant.com\/wp-content\/uploads\/2025\/07\/Champollion-FR-VF--642x1024.png\" class=\"attachment-large size-large wp-image-43588\" alt=\"\" srcset=\"https:\/\/www.yvar-bregeant.com\/wp-content\/uploads\/2025\/07\/Champollion-FR-VF--642x1024.png 642w, https:\/\/www.yvar-bregeant.com\/wp-content\/uploads\/2025\/07\/Champollion-FR-VF--188x300.png 188w, https:\/\/www.yvar-bregeant.com\/wp-content\/uploads\/2025\/07\/Champollion-FR-VF--768x1226.png 768w, https:\/\/www.yvar-bregeant.com\/wp-content\/uploads\/2025\/07\/Champollion-FR-VF--963x1536.png 963w, https:\/\/www.yvar-bregeant.com\/wp-content\/uploads\/2025\/07\/Champollion-FR-VF--1283x2048.png 1283w, https:\/\/www.yvar-bregeant.com\/wp-content\/uploads\/2025\/07\/Champollion-FR-VF-.png 1410w\" sizes=\"(max-width: 642px) 100vw, 642px\" \/>\t\t\t\t\t\t\t\t<\/a>\n\t\t\t\t\t\t\t\t\t\t\t\t\t\t\t<\/div>\n\t\t\t\t<\/div>\n\t\t\t\t<\/div>\n\t\t<div class=\"elementor-element elementor-element-fdbb4f8 e-grid e-con-full e-con e-child\" data-id=\"fdbb4f8\" data-element_type=\"container\" data-e-type=\"container\">\n\t\t\t\t<div class=\"elementor-element elementor-element-8eb68dd elementor-widget elementor-widget-image\" data-id=\"8eb68dd\" data-element_type=\"widget\" data-e-type=\"widget\" data-widget_type=\"image.default\">\n\t\t\t\t<div class=\"elementor-widget-container\">\n\t\t\t\t\t\t\t\t\t\t\t\t\t\t\t\t<a href=\"https:\/\/www.yvar-bregeant.com\/de\/die-hand-und-ihre-symbole-die-muttergoettin-opferin-regeneratorin\/\" target=\"_blank\">\n\t\t\t\t\t\t\t<img decoding=\"async\" width=\"642\" height=\"1024\" src=\"https:\/\/www.yvar-bregeant.com\/wp-content\/uploads\/2024\/12\/Couverture-2-Francais-VF-642x1024.png\" class=\"attachment-large size-large wp-image-37709\" alt=\"\" srcset=\"https:\/\/www.yvar-bregeant.com\/wp-content\/uploads\/2024\/12\/Couverture-2-Francais-VF-642x1024.png 642w, https:\/\/www.yvar-bregeant.com\/wp-content\/uploads\/2024\/12\/Couverture-2-Francais-VF-188x300.png 188w, https:\/\/www.yvar-bregeant.com\/wp-content\/uploads\/2024\/12\/Couverture-2-Francais-VF-768x1226.png 768w, https:\/\/www.yvar-bregeant.com\/wp-content\/uploads\/2024\/12\/Couverture-2-Francais-VF-963x1536.png 963w, https:\/\/www.yvar-bregeant.com\/wp-content\/uploads\/2024\/12\/Couverture-2-Francais-VF-1283x2048.png 1283w, https:\/\/www.yvar-bregeant.com\/wp-content\/uploads\/2024\/12\/Couverture-2-Francais-VF.png 1410w\" sizes=\"(max-width: 642px) 100vw, 642px\" \/>\t\t\t\t\t\t\t\t<\/a>\n\t\t\t\t\t\t\t\t\t\t\t\t\t\t\t<\/div>\n\t\t\t\t<\/div>\n\t\t\t\t<div class=\"elementor-element elementor-element-8a12ce5 elementor-widget elementor-widget-image\" data-id=\"8a12ce5\" data-element_type=\"widget\" data-e-type=\"widget\" data-widget_type=\"image.default\">\n\t\t\t\t<div class=\"elementor-widget-container\">\n\t\t\t\t\t\t\t\t\t\t\t\t\t\t\t\t<a href=\"https:\/\/www.yvar-bregeant.com\/symboles-mythologiques-primordiaux-dieu-cosmos-homme-naissance-mort-renaissance\/\" target=\"_blank\">\n\t\t\t\t\t\t\t<img decoding=\"async\" width=\"642\" height=\"1024\" src=\"https:\/\/www.yvar-bregeant.com\/wp-content\/uploads\/2025\/05\/Couverture-Vol-3-Livre-2-les-symboles-primordiaux-642x1024.png\" class=\"attachment-large size-large wp-image-41327\" alt=\"\" srcset=\"https:\/\/www.yvar-bregeant.com\/wp-content\/uploads\/2025\/05\/Couverture-Vol-3-Livre-2-les-symboles-primordiaux-642x1024.png 642w, https:\/\/www.yvar-bregeant.com\/wp-content\/uploads\/2025\/05\/Couverture-Vol-3-Livre-2-les-symboles-primordiaux-188x300.png 188w, https:\/\/www.yvar-bregeant.com\/wp-content\/uploads\/2025\/05\/Couverture-Vol-3-Livre-2-les-symboles-primordiaux-768x1226.png 768w, https:\/\/www.yvar-bregeant.com\/wp-content\/uploads\/2025\/05\/Couverture-Vol-3-Livre-2-les-symboles-primordiaux-963x1536.png 963w, https:\/\/www.yvar-bregeant.com\/wp-content\/uploads\/2025\/05\/Couverture-Vol-3-Livre-2-les-symboles-primordiaux-1283x2048.png 1283w, https:\/\/www.yvar-bregeant.com\/wp-content\/uploads\/2025\/05\/Couverture-Vol-3-Livre-2-les-symboles-primordiaux.png 1410w\" sizes=\"(max-width: 642px) 100vw, 642px\" \/>\t\t\t\t\t\t\t\t<\/a>\n\t\t\t\t\t\t\t\t\t\t\t\t\t\t\t<\/div>\n\t\t\t\t<\/div>\n\t\t\t\t<div class=\"elementor-element elementor-element-2d377eb elementor-widget elementor-widget-image\" data-id=\"2d377eb\" data-element_type=\"widget\" data-e-type=\"widget\" data-widget_type=\"image.default\">\n\t\t\t\t<div class=\"elementor-widget-container\">\n\t\t\t\t\t\t\t\t\t\t\t\t\t\t\t\t<a href=\"https:\/\/www.yvar-bregeant.com\/les-temples-megalithiques-de-malte-gobekli-tepe-et-stonehenge\/\" target=\"_blank\">\n\t\t\t\t\t\t\t<img decoding=\"async\" width=\"642\" height=\"1024\" src=\"https:\/\/www.yvar-bregeant.com\/wp-content\/uploads\/2024\/12\/Volume-6-Livre-2-Malte-Gobekli-Stonehenge-Francais-VF1-642x1024.png\" class=\"attachment-large size-large wp-image-37699\" alt=\"\" srcset=\"https:\/\/www.yvar-bregeant.com\/wp-content\/uploads\/2024\/12\/Volume-6-Livre-2-Malte-Gobekli-Stonehenge-Francais-VF1-642x1024.png 642w, https:\/\/www.yvar-bregeant.com\/wp-content\/uploads\/2024\/12\/Volume-6-Livre-2-Malte-Gobekli-Stonehenge-Francais-VF1-188x300.png 188w, https:\/\/www.yvar-bregeant.com\/wp-content\/uploads\/2024\/12\/Volume-6-Livre-2-Malte-Gobekli-Stonehenge-Francais-VF1-768x1226.png 768w, https:\/\/www.yvar-bregeant.com\/wp-content\/uploads\/2024\/12\/Volume-6-Livre-2-Malte-Gobekli-Stonehenge-Francais-VF1-963x1536.png 963w, https:\/\/www.yvar-bregeant.com\/wp-content\/uploads\/2024\/12\/Volume-6-Livre-2-Malte-Gobekli-Stonehenge-Francais-VF1-1283x2048.png 1283w, https:\/\/www.yvar-bregeant.com\/wp-content\/uploads\/2024\/12\/Volume-6-Livre-2-Malte-Gobekli-Stonehenge-Francais-VF1.png 1410w\" sizes=\"(max-width: 642px) 100vw, 642px\" \/>\t\t\t\t\t\t\t\t<\/a>\n\t\t\t\t\t\t\t\t\t\t\t\t\t\t\t<\/div>\n\t\t\t\t<\/div>\n\t\t\t\t<\/div>\n\t\t\t\t\t<\/div>\n\t\t\t\t<\/div>\n\t\t<div class=\"elementor-element elementor-element-b3ccdbb e-flex e-con-boxed e-con e-parent\" data-id=\"b3ccdbb\" data-element_type=\"container\" data-e-type=\"container\">\n\t\t\t\t\t<div class=\"e-con-inner\">\n\t\t\t\t<div class=\"elementor-element elementor-element-e706bc6 elementor-widget elementor-widget-text-editor\" data-id=\"e706bc6\" data-element_type=\"widget\" data-e-type=\"widget\" data-widget_type=\"text-editor.default\">\n\t\t\t\t<div class=\"elementor-widget-container\">\n\t\t\t\t\t\t\t\t\t<div class=\"important-links\"><h6><span style=\"color: #000000;\">Weitere Informationen \u00fcber die Reihe und die Strukturierung der B\u00fccher :<\/span><\/h6><ul><li><h6>\u27a1\ufe0f <a href=\"https:\/\/www.yvar-bregeant.com\/de\/einleitung-strukturierung-und-inhalt\/\" target=\"_blank\" rel=\"noopener\">Die Strukturierung der B\u00fccher der Reihe<\/a><\/h6><\/li><\/ul><h6><span style=\"color: #000000;\">Um \u00f6ffentliche oder exklusive Ausz\u00fcge daraus zu lesen :<\/span><\/h6><ul><li><h6>\u27a1\ufe0f <a href=\"https:\/\/www.yvar-bregeant.com\/de\/online-lesen\/\" target=\"_blank\" rel=\"noopener\">Rubrik Ausz\u00fcge<\/a><\/h6><\/li><\/ul><\/div>\t\t\t\t\t\t\t\t<\/div>\n\t\t\t\t<\/div>\n\t\t\t\t\t<\/div>\n\t\t\t\t<\/div>\n\t\t<div class=\"elementor-element elementor-element-27e38a9 e-flex e-con-boxed e-con e-parent\" data-id=\"27e38a9\" data-element_type=\"container\" data-e-type=\"container\">\n\t\t\t\t\t<div class=\"e-con-inner\">\n\t\t\t\t<div class=\"elementor-element elementor-element-48291fd elementor-widget elementor-widget-text-editor\" data-id=\"48291fd\" data-element_type=\"widget\" data-e-type=\"widget\" data-widget_type=\"text-editor.default\">\n\t\t\t\t<div class=\"elementor-widget-container\">\n\t\t\t\t\t\t\t\t\t<h4 style=\"text-align: center;\"><span style=\"color: #000000;\">Preistabelle f\u00fcr B\u00fccher nach Format<\/span><\/h4>\t\t\t\t\t\t\t\t<\/div>\n\t\t\t\t<\/div>\n\t\t\t\t<div class=\"elementor-element elementor-element-5f603d1 elementor-widget elementor-widget-text-editor\" data-id=\"5f603d1\" data-element_type=\"widget\" data-e-type=\"widget\" data-widget_type=\"text-editor.default\">\n\t\t\t\t<div class=\"elementor-widget-container\">\n\t\t\t\t\t\t\t\t\t<h6 style=\"text-align: center;\"><span style=\"color: #000000;\">Klicken Sie auf den Titel des Buches Ihrer Wahl, um mehr zu erfahren. <\/span><\/h6><h6 style=\"text-align: center;\"><span style=\"color: #000000;\">oder auf das Format Ihrer Wahl, um Ihr Exemplar zu erhalten<\/span><\/h6>\t\t\t\t\t\t\t\t<\/div>\n\t\t\t\t<\/div>\n\t\t\t\t<div class=\"elementor-element elementor-element-f5c6295 elementor-widget elementor-widget-text-editor\" data-id=\"f5c6295\" data-element_type=\"widget\" data-e-type=\"widget\" data-widget_type=\"text-editor.default\">\n\t\t\t\t<div class=\"elementor-widget-container\">\n\t\t\t\t\t\t\t\t\t<div class=\"livre-prix-tableau\"><table><thead><tr><th>Titel<\/th> <th>Digital (Site)<\/th> <th>Digital KDP (Amazon)<\/th> <th>Papier Broschiert (Amazon)<\/th><\/tr><\/thead><tbody><tr><td><a href=\"https:\/\/www.yvar-bregeant.com\/de\/die-offenbarung-des-buches-genesis\/\" target=\"_blank\" rel=\"noopener\">DIE OFFENBARUNG DER GENESIS <\/a><\/td><td style=\"text-align: center;\"><a href=\"https:\/\/buy.stripe.com\/5kA8wS64bcwIdpKcNv\" target=\"_blank\" rel=\"noopener\">7,99 \u20ac<\/a><\/td><td style=\"text-align: center;\"><a href=\"https:\/\/www.amazon.fr\/R%C3%89ELLE-HISTOIRE-LHUMANIT%C3%89-DIEU-R%C3%89V%C3%89LATION-ebook\/dp\/B08MZBD6DJ\/\" target=\"_blank\" rel=\"noopener\">9,99 \u20ac<\/a><\/td><td style=\"text-align: center;\"><a href=\"https:\/\/www.amazon.fr\/R%C3%89ELLE-HISTOIRE-LHUMANIT%C3%89-DIEU-R%C3%89V%C3%89LATION\/dp\/B08NF1PVG4\/\" target=\"_blank\" rel=\"noopener\">14,99 \u20ac<\/a><\/td><\/tr><tr><td><a href=\"https:\/\/www.yvar-bregeant.com\/de\/die-entzifferung-der-hohlensprache\/\" target=\"_blank\" rel=\"noopener\">DIE ENTZIFFERUNG DER H\u00d6HLENSPRACHE <\/a><\/td><td style=\"text-align: center;\"><a href=\"https:\/\/buy.stripe.com\/bIY6oKbovaoA2L67tc\" target=\"_blank\" rel=\"noopener\">8,99 \u20ac<\/a><\/td><td style=\"text-align: center;\"><a href=\"https:\/\/www.amazon.fr\/dp\/B0F5CM49JP\/\" target=\"_blank\" rel=\"noopener\">9,99 \u20ac<\/a><\/td><td style=\"text-align: center;\"><a href=\"https:\/\/www.amazon.fr\/D%C3%89CHIFFRAGE-DU-LANGAGE-CAVERNES\/dp\/B0F5MW9RB9\" target=\"_blank\" rel=\"noopener\">19,99 \u20ac<\/a><\/td><\/tr><tr><td><a href=\"https:\/\/www.yvar-bregeant.com\/homo-sapiens-livre-2-de-dieu-a-adam\/\" target=\"_blank\" rel=\"noopener\">HOMO SAPIENS SEIN WIEDERGEFUNDENES GED\u00c4CHTNIS VON GOTT ZU ADAM <\/a><\/td><td style=\"text-align: center;\"><a href=\"https:\/\/buy.stripe.com\/3csdRc2RZ54g3Pa3d9\" target=\"_blank\" rel=\"noopener\">8,99 \u20ac<\/a><\/td><td style=\"text-align: center;\"><a href=\"https:\/\/www.amazon.fr\/dp\/B0F8K74K45\/\" target=\"_blank\" rel=\"noopener\">9,99 \u20ac<\/a><\/td><td style=\"text-align: center;\"><a href=\"https:\/\/www.amazon.fr\/SAPIENS-M%C3%89MOIRE-RETROUV%C3%89E-RELIGIONS-HISTOIRE\/dp\/B0F8NKQDNW\" target=\"_blank\" rel=\"noopener\">19,99 \u20ac<\/a><\/td><\/tr><tr><td><a href=\"https:\/\/www.yvar-bregeant.com\/de\/die-hand-und-ihre-symbole-die-muttergoettin-opferin-regeneratorin\/\" target=\"_blank\" rel=\"noopener\">DIE HAND UND IHRE SYMBOLE DIE MUTTERG\u00d6TTIN OPFERIN REGENERATORIN <\/a><\/td><td style=\"text-align: center;\"><a href=\"https:\/\/buy.stripe.com\/8wM4gCdwDgMYdpKaFu\" target=\"_blank\" rel=\"noopener\">8,99 \u20ac<\/a><\/td><td style=\"text-align: center;\"><a href=\"https:\/\/www.amazon.fr\/dp\/B0F5BTW5NN\/\" target=\"_blank\" rel=\"noopener\">9,99 \u20ac<\/a><\/td><td style=\"text-align: center;\"><a href=\"https:\/\/www.amazon.fr\/MAIN-SES-SYMBOLES-SACRIFICATRICE-R%C3%89G%C3%89N%C3%89RATRICE\/dp\/B0F5NW7W8S\" target=\"_blank\" rel=\"noopener\">19,99 \u20ac<\/a><\/td><\/tr><tr><td><a href=\"https:\/\/www.yvar-bregeant.com\/de\/die-megalithischen-tempel-auf-malta-goebekli-tepe-und-stonehenge\/\" target=\"_blank\" rel=\"noopener\">TEMPEL VON MALTA, G\u00d6BEKLI TEPE UND STONEHENGE <\/a><\/td><td style=\"text-align: center;\"><a href=\"https:\/\/buy.stripe.com\/aEU28udwD2W85XicNA\" target=\"_blank\" rel=\"noopener\">8,99 \u20ac<\/a><\/td><td style=\"text-align: center;\"><a href=\"https:\/\/www.amazon.fr\/dp\/B0F63DCJ5G\/\" target=\"_blank\" rel=\"noopener\">9,99 \u20ac<\/a><\/td><td style=\"text-align: center;\"><a href=\"https:\/\/www.amazon.fr\/TEMPLES-M%C3%89GALITHIQUES-MALTE-G%C3%96BEKLI-STONEHENGE\/dp\/B0DQ8R8677\/\" target=\"_blank\" rel=\"noopener\">19,99 \u20ac<\/a><\/td><\/tr><\/tbody><\/table><\/div><p><style>\n.livre-prix-tableau {<br>overflow-x: auto; \/* Pour \u00e9viter le d\u00e9bordement sur les petits \u00e9crans *\/<br>}<\/p>\n<p>.livre-prix-tableau table {<br>width: 100%;<br>border-collapse: collapse;<br>margin-bottom: 20px;<br>}<\/p>\n<p>.livre-prix-tableau th, .livre-prix-tableau td {<br>border: 1px solid #ddd;<br>padding: 8px;<br>text-align: left;<br>}<\/p>\n<p>.livre-prix-tableau th {<br>background-color: #f2f2f2;<br>font-weight: bold;<br>}<\/p>\n<p>.livre-prix-tableau td a {<br>display: block; \/* Pour que toute la cellule soit cliquable facilement *\/<br>text-decoration: none;<br>color: inherit; \/* H\u00e9rite de la couleur du texte parent *\/<br>}<\/p>\n<p>.livre-prix-tableau td a:hover {<br>background-color: #eee;<br>}<br><\/style><\/p>\t\t\t\t\t\t\t\t<\/div>\n\t\t\t\t<\/div>\n\t\t\t\t\t<\/div>\n\t\t\t\t<\/div>\n\t\t\t\t<\/div>\n\t\t","protected":false},"excerpt":{"rendered":"<p>Die B\u00fccher (KLICKEN SIE AUF DAS COVER DES BUCHES IHRER WAHL F\u00dcR ALLE DETAILS ZU DIESEM BUCH) Weitere Informationen \u00fcber die Reihe und die Strukturierung der B\u00fccher : \u27a1\ufe0f Die Strukturierung der B\u00fccher der Reihe Um \u00f6ffentliche oder exklusive Ausz\u00fcge daraus zu lesen : \u27a1\ufe0f Rubrik Ausz\u00fcge Preistabelle f\u00fcr B\u00fccher nach Format Klicken Sie auf [&hellip;]<\/p>\n","protected":false},"author":2,"featured_media":44890,"parent":0,"menu_order":0,"comment_status":"closed","ping_status":"closed","template":"elementor_header_footer","meta":{"footnotes":""},"class_list":["post-4439","page","type-page","status-publish","has-post-thumbnail","hentry"],"yoast_head":"<!-- This site is optimized with the Yoast SEO plugin v27.5 - https:\/\/yoast.com\/product\/yoast-seo-wordpress\/ -->\n<title>Entdecken Sie die B\u00fccher von Yvar Bregeant<\/title>\n<meta name=\"description\" content=\"Entdecken Sie die ver\u00f6ffentlichten B\u00fccher der literarischen Reihe &quot;Die wahre Geschichte der Religionen der Menschheit&quot; von Yvar Bregeant. Darin enth\u00fcllt und analysiert er die pr\u00e4historische mythologische Religion, entschl\u00fcsselt ihren urspr\u00fcnglichen Mythos, ihre Glaubensvorstellungen, ihre Tempel und ihren historischen Einfluss und vergleicht sie mit der urspr\u00fcnglichen j\u00fcdisch-christlichen Religion.\" \/>\n<meta name=\"robots\" content=\"index, follow, max-snippet:-1, max-image-preview:large, max-video-preview:-1\" \/>\n<link rel=\"canonical\" href=\"https:\/\/www.yvar-bregeant.com\/de\/bereits-erschienene-buecher\/\" \/>\n<meta property=\"og:locale\" content=\"de_DE\" \/>\n<meta property=\"og:type\" content=\"article\" \/>\n<meta property=\"og:title\" content=\"Entdecken Sie die B\u00fccher von Yvar Bregeant\" \/>\n<meta property=\"og:description\" content=\"Entdecken Sie die ver\u00f6ffentlichten B\u00fccher der literarischen Reihe &quot;Die wahre Geschichte der Religionen der Menschheit&quot; von Yvar Bregeant. Darin enth\u00fcllt und analysiert er die pr\u00e4historische mythologische Religion, entschl\u00fcsselt ihren urspr\u00fcnglichen Mythos, ihre Glaubensvorstellungen, ihre Tempel und ihren historischen Einfluss und vergleicht sie mit der urspr\u00fcnglichen j\u00fcdisch-christlichen Religion.\" \/>\n<meta property=\"og:url\" content=\"https:\/\/www.yvar-bregeant.com\/de\/bereits-erschienene-buecher\/\" \/>\n<meta property=\"og:site_name\" content=\"Yvar Bregeant\" \/>\n<meta property=\"article:publisher\" content=\"https:\/\/www.facebook.com\/profile.php?id=61553731625098\" \/>\n<meta property=\"article:modified_time\" content=\"2025-07-31T18:08:51+00:00\" \/>\n<meta property=\"og:image\" content=\"https:\/\/www.yvar-bregeant.com\/wp-content\/uploads\/2025\/05\/Pesentation-des-livres.png\" \/>\n\t<meta property=\"og:image:width\" content=\"1080\" \/>\n\t<meta property=\"og:image:height\" content=\"1080\" \/>\n\t<meta property=\"og:image:type\" content=\"image\/png\" \/>\n<meta name=\"twitter:card\" content=\"summary_large_image\" \/>\n<meta name=\"twitter:label1\" content=\"Gesch\u00e4tzte Lesezeit\" \/>\n\t<meta name=\"twitter:data1\" content=\"2\u00a0Minuten\" \/>\n<script type=\"application\/ld+json\" class=\"yoast-schema-graph\">{\"@context\":\"https:\\\/\\\/schema.org\",\"@graph\":[{\"@type\":\"WebPage\",\"@id\":\"https:\\\/\\\/www.yvar-bregeant.com\\\/de\\\/bereits-erschienene-buecher\\\/\",\"url\":\"https:\\\/\\\/www.yvar-bregeant.com\\\/de\\\/bereits-erschienene-buecher\\\/\",\"name\":\"Entdecken Sie die B\u00fccher von Yvar Bregeant\",\"isPartOf\":{\"@id\":\"https:\\\/\\\/www.yvar-bregeant.com\\\/de\\\/#website\"},\"primaryImageOfPage\":{\"@id\":\"https:\\\/\\\/www.yvar-bregeant.com\\\/de\\\/bereits-erschienene-buecher\\\/#primaryimage\"},\"image\":{\"@id\":\"https:\\\/\\\/www.yvar-bregeant.com\\\/de\\\/bereits-erschienene-buecher\\\/#primaryimage\"},\"thumbnailUrl\":\"https:\\\/\\\/www.yvar-bregeant.com\\\/wp-content\\\/uploads\\\/2025\\\/12\\\/Carrousel-Image-serie-et-logo.png\",\"datePublished\":\"2023-06-05T13:00:15+00:00\",\"dateModified\":\"2025-07-31T18:08:51+00:00\",\"description\":\"Entdecken Sie die ver\u00f6ffentlichten B\u00fccher der literarischen Reihe \\\"Die wahre Geschichte der Religionen der Menschheit\\\" von Yvar Bregeant. Darin enth\u00fcllt und analysiert er die pr\u00e4historische mythologische Religion, entschl\u00fcsselt ihren urspr\u00fcnglichen Mythos, ihre Glaubensvorstellungen, ihre Tempel und ihren historischen Einfluss und vergleicht sie mit der urspr\u00fcnglichen j\u00fcdisch-christlichen Religion.\",\"breadcrumb\":{\"@id\":\"https:\\\/\\\/www.yvar-bregeant.com\\\/de\\\/bereits-erschienene-buecher\\\/#breadcrumb\"},\"inLanguage\":\"de\",\"potentialAction\":[{\"@type\":\"ReadAction\",\"target\":[\"https:\\\/\\\/www.yvar-bregeant.com\\\/de\\\/bereits-erschienene-buecher\\\/\"]}]},{\"@type\":\"ImageObject\",\"inLanguage\":\"de\",\"@id\":\"https:\\\/\\\/www.yvar-bregeant.com\\\/de\\\/bereits-erschienene-buecher\\\/#primaryimage\",\"url\":\"https:\\\/\\\/www.yvar-bregeant.com\\\/wp-content\\\/uploads\\\/2025\\\/12\\\/Carrousel-Image-serie-et-logo.png\",\"contentUrl\":\"https:\\\/\\\/www.yvar-bregeant.com\\\/wp-content\\\/uploads\\\/2025\\\/12\\\/Carrousel-Image-serie-et-logo.png\",\"width\":1080,\"height\":1080},{\"@type\":\"BreadcrumbList\",\"@id\":\"https:\\\/\\\/www.yvar-bregeant.com\\\/de\\\/bereits-erschienene-buecher\\\/#breadcrumb\",\"itemListElement\":[{\"@type\":\"ListItem\",\"position\":1,\"name\":\"Accueil\",\"item\":\"https:\\\/\\\/www.yvar-bregeant.com\\\/de\\\/\"},{\"@type\":\"ListItem\",\"position\":2,\"name\":\"B\u00fccher\"}]},{\"@type\":\"WebSite\",\"@id\":\"https:\\\/\\\/www.yvar-bregeant.com\\\/de\\\/#website\",\"url\":\"https:\\\/\\\/www.yvar-bregeant.com\\\/de\\\/\",\"name\":\"Yvar Bregeant\",\"description\":\"\",\"publisher\":{\"@id\":\"https:\\\/\\\/www.yvar-bregeant.com\\\/de\\\/#organization\"},\"potentialAction\":[{\"@type\":\"SearchAction\",\"target\":{\"@type\":\"EntryPoint\",\"urlTemplate\":\"https:\\\/\\\/www.yvar-bregeant.com\\\/de\\\/?s={search_term_string}\"},\"query-input\":{\"@type\":\"PropertyValueSpecification\",\"valueRequired\":true,\"valueName\":\"search_term_string\"}}],\"inLanguage\":\"de\"},{\"@type\":\"Organization\",\"@id\":\"https:\\\/\\\/www.yvar-bregeant.com\\\/de\\\/#organization\",\"name\":\"Yvar Bregeant\",\"url\":\"https:\\\/\\\/www.yvar-bregeant.com\\\/de\\\/\",\"logo\":{\"@type\":\"ImageObject\",\"inLanguage\":\"de\",\"@id\":\"https:\\\/\\\/www.yvar-bregeant.com\\\/de\\\/#\\\/schema\\\/logo\\\/image\\\/\",\"url\":\"https:\\\/\\\/www.yvar-bregeant.com\\\/wp-content\\\/uploads\\\/2023\\\/12\\\/Logo-de-presentation-onglet-structuration-russe.jpg\",\"contentUrl\":\"https:\\\/\\\/www.yvar-bregeant.com\\\/wp-content\\\/uploads\\\/2023\\\/12\\\/Logo-de-presentation-onglet-structuration-russe.jpg\",\"width\":612,\"height\":586,\"caption\":\"Yvar Bregeant\"},\"image\":{\"@id\":\"https:\\\/\\\/www.yvar-bregeant.com\\\/de\\\/#\\\/schema\\\/logo\\\/image\\\/\"},\"sameAs\":[\"https:\\\/\\\/www.facebook.com\\\/profile.php?id=61553731625098\"]}]}<\/script>\n<!-- \/ Yoast SEO plugin. -->","yoast_head_json":{"title":"Entdecken Sie die B\u00fccher von Yvar Bregeant","description":"Entdecken Sie die ver\u00f6ffentlichten B\u00fccher der literarischen Reihe \"Die wahre Geschichte der Religionen der Menschheit\" von Yvar Bregeant. Darin enth\u00fcllt und analysiert er die pr\u00e4historische mythologische Religion, entschl\u00fcsselt ihren urspr\u00fcnglichen Mythos, ihre Glaubensvorstellungen, ihre Tempel und ihren historischen Einfluss und vergleicht sie mit der urspr\u00fcnglichen j\u00fcdisch-christlichen Religion.","robots":{"index":"index","follow":"follow","max-snippet":"max-snippet:-1","max-image-preview":"max-image-preview:large","max-video-preview":"max-video-preview:-1"},"canonical":"https:\/\/www.yvar-bregeant.com\/de\/bereits-erschienene-buecher\/","og_locale":"de_DE","og_type":"article","og_title":"Entdecken Sie die B\u00fccher von Yvar Bregeant","og_description":"Entdecken Sie die ver\u00f6ffentlichten B\u00fccher der literarischen Reihe \"Die wahre Geschichte der Religionen der Menschheit\" von Yvar Bregeant. Darin enth\u00fcllt und analysiert er die pr\u00e4historische mythologische Religion, entschl\u00fcsselt ihren urspr\u00fcnglichen Mythos, ihre Glaubensvorstellungen, ihre Tempel und ihren historischen Einfluss und vergleicht sie mit der urspr\u00fcnglichen j\u00fcdisch-christlichen Religion.","og_url":"https:\/\/www.yvar-bregeant.com\/de\/bereits-erschienene-buecher\/","og_site_name":"Yvar Bregeant","article_publisher":"https:\/\/www.facebook.com\/profile.php?id=61553731625098","article_modified_time":"2025-07-31T18:08:51+00:00","og_image":[{"width":1080,"height":1080,"url":"https:\/\/www.yvar-bregeant.com\/wp-content\/uploads\/2025\/05\/Pesentation-des-livres.png","type":"image\/png"}],"twitter_card":"summary_large_image","twitter_misc":{"Gesch\u00e4tzte Lesezeit":"2\u00a0Minuten"},"schema":{"@context":"https:\/\/schema.org","@graph":[{"@type":"WebPage","@id":"https:\/\/www.yvar-bregeant.com\/de\/bereits-erschienene-buecher\/","url":"https:\/\/www.yvar-bregeant.com\/de\/bereits-erschienene-buecher\/","name":"Entdecken Sie die B\u00fccher von Yvar Bregeant","isPartOf":{"@id":"https:\/\/www.yvar-bregeant.com\/de\/#website"},"primaryImageOfPage":{"@id":"https:\/\/www.yvar-bregeant.com\/de\/bereits-erschienene-buecher\/#primaryimage"},"image":{"@id":"https:\/\/www.yvar-bregeant.com\/de\/bereits-erschienene-buecher\/#primaryimage"},"thumbnailUrl":"https:\/\/www.yvar-bregeant.com\/wp-content\/uploads\/2025\/12\/Carrousel-Image-serie-et-logo.png","datePublished":"2023-06-05T13:00:15+00:00","dateModified":"2025-07-31T18:08:51+00:00","description":"Entdecken Sie die ver\u00f6ffentlichten B\u00fccher der literarischen Reihe \"Die wahre Geschichte der Religionen der Menschheit\" von Yvar Bregeant. Darin enth\u00fcllt und analysiert er die pr\u00e4historische mythologische Religion, entschl\u00fcsselt ihren urspr\u00fcnglichen Mythos, ihre Glaubensvorstellungen, ihre Tempel und ihren historischen Einfluss und vergleicht sie mit der urspr\u00fcnglichen j\u00fcdisch-christlichen Religion.","breadcrumb":{"@id":"https:\/\/www.yvar-bregeant.com\/de\/bereits-erschienene-buecher\/#breadcrumb"},"inLanguage":"de","potentialAction":[{"@type":"ReadAction","target":["https:\/\/www.yvar-bregeant.com\/de\/bereits-erschienene-buecher\/"]}]},{"@type":"ImageObject","inLanguage":"de","@id":"https:\/\/www.yvar-bregeant.com\/de\/bereits-erschienene-buecher\/#primaryimage","url":"https:\/\/www.yvar-bregeant.com\/wp-content\/uploads\/2025\/12\/Carrousel-Image-serie-et-logo.png","contentUrl":"https:\/\/www.yvar-bregeant.com\/wp-content\/uploads\/2025\/12\/Carrousel-Image-serie-et-logo.png","width":1080,"height":1080},{"@type":"BreadcrumbList","@id":"https:\/\/www.yvar-bregeant.com\/de\/bereits-erschienene-buecher\/#breadcrumb","itemListElement":[{"@type":"ListItem","position":1,"name":"Accueil","item":"https:\/\/www.yvar-bregeant.com\/de\/"},{"@type":"ListItem","position":2,"name":"B\u00fccher"}]},{"@type":"WebSite","@id":"https:\/\/www.yvar-bregeant.com\/de\/#website","url":"https:\/\/www.yvar-bregeant.com\/de\/","name":"Yvar Bregeant","description":"","publisher":{"@id":"https:\/\/www.yvar-bregeant.com\/de\/#organization"},"potentialAction":[{"@type":"SearchAction","target":{"@type":"EntryPoint","urlTemplate":"https:\/\/www.yvar-bregeant.com\/de\/?s={search_term_string}"},"query-input":{"@type":"PropertyValueSpecification","valueRequired":true,"valueName":"search_term_string"}}],"inLanguage":"de"},{"@type":"Organization","@id":"https:\/\/www.yvar-bregeant.com\/de\/#organization","name":"Yvar Bregeant","url":"https:\/\/www.yvar-bregeant.com\/de\/","logo":{"@type":"ImageObject","inLanguage":"de","@id":"https:\/\/www.yvar-bregeant.com\/de\/#\/schema\/logo\/image\/","url":"https:\/\/www.yvar-bregeant.com\/wp-content\/uploads\/2023\/12\/Logo-de-presentation-onglet-structuration-russe.jpg","contentUrl":"https:\/\/www.yvar-bregeant.com\/wp-content\/uploads\/2023\/12\/Logo-de-presentation-onglet-structuration-russe.jpg","width":612,"height":586,"caption":"Yvar Bregeant"},"image":{"@id":"https:\/\/www.yvar-bregeant.com\/de\/#\/schema\/logo\/image\/"},"sameAs":["https:\/\/www.facebook.com\/profile.php?id=61553731625098"]}]}},"_links":{"self":[{"href":"https:\/\/www.yvar-bregeant.com\/de\/wp-json\/wp\/v2\/pages\/4439","targetHints":{"allow":["GET"]}}],"collection":[{"href":"https:\/\/www.yvar-bregeant.com\/de\/wp-json\/wp\/v2\/pages"}],"about":[{"href":"https:\/\/www.yvar-bregeant.com\/de\/wp-json\/wp\/v2\/types\/page"}],"author":[{"embeddable":true,"href":"https:\/\/www.yvar-bregeant.com\/de\/wp-json\/wp\/v2\/users\/2"}],"replies":[{"embeddable":true,"href":"https:\/\/www.yvar-bregeant.com\/de\/wp-json\/wp\/v2\/comments?post=4439"}],"version-history":[{"count":2,"href":"https:\/\/www.yvar-bregeant.com\/de\/wp-json\/wp\/v2\/pages\/4439\/revisions"}],"predecessor-version":[{"id":43722,"href":"https:\/\/www.yvar-bregeant.com\/de\/wp-json\/wp\/v2\/pages\/4439\/revisions\/43722"}],"wp:featuredmedia":[{"embeddable":true,"href":"https:\/\/www.yvar-bregeant.com\/de\/wp-json\/wp\/v2\/media\/44890"}],"wp:attachment":[{"href":"https:\/\/www.yvar-bregeant.com\/de\/wp-json\/wp\/v2\/media?parent=4439"}],"curies":[{"name":"wp","href":"https:\/\/api.w.org\/{rel}","templated":true}]}}