{"id":4514,"date":"2023-06-06T10:20:01","date_gmt":"2023-06-06T09:20:01","guid":{"rendered":"https:\/\/www.yvar-bregeant.com\/leer-en-linea\/"},"modified":"2025-07-31T19:43:31","modified_gmt":"2025-07-31T18:43:31","slug":"leer-en-linea","status":"publish","type":"page","link":"https:\/\/www.yvar-bregeant.com\/es\/leer-en-linea\/","title":{"rendered":"Extractos"},"content":{"rendered":"\t\t<div data-elementor-type=\"wp-page\" data-elementor-id=\"4514\" class=\"elementor elementor-4514 elementor-375\" data-elementor-post-type=\"page\">\n\t\t\t\t\t\t<section class=\"elementor-section elementor-top-section elementor-element elementor-element-7be35709 elementor-section-height-full elementor-section-boxed elementor-section-height-default elementor-section-items-middle\" data-id=\"7be35709\" data-element_type=\"section\" data-e-type=\"section\" data-settings=\"{&quot;background_background&quot;:&quot;classic&quot;}\">\n\t\t\t\t\t\t\t<div class=\"elementor-background-overlay\"><\/div>\n\t\t\t\t\t\t\t<div class=\"elementor-container elementor-column-gap-default\">\n\t\t\t\t\t<div class=\"elementor-column elementor-col-100 elementor-top-column elementor-element elementor-element-40806ed7\" data-id=\"40806ed7\" data-element_type=\"column\" data-e-type=\"column\">\n\t\t\t<div class=\"elementor-widget-wrap elementor-element-populated\">\n\t\t\t\t\t\t<div class=\"elementor-element elementor-element-207ab226 elementor-widget elementor-widget-heading\" data-id=\"207ab226\" data-element_type=\"widget\" data-e-type=\"widget\" data-widget_type=\"heading.default\">\n\t\t\t\t<div class=\"elementor-widget-container\">\n\t\t\t\t\t<h1 class=\"elementor-heading-title elementor-size-default\">Ir al coraz\u00f3n de mi investigaci\u00f3n:<br>mis extractos disponibles<\/h1>\t\t\t\t<\/div>\n\t\t\t\t<\/div>\n\t\t\t\t<div class=\"elementor-element elementor-element-830cd95 elementor-widget elementor-widget-text-editor\" data-id=\"830cd95\" data-element_type=\"widget\" data-e-type=\"widget\" data-widget_type=\"text-editor.default\">\n\t\t\t\t<div class=\"elementor-widget-container\">\n\t\t\t\t\t\t\t\t\t<h2 style=\"text-align: center;\">Leer extractos de mis libros <\/h2>\t\t\t\t\t\t\t\t<\/div>\n\t\t\t\t<\/div>\n\t\t\t\t\t<\/div>\n\t\t<\/div>\n\t\t\t\t\t<\/div>\n\t\t<\/section>\n\t\t<div class=\"elementor-element elementor-element-2ef5981 e-flex e-con-boxed e-con e-parent\" data-id=\"2ef5981\" data-element_type=\"container\" data-e-type=\"container\">\n\t\t\t\t\t<div class=\"e-con-inner\">\n\t\t\t\t<div class=\"elementor-element elementor-element-9ce1196 elementor-shape-rounded elementor-grid-0 e-grid-align-center elementor-widget elementor-widget-social-icons\" data-id=\"9ce1196\" data-element_type=\"widget\" data-e-type=\"widget\" data-widget_type=\"social-icons.default\">\n\t\t\t\t<div class=\"elementor-widget-container\">\n\t\t\t\t\t\t\t<div class=\"elementor-social-icons-wrapper elementor-grid\">\n\t\t\t\t\t\t\t<span class=\"elementor-grid-item\">\n\t\t\t\t\t<a class=\"elementor-icon elementor-social-icon elementor-social-icon-jki-newsletter-light elementor-repeater-item-689dbd2\" href=\"https:\/\/yvarbregeant.substack.com\/p\/table-des-matieres-de-tous-les-extraits?r=5g2n2o\" target=\"_blank\">\n\t\t\t\t\t\t<span class=\"elementor-screen-only\">Jki-newsletter-light<\/span>\n\t\t\t\t\t\t<i aria-hidden=\"true\" class=\"jki jki-newsletter-light\"><\/i>\t\t\t\t\t<\/a>\n\t\t\t\t<\/span>\n\t\t\t\t\t<\/div>\n\t\t\t\t\t\t<\/div>\n\t\t\t\t<\/div>\n\t\t<div class=\"elementor-element elementor-element-bb7d874 e-con-full e-flex e-con e-child\" data-id=\"bb7d874\" data-element_type=\"container\" data-e-type=\"container\">\n\t\t<div class=\"elementor-element elementor-element-b69fe54 e-con-full e-flex e-con e-child\" data-id=\"b69fe54\" data-element_type=\"container\" data-e-type=\"container\">\n\t\t\t\t<div class=\"elementor-element elementor-element-a299b95 elementor-widget elementor-widget-text-editor\" data-id=\"a299b95\" data-element_type=\"widget\" data-e-type=\"widget\" data-widget_type=\"text-editor.default\">\n\t\t\t\t<div class=\"elementor-widget-container\">\n\t\t\t\t\t\t\t\t\t<div class=\"important-links\"><h3><span style=\"color: #000000;\">Para m\u00e1s informaci\u00f3n, pulse aqu\u00ed:<\/span><\/h3><ul><li><h6>\u27a1\ufe0f <a href=\"https:\/\/www.yvar-bregeant.com\/es\/libros-ya-publicados-2\/\" target=\"_blank\" rel=\"noopener\">Mi pol\u00edtica de difusi\u00f3n de mis investigaciones<\/a><\/h6><\/li><li><h6>\u27a1\ufe0f<a href=\"https:\/\/www.yvar-bregeant.com\/es\/introduccion-estructura-y-contenido\/\" target=\"_blank\" rel=\"noopener\"> La estructura de los libros de la serie<\/a><\/h6><\/li><li><h6>\u27a1\ufe0f <a href=\"https:\/\/yvarbregeant.substack.com\/p\/le-revelation-de-la-genese-sommaire?r=5g2n2o\" target=\"_blank\" rel=\"noopener\">Consulte el resumen general de extractos de mis libros<\/a><\/h6><\/li><\/ul><\/div>\t\t\t\t\t\t\t\t<\/div>\n\t\t\t\t<\/div>\n\t\t\t\t<\/div>\n\t\t\t\t<div class=\"elementor-element elementor-element-23038d2 elementor-widget elementor-widget-heading\" data-id=\"23038d2\" data-element_type=\"widget\" data-e-type=\"widget\" data-widget_type=\"heading.default\">\n\t\t\t\t<div class=\"elementor-widget-container\">\n\t\t\t\t\t<h2 class=\"elementor-heading-title elementor-size-default\"><a href=\"https:\/\/yvarbregeant.substack.com\/p\/table-des-matieres-de-tous-les-extraits?r=5g2n2o\" target=\"_blank\">Extractos ordenados progresivamente de los libros de la serie<\/a><\/h2>\t\t\t\t<\/div>\n\t\t\t\t<\/div>\n\t\t\t\t<div class=\"elementor-element elementor-element-13a0f56 elementor-widget-divider--view-line elementor-widget elementor-widget-divider\" data-id=\"13a0f56\" data-element_type=\"widget\" data-e-type=\"widget\" data-widget_type=\"divider.default\">\n\t\t\t\t<div class=\"elementor-widget-container\">\n\t\t\t\t\t\t\t<div class=\"elementor-divider\">\n\t\t\t<span class=\"elementor-divider-separator\">\n\t\t\t\t\t\t<\/span>\n\t\t<\/div>\n\t\t\t\t\t\t<\/div>\n\t\t\t\t<\/div>\n\t\t\t\t<div class=\"elementor-element elementor-element-3997911 elementor-widget elementor-widget-heading\" data-id=\"3997911\" data-element_type=\"widget\" data-e-type=\"widget\" data-widget_type=\"heading.default\">\n\t\t\t\t<div class=\"elementor-widget-container\">\n\t\t\t\t\t<h3 class=\"elementor-heading-title elementor-size-default\"><a href=\"https:\/\/www.yvar-bregeant.com\/es\/la-revelacion-del-genesis\/\" target=\"_blank\">VOLUMEN 1: LA REVELACI\u00d3N DEL G\u00c9NESIS<\/a><\/h3>\t\t\t\t<\/div>\n\t\t\t\t<\/div>\n\t\t\t\t<div class=\"elementor-element elementor-element-5e581f5 elementor-widget-divider--view-line elementor-widget elementor-widget-divider\" data-id=\"5e581f5\" data-element_type=\"widget\" data-e-type=\"widget\" data-widget_type=\"divider.default\">\n\t\t\t\t<div class=\"elementor-widget-container\">\n\t\t\t\t\t\t\t<div class=\"elementor-divider\">\n\t\t\t<span class=\"elementor-divider-separator\">\n\t\t\t\t\t\t<\/span>\n\t\t<\/div>\n\t\t\t\t\t\t<\/div>\n\t\t\t\t<\/div>\n\t\t\t\t<div class=\"elementor-element elementor-element-e25c8dd elementor-widget elementor-widget-image\" data-id=\"e25c8dd\" data-element_type=\"widget\" data-e-type=\"widget\" data-widget_type=\"image.default\">\n\t\t\t\t<div class=\"elementor-widget-container\">\n\t\t\t\t\t\t\t\t\t\t\t\t\t\t\t\t<a href=\"https:\/\/www.yvar-bregeant.com\/es\/la-revelacion-del-genesis\/\" target=\"_blank\">\n\t\t\t\t\t\t\t<img decoding=\"async\" width=\"188\" height=\"300\" src=\"https:\/\/www.yvar-bregeant.com\/wp-content\/uploads\/2024\/12\/Couverture-unifiee-Volume-1-Francais-vf-188x300.png\" class=\"attachment-medium size-medium wp-image-37684\" alt=\"\" srcset=\"https:\/\/www.yvar-bregeant.com\/wp-content\/uploads\/2024\/12\/Couverture-unifiee-Volume-1-Francais-vf-188x300.png 188w, https:\/\/www.yvar-bregeant.com\/wp-content\/uploads\/2024\/12\/Couverture-unifiee-Volume-1-Francais-vf-642x1024.png 642w, https:\/\/www.yvar-bregeant.com\/wp-content\/uploads\/2024\/12\/Couverture-unifiee-Volume-1-Francais-vf-768x1226.png 768w, https:\/\/www.yvar-bregeant.com\/wp-content\/uploads\/2024\/12\/Couverture-unifiee-Volume-1-Francais-vf-963x1536.png 963w, https:\/\/www.yvar-bregeant.com\/wp-content\/uploads\/2024\/12\/Couverture-unifiee-Volume-1-Francais-vf-1283x2048.png 1283w, https:\/\/www.yvar-bregeant.com\/wp-content\/uploads\/2024\/12\/Couverture-unifiee-Volume-1-Francais-vf.png 1410w\" sizes=\"(max-width: 188px) 100vw, 188px\" \/>\t\t\t\t\t\t\t\t<\/a>\n\t\t\t\t\t\t\t\t\t\t\t\t\t\t\t<\/div>\n\t\t\t\t<\/div>\n\t\t\t\t<div class=\"elementor-element elementor-element-adbb3e9 elementor-widget elementor-widget-text-editor\" data-id=\"adbb3e9\" data-element_type=\"widget\" data-e-type=\"widget\" data-widget_type=\"text-editor.default\">\n\t\t\t\t<div class=\"elementor-widget-container\">\n\t\t\t\t\t\t\t\t\t<div class=\"volume-info-text\"><p>\u27a1\ufe0f Este volumen es una introducci\u00f3n sencilla, clara y amena al conflicto original entre las dos religiones primitivas de la humanidad, y presenta todos los s\u00edmbolos de la religi\u00f3n mitol\u00f3gica, que se analizar\u00e1n con mayor profundidad en libros posteriores.<\/p><h6>\u27a1\ufe0f <a href=\"https:\/\/yvarbregeant.substack.com\/p\/le-revelation-de-la-genese-sommaire?r=5g2n2o\" target=\"_blank\" rel=\"noopener\">Resumen de extractos disponibles en mi bolet\u00edn<\/a><\/h6><\/div>\t\t\t\t\t\t\t\t<\/div>\n\t\t\t\t<\/div>\n\t\t\t\t<div class=\"elementor-element elementor-element-e650fe0 elementor-widget-divider--view-line elementor-widget elementor-widget-divider\" data-id=\"e650fe0\" data-element_type=\"widget\" data-e-type=\"widget\" data-widget_type=\"divider.default\">\n\t\t\t\t<div class=\"elementor-widget-container\">\n\t\t\t\t\t\t\t<div class=\"elementor-divider\">\n\t\t\t<span class=\"elementor-divider-separator\">\n\t\t\t\t\t\t<\/span>\n\t\t<\/div>\n\t\t\t\t\t\t<\/div>\n\t\t\t\t<\/div>\n\t\t\t\t<div class=\"elementor-element elementor-element-6d925c9 elementor-widget elementor-widget-heading\" data-id=\"6d925c9\" data-element_type=\"widget\" data-e-type=\"widget\" data-widget_type=\"heading.default\">\n\t\t\t\t<div class=\"elementor-widget-container\">\n\t\t\t\t\t<h3 class=\"elementor-heading-title elementor-size-default\"><a href=\"https:\/\/www.yvar-bregeant.com\/es\/volumen-2-introduccion-resumen-preliminar-de-las-dos-religiones-primordiales-antagonicas\/\" target=\"_blank\">VOLUMEN 2: \"\u00bfHomo-Sapiens? Su memoria recuperada. Su lenguaje, sus s\u00edmbolos, sus mitos, sus religiones, su historia\".<\/a><\/h3>\t\t\t\t<\/div>\n\t\t\t\t<\/div>\n\t\t\t\t<div class=\"elementor-element elementor-element-f48a7ea elementor-widget-divider--view-line elementor-widget elementor-widget-divider\" data-id=\"f48a7ea\" data-element_type=\"widget\" data-e-type=\"widget\" data-widget_type=\"divider.default\">\n\t\t\t\t<div class=\"elementor-widget-container\">\n\t\t\t\t\t\t\t<div class=\"elementor-divider\">\n\t\t\t<span class=\"elementor-divider-separator\">\n\t\t\t\t\t\t<\/span>\n\t\t<\/div>\n\t\t\t\t\t\t<\/div>\n\t\t\t\t<\/div>\n\t\t<div class=\"elementor-element elementor-element-8c2ddcf e-con-full e-flex e-con e-child\" data-id=\"8c2ddcf\" data-element_type=\"container\" data-e-type=\"container\">\n\t\t\t\t<div class=\"elementor-element elementor-element-25aeff2 elementor-widget elementor-widget-text-editor\" data-id=\"25aeff2\" data-element_type=\"widget\" data-e-type=\"widget\" data-widget_type=\"text-editor.default\">\n\t\t\t\t<div class=\"elementor-widget-container\">\n\t\t\t\t\t\t\t\t\t<div class=\"blog__extrait-container\"><p><img decoding=\"async\" class=\"alignnone wp-image-37328 \" src=\"https:\/\/www.yvar-bregeant.com\/wp-content\/uploads\/2024\/11\/Bible-de-la-Mythologie-v3-300x300.png\" alt=\"\" width=\"200\" height=\"200\" srcset=\"https:\/\/www.yvar-bregeant.com\/wp-content\/uploads\/2024\/11\/Bible-de-la-Mythologie-v3-300x300.png 300w, https:\/\/www.yvar-bregeant.com\/wp-content\/uploads\/2024\/11\/Bible-de-la-Mythologie-v3-1024x1024.png 1024w, https:\/\/www.yvar-bregeant.com\/wp-content\/uploads\/2024\/11\/Bible-de-la-Mythologie-v3-150x150.png 150w, https:\/\/www.yvar-bregeant.com\/wp-content\/uploads\/2024\/11\/Bible-de-la-Mythologie-v3-768x768.png 768w, https:\/\/www.yvar-bregeant.com\/wp-content\/uploads\/2024\/11\/Bible-de-la-Mythologie-v3.png 1080w\" sizes=\"(max-width: 200px) 100vw, 200px\" \/><\/p><div class=\"blog__extrait-info\"><h3 class=\"blog__extrait-titre\"><span style=\"color: #000000;\"> <span style=\"color: #0000ff;\">Extracto p\u00fablico<\/span> : Introducci\u00f3n : <\/span><\/h3><h3 class=\"blog__extrait-titre\"><span style=\"color: #000000;\"> Resumen de las dos religiones primordiales antag\u00f3nicas<\/span><\/h3><p class=\"blog__extrait-volume\"> Volumen 2: \u00ab\u00bfHomo-Sapiens? Su memoria recuperada&#8230;\u00bb<\/p><h6><span style=\"color: #000000;\"> Lea este extracto:<\/span><\/h6><h6>\u27a1\ufe0f <a href=\"https:\/\/yvarbregeant.substack.com\/p\/volume-2-homo-sapiens-sa-memoire?r=5g2n2o\" target=\"_blank\" rel=\"noopener\">Con mi bolet\u00edn<\/a><\/h6><h6>\u27a1\ufe0f <a href=\"https:\/\/www.yvar-bregeant.com\/es\/volumen-2-introduccion-resumen-preliminar-de-las-dos-religiones-primordiales-antagonicas\/\" target=\"_blank\" rel=\"noopener\">En mi sitio web<\/a><\/h6><\/div><\/div>\t\t\t\t\t\t\t\t<\/div>\n\t\t\t\t<\/div>\n\t\t\t\t<\/div>\n\t\t\t\t<div class=\"elementor-element elementor-element-3b09735 elementor-widget-divider--view-line elementor-widget elementor-widget-divider\" data-id=\"3b09735\" data-element_type=\"widget\" data-e-type=\"widget\" data-widget_type=\"divider.default\">\n\t\t\t\t<div class=\"elementor-widget-container\">\n\t\t\t\t\t\t\t<div class=\"elementor-divider\">\n\t\t\t<span class=\"elementor-divider-separator\">\n\t\t\t\t\t\t<\/span>\n\t\t<\/div>\n\t\t\t\t\t\t<\/div>\n\t\t\t\t<\/div>\n\t\t\t\t<div class=\"elementor-element elementor-element-ccfb093 elementor-widget elementor-widget-heading\" data-id=\"ccfb093\" data-element_type=\"widget\" data-e-type=\"widget\" data-widget_type=\"heading.default\">\n\t\t\t\t<div class=\"elementor-widget-container\">\n\t\t\t\t\t<h3 class=\"elementor-heading-title elementor-size-default\"><a href=\"https:\/\/www.yvar-bregeant.com\/es\/descifrando-el-lenguaje-de-las-cuevas-2\/\" target=\"_blank\">VOLUMEN 2 LIBRO 1: DESCIFRANDO EL LENGUAJE DE LAS CAVERNAS <\/a><\/h3>\t\t\t\t<\/div>\n\t\t\t\t<\/div>\n\t\t\t\t<\/div>\n\t\t\t\t<div class=\"elementor-element elementor-element-eac4026 elementor-widget elementor-widget-image\" data-id=\"eac4026\" data-element_type=\"widget\" data-e-type=\"widget\" data-widget_type=\"image.default\">\n\t\t\t\t<div class=\"elementor-widget-container\">\n\t\t\t\t\t\t\t\t\t\t\t\t\t\t\t\t<a href=\"https:\/\/www.yvar-bregeant.com\/es\/descifrando-el-lenguaje-de-las-cuevas-2\/\" target=\"_blank\">\n\t\t\t\t\t\t\t<img decoding=\"async\" width=\"188\" height=\"300\" src=\"https:\/\/www.yvar-bregeant.com\/wp-content\/uploads\/2024\/12\/VOLUME-2-LIVRE-1-LE-DECHIFFRAGE-DU-LANGAGE-DES-CAVERNES-FRANCAIS-VF1-188x300.png\" class=\"attachment-medium size-medium wp-image-37694\" alt=\"\" srcset=\"https:\/\/www.yvar-bregeant.com\/wp-content\/uploads\/2024\/12\/VOLUME-2-LIVRE-1-LE-DECHIFFRAGE-DU-LANGAGE-DES-CAVERNES-FRANCAIS-VF1-188x300.png 188w, https:\/\/www.yvar-bregeant.com\/wp-content\/uploads\/2024\/12\/VOLUME-2-LIVRE-1-LE-DECHIFFRAGE-DU-LANGAGE-DES-CAVERNES-FRANCAIS-VF1-642x1024.png 642w, https:\/\/www.yvar-bregeant.com\/wp-content\/uploads\/2024\/12\/VOLUME-2-LIVRE-1-LE-DECHIFFRAGE-DU-LANGAGE-DES-CAVERNES-FRANCAIS-VF1-768x1226.png 768w, https:\/\/www.yvar-bregeant.com\/wp-content\/uploads\/2024\/12\/VOLUME-2-LIVRE-1-LE-DECHIFFRAGE-DU-LANGAGE-DES-CAVERNES-FRANCAIS-VF1-963x1536.png 963w, https:\/\/www.yvar-bregeant.com\/wp-content\/uploads\/2024\/12\/VOLUME-2-LIVRE-1-LE-DECHIFFRAGE-DU-LANGAGE-DES-CAVERNES-FRANCAIS-VF1-1283x2048.png 1283w, https:\/\/www.yvar-bregeant.com\/wp-content\/uploads\/2024\/12\/VOLUME-2-LIVRE-1-LE-DECHIFFRAGE-DU-LANGAGE-DES-CAVERNES-FRANCAIS-VF1.png 1410w\" sizes=\"(max-width: 188px) 100vw, 188px\" \/>\t\t\t\t\t\t\t\t<\/a>\n\t\t\t\t\t\t\t\t\t\t\t\t\t\t\t<\/div>\n\t\t\t\t<\/div>\n\t\t\t\t<div class=\"elementor-element elementor-element-ec84a0c elementor-widget elementor-widget-text-editor\" data-id=\"ec84a0c\" data-element_type=\"widget\" data-e-type=\"widget\" data-widget_type=\"text-editor.default\">\n\t\t\t\t<div class=\"elementor-widget-container\">\n\t\t\t\t\t\t\t\t\t<div class=\"volume-info-text\"><p>\u27a1\ufe0f <span style=\"color: #000000;\">Este libro demuestra que las representaciones de animales y los signos asociados que aparecen en los frescos rupestres de las cuevas prehist\u00f3ricas conocidas como Paleol\u00edtico Superior corresponden al periodo proto-sumeriano. Demuestra que el proto-sumeria y, complementariamente, el egipcio jerogl\u00edfico constituyen el fundamento ling\u00fc\u00edstico sobre el que la religi\u00f3n mitol\u00f3gica original bas\u00f3 su doctrina desde el principio, utilizando su lenguaje simb\u00f3lico para codificarla y transmitirla. <\/span><\/p><h6>\u27a1\ufe0f <a href=\"https:\/\/yvarbregeant.substack.com\/p\/le-dechiffrage-du-langage-des-cavernes-6aa?r=5g2n2o\" target=\"_blank\" rel=\"noopener\">Resumen de extractos disponibles en mi bolet\u00edn<\/a><\/h6><\/div>\t\t\t\t\t\t\t\t<\/div>\n\t\t\t\t<\/div>\n\t\t\t\t<div class=\"elementor-element elementor-element-cc1b77c elementor-widget-divider--view-line elementor-widget elementor-widget-divider\" data-id=\"cc1b77c\" data-element_type=\"widget\" data-e-type=\"widget\" data-widget_type=\"divider.default\">\n\t\t\t\t<div class=\"elementor-widget-container\">\n\t\t\t\t\t\t\t<div class=\"elementor-divider\">\n\t\t\t<span class=\"elementor-divider-separator\">\n\t\t\t\t\t\t<\/span>\n\t\t<\/div>\n\t\t\t\t\t\t<\/div>\n\t\t\t\t<\/div>\n\t\t<div class=\"elementor-element elementor-element-910c8d1 e-con-full e-flex e-con e-child\" data-id=\"910c8d1\" data-element_type=\"container\" data-e-type=\"container\">\n\t\t\t\t<div class=\"elementor-element elementor-element-581f209 elementor-widget elementor-widget-text-editor\" data-id=\"581f209\" data-element_type=\"widget\" data-e-type=\"widget\" data-widget_type=\"text-editor.default\">\n\t\t\t\t<div class=\"elementor-widget-container\">\n\t\t\t\t\t\t\t\t\t<div class=\"blog__extrait-container\"><p><img decoding=\"async\" class=\"alignnone wp-image-40848\" src=\"https:\/\/www.yvar-bregeant.com\/wp-content\/uploads\/2025\/05\/Bison-200-.png\" alt=\"\" width=\"326\" height=\"267\"><\/p><div class=\"blog__extrait-info\"><h3 class=\"blog__extrait-titre\"><span style=\"color: #000000;\"> <span style=\"color: #0000ff;\">Extracto p\u00fablico<\/span> : Descifrar el segundo signo pettiforme de la cueva de Marsoulas (p.434-441)<\/span><\/h3><p class=\"blog__extrait-volume\"> Volumen 2 Libro 1: Descifrando el lenguaje de las cavernas<\/p><h6><span style=\"color: #000000;\"> Lea este extracto: <\/span><\/h6><h6>\u27a1\ufe0f <a href=\"https:\/\/yvarbregeant.substack.com\/p\/volume-2-livre-1-le-dechiffrage-du-a08?r=5g2n2o\" target=\"_blank\" rel=\"noopener\">Con mi bolet\u00edn<\/a><\/h6><h6>\u27a1\ufe0f <a href=\"https:\/\/www.yvar-bregeant.com\/es\/el-poderoso-el-rey-el-amo-significado-del-segundo-signo-pettiforme-de-la-cueva-de-marsoulas\/\" target=\"_blank\" rel=\"noopener\">En mi sitio web<\/a><\/h6><\/div><\/div>\t\t\t\t\t\t\t\t<\/div>\n\t\t\t\t<\/div>\n\t\t\t\t<div class=\"elementor-element elementor-element-9beddff elementor-widget elementor-widget-text-editor\" data-id=\"9beddff\" data-element_type=\"widget\" data-e-type=\"widget\" data-widget_type=\"text-editor.default\">\n\t\t\t\t<div class=\"elementor-widget-container\">\n\t\t\t\t\t\t\t\t\t<div class=\"blog__extrait-container\"><p><img decoding=\"async\" class=\"alignnone wp-image-37132\" src=\"https:\/\/www.yvar-bregeant.com\/wp-content\/uploads\/2024\/10\/Couverture-video-le-dechiffrage-de-lauroch-300x300.png\" alt=\"\" width=\"312\" height=\"312\" srcset=\"https:\/\/www.yvar-bregeant.com\/wp-content\/uploads\/2024\/10\/Couverture-video-le-dechiffrage-de-lauroch-300x300.png 300w, https:\/\/www.yvar-bregeant.com\/wp-content\/uploads\/2024\/10\/Couverture-video-le-dechiffrage-de-lauroch-1024x1024.png 1024w, https:\/\/www.yvar-bregeant.com\/wp-content\/uploads\/2024\/10\/Couverture-video-le-dechiffrage-de-lauroch-150x150.png 150w, https:\/\/www.yvar-bregeant.com\/wp-content\/uploads\/2024\/10\/Couverture-video-le-dechiffrage-de-lauroch-768x768.png 768w, https:\/\/www.yvar-bregeant.com\/wp-content\/uploads\/2024\/10\/Couverture-video-le-dechiffrage-de-lauroch.png 1080w\" sizes=\"(max-width: 312px) 100vw, 312px\" \/><\/p><div class=\"blog__extrait-info\"><h3 class=\"blog__extrait-titre\"><span style=\"color: #000000;\">Extracto p\u00fablico: El significado del auroch en el primer panel del unicornio de Lascaux (p.307-341)<\/span><\/h3><p class=\"blog__extrait-volume\">Volumen 2 Libro 1: Descifrando el lenguaje de las cavernas<\/p><h6><span style=\"color: #000000;\"> Lea este extracto: <\/span><\/h6><h6>\u27a1\ufe0f <a href=\"https:\/\/yvarbregeant.substack.com\/p\/le-dechiffrage-du-langage-des-cavernes?r=5g2n2o\" target=\"_blank\" rel=\"noopener\">Con mi bolet\u00edn<\/a><\/h6><h6>\u27a1\ufe0f <a href=\"https:\/\/www.yvar-bregeant.com\/es\/significado-de-la-figura-ideografica-del-toro-auroch-en-el-primer-panel-del-unicornio-de-la-cueva-de-lascaux\/\" target=\"_blank\" rel=\"noopener\">En mi sitio web<\/a><\/h6><\/div><\/div>\t\t\t\t\t\t\t\t<\/div>\n\t\t\t\t<\/div>\n\t\t\t\t<div class=\"elementor-element elementor-element-adbb4e4 elementor-widget elementor-widget-text-editor\" data-id=\"adbb4e4\" data-element_type=\"widget\" data-e-type=\"widget\" data-widget_type=\"text-editor.default\">\n\t\t\t\t<div class=\"elementor-widget-container\">\n\t\t\t\t\t\t\t\t\t<div class=\"blog__extrait-container\"><div class=\"blog__extrait-info\"><h3 class=\"blog__extrait-titre\"><span style=\"color: #000000;\"> <span style=\"color: #ff0000;\">Extracto exclusivo para abonados<\/span> : Investigaciones cient\u00edficas anteriores sobre este tema y sus conclusiones (p.109-140)<\/span><\/h3><p class=\"blog__extrait-volume\"> Volumen 2 Libro 1: Descifrando el lenguaje de las cavernas<\/p><h6><span style=\"color: #000000;\"> Lea este extracto: <\/span><\/h6><h6>\u27a1\ufe0f <a href=\"https:\/\/yvarbregeant.substack.com\/p\/volume-2-livre-1-le-dechiffrage-du?r=5g2n2o\" target=\"_blank\" rel=\"noopener\">Con mi bolet\u00edn<\/a><\/h6><\/div><\/div>\t\t\t\t\t\t\t\t<\/div>\n\t\t\t\t<\/div>\n\t\t\t\t<div class=\"elementor-element elementor-element-933d151 elementor-widget elementor-widget-text-editor\" data-id=\"933d151\" data-element_type=\"widget\" data-e-type=\"widget\" data-widget_type=\"text-editor.default\">\n\t\t\t\t<div class=\"elementor-widget-container\">\n\t\t\t\t\t\t\t\t\t<div class=\"blog__extrait-container\"><div class=\"blog__extrait-info\"><h3 class=\"blog__extrait-titre\"><span style=\"color: #000000;\"> <span style=\"color: #ff0000;\">Extracto exclusivo para abonados<\/span> : El simbolismo del urogallo y el bisonte (p.344-349)<\/span><\/h3><p class=\"blog__extrait-volume\"> Volumen 2 Libro 1: Descifrando el lenguaje de las cavernas<\/p><h6><span style=\"color: #000000;\"> Lea este extracto: <\/span><\/h6><h6>\u27a1\ufe0f <a href=\"https:\/\/yvarbregeant.substack.com\/p\/le-dechiffrage-du-langage-des-cavernes-7e7?r=5g2n2o\" target=\"_blank\" rel=\"noopener\">Con mi bolet\u00edn<\/a><\/h6><\/div><\/div>\t\t\t\t\t\t\t\t<\/div>\n\t\t\t\t<\/div>\n\t\t\t\t<div class=\"elementor-element elementor-element-cea4f71 elementor-widget elementor-widget-text-editor\" data-id=\"cea4f71\" data-element_type=\"widget\" data-e-type=\"widget\" data-widget_type=\"text-editor.default\">\n\t\t\t\t<div class=\"elementor-widget-container\">\n\t\t\t\t\t\t\t\t\t<div class=\"blog__extrait-container\"><p><img decoding=\"async\" class=\"wp-image-40858 alignnone\" src=\"https:\/\/www.yvar-bregeant.com\/wp-content\/uploads\/2025\/05\/Image1-300x200.png\" alt=\"\" width=\"390\" height=\"260\" srcset=\"https:\/\/www.yvar-bregeant.com\/wp-content\/uploads\/2025\/05\/Image1-300x200.png 300w, https:\/\/www.yvar-bregeant.com\/wp-content\/uploads\/2025\/05\/Image1.png 361w\" sizes=\"(max-width: 390px) 100vw, 390px\" \/><\/p><div class=\"blog__extrait-info\"><h3 class=\"blog__extrait-titre\"><span style=\"color: #000000;\"> <span style=\"color: #ff0000;\">Extracto exclusivo para abonados<\/span> : Descifrar el fresco del gran panel de la cueva de Marsoulas (p.373- 433)<\/span><\/h3><p class=\"blog__extrait-volume\"> Volumen 2 Libro 1: Descifrando el lenguaje de las cavernas<\/p><h6><span style=\"color: #000000;\"> Lea este extracto: <\/span><\/h6><h6>\u27a1\ufe0f <a href=\"https:\/\/yvarbregeant.substack.com\/p\/volume-2-livre-1-le-dechiffrage-du-70e?r=5g2n2o\" target=\"_blank\" rel=\"noopener\">Con mi bolet\u00edn<\/a><\/h6><\/div><\/div>\t\t\t\t\t\t\t\t<\/div>\n\t\t\t\t<\/div>\n\t\t\t\t<div class=\"elementor-element elementor-element-e0dfe84 elementor-widget elementor-widget-text-editor\" data-id=\"e0dfe84\" data-element_type=\"widget\" data-e-type=\"widget\" data-widget_type=\"text-editor.default\">\n\t\t\t\t<div class=\"elementor-widget-container\">\n\t\t\t\t\t\t\t\t\t<div class=\"blog__extrait-container\"><div class=\"blog__extrait-info\"><h3 class=\"blog__extrait-titre\"><span style=\"color: #000000;\"> <span style=\"color: #ff0000;\">Extracto exclusivo para abonados<\/span> : El simbolismo del ciervo (p.460-463)<\/span><\/h3><p class=\"blog__extrait-volume\"> Volumen 2 Libro 1: Descifrando el lenguaje de las cavernas<\/p><h6><span style=\"color: #000000;\"> Lea este extracto: <\/span><\/h6><h6>\u27a1\ufe0f <a href=\"https:\/\/yvarbregeant.substack.com\/p\/le-dechiffrage-du-langage-des-cavernes-517?r=5g2n2o\" target=\"_blank\" rel=\"noopener\">Con mi bolet\u00edn<\/a><\/h6><\/div><\/div>\t\t\t\t\t\t\t\t<\/div>\n\t\t\t\t<\/div>\n\t\t\t\t<div class=\"elementor-element elementor-element-d870c44 elementor-widget elementor-widget-text-editor\" data-id=\"d870c44\" data-element_type=\"widget\" data-e-type=\"widget\" data-widget_type=\"text-editor.default\">\n\t\t\t\t<div class=\"elementor-widget-container\">\n\t\t\t\t\t\t\t\t\t<div class=\"blog__extrait-container\"><img decoding=\"async\" class=\"alignnone wp-image-40969 \" src=\"https:\/\/www.yvar-bregeant.com\/wp-content\/uploads\/2025\/05\/KISH-GIZEH-300x300.png\" alt=\"\" width=\"210\" height=\"210\" srcset=\"https:\/\/www.yvar-bregeant.com\/wp-content\/uploads\/2025\/05\/KISH-GIZEH-300x300.png 300w, https:\/\/www.yvar-bregeant.com\/wp-content\/uploads\/2025\/05\/KISH-GIZEH-1024x1024.png 1024w, https:\/\/www.yvar-bregeant.com\/wp-content\/uploads\/2025\/05\/KISH-GIZEH-150x150.png 150w, https:\/\/www.yvar-bregeant.com\/wp-content\/uploads\/2025\/05\/KISH-GIZEH-768x768.png 768w, https:\/\/www.yvar-bregeant.com\/wp-content\/uploads\/2025\/05\/KISH-GIZEH.png 1080w\" sizes=\"(max-width: 210px) 100vw, 210px\" \/><div class=\"blog__extrait-info\"><h3 class=\"blog__extrait-titre\"><span style=\"color: #000000;\"> <span style=\"color: #ff0000;\">Extracto exclusivo para abonados <\/span>: La relaci\u00f3n directa espiritual y nominativa entre el padre de los dioses prehist\u00f3ricos y Kish en Sumeria, Gizeh en Egipto y Hatti en el pa\u00eds hitita (p.526-547)<\/span><\/h3><p class=\"blog__extrait-volume\"> Volumen 2 Libro 1: Descifrando el lenguaje de las cavernas<\/p><h6><span style=\"color: #000000;\"> Lea este extracto: <\/span><\/h6><h6>\u27a1\ufe0f <a href=\"https:\/\/yvarbregeant.substack.com\/p\/le-dechiffrage-du-langage-des-cavernes-167?r=5g2n2o\" target=\"_blank\" rel=\"noopener\">Con mi bolet\u00edn<\/a><\/h6><\/div><\/div>\t\t\t\t\t\t\t\t<\/div>\n\t\t\t\t<\/div>\n\t\t\t\t<\/div>\n\t\t\t\t<div class=\"elementor-element elementor-element-25a265d elementor-widget-divider--view-line elementor-widget elementor-widget-divider\" data-id=\"25a265d\" data-element_type=\"widget\" data-e-type=\"widget\" data-widget_type=\"divider.default\">\n\t\t\t\t<div class=\"elementor-widget-container\">\n\t\t\t\t\t\t\t<div class=\"elementor-divider\">\n\t\t\t<span class=\"elementor-divider-separator\">\n\t\t\t\t\t\t<\/span>\n\t\t<\/div>\n\t\t\t\t\t\t<\/div>\n\t\t\t\t<\/div>\n\t\t\t\t<div class=\"elementor-element elementor-element-f6dc0de elementor-widget elementor-widget-heading\" data-id=\"f6dc0de\" data-element_type=\"widget\" data-e-type=\"widget\" data-widget_type=\"heading.default\">\n\t\t\t\t<div class=\"elementor-widget-container\">\n\t\t\t\t\t<h3 class=\"elementor-heading-title elementor-size-default\">VOLUME 2 LIVRO 2 : DE DIOS A AD\u00c1N <\/h3>\t\t\t\t<\/div>\n\t\t\t\t<\/div>\n\t\t\t\t<div class=\"elementor-element elementor-element-7928187 elementor-widget elementor-widget-heading\" data-id=\"7928187\" data-element_type=\"widget\" data-e-type=\"widget\" data-widget_type=\"heading.default\">\n\t\t\t\t<div class=\"elementor-widget-container\">\n\t\t\t\t\t<h3 class=\"elementor-heading-title elementor-size-default\">\u00a1NUEVO! DISPONIBLE <\/h3>\t\t\t\t<\/div>\n\t\t\t\t<\/div>\n\t\t\t\t<div class=\"elementor-element elementor-element-074dc8d elementor-widget elementor-widget-image\" data-id=\"074dc8d\" data-element_type=\"widget\" data-e-type=\"widget\" data-widget_type=\"image.default\">\n\t\t\t\t<div class=\"elementor-widget-container\">\n\t\t\t\t\t\t\t\t\t\t\t\t\t\t\t\t<a href=\"https:\/\/www.yvar-bregeant.com\/en\/homo-sapiens-book-2-from-god-to-adam\/\" target=\"_blank\">\n\t\t\t\t\t\t\t<img decoding=\"async\" width=\"188\" height=\"300\" src=\"https:\/\/www.yvar-bregeant.com\/wp-content\/uploads\/2025\/07\/Champollion-FR-VF--188x300.png\" class=\"attachment-medium size-medium wp-image-43593\" alt=\"\" srcset=\"https:\/\/www.yvar-bregeant.com\/wp-content\/uploads\/2025\/07\/Champollion-FR-VF--188x300.png 188w, https:\/\/www.yvar-bregeant.com\/wp-content\/uploads\/2025\/07\/Champollion-FR-VF--642x1024.png 642w, https:\/\/www.yvar-bregeant.com\/wp-content\/uploads\/2025\/07\/Champollion-FR-VF--768x1226.png 768w, https:\/\/www.yvar-bregeant.com\/wp-content\/uploads\/2025\/07\/Champollion-FR-VF--963x1536.png 963w, https:\/\/www.yvar-bregeant.com\/wp-content\/uploads\/2025\/07\/Champollion-FR-VF--1283x2048.png 1283w, https:\/\/www.yvar-bregeant.com\/wp-content\/uploads\/2025\/07\/Champollion-FR-VF-.png 1410w\" sizes=\"(max-width: 188px) 100vw, 188px\" \/>\t\t\t\t\t\t\t\t<\/a>\n\t\t\t\t\t\t\t\t\t\t\t\t\t\t\t<\/div>\n\t\t\t\t<\/div>\n\t\t\t\t<div class=\"elementor-element elementor-element-4f509c0 elementor-widget elementor-widget-text-editor\" data-id=\"4f509c0\" data-element_type=\"widget\" data-e-type=\"widget\" data-widget_type=\"text-editor.default\">\n\t\t\t\t<div class=\"elementor-widget-container\">\n\t\t\t\t\t\t\t\t\t<div class=\"volume-info-text\">\n<p><span style=\"color: #000000;\">\u27a1\ufe0f Este segundo libro, titulado \u00abDe Dios a Ad\u00e1n\u00bb en el volumen 2, inicia el an\u00e1lisis comparativo de la religi\u00f3n mitol\u00f3gica frente a la religi\u00f3n b\u00edblica tratando por orden cronol\u00f3gico los acontecimientos \u00abdesde la existencia de Dios hasta la creaci\u00f3n de Ad\u00e1n\u00bb.<\/span><\/p>\n<h6>\u27a1\ufe0f <a href=\"https:\/\/yvarbregeant.substack.com\/p\/de-dieu-a-adam-sommaire-de-ses-extraits?r=5g2n2o\" target=\"_blank\" rel=\"noopener\">Resumen de extractos disponibles en mi bolet\u00edn<\/a><\/h6>\n<\/div>\t\t\t\t\t\t\t\t<\/div>\n\t\t\t\t<\/div>\n\t\t\t\t<div class=\"elementor-element elementor-element-fade9fa elementor-widget elementor-widget-text-editor\" data-id=\"fade9fa\" data-element_type=\"widget\" data-e-type=\"widget\" data-widget_type=\"text-editor.default\">\n\t\t\t\t<div class=\"elementor-widget-container\">\n\t\t\t\t\t\t\t\t\t<div class=\"blog__extrait-container\"><p><img decoding=\"async\" class=\"alignnone wp-image-37154 size-medium\" src=\"https:\/\/www.yvar-bregeant.com\/wp-content\/uploads\/2024\/10\/Couverture-Satan-FB-YT-vf-300x300.png\" alt=\"\" width=\"300\" height=\"300\" srcset=\"https:\/\/www.yvar-bregeant.com\/wp-content\/uploads\/2024\/10\/Couverture-Satan-FB-YT-vf-300x300.png 300w, https:\/\/www.yvar-bregeant.com\/wp-content\/uploads\/2024\/10\/Couverture-Satan-FB-YT-vf-1024x1024.png 1024w, https:\/\/www.yvar-bregeant.com\/wp-content\/uploads\/2024\/10\/Couverture-Satan-FB-YT-vf-150x150.png 150w, https:\/\/www.yvar-bregeant.com\/wp-content\/uploads\/2024\/10\/Couverture-Satan-FB-YT-vf-768x768.png 768w, https:\/\/www.yvar-bregeant.com\/wp-content\/uploads\/2024\/10\/Couverture-Satan-FB-YT-vf.png 1080w\" sizes=\"(max-width: 300px) 100vw, 300px\" \/><\/p><div class=\"blog__extrait-info\"><h3 class=\"blog__extrait-titre\"><span style=\"color: #000000;\"> <span style=\"color: #0000ff;\">Extracto p\u00fablico<\/span> : La etimolog\u00eda de Sat\u00e1n, el gran dios oculto de sumerios y egipcios (p.40-59)<\/span><\/h3><p class=\"blog__extrait-volume\"> Volumen 2 Libro 1: De Dios a Ad\u00e1n<\/p><h6><span style=\"color: #000000;\"> Lea este extracto: <\/span><\/h6><h6>\u27a1\ufe0f <a href=\"https:\/\/yvarbregeant.substack.com\/p\/de-dieu-a-adam-letymologie-de-satan?r=5g2n2o\" target=\"_blank\" rel=\"noopener\">Con mi bolet\u00edn<\/a><\/h6><h6>\u27a1\ufe0f <a href=\"https:\/\/www.yvar-bregeant.com\/satan-le-dieu-cache-des-sumeriens-et-egyptiens\/\" target=\"_blank\" rel=\"noopener\">En mi sitio web<\/a><\/h6><\/div><\/div>\t\t\t\t\t\t\t\t<\/div>\n\t\t\t\t<\/div>\n\t\t\t\t<div class=\"elementor-element elementor-element-807ef5a elementor-widget elementor-widget-text-editor\" data-id=\"807ef5a\" data-element_type=\"widget\" data-e-type=\"widget\" data-widget_type=\"text-editor.default\">\n\t\t\t\t<div class=\"elementor-widget-container\">\n\t\t\t\t\t\t\t\t\t<div class=\"blog__extrait-container\"><p><img decoding=\"async\" class=\"alignnone wp-image-40868 \" src=\"https:\/\/www.yvar-bregeant.com\/wp-content\/uploads\/2025\/05\/Dieu--300x300.jpg\" alt=\"\" width=\"209\" height=\"209\" srcset=\"https:\/\/www.yvar-bregeant.com\/wp-content\/uploads\/2025\/05\/Dieu--300x300.jpg 300w, https:\/\/www.yvar-bregeant.com\/wp-content\/uploads\/2025\/05\/Dieu--150x150.jpg 150w, https:\/\/www.yvar-bregeant.com\/wp-content\/uploads\/2025\/05\/Dieu--768x768.jpg 768w, https:\/\/www.yvar-bregeant.com\/wp-content\/uploads\/2025\/05\/Dieu-.jpg 1024w\" sizes=\"(max-width: 209px) 100vw, 209px\" \/><\/p><div class=\"blog__extrait-info\"><h3 class=\"blog__extrait-titre\"><span style=\"color: #000000;\"> <span style=\"color: #ff0000;\">Extracto exclusivo para abonados<\/span> :<\/span><\/h3><h3 class=\"blog__extrait-titre\"><span style=\"color: #000000;\"> La naturaleza de Dios (extracto del cap\u00edtulo) (p75-141)<\/span><\/h3><p class=\"blog__extrait-volume\"> Volumen 2 Libro 1: De Dios a Ad\u00e1n<\/p><h6><span style=\"color: #000000;\"> Lea este extracto: <\/span><\/h6><h6>\u27a1\ufe0f <a href=\"https:\/\/yvarbregeant.substack.com\/p\/de-dieu-a-adam-p49-a-94?r=5g2n2o\" target=\"_blank\" rel=\"noopener\">Con mi bolet\u00edn<\/a><\/h6><\/div><\/div>\t\t\t\t\t\t\t\t<\/div>\n\t\t\t\t<\/div>\n\t\t\t\t<div class=\"elementor-element elementor-element-f9cf07d elementor-widget elementor-widget-text-editor\" data-id=\"f9cf07d\" data-element_type=\"widget\" data-e-type=\"widget\" data-widget_type=\"text-editor.default\">\n\t\t\t\t<div class=\"elementor-widget-container\">\n\t\t\t\t\t\t\t\t\t<div class=\"blog__extrait-container\"><p><img decoding=\"async\" class=\"alignnone wp-image-37167 \" src=\"https:\/\/www.yvar-bregeant.com\/wp-content\/uploads\/2024\/10\/Image-symbolisme-du-phallus-V1-1-300x300.png\" alt=\"\" width=\"298\" height=\"298\" srcset=\"https:\/\/www.yvar-bregeant.com\/wp-content\/uploads\/2024\/10\/Image-symbolisme-du-phallus-V1-1-300x300.png 300w, https:\/\/www.yvar-bregeant.com\/wp-content\/uploads\/2024\/10\/Image-symbolisme-du-phallus-V1-1-1024x1024.png 1024w, https:\/\/www.yvar-bregeant.com\/wp-content\/uploads\/2024\/10\/Image-symbolisme-du-phallus-V1-1-150x150.png 150w, https:\/\/www.yvar-bregeant.com\/wp-content\/uploads\/2024\/10\/Image-symbolisme-du-phallus-V1-1-768x768.png 768w, https:\/\/www.yvar-bregeant.com\/wp-content\/uploads\/2024\/10\/Image-symbolisme-du-phallus-V1-1.png 1080w\" sizes=\"(max-width: 298px) 100vw, 298px\" \/><\/p><div class=\"blog__extrait-info\"><h3 class=\"blog__extrait-titre\"><span style=\"color: #000000;\"> <span style=\"color: #ff0000;\">Extracto exclusivo para abonados<\/span> : El simbolismo del falo en la religi\u00f3n mitol\u00f3gica (p.460-467)<\/span><\/h3><p class=\"blog__extrait-volume\"> Volumen 2 Libro 1: De Dios a Ad\u00e1n<\/p><h6><span style=\"color: #000000;\"> Lea este extracto: <\/span><\/h6><h6>\u27a1\ufe0f <a href=\"https:\/\/yvarbregeant.substack.com\/p\/de-dieu-a-adam-le-symbolisme-du-phallus?r=5g2n2o\" target=\"_blank\" rel=\"noopener\">Con mi bolet\u00edn<\/a><\/h6><\/div><\/div>\t\t\t\t\t\t\t\t<\/div>\n\t\t\t\t<\/div>\n\t\t\t\t<div class=\"elementor-element elementor-element-6cdbc0d elementor-widget-divider--view-line elementor-widget elementor-widget-divider\" data-id=\"6cdbc0d\" data-element_type=\"widget\" data-e-type=\"widget\" data-widget_type=\"divider.default\">\n\t\t\t\t<div class=\"elementor-widget-container\">\n\t\t\t\t\t\t\t<div class=\"elementor-divider\">\n\t\t\t<span class=\"elementor-divider-separator\">\n\t\t\t\t\t\t<\/span>\n\t\t<\/div>\n\t\t\t\t\t\t<\/div>\n\t\t\t\t<\/div>\n\t\t\t\t<div class=\"elementor-element elementor-element-6bdee4b elementor-widget elementor-widget-heading\" data-id=\"6bdee4b\" data-element_type=\"widget\" data-e-type=\"widget\" data-widget_type=\"heading.default\">\n\t\t\t\t<div class=\"elementor-widget-container\">\n\t\t\t\t\t<h3 class=\"elementor-heading-title elementor-size-default\">VOLUMEN 3: LA BIBLIA DE S\u00cdMBOLOS DE LA RELIGI\u00d3N MITOL\u00d3GICA PREHIST\u00d3RICA Y ANTIGUA\n\n<\/h3>\t\t\t\t<\/div>\n\t\t\t\t<\/div>\n\t\t\t\t<div class=\"elementor-element elementor-element-b234616 elementor-widget-divider--view-line elementor-widget elementor-widget-divider\" data-id=\"b234616\" data-element_type=\"widget\" data-e-type=\"widget\" data-widget_type=\"divider.default\">\n\t\t\t\t<div class=\"elementor-widget-container\">\n\t\t\t\t\t\t\t<div class=\"elementor-divider\">\n\t\t\t<span class=\"elementor-divider-separator\">\n\t\t\t\t\t\t<\/span>\n\t\t<\/div>\n\t\t\t\t\t\t<\/div>\n\t\t\t\t<\/div>\n\t\t\t\t<div class=\"elementor-element elementor-element-0b0b558 elementor-widget elementor-widget-heading\" data-id=\"0b0b558\" data-element_type=\"widget\" data-e-type=\"widget\" data-widget_type=\"heading.default\">\n\t\t\t\t<div class=\"elementor-widget-container\">\n\t\t\t\t\t<h3 class=\"elementor-heading-title elementor-size-default\"><a href=\"https:\/\/www.yvar-bregeant.com\/es\/la-mano-y-sus-simbolos-la-diosa-madre-sacrificadora-y-regeneradora\/\" target=\"_blank\">VOLUMEN 3 LIBRO 1: LA MANO Y SUS S\u00cdMBOLOS LA DIOSA MADRE SACRIFICADORA Y REGENERADORA\n<\/a><\/h3>\t\t\t\t<\/div>\n\t\t\t\t<\/div>\n\t\t\t\t<div class=\"elementor-element elementor-element-75ff985 elementor-widget elementor-widget-image\" data-id=\"75ff985\" data-element_type=\"widget\" data-e-type=\"widget\" data-widget_type=\"image.default\">\n\t\t\t\t<div class=\"elementor-widget-container\">\n\t\t\t\t\t\t\t\t\t\t\t\t\t\t\t\t<a href=\"https:\/\/www.yvar-bregeant.com\/es\/la-mano-y-sus-simbolos-la-diosa-madre-sacrificadora-y-regeneradora\/\" target=\"_blank\">\n\t\t\t\t\t\t\t<img decoding=\"async\" width=\"188\" height=\"300\" src=\"https:\/\/www.yvar-bregeant.com\/wp-content\/uploads\/2024\/12\/Couverture-2-Francais-VF-188x300.png\" class=\"attachment-medium size-medium wp-image-37714\" alt=\"\" srcset=\"https:\/\/www.yvar-bregeant.com\/wp-content\/uploads\/2024\/12\/Couverture-2-Francais-VF-188x300.png 188w, https:\/\/www.yvar-bregeant.com\/wp-content\/uploads\/2024\/12\/Couverture-2-Francais-VF-642x1024.png 642w, https:\/\/www.yvar-bregeant.com\/wp-content\/uploads\/2024\/12\/Couverture-2-Francais-VF-768x1226.png 768w, https:\/\/www.yvar-bregeant.com\/wp-content\/uploads\/2024\/12\/Couverture-2-Francais-VF-963x1536.png 963w, https:\/\/www.yvar-bregeant.com\/wp-content\/uploads\/2024\/12\/Couverture-2-Francais-VF-1283x2048.png 1283w, https:\/\/www.yvar-bregeant.com\/wp-content\/uploads\/2024\/12\/Couverture-2-Francais-VF.png 1410w\" sizes=\"(max-width: 188px) 100vw, 188px\" \/>\t\t\t\t\t\t\t\t<\/a>\n\t\t\t\t\t\t\t\t\t\t\t\t\t\t\t<\/div>\n\t\t\t\t<\/div>\n\t\t<div class=\"elementor-element elementor-element-69c887c e-con-full e-flex e-con e-child\" data-id=\"69c887c\" data-element_type=\"container\" data-e-type=\"container\">\n\t\t\t\t<div class=\"elementor-element elementor-element-d87ca3e elementor-widget elementor-widget-text-editor\" data-id=\"d87ca3e\" data-element_type=\"widget\" data-e-type=\"widget\" data-widget_type=\"text-editor.default\">\n\t\t\t\t<div class=\"elementor-widget-container\">\n\t\t\t\t\t\t\t\t\t<div class=\"volume-info-text\"><h6>\u27a1\ufe0f <a href=\"https:\/\/yvarbregeant.substack.com\/p\/la-main-et-ses-symboles-la-deesse-c13?r=5g2n2o\" target=\"_blank\" rel=\"noopener\">Resumen de extractos disponibles en mi bolet\u00edn<\/a><\/h6><\/div>\t\t\t\t\t\t\t\t<\/div>\n\t\t\t\t<\/div>\n\t\t\t\t<\/div>\n\t\t\t\t<div class=\"elementor-element elementor-element-6fee20e elementor-widget elementor-widget-text-editor\" data-id=\"6fee20e\" data-element_type=\"widget\" data-e-type=\"widget\" data-widget_type=\"text-editor.default\">\n\t\t\t\t<div class=\"elementor-widget-container\">\n\t\t\t\t\t\t\t\t\t<div class=\"blog__extrait-container\"><p><img decoding=\"async\" class=\"alignnone wp-image-40878 \" src=\"https:\/\/www.yvar-bregeant.com\/wp-content\/uploads\/2025\/05\/Image33.png\" alt=\"\" width=\"274\" height=\"393\"><\/p><div class=\"blog__extrait-info\"><h3 class=\"blog__extrait-titre\"><span style=\"color: #000000;\"> <span style=\"color: #0000ff;\">Extracto p\u00fablico<\/span> : El culto a la diosa madre y la raz\u00f3n de su representaci\u00f3n en cuclillas (p.18-116)<\/span><\/h3><p class=\"blog__extrait-volume\"> Volumen 3 Libro 1: La mano y sus s\u00edmbolos: la diosa madre sacrificadora y regeneradora<\/p><h6><span style=\"color: #000000;\"> Lea este extracto: <\/span><\/h6><h6>\u27a1\ufe0f <a href=\"https:\/\/yvarbregeant.substack.com\/p\/la-main-et-ses-symboles-la-deesse?r=5g2n2o\" target=\"_blank\" rel=\"noopener\">Con mi bolet\u00edn<\/a><\/h6><h6>\u27a1\ufe0f <a href=\"https:\/\/www.yvar-bregeant.com\/es\/el-culto-a-la-diosa-madre-y-la-razon-de-su-representacion-en-posicion-agachada\/\" target=\"_blank\" rel=\"noopener\">En mi sitio web<\/a><\/h6><\/div><\/div>\t\t\t\t\t\t\t\t<\/div>\n\t\t\t\t<\/div>\n\t\t\t\t<div class=\"elementor-element elementor-element-6660174 elementor-widget-divider--view-line elementor-widget elementor-widget-divider\" data-id=\"6660174\" data-element_type=\"widget\" data-e-type=\"widget\" data-widget_type=\"divider.default\">\n\t\t\t\t<div class=\"elementor-widget-container\">\n\t\t\t\t\t\t\t<div class=\"elementor-divider\">\n\t\t\t<span class=\"elementor-divider-separator\">\n\t\t\t\t\t\t<\/span>\n\t\t<\/div>\n\t\t\t\t\t\t<\/div>\n\t\t\t\t<\/div>\n\t\t\t\t<div class=\"elementor-element elementor-element-58f199f elementor-widget-divider--view-line elementor-widget elementor-widget-divider\" data-id=\"58f199f\" data-element_type=\"widget\" data-e-type=\"widget\" data-widget_type=\"divider.default\">\n\t\t\t\t<div class=\"elementor-widget-container\">\n\t\t\t\t\t\t\t<div class=\"elementor-divider\">\n\t\t\t<span class=\"elementor-divider-separator\">\n\t\t\t\t\t\t<\/span>\n\t\t<\/div>\n\t\t\t\t\t\t<\/div>\n\t\t\t\t<\/div>\n\t\t\t\t<div class=\"elementor-element elementor-element-e37ce6f elementor-widget elementor-widget-heading\" data-id=\"e37ce6f\" data-element_type=\"widget\" data-e-type=\"widget\" data-widget_type=\"heading.default\">\n\t\t\t\t<div class=\"elementor-widget-container\">\n\t\t\t\t\t<h3 class=\"elementor-heading-title elementor-size-default\">VOLUMEN 6: TEMPLOS MEGAL\u00cdTICOS <\/h3>\t\t\t\t<\/div>\n\t\t\t\t<\/div>\n\t\t\t\t<div class=\"elementor-element elementor-element-2eadde3 elementor-widget-divider--view-line elementor-widget elementor-widget-divider\" data-id=\"2eadde3\" data-element_type=\"widget\" data-e-type=\"widget\" data-widget_type=\"divider.default\">\n\t\t\t\t<div class=\"elementor-widget-container\">\n\t\t\t\t\t\t\t<div class=\"elementor-divider\">\n\t\t\t<span class=\"elementor-divider-separator\">\n\t\t\t\t\t\t<\/span>\n\t\t<\/div>\n\t\t\t\t\t\t<\/div>\n\t\t\t\t<\/div>\n\t\t\t\t<div class=\"elementor-element elementor-element-69ef7a4 elementor-widget elementor-widget-heading\" data-id=\"69ef7a4\" data-element_type=\"widget\" data-e-type=\"widget\" data-widget_type=\"heading.default\">\n\t\t\t\t<div class=\"elementor-widget-container\">\n\t\t\t\t\t<h3 class=\"elementor-heading-title elementor-size-default\"><a href=\"https:\/\/www.yvar-bregeant.com\/les-temples-megalithiques-de-malte-gobekli-tepe-et-stonehenge\/\" target=\"_blank\">VOLUMEN 6 LIBRO 2: LOS TEMPLOS MEGAL\u00cdTICOS DE MALTA, G\u00d6BEKLI TEPE Y STONEHENGE<\/a><\/h3>\t\t\t\t<\/div>\n\t\t\t\t<\/div>\n\t\t\t\t<div class=\"elementor-element elementor-element-75ff87b elementor-widget elementor-widget-image\" data-id=\"75ff87b\" data-element_type=\"widget\" data-e-type=\"widget\" data-widget_type=\"image.default\">\n\t\t\t\t<div class=\"elementor-widget-container\">\n\t\t\t\t\t\t\t\t\t\t\t\t\t\t\t\t<a href=\"https:\/\/www.yvar-bregeant.com\/les-temples-megalithiques-de-malte-gobekli-tepe-et-stonehenge\/\" target=\"_blank\">\n\t\t\t\t\t\t\t<img decoding=\"async\" width=\"188\" height=\"300\" src=\"https:\/\/www.yvar-bregeant.com\/wp-content\/uploads\/2024\/12\/Volume-6-Livre-2-Malte-Gobekli-Stonehenge-Francais-VF1-188x300.png\" class=\"attachment-medium size-medium wp-image-37704\" alt=\"\" srcset=\"https:\/\/www.yvar-bregeant.com\/wp-content\/uploads\/2024\/12\/Volume-6-Livre-2-Malte-Gobekli-Stonehenge-Francais-VF1-188x300.png 188w, https:\/\/www.yvar-bregeant.com\/wp-content\/uploads\/2024\/12\/Volume-6-Livre-2-Malte-Gobekli-Stonehenge-Francais-VF1-642x1024.png 642w, https:\/\/www.yvar-bregeant.com\/wp-content\/uploads\/2024\/12\/Volume-6-Livre-2-Malte-Gobekli-Stonehenge-Francais-VF1-768x1226.png 768w, https:\/\/www.yvar-bregeant.com\/wp-content\/uploads\/2024\/12\/Volume-6-Livre-2-Malte-Gobekli-Stonehenge-Francais-VF1-963x1536.png 963w, https:\/\/www.yvar-bregeant.com\/wp-content\/uploads\/2024\/12\/Volume-6-Livre-2-Malte-Gobekli-Stonehenge-Francais-VF1-1283x2048.png 1283w, https:\/\/www.yvar-bregeant.com\/wp-content\/uploads\/2024\/12\/Volume-6-Livre-2-Malte-Gobekli-Stonehenge-Francais-VF1.png 1410w\" sizes=\"(max-width: 188px) 100vw, 188px\" \/>\t\t\t\t\t\t\t\t<\/a>\n\t\t\t\t\t\t\t\t\t\t\t\t\t\t\t<\/div>\n\t\t\t\t<\/div>\n\t\t<div class=\"elementor-element elementor-element-1c91e3e e-con-full e-flex e-con e-child\" data-id=\"1c91e3e\" data-element_type=\"container\" data-e-type=\"container\">\n\t\t\t\t<div class=\"elementor-element elementor-element-381d478 elementor-widget elementor-widget-text-editor\" data-id=\"381d478\" data-element_type=\"widget\" data-e-type=\"widget\" data-widget_type=\"text-editor.default\">\n\t\t\t\t<div class=\"elementor-widget-container\">\n\t\t\t\t\t\t\t\t\t<div class=\"volume-info-text\"><h6>\u27a1\ufe0f <a href=\"https:\/\/yvarbregeant.substack.com\/p\/les-temples-megalithiques-de-malte-704?r=5g2n2o\" target=\"_blank\" rel=\"noopener\">Resumen de extractos disponibles en mi bolet\u00edn<\/a><\/h6><\/div>\t\t\t\t\t\t\t\t<\/div>\n\t\t\t\t<\/div>\n\t\t\t\t<\/div>\n\t\t\t\t<div class=\"elementor-element elementor-element-64a3cd4 elementor-widget elementor-widget-text-editor\" data-id=\"64a3cd4\" data-element_type=\"widget\" data-e-type=\"widget\" data-widget_type=\"text-editor.default\">\n\t\t\t\t<div class=\"elementor-widget-container\">\n\t\t\t\t\t\t\t\t\t<div class=\"blog__extrait-container\"><p><img decoding=\"async\" class=\"alignnone wp-image-40888 \" src=\"https:\/\/www.yvar-bregeant.com\/wp-content\/uploads\/2025\/05\/Image27-300x148.jpg\" alt=\"\" width=\"353\" height=\"174\" srcset=\"https:\/\/www.yvar-bregeant.com\/wp-content\/uploads\/2025\/05\/Image27-300x148.jpg 300w, https:\/\/www.yvar-bregeant.com\/wp-content\/uploads\/2025\/05\/Image27.jpg 416w\" sizes=\"(max-width: 353px) 100vw, 353px\" \/><\/p><div class=\"blog__extrait-info\"><h3 class=\"blog__extrait-titre\"><span style=\"color: #000000;\"> <span style=\"color: #0000ff;\">Extracto p\u00fablico <\/span>: Los templos de Malta \/ Resumen de los descubrimientos arqueol\u00f3gicos (p.116-140)<\/span><\/h3><p class=\"blog__extrait-volume\"> Volumen 6 Libro 2: Los templos megal\u00edticos de Malta, G\u00f6bekli Tepe y Stonehenge<\/p><h6><span style=\"color: #000000;\"> Lea este extracto: <\/span><\/h6><h6>\u27a1\ufe0f <a href=\"https:\/\/yvarbregeant.substack.com\/p\/les-temples-megalithiques-de-malte?r=5g2n2o\" target=\"_blank\" rel=\"noopener\">Con mi bolet\u00edn<\/a><\/h6><h6>\u27a1\ufe0f <a href=\"https:\/\/www.yvar-bregeant.com\/es\/los-templos-de-malta-resumen-de-los-descubrimientos-arqueologicos\/\" target=\"_blank\" rel=\"noopener\">En mi sitio web<\/a><\/h6><\/div><\/div>\t\t\t\t\t\t\t\t<\/div>\n\t\t\t\t<\/div>\n\t\t\t\t<div class=\"elementor-element elementor-element-34e42a5 elementor-widget elementor-widget-text-editor\" data-id=\"34e42a5\" data-element_type=\"widget\" data-e-type=\"widget\" data-widget_type=\"text-editor.default\">\n\t\t\t\t<div class=\"elementor-widget-container\">\n\t\t\t\t\t\t\t\t\t<div class=\"blog__extrait-container\"><p><img decoding=\"async\" class=\"alignnone wp-image-40888 \" src=\"https:\/\/www.yvar-bregeant.com\/wp-content\/uploads\/2025\/05\/Image27-300x148.jpg\" alt=\"\" width=\"347\" height=\"171\" srcset=\"https:\/\/www.yvar-bregeant.com\/wp-content\/uploads\/2025\/05\/Image27-300x148.jpg 300w, https:\/\/www.yvar-bregeant.com\/wp-content\/uploads\/2025\/05\/Image27.jpg 416w\" sizes=\"(max-width: 347px) 100vw, 347px\" \/><\/p><div class=\"blog__extrait-info\"><h3 class=\"blog__extrait-titre\"><span style=\"color: #000000;\"> <span style=\"color: #ff0000;\">Extracto exclusivo para abonados<\/span> : Los templos de Malta \/ Resolver el misterio (p.141 a 221)<\/span><\/h3><p class=\"blog__extrait-volume\"> Volumen 6 Libro 2: Los templos megal\u00edticos de Malta, G\u00f6bekli Tepe y Stonehenge<\/p><h6><span style=\"color: #000000;\"> Lea este extracto: <\/span><\/h6><h6>\u27a1\ufe0f <a href=\"https:\/\/yvarbregeant.substack.com\/p\/volume-6-livre-2-les-temples-megalithiques?r=5g2n2o\" target=\"_blank\" rel=\"noopener\">Con mi bolet\u00edn<\/a><\/h6><\/div><\/div>\t\t\t\t\t\t\t\t<\/div>\n\t\t\t\t<\/div>\n\t\t\t\t\t<\/div>\n\t\t\t\t<\/div>\n\t\t\t\t<\/div>\n\t\t","protected":false},"excerpt":{"rendered":"<p>Ir al coraz\u00f3n de mi investigaci\u00f3n:mis extractos disponibles Leer extractos de mis libros Jki-newsletter-light Para m\u00e1s informaci\u00f3n, pulse aqu\u00ed: \u27a1\ufe0f Mi pol\u00edtica de difusi\u00f3n de mis investigaciones \u27a1\ufe0f La estructura de los libros de la serie \u27a1\ufe0f Consulte el resumen general de extractos de mis libros Extractos ordenados progresivamente de los libros de la serie [&hellip;]<\/p>\n","protected":false},"author":2,"featured_media":44895,"parent":0,"menu_order":0,"comment_status":"closed","ping_status":"closed","template":"elementor_header_footer","meta":{"footnotes":""},"class_list":["post-4514","page","type-page","status-publish","has-post-thumbnail","hentry"],"yoast_head":"<!-- This site is optimized with the Yoast SEO plugin v27.5 - https:\/\/yoast.com\/product\/yoast-seo-wordpress\/ -->\n<title>Leer en l\u00ednea los libros de Yvar Bregeant<\/title>\n<meta name=\"description\" content=\"Elija y lea cap\u00edtulos enteros en forma de art\u00edculos de blog o grandes extractos de los libros de Yvar Bregeant sobre los or\u00edgenes y la historia de las religiones de la humanidad.\" \/>\n<meta name=\"robots\" content=\"index, follow, max-snippet:-1, max-image-preview:large, max-video-preview:-1\" \/>\n<link rel=\"canonical\" href=\"https:\/\/www.yvar-bregeant.com\/es\/leer-en-linea\/\" \/>\n<meta property=\"og:locale\" content=\"es_ES\" \/>\n<meta property=\"og:type\" content=\"article\" \/>\n<meta property=\"og:title\" content=\"Leer en l\u00ednea los libros de Yvar Bregeant\" \/>\n<meta property=\"og:description\" content=\"Elija y lea cap\u00edtulos enteros en forma de art\u00edculos de blog o grandes extractos de los libros de Yvar Bregeant sobre los or\u00edgenes y la historia de las religiones de la humanidad.\" \/>\n<meta property=\"og:url\" content=\"https:\/\/www.yvar-bregeant.com\/es\/leer-en-linea\/\" \/>\n<meta property=\"og:site_name\" content=\"Yvar Bregeant\" \/>\n<meta property=\"article:publisher\" content=\"https:\/\/www.facebook.com\/profile.php?id=61553731625098\" \/>\n<meta property=\"article:modified_time\" content=\"2025-07-31T18:43:31+00:00\" \/>\n<meta property=\"og:image\" content=\"https:\/\/www.yvar-bregeant.com\/wp-content\/uploads\/2023\/12\/Logo-de-presentation-onglet-structuration-1.jpg\" \/>\n\t<meta property=\"og:image:width\" content=\"612\" \/>\n\t<meta property=\"og:image:height\" content=\"586\" \/>\n\t<meta property=\"og:image:type\" content=\"image\/jpeg\" \/>\n<meta name=\"twitter:card\" content=\"summary_large_image\" \/>\n<script type=\"application\/ld+json\" class=\"yoast-schema-graph\">{\"@context\":\"https:\\\/\\\/schema.org\",\"@graph\":[{\"@type\":\"WebPage\",\"@id\":\"https:\\\/\\\/www.yvar-bregeant.com\\\/es\\\/leer-en-linea\\\/\",\"url\":\"https:\\\/\\\/www.yvar-bregeant.com\\\/es\\\/leer-en-linea\\\/\",\"name\":\"Leer en l\u00ednea los libros de Yvar Bregeant\",\"isPartOf\":{\"@id\":\"https:\\\/\\\/www.yvar-bregeant.com\\\/es\\\/#website\"},\"primaryImageOfPage\":{\"@id\":\"https:\\\/\\\/www.yvar-bregeant.com\\\/es\\\/leer-en-linea\\\/#primaryimage\"},\"image\":{\"@id\":\"https:\\\/\\\/www.yvar-bregeant.com\\\/es\\\/leer-en-linea\\\/#primaryimage\"},\"thumbnailUrl\":\"https:\\\/\\\/www.yvar-bregeant.com\\\/wp-content\\\/uploads\\\/2025\\\/12\\\/Carrousel-Image-serie-et-logo.png\",\"datePublished\":\"2023-06-06T09:20:01+00:00\",\"dateModified\":\"2025-07-31T18:43:31+00:00\",\"description\":\"Elija y lea cap\u00edtulos enteros en forma de art\u00edculos de blog o grandes extractos de los libros de Yvar Bregeant sobre los or\u00edgenes y la historia de las religiones de la humanidad.\",\"breadcrumb\":{\"@id\":\"https:\\\/\\\/www.yvar-bregeant.com\\\/es\\\/leer-en-linea\\\/#breadcrumb\"},\"inLanguage\":\"es\",\"potentialAction\":[{\"@type\":\"ReadAction\",\"target\":[\"https:\\\/\\\/www.yvar-bregeant.com\\\/es\\\/leer-en-linea\\\/\"]}]},{\"@type\":\"ImageObject\",\"inLanguage\":\"es\",\"@id\":\"https:\\\/\\\/www.yvar-bregeant.com\\\/es\\\/leer-en-linea\\\/#primaryimage\",\"url\":\"https:\\\/\\\/www.yvar-bregeant.com\\\/wp-content\\\/uploads\\\/2025\\\/12\\\/Carrousel-Image-serie-et-logo.png\",\"contentUrl\":\"https:\\\/\\\/www.yvar-bregeant.com\\\/wp-content\\\/uploads\\\/2025\\\/12\\\/Carrousel-Image-serie-et-logo.png\",\"width\":1080,\"height\":1080},{\"@type\":\"BreadcrumbList\",\"@id\":\"https:\\\/\\\/www.yvar-bregeant.com\\\/es\\\/leer-en-linea\\\/#breadcrumb\",\"itemListElement\":[{\"@type\":\"ListItem\",\"position\":1,\"name\":\"Accueil\",\"item\":\"https:\\\/\\\/www.yvar-bregeant.com\\\/es\\\/\"},{\"@type\":\"ListItem\",\"position\":2,\"name\":\"Extractos\"}]},{\"@type\":\"WebSite\",\"@id\":\"https:\\\/\\\/www.yvar-bregeant.com\\\/es\\\/#website\",\"url\":\"https:\\\/\\\/www.yvar-bregeant.com\\\/es\\\/\",\"name\":\"Yvar Bregeant\",\"description\":\"\",\"publisher\":{\"@id\":\"https:\\\/\\\/www.yvar-bregeant.com\\\/es\\\/#organization\"},\"potentialAction\":[{\"@type\":\"SearchAction\",\"target\":{\"@type\":\"EntryPoint\",\"urlTemplate\":\"https:\\\/\\\/www.yvar-bregeant.com\\\/es\\\/?s={search_term_string}\"},\"query-input\":{\"@type\":\"PropertyValueSpecification\",\"valueRequired\":true,\"valueName\":\"search_term_string\"}}],\"inLanguage\":\"es\"},{\"@type\":\"Organization\",\"@id\":\"https:\\\/\\\/www.yvar-bregeant.com\\\/es\\\/#organization\",\"name\":\"Yvar Bregeant\",\"url\":\"https:\\\/\\\/www.yvar-bregeant.com\\\/es\\\/\",\"logo\":{\"@type\":\"ImageObject\",\"inLanguage\":\"es\",\"@id\":\"https:\\\/\\\/www.yvar-bregeant.com\\\/es\\\/#\\\/schema\\\/logo\\\/image\\\/\",\"url\":\"https:\\\/\\\/www.yvar-bregeant.com\\\/wp-content\\\/uploads\\\/2023\\\/12\\\/Logo-de-presentation-onglet-structuration-russe.jpg\",\"contentUrl\":\"https:\\\/\\\/www.yvar-bregeant.com\\\/wp-content\\\/uploads\\\/2023\\\/12\\\/Logo-de-presentation-onglet-structuration-russe.jpg\",\"width\":612,\"height\":586,\"caption\":\"Yvar Bregeant\"},\"image\":{\"@id\":\"https:\\\/\\\/www.yvar-bregeant.com\\\/es\\\/#\\\/schema\\\/logo\\\/image\\\/\"},\"sameAs\":[\"https:\\\/\\\/www.facebook.com\\\/profile.php?id=61553731625098\"]}]}<\/script>\n<!-- \/ Yoast SEO plugin. -->","yoast_head_json":{"title":"Leer en l\u00ednea los libros de Yvar Bregeant","description":"Elija y lea cap\u00edtulos enteros en forma de art\u00edculos de blog o grandes extractos de los libros de Yvar Bregeant sobre los or\u00edgenes y la historia de las religiones de la humanidad.","robots":{"index":"index","follow":"follow","max-snippet":"max-snippet:-1","max-image-preview":"max-image-preview:large","max-video-preview":"max-video-preview:-1"},"canonical":"https:\/\/www.yvar-bregeant.com\/es\/leer-en-linea\/","og_locale":"es_ES","og_type":"article","og_title":"Leer en l\u00ednea los libros de Yvar Bregeant","og_description":"Elija y lea cap\u00edtulos enteros en forma de art\u00edculos de blog o grandes extractos de los libros de Yvar Bregeant sobre los or\u00edgenes y la historia de las religiones de la humanidad.","og_url":"https:\/\/www.yvar-bregeant.com\/es\/leer-en-linea\/","og_site_name":"Yvar Bregeant","article_publisher":"https:\/\/www.facebook.com\/profile.php?id=61553731625098","article_modified_time":"2025-07-31T18:43:31+00:00","og_image":[{"width":612,"height":586,"url":"https:\/\/www.yvar-bregeant.com\/wp-content\/uploads\/2023\/12\/Logo-de-presentation-onglet-structuration-1.jpg","type":"image\/jpeg"}],"twitter_card":"summary_large_image","schema":{"@context":"https:\/\/schema.org","@graph":[{"@type":"WebPage","@id":"https:\/\/www.yvar-bregeant.com\/es\/leer-en-linea\/","url":"https:\/\/www.yvar-bregeant.com\/es\/leer-en-linea\/","name":"Leer en l\u00ednea los libros de Yvar Bregeant","isPartOf":{"@id":"https:\/\/www.yvar-bregeant.com\/es\/#website"},"primaryImageOfPage":{"@id":"https:\/\/www.yvar-bregeant.com\/es\/leer-en-linea\/#primaryimage"},"image":{"@id":"https:\/\/www.yvar-bregeant.com\/es\/leer-en-linea\/#primaryimage"},"thumbnailUrl":"https:\/\/www.yvar-bregeant.com\/wp-content\/uploads\/2025\/12\/Carrousel-Image-serie-et-logo.png","datePublished":"2023-06-06T09:20:01+00:00","dateModified":"2025-07-31T18:43:31+00:00","description":"Elija y lea cap\u00edtulos enteros en forma de art\u00edculos de blog o grandes extractos de los libros de Yvar Bregeant sobre los or\u00edgenes y la historia de las religiones de la humanidad.","breadcrumb":{"@id":"https:\/\/www.yvar-bregeant.com\/es\/leer-en-linea\/#breadcrumb"},"inLanguage":"es","potentialAction":[{"@type":"ReadAction","target":["https:\/\/www.yvar-bregeant.com\/es\/leer-en-linea\/"]}]},{"@type":"ImageObject","inLanguage":"es","@id":"https:\/\/www.yvar-bregeant.com\/es\/leer-en-linea\/#primaryimage","url":"https:\/\/www.yvar-bregeant.com\/wp-content\/uploads\/2025\/12\/Carrousel-Image-serie-et-logo.png","contentUrl":"https:\/\/www.yvar-bregeant.com\/wp-content\/uploads\/2025\/12\/Carrousel-Image-serie-et-logo.png","width":1080,"height":1080},{"@type":"BreadcrumbList","@id":"https:\/\/www.yvar-bregeant.com\/es\/leer-en-linea\/#breadcrumb","itemListElement":[{"@type":"ListItem","position":1,"name":"Accueil","item":"https:\/\/www.yvar-bregeant.com\/es\/"},{"@type":"ListItem","position":2,"name":"Extractos"}]},{"@type":"WebSite","@id":"https:\/\/www.yvar-bregeant.com\/es\/#website","url":"https:\/\/www.yvar-bregeant.com\/es\/","name":"Yvar Bregeant","description":"","publisher":{"@id":"https:\/\/www.yvar-bregeant.com\/es\/#organization"},"potentialAction":[{"@type":"SearchAction","target":{"@type":"EntryPoint","urlTemplate":"https:\/\/www.yvar-bregeant.com\/es\/?s={search_term_string}"},"query-input":{"@type":"PropertyValueSpecification","valueRequired":true,"valueName":"search_term_string"}}],"inLanguage":"es"},{"@type":"Organization","@id":"https:\/\/www.yvar-bregeant.com\/es\/#organization","name":"Yvar Bregeant","url":"https:\/\/www.yvar-bregeant.com\/es\/","logo":{"@type":"ImageObject","inLanguage":"es","@id":"https:\/\/www.yvar-bregeant.com\/es\/#\/schema\/logo\/image\/","url":"https:\/\/www.yvar-bregeant.com\/wp-content\/uploads\/2023\/12\/Logo-de-presentation-onglet-structuration-russe.jpg","contentUrl":"https:\/\/www.yvar-bregeant.com\/wp-content\/uploads\/2023\/12\/Logo-de-presentation-onglet-structuration-russe.jpg","width":612,"height":586,"caption":"Yvar Bregeant"},"image":{"@id":"https:\/\/www.yvar-bregeant.com\/es\/#\/schema\/logo\/image\/"},"sameAs":["https:\/\/www.facebook.com\/profile.php?id=61553731625098"]}]}},"_links":{"self":[{"href":"https:\/\/www.yvar-bregeant.com\/es\/wp-json\/wp\/v2\/pages\/4514","targetHints":{"allow":["GET"]}}],"collection":[{"href":"https:\/\/www.yvar-bregeant.com\/es\/wp-json\/wp\/v2\/pages"}],"about":[{"href":"https:\/\/www.yvar-bregeant.com\/es\/wp-json\/wp\/v2\/types\/page"}],"author":[{"embeddable":true,"href":"https:\/\/www.yvar-bregeant.com\/es\/wp-json\/wp\/v2\/users\/2"}],"replies":[{"embeddable":true,"href":"https:\/\/www.yvar-bregeant.com\/es\/wp-json\/wp\/v2\/comments?post=4514"}],"version-history":[{"count":2,"href":"https:\/\/www.yvar-bregeant.com\/es\/wp-json\/wp\/v2\/pages\/4514\/revisions"}],"predecessor-version":[{"id":43745,"href":"https:\/\/www.yvar-bregeant.com\/es\/wp-json\/wp\/v2\/pages\/4514\/revisions\/43745"}],"wp:featuredmedia":[{"embeddable":true,"href":"https:\/\/www.yvar-bregeant.com\/es\/wp-json\/wp\/v2\/media\/44895"}],"wp:attachment":[{"href":"https:\/\/www.yvar-bregeant.com\/es\/wp-json\/wp\/v2\/media?parent=4514"}],"curies":[{"name":"wp","href":"https:\/\/api.w.org\/{rel}","templated":true}]}}