{"id":4593,"date":"2023-06-05T11:58:53","date_gmt":"2023-06-05T10:58:53","guid":{"rendered":"https:\/\/www.yvar-bregeant.com\/la-revelacion-del-genesis\/"},"modified":"2025-10-09T23:37:44","modified_gmt":"2025-10-09T22:37:44","slug":"la-revelacion-del-genesis","status":"publish","type":"page","link":"https:\/\/www.yvar-bregeant.com\/es\/la-revelacion-del-genesis\/","title":{"rendered":"La revelaci\u00f3n del G\u00e9nesis"},"content":{"rendered":"\t\t<div data-elementor-type=\"wp-page\" data-elementor-id=\"4593\" class=\"elementor elementor-4593 elementor-181\" data-elementor-post-type=\"page\">\n\t\t\t\t\t\t<section class=\"elementor-section elementor-top-section elementor-element elementor-element-12d0b6f3 elementor-section-boxed elementor-section-height-default elementor-section-height-default\" data-id=\"12d0b6f3\" data-element_type=\"section\" data-e-type=\"section\" data-settings=\"{&quot;background_background&quot;:&quot;classic&quot;}\">\n\t\t\t\t\t\t\t<div class=\"elementor-background-overlay\"><\/div>\n\t\t\t\t\t\t\t<div class=\"elementor-container elementor-column-gap-default\">\n\t\t\t\t\t<div class=\"elementor-column elementor-col-50 elementor-top-column elementor-element elementor-element-66f105c5\" data-id=\"66f105c5\" data-element_type=\"column\" data-e-type=\"column\">\n\t\t\t<div class=\"elementor-widget-wrap elementor-element-populated\">\n\t\t\t\t\t\t<div class=\"elementor-element elementor-element-4c471884 elementor-widget__width-initial elementor-invisible elementor-widget elementor-widget-heading\" data-id=\"4c471884\" data-element_type=\"widget\" data-e-type=\"widget\" data-settings=\"{&quot;_animation&quot;:&quot;fadeInUp&quot;}\" data-widget_type=\"heading.default\">\n\t\t\t\t<div class=\"elementor-widget-container\">\n\t\t\t\t\t<h2 class=\"elementor-heading-title elementor-size-default\">Volumen 1<\/h2>\t\t\t\t<\/div>\n\t\t\t\t<\/div>\n\t\t\t\t<div class=\"elementor-element elementor-element-16fce7fb elementor-widget elementor-widget-heading\" data-id=\"16fce7fb\" data-element_type=\"widget\" data-e-type=\"widget\" data-widget_type=\"heading.default\">\n\t\t\t\t<div class=\"elementor-widget-container\">\n\t\t\t\t\t<h1 class=\"elementor-heading-title elementor-size-default\">La revelaci\u00f3n del G\u00e9nesis<\/h1>\t\t\t\t<\/div>\n\t\t\t\t<\/div>\n\t\t\t\t<div class=\"elementor-element elementor-element-72174935 elementor-widget elementor-widget-text-editor\" data-id=\"72174935\" data-element_type=\"widget\" data-e-type=\"widget\" data-widget_type=\"text-editor.default\">\n\t\t\t\t<div class=\"elementor-widget-container\">\n\t\t\t\t\t\t\t\t\t<p><span style=\"text-decoration: underline;\">LEA LA SINOPSIS A CONTINUACI\u00d3N <\/span><\/p>\t\t\t\t\t\t\t\t<\/div>\n\t\t\t\t<\/div>\n\t\t\t\t\t<\/div>\n\t\t<\/div>\n\t\t\t\t<div class=\"elementor-column elementor-col-50 elementor-top-column elementor-element elementor-element-7d8ee553 elementor-hidden-tablet elementor-hidden-mobile\" data-id=\"7d8ee553\" data-element_type=\"column\" data-e-type=\"column\">\n\t\t\t<div class=\"elementor-widget-wrap elementor-element-populated\">\n\t\t\t\t\t\t<div class=\"elementor-element elementor-element-5af8cf1c elementor-widget elementor-widget-image\" data-id=\"5af8cf1c\" data-element_type=\"widget\" data-e-type=\"widget\" data-widget_type=\"image.default\">\n\t\t\t\t<div class=\"elementor-widget-container\">\n\t\t\t\t\t\t\t\t\t\t\t\t\t\t\t<img decoding=\"async\" width=\"642\" height=\"1024\" src=\"https:\/\/www.yvar-bregeant.com\/wp-content\/uploads\/2024\/12\/Couverture-unifiee-Volume-1-Francais-vf-642x1024.png\" class=\"attachment-large size-large wp-image-37684\" alt=\"\" srcset=\"https:\/\/www.yvar-bregeant.com\/wp-content\/uploads\/2024\/12\/Couverture-unifiee-Volume-1-Francais-vf-642x1024.png 642w, https:\/\/www.yvar-bregeant.com\/wp-content\/uploads\/2024\/12\/Couverture-unifiee-Volume-1-Francais-vf-188x300.png 188w, https:\/\/www.yvar-bregeant.com\/wp-content\/uploads\/2024\/12\/Couverture-unifiee-Volume-1-Francais-vf-768x1226.png 768w, https:\/\/www.yvar-bregeant.com\/wp-content\/uploads\/2024\/12\/Couverture-unifiee-Volume-1-Francais-vf-963x1536.png 963w, https:\/\/www.yvar-bregeant.com\/wp-content\/uploads\/2024\/12\/Couverture-unifiee-Volume-1-Francais-vf-1283x2048.png 1283w, https:\/\/www.yvar-bregeant.com\/wp-content\/uploads\/2024\/12\/Couverture-unifiee-Volume-1-Francais-vf.png 1410w\" sizes=\"(max-width: 642px) 100vw, 642px\" \/>\t\t\t\t\t\t\t\t\t\t\t\t\t\t\t<\/div>\n\t\t\t\t<\/div>\n\t\t\t\t\t<\/div>\n\t\t<\/div>\n\t\t\t\t\t<\/div>\n\t\t<\/section>\n\t\t\t\t<section class=\"elementor-section elementor-top-section elementor-element elementor-element-fda6ea0 elementor-section-boxed elementor-section-height-default elementor-section-height-default\" data-id=\"fda6ea0\" data-element_type=\"section\" data-e-type=\"section\" id=\"plus\">\n\t\t\t\t\t\t<div class=\"elementor-container elementor-column-gap-no\">\n\t\t\t\t\t<div class=\"elementor-column elementor-col-100 elementor-top-column elementor-element elementor-element-6c8384fa\" data-id=\"6c8384fa\" data-element_type=\"column\" data-e-type=\"column\">\n\t\t\t<div class=\"elementor-widget-wrap elementor-element-populated\">\n\t\t\t\t<div class=\"elementor-element elementor-element-ae59236 e-con-full e-flex e-con e-parent\" data-id=\"ae59236\" data-element_type=\"container\" data-e-type=\"container\">\n\t\t<div class=\"elementor-element elementor-element-21378a1 e-flex e-con-boxed e-con e-child\" data-id=\"21378a1\" data-element_type=\"container\" data-e-type=\"container\">\n\t\t\t\t\t<div class=\"e-con-inner\">\n\t\t\t\t<div class=\"elementor-element elementor-element-2af786e elementor-widget elementor-widget-image\" data-id=\"2af786e\" data-element_type=\"widget\" data-e-type=\"widget\" data-widget_type=\"image.default\">\n\t\t\t\t<div class=\"elementor-widget-container\">\n\t\t\t\t\t\t\t\t\t\t\t\t\t\t\t<img decoding=\"async\" width=\"642\" height=\"1024\" src=\"https:\/\/www.yvar-bregeant.com\/wp-content\/uploads\/2024\/12\/Couverture-unifiee-Volume-1-Francais-vf-642x1024.png\" class=\"attachment-large size-large wp-image-37684\" alt=\"\" srcset=\"https:\/\/www.yvar-bregeant.com\/wp-content\/uploads\/2024\/12\/Couverture-unifiee-Volume-1-Francais-vf-642x1024.png 642w, https:\/\/www.yvar-bregeant.com\/wp-content\/uploads\/2024\/12\/Couverture-unifiee-Volume-1-Francais-vf-188x300.png 188w, https:\/\/www.yvar-bregeant.com\/wp-content\/uploads\/2024\/12\/Couverture-unifiee-Volume-1-Francais-vf-768x1226.png 768w, https:\/\/www.yvar-bregeant.com\/wp-content\/uploads\/2024\/12\/Couverture-unifiee-Volume-1-Francais-vf-963x1536.png 963w, https:\/\/www.yvar-bregeant.com\/wp-content\/uploads\/2024\/12\/Couverture-unifiee-Volume-1-Francais-vf-1283x2048.png 1283w, https:\/\/www.yvar-bregeant.com\/wp-content\/uploads\/2024\/12\/Couverture-unifiee-Volume-1-Francais-vf.png 1410w\" sizes=\"(max-width: 642px) 100vw, 642px\" \/>\t\t\t\t\t\t\t\t\t\t\t\t\t\t\t<\/div>\n\t\t\t\t<\/div>\n\t\t\t\t<div class=\"elementor-element elementor-element-52d1423 elementor-widget elementor-widget-text-editor\" data-id=\"52d1423\" data-element_type=\"widget\" data-e-type=\"widget\" data-product-id=\"979-10-262-7261-8\" data-widget_type=\"text-editor.default\">\n\t\t\t\t<div class=\"elementor-widget-container\">\n\t\t\t\t\t\t\t\t\t<h3 style=\"text-align: justify;\"><span style=\"color: #000000;\"><strong>Aclamado por miles de lectores en <a title=\"Enlace a mi best seller\" href=\"https:\/\/www.monbestseller.com\/manuscrit\/13910-la-reelle-histoire-de-lhumanite-et-de-dieu-tome-1-la-revelation-de-la-genese\" target=\"_blank\" rel=\"noopener\">monbestseller.com<\/a>, este primer opus te lleva a un extraordinario viaje inici\u00e1tico.<\/strong><\/span><\/h3><h2> <\/h2><h6 style=\"text-align: justify;\"><span style=\"color: #000000;\"><strong>Imagine un G\u00e9nesis reinventado, donde el mito arcaico recompuesto y la Biblia se unen en un relato \u00e9pico y po\u00e9tico.<\/strong><\/span><\/h6><h6 style=\"text-align: justify;\"><span style=\"color: #000000;\"><strong>Una sirena amn\u00e9sica atrapada en el abismo, un \u00e1ngel dispuesto a todo para liberarla, el poseedor de un secreto que podr\u00eda poner el universo patas arriba. Para salvarla, deber\u00e1 revelar su verdadera identidad y la verdad y las mentiras que rodean los or\u00edgenes de la humanidad. <\/strong><\/span><\/h6><h6 style=\"text-align: justify;\"><strong><span style=\"color: #000000;\">Entre verdades ocultas y mentiras milenarias, \u00bfqu\u00e9 elecci\u00f3n tomar\u00e1?<\/span><\/strong><\/h6><h6 style=\"text-align: justify;\"><span style=\"color: #000000;\"><strong>\u00bfY te atrever\u00e1s a sumergirte con ellos en las profundidades de nuestra historia y de ti mismo?<\/strong><\/span><\/h6><h6 style=\"text-align: justify;\"><strong><span style=\"color: #000000;\">Si es as\u00ed, \u00a1que salgas victorioso!<\/span><\/strong><\/h6><h3> <\/h3><h3><span style=\"color: #000000;\">Utilidad<\/span><\/h3><p>Este volumen ofrece una introducci\u00f3n sencilla, clara y entretenida al conflicto original entre las dos religiones primitivas de la humanidad, y presenta todos los s\u00edmbolos de la religi\u00f3n mitol\u00f3gica, que luego se analizar\u00e1n en mayor profundidad en libros posteriores.<\/p><h3> <\/h3><h3><span style=\"color: #000000;\">\u00bfQuieres probar?<\/span><\/h3><p style=\"text-align: justify;\"><span style=\"color: #000000;\">Descubra extractos exclusivos<\/span><\/p><p data-pm-slice=\"1 1 []\"><a href=\"https:\/\/open.substack.com\/pub\/yvarbregeant\/p\/chapitre-1-la-vision-de-lange-gabriel?r=5g2n2o&amp;utm_campaign=post&amp;utm_medium=web&amp;showWelcomeOnShare=true\" target=\"_blank\" rel=\"noopener noreferrer nofollow\"><strong>p.25 a 28: T\u00edtulo I: el \u00e1ngel Gabriel viene a ver al autor y le habla de una extra\u00f1a visi\u00f3n divina<\/strong><\/a><\/p><p><a href=\"https:\/\/open.substack.com\/pub\/yvarbregeant\/p\/volume-1-la-revelation-de-la-genese?r=5g2n2o&amp;utm_campaign=post&amp;utm_medium=web&amp;showWelcomeOnShare=true\" target=\"_blank\" rel=\"noopener noreferrer nofollow\"><strong>p.29 a 32: T\u00edtulo II: El escenario de la visi\u00f3n se le aparece al autor<\/strong><\/a><\/p><p>Para obtener m\u00e1s extractos exclusivos, suscr\u00edbase a mi <strong><a href=\"https:\/\/yvarbregeant.substack.com\/p\/le-revelation-de-la-genese-sommaire?r=5g2n2o\" target=\"_blank\" rel=\"noopener\">newswletter<\/a><\/strong><\/p><h3> <\/h3><h3><span style=\"color: #000000;\">Quiere su propia copia digital? (disponible en franc\u00e9s)<\/span><\/h3><h4 style=\"text-align: center;\"><span style=\"color: #000000;\">Haga clic en el bot\u00f3n<\/span><\/h4><div class=\"book-page\" style=\"text-align: center; margin-top: 15px; margin-bottom: 20px;\"><div><a style=\"text-decoration: none;\" href=\"https:\/\/buy.stripe.com\/5kA8wS64bcwIdpKcNv\" target=\"_blank\" rel=\"noopener noreferrer\"><button id=\"stripe-checkout-button\" style=\"background-color: #ff0000; color: #fff; border: none; border-radius: 5px; padding: 12px 25px; font-size: 1em; font-weight: bold; cursor: pointer; transition: background-color 0.3s ease;\"><br>Comprar ahora (CB) &#8211; 7,99 \u20ac<br><\/button><br><\/a><\/div><div style=\"margin-bottom: 15px; margin-top: 15px;\"><h4><span style=\"color: #000000;\">O escanee el c\u00f3digo QR :<\/span><\/h4><p><img decoding=\"async\" class=\"\" style=\"max-width: 150px; height: 131px;\" src=\"https:\/\/www.yvar-bregeant.com\/wp-content\/uploads\/2025\/04\/Code-QR-la-revelation-de-la-genese.png\" alt=\"C\u00f3digo QR Pago CB\" width=\"109\"><\/p><p style=\"font-size: 0.8em; color: #777;\">(Puede escanear este c\u00f3digo con su aplicaci\u00f3n bancaria o c\u00e1mara)<\/p><\/div><div style=\"margin-top: 15px;\"><p style=\"font-size: 1.1em; color: #333; line-height: 1.4; text-align: center;\"><strong>Importante:<\/strong> Para recibir su libro digital, aseg\u00farese de facilitar una direcci\u00f3n de correo electr\u00f3nico v\u00e1lida durante el proceso de pago.<br>Recibir\u00e1s tu libro en un plazo de 24 horas tras la confirmaci\u00f3n del pago.<\/p><\/div><\/div><h4> <\/h4><h3 style=\"text-align: justify; margin-top: 25px;\"><span style=\"color: #000000;\">Tambi\u00e9n puede encontrar este libro de eventos en Amazon ! (disponible en franc\u00e9s)<\/span><\/h3><h4 style=\"text-align: justify; margin-top: 25px;\"><span style=\"color: #000000;\"> Estos son los formatos disponibles (en franc\u00e9s) :<\/span><\/h4><h4><span style=\"color: #000000;\">Haga clic en el que desee<\/span><\/h4><p><a class=\"button button--amazon\" style=\"display: inline-block; background-color: #ffa500; color: #000; border: 1px solid #FFA500; border-radius: 5px; padding: 10px 20px; font-size: 1em; text-decoration: none; transition: background-color 0.3s ease;\" href=\"https:\/\/www.amazon.fr\/R%C3%89ELLE-HISTOIRE-LHUMANIT%C3%89-DIEU-R%C3%89V%C3%89LATION-ebook\/dp\/B08MZBD6DJ\/\" target=\"_blank\" rel=\"noopener\">Libro digital Kindle &#8211; 9,99 \u20ac<\/a><\/p><p>(el precio m\u00e1s elevado de los libros digitales en Amazon se explica por el IVA y los derechos de autor aplicados por Amazon)<\/p><p><a class=\"button button--amazon\" style=\"display: inline-block; background-color: #ffa500; color: #000; border: 1px solid #FFA500; border-radius: 5px; padding: 10px 20px; font-size: 1em; text-decoration: none; transition: background-color 0.3s ease; margin-bottom: 15px;\" href=\"https:\/\/www.amazon.fr\/R%C3%89ELLE-HISTOIRE-LHUMANIT%C3%89-DIEU-R%C3%89V%C3%89LATION\/dp\/B08NF1PVG4\/?maas=maas_adg_AEF0C16DB50085A6489467A025AA293B_afap_abs&amp;ref_=aa_maas&amp;tag=maas\" target=\"_blank\" rel=\"noopener\">Libro de papel &#8211; 14,99 \u20ac<\/a><\/p>\t\t\t\t\t\t\t\t<\/div>\n\t\t\t\t<\/div>\n\t\t\t\t\t<\/div>\n\t\t\t\t<\/div>\n\t\t\t\t<div class=\"elementor-element elementor-element-68221bc0 elementor-testimonial--skin-default elementor-testimonial--layout-image_inline elementor-testimonial--align-center elementor-arrows-yes elementor-pagination-type-bullets elementor-widget elementor-widget-testimonial-carousel\" data-id=\"68221bc0\" data-element_type=\"widget\" data-e-type=\"widget\" data-settings=\"{&quot;show_arrows&quot;:&quot;yes&quot;,&quot;pagination&quot;:&quot;bullets&quot;,&quot;speed&quot;:500,&quot;autoplay&quot;:&quot;yes&quot;,&quot;autoplay_speed&quot;:5000,&quot;loop&quot;:&quot;yes&quot;,&quot;pause_on_hover&quot;:&quot;yes&quot;,&quot;pause_on_interaction&quot;:&quot;yes&quot;,&quot;space_between&quot;:{&quot;unit&quot;:&quot;px&quot;,&quot;size&quot;:10,&quot;sizes&quot;:[]},&quot;space_between_tablet&quot;:{&quot;unit&quot;:&quot;px&quot;,&quot;size&quot;:10,&quot;sizes&quot;:[]},&quot;space_between_mobile&quot;:{&quot;unit&quot;:&quot;px&quot;,&quot;size&quot;:10,&quot;sizes&quot;:[]}}\" data-widget_type=\"testimonial-carousel.default\">\n\t\t\t\t<div class=\"elementor-widget-container\">\n\t\t\t\t\t\t\t\t\t<div class=\"elementor-swiper\">\n\t\t\t\t\t<div class=\"elementor-main-swiper swiper\" role=\"region\" aria-roledescription=\"carousel\" aria-label=\"Diapositives\">\n\t\t\t\t<div class=\"swiper-wrapper\">\n\t\t\t\t\t\t\t\t\t\t\t<div class=\"swiper-slide\" role=\"group\" aria-roledescription=\"slide\">\n\t\t\t\t\t\t\t\t\t<div class=\"elementor-testimonial\">\n\t\t\t\t\t\t\t<div class=\"elementor-testimonial__content\">\n\t\t\t\t\t<div class=\"elementor-testimonial__text\">\n\t\t\t\t\t\t<p>Su libro es una obra maestra.<br \/>\nFrancamente, es el libro m\u00e1s bonito que he le\u00eddo en mi vida, \u00a1y me ha conquistado! ... \u00a1Magn\u00edfico! Creo que nunca he tenido la oportunidad de leer una escritura tan divina, y ese es el sentido del libro, s\u00ed, es perfecto, po\u00e9tico y lleno de todos los significados que nos gustar\u00eda encontrar en nuestra vida, la nuestra o la de los que nos rodean.... Un tema muy cautivador.<\/p>\n\t\t\t\t\t<\/div>\n\t\t\t\t\t\t\t\t\t<\/div>\n\t\t\t\t\t\t<div class=\"elementor-testimonial__footer\">\n\t\t\t\t\t\t\t\t<cite class=\"elementor-testimonial__cite\"><span class=\"elementor-testimonial__name\">Monique Louicellier<\/span><span class=\"elementor-testimonial__title\">Puntuaci\u00f3n de 5* y comentarios<\/span><\/cite>\t\t\t<\/div>\n\t\t<\/div>\n\t\t\t\t\t\t\t\t<\/div>\n\t\t\t\t\t\t\t\t\t\t\t<div class=\"swiper-slide\" role=\"group\" aria-roledescription=\"slide\">\n\t\t\t\t\t\t\t\t\t<div class=\"elementor-testimonial\">\n\t\t\t\t\t\t\t<div class=\"elementor-testimonial__content\">\n\t\t\t\t\t<div class=\"elementor-testimonial__text\">\n\t\t\t\t\t\t<p>Hola Yvar Bregeant,<br \/>\nSu tema y la forma de enfocar su libro se parecen (entre otras cosas) a \"Une conversation secr\u00e8te\" (di\u00e1logo con Dios) de Fran\u00e7ois Tremblay. Pero tambi\u00e9n \"Conversaciones con Dios\", de Neale Donald Walsch. Su obra es ambiciosa y, como sabe, este tipo de literatura es de doble filo. La b\u00fasqueda del enigma que se plantea desde que el hombre tuvo derecho a pensar por s\u00ed mismo ha suscitado, suscita y seguir\u00e1 suscitando muchos interrogantes. \u00bfQui\u00e9nes somos nosotros para pretender tener la respuesta? \u00bfA qui\u00e9n podemos salvar? \u00bfA qui\u00e9n debemos identificar? Seg\u00fan tu trabajo, con el poder de las palabras, te conviertes en escriba de Dios...<\/p>\n\t\t\t\t\t<\/div>\n\t\t\t\t\t\t\t\t\t<\/div>\n\t\t\t\t\t\t<div class=\"elementor-testimonial__footer\">\n\t\t\t\t\t\t\t\t<cite class=\"elementor-testimonial__cite\"><span class=\"elementor-testimonial__name\">Annie Pic<\/span><span class=\"elementor-testimonial__title\">Puntuaci\u00f3n de 5* y comentarios <\/span><\/cite>\t\t\t<\/div>\n\t\t<\/div>\n\t\t\t\t\t\t\t\t<\/div>\n\t\t\t\t\t\t\t\t\t\t\t<div class=\"swiper-slide\" role=\"group\" aria-roledescription=\"slide\">\n\t\t\t\t\t\t\t\t\t<div class=\"elementor-testimonial\">\n\t\t\t\t\t\t\t<div class=\"elementor-testimonial__content\">\n\t\t\t\t\t<div class=\"elementor-testimonial__text\">\n\t\t\t\t\t\t<p>Tengo curiosidad por saber qu\u00e9 pasar\u00e1 despu\u00e9s. \u00bfEs el retorno a lo sagrado la \u00fanica esperanza para una civilizaci\u00f3n moribunda que pisotea todo lo que constituye la esencia de la humanidad?<\/p>\n\t\t\t\t\t<\/div>\n\t\t\t\t\t\t\t\t\t<\/div>\n\t\t\t\t\t\t<div class=\"elementor-testimonial__footer\">\n\t\t\t\t\t\t\t\t<cite class=\"elementor-testimonial__cite\"><span class=\"elementor-testimonial__name\">Marie Morvan<\/span><span class=\"elementor-testimonial__title\">Puntuaci\u00f3n de 4* y comentarios<\/span><\/cite>\t\t\t<\/div>\n\t\t<\/div>\n\t\t\t\t\t\t\t\t<\/div>\n\t\t\t\t\t\t\t\t\t\t\t<div class=\"swiper-slide\" role=\"group\" aria-roledescription=\"slide\">\n\t\t\t\t\t\t\t\t\t<div class=\"elementor-testimonial\">\n\t\t\t\t\t\t\t<div class=\"elementor-testimonial__content\">\n\t\t\t\t\t<div class=\"elementor-testimonial__text\">\n\t\t\t\t\t\t<p>Muy interesante. La investigaci\u00f3n necesaria para elaborar este libro debe de haber sido considerable. Me gust\u00f3 el enfoque y la imaginaci\u00f3n.<\/p>\n\t\t\t\t\t<\/div>\n\t\t\t\t\t\t\t\t\t<\/div>\n\t\t\t\t\t\t<div class=\"elementor-testimonial__footer\">\n\t\t\t\t\t\t\t\t<cite class=\"elementor-testimonial__cite\"><span class=\"elementor-testimonial__name\">Beltege<\/span><span class=\"elementor-testimonial__title\">Puntuaci\u00f3n de 4* y comentarios<\/span><\/cite>\t\t\t<\/div>\n\t\t<\/div>\n\t\t\t\t\t\t\t\t<\/div>\n\t\t\t\t\t\t\t\t\t\t\t<div class=\"swiper-slide\" role=\"group\" aria-roledescription=\"slide\">\n\t\t\t\t\t\t\t\t\t<div class=\"elementor-testimonial\">\n\t\t\t\t\t\t\t<div class=\"elementor-testimonial__content\">\n\t\t\t\t\t<div class=\"elementor-testimonial__text\">\n\t\t\t\t\t\t<p>Aunque s\u00f3lo sea por la cantidad de trabajo y ex\u00e9gesis que se emplearon en escribirla, esta novela merece cinco estrellas. Me ha gustado mucho esta mezcla de g\u00e9nesis y mitolog\u00eda, salpicada de una buena dosis de imaginaci\u00f3n f\u00e9rtil. \u00bfUna prueba shakesperiana del Antiguo Testamento y vamos camino de la verdad \u00faltima? \u00bfQui\u00e9n sabe? Estoy esperando el resto...<\/p>\n\t\t\t\t\t<\/div>\n\t\t\t\t\t\t\t\t\t<\/div>\n\t\t\t\t\t\t<div class=\"elementor-testimonial__footer\">\n\t\t\t\t\t\t\t\t<cite class=\"elementor-testimonial__cite\"><span class=\"elementor-testimonial__name\">Saint Jones Elwhyn<\/span><span class=\"elementor-testimonial__title\">Puntuaci\u00f3n de 5* y comentarios<\/span><\/cite>\t\t\t<\/div>\n\t\t<\/div>\n\t\t\t\t\t\t\t\t<\/div>\n\t\t\t\t\t\t\t\t\t<\/div>\n\t\t\t\t\t\t\t\t\t\t\t\t\t\t\t<div class=\"elementor-swiper-button elementor-swiper-button-prev\" role=\"button\" tabindex=\"0\" aria-label=\"Anterior\">\n\t\t\t\t\t\t\t<i aria-hidden=\"true\" class=\"eicon-chevron-left\"><\/i>\t\t\t\t\t\t<\/div>\n\t\t\t\t\t\t<div class=\"elementor-swiper-button elementor-swiper-button-next\" role=\"button\" tabindex=\"0\" aria-label=\"Siguiente\">\n\t\t\t\t\t\t\t<i aria-hidden=\"true\" class=\"eicon-chevron-right\"><\/i>\t\t\t\t\t\t<\/div>\n\t\t\t\t\t\t\t\t\t\t\t\t\t\t\t\t<div class=\"swiper-pagination\"><\/div>\n\t\t\t\t\t\t\t\t\t\t\t\t<\/div>\n\t\t\t\t<\/div>\n\t\t\t\t\t\t\t\t<\/div>\n\t\t\t\t<\/div>\n\t\t\t\t<\/div>\n\t\t\t\t\t<\/div>\n\t\t<\/div>\n\t\t\t\t\t<\/div>\n\t\t<\/section>\n\t\t<div class=\"elementor-element elementor-element-ce378ba e-flex e-con-boxed e-con e-parent\" data-id=\"ce378ba\" data-element_type=\"container\" data-e-type=\"container\">\n\t\t\t\t\t<div class=\"e-con-inner\">\n\t\t\t\t<div class=\"elementor-element elementor-element-1f7bb2e elementor-widget elementor-widget-text-editor\" data-id=\"1f7bb2e\" data-element_type=\"widget\" data-e-type=\"widget\" data-product-id=\"979-10-262-7261-8\" data-widget_type=\"text-editor.default\">\n\t\t\t\t<div class=\"elementor-widget-container\">\n\t\t\t\t\t\t\t\t\t<hr style=\"margin-top: 4em; margin-bottom: 2em;\" \/><h3 style=\"text-align: center; margin-top: 2em; margin-bottom: 2em;\"><span style=\"color: #000000;\">Vous aimerez aussi d\u00e9couvrir&#8230;<\/span><\/h3><div style=\"display: flex; flex-wrap: wrap; justify-content: center; gap: 20px; text-align: center;\"><div style=\"width: 150px; text-align: center;\"><p><a href=\"https:\/\/www.yvar-bregeant.com\/le-dechiffrage-du-language-des-cavernes-2\/\" target=\"_blank\" rel=\"noopener noreferrer\"><br \/><img decoding=\"async\" class=\"alignnone wp-image-37686 size-medium\" src=\"https:\/\/www.yvar-bregeant.com\/wp-content\/uploads\/2024\/12\/VOLUME-2-LIVRE-1-LE-DECHIFFRAGE-DU-LANGAGE-DES-CAVERNES-FRANCAIS-VF1-188x300.png\" alt=\"\" width=\"188\" height=\"300\" srcset=\"https:\/\/www.yvar-bregeant.com\/wp-content\/uploads\/2024\/12\/VOLUME-2-LIVRE-1-LE-DECHIFFRAGE-DU-LANGAGE-DES-CAVERNES-FRANCAIS-VF1-188x300.png 188w, https:\/\/www.yvar-bregeant.com\/wp-content\/uploads\/2024\/12\/VOLUME-2-LIVRE-1-LE-DECHIFFRAGE-DU-LANGAGE-DES-CAVERNES-FRANCAIS-VF1-642x1024.png 642w, https:\/\/www.yvar-bregeant.com\/wp-content\/uploads\/2024\/12\/VOLUME-2-LIVRE-1-LE-DECHIFFRAGE-DU-LANGAGE-DES-CAVERNES-FRANCAIS-VF1-768x1226.png 768w, https:\/\/www.yvar-bregeant.com\/wp-content\/uploads\/2024\/12\/VOLUME-2-LIVRE-1-LE-DECHIFFRAGE-DU-LANGAGE-DES-CAVERNES-FRANCAIS-VF1-963x1536.png 963w, https:\/\/www.yvar-bregeant.com\/wp-content\/uploads\/2024\/12\/VOLUME-2-LIVRE-1-LE-DECHIFFRAGE-DU-LANGAGE-DES-CAVERNES-FRANCAIS-VF1-1283x2048.png 1283w, https:\/\/www.yvar-bregeant.com\/wp-content\/uploads\/2024\/12\/VOLUME-2-LIVRE-1-LE-DECHIFFRAGE-DU-LANGAGE-DES-CAVERNES-FRANCAIS-VF1.png 1410w\" sizes=\"(max-width: 188px) 100vw, 188px\" \/><br \/><\/a><\/p><p style=\"font-size: 0.9em; margin: 0; color: #000000;\">Volume 2 Livre 1<\/p><\/div><div style=\"width: 150px; text-align: center;\"><p><a href=\"https:\/\/www.yvar-bregeant.com\/homo-sapiens-livre-2-de-dieu-a-adam\/\" target=\"_blank\" rel=\"noopener noreferrer\"><br \/><img decoding=\"async\" class=\"alignnone wp-image-43585 size-medium\" src=\"https:\/\/www.yvar-bregeant.com\/wp-content\/uploads\/2025\/07\/Champollion-FR-VF--188x300.png\" alt=\"\" width=\"188\" height=\"300\" data-wp-editing=\"1\" srcset=\"https:\/\/www.yvar-bregeant.com\/wp-content\/uploads\/2025\/07\/Champollion-FR-VF--188x300.png 188w, https:\/\/www.yvar-bregeant.com\/wp-content\/uploads\/2025\/07\/Champollion-FR-VF--642x1024.png 642w, https:\/\/www.yvar-bregeant.com\/wp-content\/uploads\/2025\/07\/Champollion-FR-VF--768x1226.png 768w, https:\/\/www.yvar-bregeant.com\/wp-content\/uploads\/2025\/07\/Champollion-FR-VF--963x1536.png 963w, https:\/\/www.yvar-bregeant.com\/wp-content\/uploads\/2025\/07\/Champollion-FR-VF--1283x2048.png 1283w, https:\/\/www.yvar-bregeant.com\/wp-content\/uploads\/2025\/07\/Champollion-FR-VF-.png 1410w\" sizes=\"(max-width: 188px) 100vw, 188px\" \/><br \/><\/a><\/p><p style=\"font-size: 0.9em; margin: 0; color: #000000;\">Volume 2 Livre 2<\/p><\/div><div style=\"width: 150px; text-align: center;\"><p><a href=\"https:\/\/www.yvar-bregeant.com\/la-main-et-ses-symboles-la-deesse\/\" target=\"_blank\" rel=\"noopener noreferrer\"><br \/><img decoding=\"async\" class=\"alignnone wp-image-37706 size-medium\" src=\"https:\/\/www.yvar-bregeant.com\/wp-content\/uploads\/2024\/12\/Couverture-2-Francais-VF-188x300.png\" alt=\"\" width=\"188\" height=\"300\" srcset=\"https:\/\/www.yvar-bregeant.com\/wp-content\/uploads\/2024\/12\/Couverture-2-Francais-VF-188x300.png 188w, https:\/\/www.yvar-bregeant.com\/wp-content\/uploads\/2024\/12\/Couverture-2-Francais-VF-642x1024.png 642w, https:\/\/www.yvar-bregeant.com\/wp-content\/uploads\/2024\/12\/Couverture-2-Francais-VF-768x1226.png 768w, https:\/\/www.yvar-bregeant.com\/wp-content\/uploads\/2024\/12\/Couverture-2-Francais-VF-963x1536.png 963w, https:\/\/www.yvar-bregeant.com\/wp-content\/uploads\/2024\/12\/Couverture-2-Francais-VF-1283x2048.png 1283w, https:\/\/www.yvar-bregeant.com\/wp-content\/uploads\/2024\/12\/Couverture-2-Francais-VF.png 1410w\" sizes=\"(max-width: 188px) 100vw, 188px\" \/><br \/><\/a><\/p><p style=\"font-size: 0.9em; margin: 0; color: #000000;\">Volume 3 Livre 1<\/p><\/div><div style=\"width: 150px; text-align: center;\"><p><a href=\"https:\/\/www.yvar-bregeant.com\/symboles-mythologiques-primordiaux-dieu-cosmos-homme-naissance-mort-renaissance\/\" target=\"_blank\" rel=\"noopener noreferrer\"><br \/><img decoding=\"async\" class=\"alignnone wp-image-41324 size-medium\" src=\"https:\/\/www.yvar-bregeant.com\/wp-content\/uploads\/2025\/05\/Couverture-Vol-3-Livre-2-les-symboles-primordiaux-188x300.png\" alt=\"\" width=\"188\" height=\"300\" srcset=\"https:\/\/www.yvar-bregeant.com\/wp-content\/uploads\/2025\/05\/Couverture-Vol-3-Livre-2-les-symboles-primordiaux-188x300.png 188w, https:\/\/www.yvar-bregeant.com\/wp-content\/uploads\/2025\/05\/Couverture-Vol-3-Livre-2-les-symboles-primordiaux-642x1024.png 642w, https:\/\/www.yvar-bregeant.com\/wp-content\/uploads\/2025\/05\/Couverture-Vol-3-Livre-2-les-symboles-primordiaux-768x1226.png 768w, https:\/\/www.yvar-bregeant.com\/wp-content\/uploads\/2025\/05\/Couverture-Vol-3-Livre-2-les-symboles-primordiaux-963x1536.png 963w, https:\/\/www.yvar-bregeant.com\/wp-content\/uploads\/2025\/05\/Couverture-Vol-3-Livre-2-les-symboles-primordiaux-1283x2048.png 1283w, https:\/\/www.yvar-bregeant.com\/wp-content\/uploads\/2025\/05\/Couverture-Vol-3-Livre-2-les-symboles-primordiaux.png 1410w\" sizes=\"(max-width: 188px) 100vw, 188px\" \/><br \/><\/a><\/p><p style=\"font-size: 0.9em; margin: 0; color: #000000;\">Volume 3 Livre 2<\/p><\/div><div style=\"width: 150px; text-align: center;\"><p><a href=\"https:\/\/www.yvar-bregeant.com\/les-temples-megalithiques-de-malte-gobekli-tepe-et-stonehenge-2\/\" target=\"_blank\" rel=\"noopener noreferrer\"><br \/><img decoding=\"async\" class=\"alignnone wp-image-37696 size-medium\" src=\"https:\/\/www.yvar-bregeant.com\/wp-content\/uploads\/2024\/12\/Volume-6-Livre-2-Malte-Gobekli-Stonehenge-Francais-VF1-188x300.png\" alt=\"\" width=\"188\" height=\"300\" srcset=\"https:\/\/www.yvar-bregeant.com\/wp-content\/uploads\/2024\/12\/Volume-6-Livre-2-Malte-Gobekli-Stonehenge-Francais-VF1-188x300.png 188w, https:\/\/www.yvar-bregeant.com\/wp-content\/uploads\/2024\/12\/Volume-6-Livre-2-Malte-Gobekli-Stonehenge-Francais-VF1-642x1024.png 642w, https:\/\/www.yvar-bregeant.com\/wp-content\/uploads\/2024\/12\/Volume-6-Livre-2-Malte-Gobekli-Stonehenge-Francais-VF1-768x1226.png 768w, https:\/\/www.yvar-bregeant.com\/wp-content\/uploads\/2024\/12\/Volume-6-Livre-2-Malte-Gobekli-Stonehenge-Francais-VF1-963x1536.png 963w, https:\/\/www.yvar-bregeant.com\/wp-content\/uploads\/2024\/12\/Volume-6-Livre-2-Malte-Gobekli-Stonehenge-Francais-VF1-1283x2048.png 1283w, https:\/\/www.yvar-bregeant.com\/wp-content\/uploads\/2024\/12\/Volume-6-Livre-2-Malte-Gobekli-Stonehenge-Francais-VF1.png 1410w\" sizes=\"(max-width: 188px) 100vw, 188px\" \/><br \/><\/a><\/p><p style=\"font-size: 0.9em; margin: 0; color: #000000;\">Volume 6 Livre 2<\/p><\/div><\/div><p style=\"text-align: center; margin-top: 2em; font-size: 1.1em;\"><span style=\"color: #000000;\">Pour mieux comprendre la structure de la s\u00e9rie litt\u00e9raire \u00ab <strong>La v\u00e9ritable histoire des religions de l\u2019humanit\u00e9<\/strong> \u00bb, <a style=\"color: #007bff; text-decoration: underline; font-weight: bold;\" href=\"https:\/\/www.yvar-bregeant.com\/les-livres-serie\/\" target=\"_blank\" rel=\"noopener noreferrer\">cliquez ici<\/a>.<\/span><\/p>\t\t\t\t\t\t\t\t<\/div>\n\t\t\t\t<\/div>\n\t\t\t\t\t<\/div>\n\t\t\t\t<\/div>\n\t\t\t\t<\/div>\n\t\t","protected":false},"excerpt":{"rendered":"<p>Volumen 1 La revelaci\u00f3n del G\u00e9nesis LEA LA SINOPSIS A CONTINUACI\u00d3N Aclamado por miles de lectores en monbestseller.com, este primer opus te lleva a un extraordinario viaje inici\u00e1tico. Imagine un G\u00e9nesis reinventado, donde el mito arcaico recompuesto y la Biblia se unen en un relato \u00e9pico y po\u00e9tico. Una sirena amn\u00e9sica atrapada en el abismo, [&hellip;]<\/p>\n","protected":false},"author":2,"featured_media":44835,"parent":0,"menu_order":0,"comment_status":"closed","ping_status":"closed","template":"elementor_header_footer","meta":{"footnotes":""},"class_list":["post-4593","page","type-page","status-publish","has-post-thumbnail","hentry"],"yoast_head":"<!-- This site is optimized with the Yoast SEO plugin v27.5 - https:\/\/yoast.com\/product\/yoast-seo-wordpress\/ -->\n<title>La revelaci\u00f3n del G\u00e9nesis | Yvar Bregeant<\/title>\n<meta name=\"description\" content=\"Esta p\u00e1gina presenta el volumen 1 titulado La revelaci\u00f3n del G\u00e9nesis de la serie literaria La verdadera historia de las religiones de la humanidad.\" \/>\n<meta name=\"robots\" content=\"index, follow, max-snippet:-1, max-image-preview:large, max-video-preview:-1\" \/>\n<link rel=\"canonical\" href=\"https:\/\/www.yvar-bregeant.com\/es\/la-revelacion-del-genesis\/\" \/>\n<meta property=\"og:locale\" content=\"es_ES\" \/>\n<meta property=\"og:type\" content=\"article\" \/>\n<meta property=\"og:title\" content=\"La revelaci\u00f3n del G\u00e9nesis | Yvar Bregeant\" \/>\n<meta property=\"og:description\" content=\"Esta p\u00e1gina presenta el volumen 1 titulado La revelaci\u00f3n del G\u00e9nesis de la serie literaria La verdadera historia de las religiones de la humanidad.\" \/>\n<meta property=\"og:url\" content=\"https:\/\/www.yvar-bregeant.com\/es\/la-revelacion-del-genesis\/\" \/>\n<meta property=\"og:site_name\" content=\"Yvar Bregeant\" \/>\n<meta property=\"article:publisher\" content=\"https:\/\/www.facebook.com\/profile.php?id=61553731625098\" \/>\n<meta property=\"article:modified_time\" content=\"2025-10-09T22:37:44+00:00\" \/>\n<meta property=\"og:image\" content=\"https:\/\/www.yvar-bregeant.com\/wp-content\/uploads\/2024\/12\/Couverture-unifiee-Volume-1-Francais-vf-642x1024.png\" \/>\n\t<meta property=\"og:image:width\" content=\"642\" \/>\n\t<meta property=\"og:image:height\" content=\"1024\" \/>\n\t<meta property=\"og:image:type\" content=\"image\/png\" \/>\n<meta name=\"twitter:card\" content=\"summary_large_image\" \/>\n<script type=\"application\/ld+json\" class=\"yoast-schema-graph\">{\"@context\":\"https:\\\/\\\/schema.org\",\"@graph\":[{\"@type\":\"WebPage\",\"@id\":\"https:\\\/\\\/www.yvar-bregeant.com\\\/es\\\/la-revelacion-del-genesis\\\/\",\"url\":\"https:\\\/\\\/www.yvar-bregeant.com\\\/es\\\/la-revelacion-del-genesis\\\/\",\"name\":\"La revelaci\u00f3n del G\u00e9nesis | Yvar Bregeant\",\"isPartOf\":{\"@id\":\"https:\\\/\\\/www.yvar-bregeant.com\\\/es\\\/#website\"},\"primaryImageOfPage\":{\"@id\":\"https:\\\/\\\/www.yvar-bregeant.com\\\/es\\\/la-revelacion-del-genesis\\\/#primaryimage\"},\"image\":{\"@id\":\"https:\\\/\\\/www.yvar-bregeant.com\\\/es\\\/la-revelacion-del-genesis\\\/#primaryimage\"},\"thumbnailUrl\":\"https:\\\/\\\/www.yvar-bregeant.com\\\/wp-content\\\/uploads\\\/2025\\\/12\\\/Carrousel-Carre-La-revelation-.png\",\"datePublished\":\"2023-06-05T10:58:53+00:00\",\"dateModified\":\"2025-10-09T22:37:44+00:00\",\"description\":\"Esta p\u00e1gina presenta el volumen 1 titulado La revelaci\u00f3n del G\u00e9nesis de la serie literaria La verdadera historia de las religiones de la humanidad.\",\"breadcrumb\":{\"@id\":\"https:\\\/\\\/www.yvar-bregeant.com\\\/es\\\/la-revelacion-del-genesis\\\/#breadcrumb\"},\"inLanguage\":\"es\",\"potentialAction\":[{\"@type\":\"ReadAction\",\"target\":[\"https:\\\/\\\/www.yvar-bregeant.com\\\/es\\\/la-revelacion-del-genesis\\\/\"]}]},{\"@type\":\"ImageObject\",\"inLanguage\":\"es\",\"@id\":\"https:\\\/\\\/www.yvar-bregeant.com\\\/es\\\/la-revelacion-del-genesis\\\/#primaryimage\",\"url\":\"https:\\\/\\\/www.yvar-bregeant.com\\\/wp-content\\\/uploads\\\/2025\\\/12\\\/Carrousel-Carre-La-revelation-.png\",\"contentUrl\":\"https:\\\/\\\/www.yvar-bregeant.com\\\/wp-content\\\/uploads\\\/2025\\\/12\\\/Carrousel-Carre-La-revelation-.png\",\"width\":1080,\"height\":1080},{\"@type\":\"BreadcrumbList\",\"@id\":\"https:\\\/\\\/www.yvar-bregeant.com\\\/es\\\/la-revelacion-del-genesis\\\/#breadcrumb\",\"itemListElement\":[{\"@type\":\"ListItem\",\"position\":1,\"name\":\"Accueil\",\"item\":\"https:\\\/\\\/www.yvar-bregeant.com\\\/es\\\/\"},{\"@type\":\"ListItem\",\"position\":2,\"name\":\"La revelaci\u00f3n del G\u00e9nesis\"}]},{\"@type\":\"WebSite\",\"@id\":\"https:\\\/\\\/www.yvar-bregeant.com\\\/es\\\/#website\",\"url\":\"https:\\\/\\\/www.yvar-bregeant.com\\\/es\\\/\",\"name\":\"Yvar Bregeant\",\"description\":\"\",\"publisher\":{\"@id\":\"https:\\\/\\\/www.yvar-bregeant.com\\\/es\\\/#organization\"},\"potentialAction\":[{\"@type\":\"SearchAction\",\"target\":{\"@type\":\"EntryPoint\",\"urlTemplate\":\"https:\\\/\\\/www.yvar-bregeant.com\\\/es\\\/?s={search_term_string}\"},\"query-input\":{\"@type\":\"PropertyValueSpecification\",\"valueRequired\":true,\"valueName\":\"search_term_string\"}}],\"inLanguage\":\"es\"},{\"@type\":\"Organization\",\"@id\":\"https:\\\/\\\/www.yvar-bregeant.com\\\/es\\\/#organization\",\"name\":\"Yvar Bregeant\",\"url\":\"https:\\\/\\\/www.yvar-bregeant.com\\\/es\\\/\",\"logo\":{\"@type\":\"ImageObject\",\"inLanguage\":\"es\",\"@id\":\"https:\\\/\\\/www.yvar-bregeant.com\\\/es\\\/#\\\/schema\\\/logo\\\/image\\\/\",\"url\":\"https:\\\/\\\/www.yvar-bregeant.com\\\/wp-content\\\/uploads\\\/2023\\\/12\\\/Logo-de-presentation-onglet-structuration-russe.jpg\",\"contentUrl\":\"https:\\\/\\\/www.yvar-bregeant.com\\\/wp-content\\\/uploads\\\/2023\\\/12\\\/Logo-de-presentation-onglet-structuration-russe.jpg\",\"width\":612,\"height\":586,\"caption\":\"Yvar Bregeant\"},\"image\":{\"@id\":\"https:\\\/\\\/www.yvar-bregeant.com\\\/es\\\/#\\\/schema\\\/logo\\\/image\\\/\"},\"sameAs\":[\"https:\\\/\\\/www.facebook.com\\\/profile.php?id=61553731625098\"]}]}<\/script>\n<!-- \/ Yoast SEO plugin. -->","yoast_head_json":{"title":"La revelaci\u00f3n del G\u00e9nesis | Yvar Bregeant","description":"Esta p\u00e1gina presenta el volumen 1 titulado La revelaci\u00f3n del G\u00e9nesis de la serie literaria La verdadera historia de las religiones de la humanidad.","robots":{"index":"index","follow":"follow","max-snippet":"max-snippet:-1","max-image-preview":"max-image-preview:large","max-video-preview":"max-video-preview:-1"},"canonical":"https:\/\/www.yvar-bregeant.com\/es\/la-revelacion-del-genesis\/","og_locale":"es_ES","og_type":"article","og_title":"La revelaci\u00f3n del G\u00e9nesis | Yvar Bregeant","og_description":"Esta p\u00e1gina presenta el volumen 1 titulado La revelaci\u00f3n del G\u00e9nesis de la serie literaria La verdadera historia de las religiones de la humanidad.","og_url":"https:\/\/www.yvar-bregeant.com\/es\/la-revelacion-del-genesis\/","og_site_name":"Yvar Bregeant","article_publisher":"https:\/\/www.facebook.com\/profile.php?id=61553731625098","article_modified_time":"2025-10-09T22:37:44+00:00","og_image":[{"width":642,"height":1024,"url":"https:\/\/www.yvar-bregeant.com\/wp-content\/uploads\/2024\/12\/Couverture-unifiee-Volume-1-Francais-vf-642x1024.png","type":"image\/png"}],"twitter_card":"summary_large_image","schema":{"@context":"https:\/\/schema.org","@graph":[{"@type":"WebPage","@id":"https:\/\/www.yvar-bregeant.com\/es\/la-revelacion-del-genesis\/","url":"https:\/\/www.yvar-bregeant.com\/es\/la-revelacion-del-genesis\/","name":"La revelaci\u00f3n del G\u00e9nesis | Yvar Bregeant","isPartOf":{"@id":"https:\/\/www.yvar-bregeant.com\/es\/#website"},"primaryImageOfPage":{"@id":"https:\/\/www.yvar-bregeant.com\/es\/la-revelacion-del-genesis\/#primaryimage"},"image":{"@id":"https:\/\/www.yvar-bregeant.com\/es\/la-revelacion-del-genesis\/#primaryimage"},"thumbnailUrl":"https:\/\/www.yvar-bregeant.com\/wp-content\/uploads\/2025\/12\/Carrousel-Carre-La-revelation-.png","datePublished":"2023-06-05T10:58:53+00:00","dateModified":"2025-10-09T22:37:44+00:00","description":"Esta p\u00e1gina presenta el volumen 1 titulado La revelaci\u00f3n del G\u00e9nesis de la serie literaria La verdadera historia de las religiones de la humanidad.","breadcrumb":{"@id":"https:\/\/www.yvar-bregeant.com\/es\/la-revelacion-del-genesis\/#breadcrumb"},"inLanguage":"es","potentialAction":[{"@type":"ReadAction","target":["https:\/\/www.yvar-bregeant.com\/es\/la-revelacion-del-genesis\/"]}]},{"@type":"ImageObject","inLanguage":"es","@id":"https:\/\/www.yvar-bregeant.com\/es\/la-revelacion-del-genesis\/#primaryimage","url":"https:\/\/www.yvar-bregeant.com\/wp-content\/uploads\/2025\/12\/Carrousel-Carre-La-revelation-.png","contentUrl":"https:\/\/www.yvar-bregeant.com\/wp-content\/uploads\/2025\/12\/Carrousel-Carre-La-revelation-.png","width":1080,"height":1080},{"@type":"BreadcrumbList","@id":"https:\/\/www.yvar-bregeant.com\/es\/la-revelacion-del-genesis\/#breadcrumb","itemListElement":[{"@type":"ListItem","position":1,"name":"Accueil","item":"https:\/\/www.yvar-bregeant.com\/es\/"},{"@type":"ListItem","position":2,"name":"La revelaci\u00f3n del G\u00e9nesis"}]},{"@type":"WebSite","@id":"https:\/\/www.yvar-bregeant.com\/es\/#website","url":"https:\/\/www.yvar-bregeant.com\/es\/","name":"Yvar Bregeant","description":"","publisher":{"@id":"https:\/\/www.yvar-bregeant.com\/es\/#organization"},"potentialAction":[{"@type":"SearchAction","target":{"@type":"EntryPoint","urlTemplate":"https:\/\/www.yvar-bregeant.com\/es\/?s={search_term_string}"},"query-input":{"@type":"PropertyValueSpecification","valueRequired":true,"valueName":"search_term_string"}}],"inLanguage":"es"},{"@type":"Organization","@id":"https:\/\/www.yvar-bregeant.com\/es\/#organization","name":"Yvar Bregeant","url":"https:\/\/www.yvar-bregeant.com\/es\/","logo":{"@type":"ImageObject","inLanguage":"es","@id":"https:\/\/www.yvar-bregeant.com\/es\/#\/schema\/logo\/image\/","url":"https:\/\/www.yvar-bregeant.com\/wp-content\/uploads\/2023\/12\/Logo-de-presentation-onglet-structuration-russe.jpg","contentUrl":"https:\/\/www.yvar-bregeant.com\/wp-content\/uploads\/2023\/12\/Logo-de-presentation-onglet-structuration-russe.jpg","width":612,"height":586,"caption":"Yvar Bregeant"},"image":{"@id":"https:\/\/www.yvar-bregeant.com\/es\/#\/schema\/logo\/image\/"},"sameAs":["https:\/\/www.facebook.com\/profile.php?id=61553731625098"]}]}},"_links":{"self":[{"href":"https:\/\/www.yvar-bregeant.com\/es\/wp-json\/wp\/v2\/pages\/4593","targetHints":{"allow":["GET"]}}],"collection":[{"href":"https:\/\/www.yvar-bregeant.com\/es\/wp-json\/wp\/v2\/pages"}],"about":[{"href":"https:\/\/www.yvar-bregeant.com\/es\/wp-json\/wp\/v2\/types\/page"}],"author":[{"embeddable":true,"href":"https:\/\/www.yvar-bregeant.com\/es\/wp-json\/wp\/v2\/users\/2"}],"replies":[{"embeddable":true,"href":"https:\/\/www.yvar-bregeant.com\/es\/wp-json\/wp\/v2\/comments?post=4593"}],"version-history":[{"count":2,"href":"https:\/\/www.yvar-bregeant.com\/es\/wp-json\/wp\/v2\/pages\/4593\/revisions"}],"predecessor-version":[{"id":44376,"href":"https:\/\/www.yvar-bregeant.com\/es\/wp-json\/wp\/v2\/pages\/4593\/revisions\/44376"}],"wp:featuredmedia":[{"embeddable":true,"href":"https:\/\/www.yvar-bregeant.com\/es\/wp-json\/wp\/v2\/media\/44835"}],"wp:attachment":[{"href":"https:\/\/www.yvar-bregeant.com\/es\/wp-json\/wp\/v2\/media?parent=4593"}],"curies":[{"name":"wp","href":"https:\/\/api.w.org\/{rel}","templated":true}]}}