{"id":5615,"date":"2023-12-14T10:01:40","date_gmt":"2023-12-14T09:01:40","guid":{"rendered":"https:\/\/www.yvar-bregeant.com\/?page_id=5615"},"modified":"2025-11-12T18:48:03","modified_gmt":"2025-11-12T17:48:03","slug":"decifrare-il-linguaggio-delle-grotte-2","status":"publish","type":"page","link":"https:\/\/www.yvar-bregeant.com\/it\/decifrare-il-linguaggio-delle-grotte-2\/","title":{"rendered":"Decifrare il linguaggio delle grotte"},"content":{"rendered":"\t\t<div data-elementor-type=\"wp-page\" data-elementor-id=\"5615\" class=\"elementor elementor-5615 elementor-5612\" data-elementor-post-type=\"page\">\n\t\t\t\t\t\t<section class=\"elementor-section elementor-top-section elementor-element elementor-element-4e894d87 elementor-section-boxed elementor-section-height-default elementor-section-height-default\" data-id=\"4e894d87\" data-element_type=\"section\" data-e-type=\"section\" data-settings=\"{&quot;background_background&quot;:&quot;classic&quot;}\">\n\t\t\t\t\t\t\t<div class=\"elementor-background-overlay\"><\/div>\n\t\t\t\t\t\t\t<div class=\"elementor-container elementor-column-gap-default\">\n\t\t\t\t\t<div class=\"elementor-column elementor-col-50 elementor-top-column elementor-element elementor-element-10a46e1f\" data-id=\"10a46e1f\" data-element_type=\"column\" data-e-type=\"column\">\n\t\t\t<div class=\"elementor-widget-wrap elementor-element-populated\">\n\t\t\t\t\t\t<div class=\"elementor-element elementor-element-17fd429b elementor-widget__width-initial elementor-invisible elementor-widget elementor-widget-heading\" data-id=\"17fd429b\" data-element_type=\"widget\" data-e-type=\"widget\" data-settings=\"{&quot;_animation&quot;:&quot;fadeInUp&quot;}\" data-widget_type=\"heading.default\">\n\t\t\t\t<div class=\"elementor-widget-container\">\n\t\t\t\t\t<h2 class=\"elementor-heading-title elementor-size-default\">Volume 2 - Libro 1<\/h2>\t\t\t\t<\/div>\n\t\t\t\t<\/div>\n\t\t\t\t<div class=\"elementor-element elementor-element-936addf elementor-widget elementor-widget-heading\" data-id=\"936addf\" data-element_type=\"widget\" data-e-type=\"widget\" data-widget_type=\"heading.default\">\n\t\t\t\t<div class=\"elementor-widget-container\">\n\t\t\t\t\t<h2 class=\"elementor-heading-title elementor-size-default\">DECIFRARE IL LINGUAGGIO DELLE CAVERNE\n<\/h2>\t\t\t\t<\/div>\n\t\t\t\t<\/div>\n\t\t\t\t<div class=\"elementor-element elementor-element-8fd541f elementor-widget elementor-widget-text-editor\" data-id=\"8fd541f\" data-element_type=\"widget\" data-e-type=\"widget\" data-widget_type=\"text-editor.default\">\n\t\t\t\t<div class=\"elementor-widget-container\">\n\t\t\t\t\t\t\t\t\t<p style=\"text-align: center;\"><span style=\"text-decoration: underline;\">LEGGI LA SINOSSI QUI SOTTO <\/span><\/p>\t\t\t\t\t\t\t\t<\/div>\n\t\t\t\t<\/div>\n\t\t\t\t\t<\/div>\n\t\t<\/div>\n\t\t\t\t<div class=\"elementor-column elementor-col-50 elementor-top-column elementor-element elementor-element-55cdcf31 elementor-hidden-tablet elementor-hidden-mobile\" data-id=\"55cdcf31\" data-element_type=\"column\" data-e-type=\"column\">\n\t\t\t<div class=\"elementor-widget-wrap elementor-element-populated\">\n\t\t\t\t\t\t<div class=\"elementor-element elementor-element-36edf9cd elementor-widget elementor-widget-image\" data-id=\"36edf9cd\" data-element_type=\"widget\" data-e-type=\"widget\" data-widget_type=\"image.default\">\n\t\t\t\t<div class=\"elementor-widget-container\">\n\t\t\t\t\t\t\t\t\t\t\t\t\t\t\t<img decoding=\"async\" width=\"642\" height=\"1024\" src=\"https:\/\/www.yvar-bregeant.com\/wp-content\/uploads\/2024\/12\/VOLUME-2-LIVRE-1-LE-DECHIFFRAGE-DU-LANGAGE-DES-CAVERNES-FRANCAIS-VF1-642x1024.png\" class=\"attachment-large size-large wp-image-37690\" alt=\"\" srcset=\"https:\/\/www.yvar-bregeant.com\/wp-content\/uploads\/2024\/12\/VOLUME-2-LIVRE-1-LE-DECHIFFRAGE-DU-LANGAGE-DES-CAVERNES-FRANCAIS-VF1-642x1024.png 642w, https:\/\/www.yvar-bregeant.com\/wp-content\/uploads\/2024\/12\/VOLUME-2-LIVRE-1-LE-DECHIFFRAGE-DU-LANGAGE-DES-CAVERNES-FRANCAIS-VF1-188x300.png 188w, https:\/\/www.yvar-bregeant.com\/wp-content\/uploads\/2024\/12\/VOLUME-2-LIVRE-1-LE-DECHIFFRAGE-DU-LANGAGE-DES-CAVERNES-FRANCAIS-VF1-768x1226.png 768w, https:\/\/www.yvar-bregeant.com\/wp-content\/uploads\/2024\/12\/VOLUME-2-LIVRE-1-LE-DECHIFFRAGE-DU-LANGAGE-DES-CAVERNES-FRANCAIS-VF1-963x1536.png 963w, https:\/\/www.yvar-bregeant.com\/wp-content\/uploads\/2024\/12\/VOLUME-2-LIVRE-1-LE-DECHIFFRAGE-DU-LANGAGE-DES-CAVERNES-FRANCAIS-VF1-1283x2048.png 1283w, https:\/\/www.yvar-bregeant.com\/wp-content\/uploads\/2024\/12\/VOLUME-2-LIVRE-1-LE-DECHIFFRAGE-DU-LANGAGE-DES-CAVERNES-FRANCAIS-VF1.png 1410w\" sizes=\"(max-width: 642px) 100vw, 642px\" \/>\t\t\t\t\t\t\t\t\t\t\t\t\t\t\t<\/div>\n\t\t\t\t<\/div>\n\t\t\t\t\t<\/div>\n\t\t<\/div>\n\t\t\t\t\t<\/div>\n\t\t<\/section>\n\t\t<div class=\"elementor-element elementor-element-902a9ff e-flex e-con-boxed e-con e-parent\" data-id=\"902a9ff\" data-element_type=\"container\" data-e-type=\"container\">\n\t\t\t\t\t<div class=\"e-con-inner\">\n\t\t\t\t<div class=\"elementor-element elementor-element-e59517b elementor-widget elementor-widget-image\" data-id=\"e59517b\" data-element_type=\"widget\" data-e-type=\"widget\" data-widget_type=\"image.default\">\n\t\t\t\t<div class=\"elementor-widget-container\">\n\t\t\t\t\t\t\t\t\t\t\t\t\t\t\t<img decoding=\"async\" width=\"642\" height=\"1024\" src=\"https:\/\/www.yvar-bregeant.com\/wp-content\/uploads\/2024\/12\/VOLUME-2-LIVRE-1-LE-DECHIFFRAGE-DU-LANGAGE-DES-CAVERNES-FRANCAIS-VF1-642x1024.png\" class=\"attachment-large size-large wp-image-37690\" alt=\"\" srcset=\"https:\/\/www.yvar-bregeant.com\/wp-content\/uploads\/2024\/12\/VOLUME-2-LIVRE-1-LE-DECHIFFRAGE-DU-LANGAGE-DES-CAVERNES-FRANCAIS-VF1-642x1024.png 642w, https:\/\/www.yvar-bregeant.com\/wp-content\/uploads\/2024\/12\/VOLUME-2-LIVRE-1-LE-DECHIFFRAGE-DU-LANGAGE-DES-CAVERNES-FRANCAIS-VF1-188x300.png 188w, https:\/\/www.yvar-bregeant.com\/wp-content\/uploads\/2024\/12\/VOLUME-2-LIVRE-1-LE-DECHIFFRAGE-DU-LANGAGE-DES-CAVERNES-FRANCAIS-VF1-768x1226.png 768w, https:\/\/www.yvar-bregeant.com\/wp-content\/uploads\/2024\/12\/VOLUME-2-LIVRE-1-LE-DECHIFFRAGE-DU-LANGAGE-DES-CAVERNES-FRANCAIS-VF1-963x1536.png 963w, https:\/\/www.yvar-bregeant.com\/wp-content\/uploads\/2024\/12\/VOLUME-2-LIVRE-1-LE-DECHIFFRAGE-DU-LANGAGE-DES-CAVERNES-FRANCAIS-VF1-1283x2048.png 1283w, https:\/\/www.yvar-bregeant.com\/wp-content\/uploads\/2024\/12\/VOLUME-2-LIVRE-1-LE-DECHIFFRAGE-DU-LANGAGE-DES-CAVERNES-FRANCAIS-VF1.png 1410w\" sizes=\"(max-width: 642px) 100vw, 642px\" \/>\t\t\t\t\t\t\t\t\t\t\t\t\t\t\t<\/div>\n\t\t\t\t<\/div>\n\t\t\t\t<div class=\"elementor-element elementor-element-48c5065 elementor-widget elementor-widget-text-editor\" data-id=\"48c5065\" data-element_type=\"widget\" data-e-type=\"widget\" data-product-id=\"979-10-405-3743-4\" data-widget_type=\"text-editor.default\">\n\t\t\t\t<div class=\"elementor-widget-container\">\n\t\t\t\t\t\t\t\t\t<h3><strong><span style=\"color: #000000;\">Un libro acclamato dalla stampa specializzata :<\/span><a href=\"https:\/\/www.scintilena.com\/decifrato-il-linguaggio-ideografico-delle-incisioni-preistoriche-del-paleolitico\/04\/26\/?fbclid=IwY2xjawJrNt5leHRuA2FlbQIxMAABHrh1CraSW3h_OwejmS1yrxAT26wgmHAxIyM32vCIwcf49YqX5iDigsmoW5N7_aem_IC4rVcQ8ZZVo3PC_Scul3Q\" target=\"_blank\" rel=\"noopener\">\ud83d\udc49 leggi l&#8217;articolo sulla rivista Scintilena<\/a><\/strong><\/h3><blockquote><p style=\"color: #666666;\">&#8220;Questo studio rappresenterebbe un importante progresso nella comprensione delle antiche civilt\u00e0 e della loro cultura, dimostrando come l&#8217;uso del linguaggio ideografico proto-sumerico possa essere fondamentale per decifrare i simboli e i messaggi lasciati dalle popolazioni del passato.&#8221; <span style=\"font-size: small;\">(italien)<\/span><\/p><\/blockquote><h3><strong><span style=\"color: #000000;\">avete decifrato per la prima volta nella storia le pitture rupestri delle grotte preistoriche?<\/span><\/strong><\/h3><p style=\"text-align: justify;\"><span style=\"color: #000000;\">Si.<\/span><\/p><h3><strong><span style=\"color: #000000;\">Come?<\/span><\/strong><\/h3><p style=\"text-align: justify;\"><span style=\"color: #000000;\">Si tratta infatti di un linguaggio ideografico, fatto di figure e segni. Corrisponde esattamente alla pi\u00f9 antica lingua ideografica conosciuta, decifrata a met\u00e0 del xx\u1d49 secolo: il Protosumero. <\/span><\/p><h3><strong><span style=\"color: #000000;\">Quindi \u00e8 possibile leggere e capire cosa voleva dire l&#8217;uomo preistorico?<\/span><\/strong><\/h3><p style=\"text-align: justify;\"><span style=\"color: #000000;\">Proprio cos\u00ec.<\/span><\/p><h3><strong><span style=\"color: #000000;\">Cosa ci dicono dunque questi affreschi?<\/span><\/strong><\/h3><p style=\"text-align: justify;\"><span style=\"color: #000000;\">La loro mitologia, le loro grandi divinit\u00e0, la loro credenza in un aldil\u00e0 e nella rinascita dei morti.<\/span><\/p><h3><strong><span style=\"color: #000000;\">perch\u00e9 nelle grotte?<\/span><\/strong><\/h3><p style=\"text-align: justify;\"><span style=\"color: #000000;\">Perch\u00e9 questi erano i loro templi, i loro santuari, dove invocavano il potere della dea madre per dare ai morti una nuova nascita, proprio come lei aveva fatto, secondo loro, per il padre degli dei.<br>La stessa archeologia, di fronte all&#8217;evidenza, ha dovuto relegare nell&#8217;oblio la vecchia immagine dei cacciatori primitivi che raffigurano scene di caccia quotidiane. Oggi la dimensione simbolica e sacra \u00e8 ampiamente accettata, anche se, fino a questo libro, \u00e8 stata fraintesa.<br><br> <\/span><\/p><h3><strong><span style=\"color: #000000;\">il padre degli dei? chi era? <\/span><\/strong><\/h3><p style=\"text-align: justify;\"><span style=\"color: #000000;\">N\u00e9 pi\u00f9 n\u00e9 meno dell&#8217;uomo, il padre primordiale, il primo dei viventi, ma anche il pi\u00f9 grande degli spiriti sfidati dopo la sua morte.<\/span><\/p><h3><strong><span style=\"color: #000000;\">Ma allora, perch\u00e9 queste forme di animali (toro, bufalo, cervo, cavallo, mucca, cerva, giumenta&#8230;)? Non erano solo disegni? <\/span><\/strong><\/h3><p style=\"text-align: justify;\"><span style=\"color: #000000;\">Per questo motivo, come mostro in questo libro, il mondo dell&#8217;archeologia, che non ha competenze linguistiche, si \u00e8 perso questa scoperta.<br>Per secoli, sotto l&#8217;influenza del suo dogma scientista centrale secondo cui i nostri antenati erano &#8220;primitivi&#8221;, ha osservato questi affreschi con uno sguardo superficiale e di primo grado, proiettando su di essi le proprie interpretazioni infantili. Ora, per la prima volta, possiamo leggerli&#8230; e quello che ci dicono ribalta tutto quello che pensavamo di sapere.<br>Nel linguaggio ideografico arcaico, queste figure animali sono utilizzate per comporre sia il nome proprio del padre degli dei Adamo (come nel caso del toro o dell&#8217;uro, ad esempio), sia quello del suo titolo Kish (o Kisha, Kissa, Kiza), utilizzato per designarlo come antenato primordiale, procreatore-generatore, fondatore del mondo umano. Questi ideogrammi sono sinonimi del suo nome.<br>Per quanto riguarda la dea madre, essa era rappresentata dall&#8217;unicorno (ma anche dalla mucca, dalla giumenta, dalla cerva e&#8230;). Questo unicorno, che \u00e8 l&#8217;elemento simbolico centrale dei sigilli della scrittura protoindiana di Harappa (una scrittura che non \u00e8 ancora stata decifrata), \u00e8 lo stesso dell&#8217;unicorno gravido che si trova all&#8217;ingresso di Lascaux, sul primo pannello che porta il suo nome&#8230;<br>Quelli che si pensava fossero semplici disegni dell&#8217;uomo primitivo rivelano in realt\u00e0 un linguaggio sofisticato direttamente collegato alle fondamenta della nostra civilt\u00e0.<br><br>   <\/span><\/p><h3><strong><span style=\"color: #000000;\">Cos\u00ec i primi centri religiosi della storia documentata, Kish in Sumer e Gizeh in Egitto, portano il suo nome!<\/span><\/strong><\/h3><p style=\"text-align: justify;\"><span style=\"color: #000000;\">Si. Kish e Giza hanno preso il suo nome, semplicemente pronunciato in modo diverso a causa di torsioni linguistiche arcaiche, per rendergli omaggio.<\/span><\/p><h3><strong><span style=\"color: #000000;\">Quindi la storia ha ereditato il suo linguaggio e la sua mitologia direttamente dalla preistoria? \u00c8 figlia della preistoria? <\/span><\/strong><\/h3><p style=\"text-align: justify;\"><span style=\"color: #000000;\">Esattamente.<\/span><\/p><h3><strong><span style=\"color: #000000;\">la credenza nella preistoria ha un legame diretto con la genesi biblica?<\/span><\/strong><\/h3><p style=\"text-align: justify;\"><span style=\"color: #000000;\">Si. Anche se sono fondamentalmente un cristiano, tutto ci\u00f2 che sto facendo qui \u00e8 leggere una scrittura ideografica. Queste sono le basi. Per quanto riguarda il racconto della Genesi, esso \u00e8 l&#8217;eredit\u00e0 di libri molto precedenti ed \u00e8 anche sopravvissuto ai secoli.<br>Per quanto riguarda l&#8217;insegnamento delle pitture rupestri, non sto facendo proselitismo dal pulpito, perch\u00e9 con esse ci troviamo di fronte a una versione diversa, a un&#8217;altra interpretazione degli eventi della Genesi biblica, e il mio dovere di ricercatore \u00e8 quello di darne conto, anche se non la condivido. Vedremo, come dimostrer\u00f2 nei miei libri successivi, che questa versione ha lasciato un segno cos\u00ec indelebile nell&#8217;umanit\u00e0 che la sua traccia mnemonica \u00e8 incisa non solo nella mitologia preistorica e antica, ma anche nell&#8217;etimologia stessa delle lingue geroglifiche sumere ed egizie. Il che ha senso, perch\u00e9 la mia ricerca dimostra anche che la mitologia e l&#8217;etimologia di queste lingue sono due facce della stessa medaglia. Una commedia&#8230; quella in cui si \u00e8 svolta la nostra storia, la storia delle nostre origini, cos\u00ec come ci \u00e8 stata tramandata.<br><br><br>     <\/span><\/p><h3><strong><span style=\"color: #000000;\">quali sono le conseguenze di questa scoperta?<\/span><\/strong><\/h3><p style=\"text-align: justify;\"><span style=\"color: #000000;\">Sono colossali, qualunque sia il vostro credo. Situato all&#8217;incrocio della storia della religione e della scienza, decifra la base, il fondamento elementare della storia dell&#8217;umanit\u00e0, di ci\u00f2 che ha costituito il nucleo comune originario di tutte le sue future credenze e religioni.<br>C&#8217;\u00e8 qualcosa di pi\u00f9 importante?  <\/span><span style=\"color: #000000;\">Non penso.<\/span><\/p><h3><strong><span style=\"color: #000000;\">Non mi crede?<\/span><\/strong><\/h3><p style=\"text-align: justify;\"><span style=\"color: #000000;\">Capisco il suo scetticismo. Ma ha letto le prove fornite? Sara tra coloro che hanno pregiudizi senza leggere o conoscere, tra coloro che rimangono ignoranti, o avr\u00e0 il coraggio di aprire gli occhi su questa antica verit\u00e0? <\/span><\/p><h3><strong><span style=\"color: #000000;\">a meno che&#8230; non pensi che io sia pazzo?<\/span><\/strong><\/h3><p style=\"text-align: justify;\"><span style=\"color: #000000;\">Lo abbiamo detto spesso degli uomini di scienza che sapevano vedere oltre le apparenze&#8230;<\/span><\/p><h3><strong><span style=\"color: #000000;\">una visione distorta della genesi biblica \u00e8 dipinta sulla pietra delle caverne e incisa nel marmo delle lingue pi\u00f9 arcaiche dell&#8217;umanit\u00e0?<\/span><\/strong><\/h3><p style=\"text-align: justify;\"><span style=\"color: #000000;\">\ud83d\udc49 <strong>492 pagine. 350 dimostrazioni. 10 esempi di decifrazione di affreschi rupestri (Lascaux, Marsoulas*, grotte di Pindal). Una conclusione inequivocabile.   <\/strong><\/span><\/p><p style=\"text-align: justify;\"><span style=\"color: #000000;\">Quindi, per favore, fate silenzio per un momento. Leggete e basta.<br>Guardate i fatti con i vostri occhi.<br>E dite addio a tutto ci\u00f2 che credevate di sapere, a tutti i vostri pregiudizi&#8230;<br>Perch\u00e9 state per assistere alla pi\u00f9 grande rivelazione nella storia dell&#8217;umanit\u00e0**. <\/span><\/p><p style=\"text-align: justify;\"><span style=\"color: #000000;\"><a style=\"color: #000000;\" href=\"https:\/\/www.facebook.com\/profile.php?id=61553731625098\" target=\"_blank\" rel=\"noopener noreferrer\">*Unisciti alla comunit\u00e0 di fan di questa serie su Facebook<\/a><\/span><\/p><h3> <\/h3><h3 class=\"book-page\"><span style=\"color: #000000;\">Volete un assaggio?<\/span><\/h3><p style=\"text-align: justify;\"><span style=\"color: #000000;\">Scoprite uno o due estratti esclusivi! <\/span><\/p><p style=\"text-align: justify;\"><strong><span style=\"color: #000000;\">DECIFRAZIONE DEL PRIMO URO SUL PANNELLO DELL&#8217;UNICORNO DI LASCAUX (FRANCIA)<\/span><\/strong><\/p><p><a class=\"button button--primary button--large button--substack\" style=\"display: inline-block; background-color: #ffc107; color: #212121; border: 2px solid #FFC107; border-radius: 5px; padding: 12px 24px; font-size: 1.1em; text-decoration: none; transition: background-color 0.3s ease, color 0.3s ease, border-color 0.3s ease; margin-bottom: 15px;\" href=\"https:\/\/www.yvar-bregeant.com\/la-signification-du-taureau-auroch-du-premier-panneau-de-la-licorne-de-la-grotte-de-lascaux\/\" target=\"_blank\" rel=\"noopener noreferrer\">Leggete l&#8217;estratto<\/a><\/p><p style=\"text-align: justify;\"><strong><span style=\"color: #000000;\">DECIFRAZIONE DEL SECONDO SEGNO PETTIFORME DELLA GROTTA DI MARSOULAS (SPAGNA)<\/span><\/strong><\/p><p><a class=\"button button--primary button--large button--substack\" style=\"display: inline-block; background-color: #ffc107; color: #212121; border: 2px solid #FFC107; border-radius: 5px; padding: 12px 24px; font-size: 1.1em; text-decoration: none; transition: background-color 0.3s ease, color 0.3s ease, border-color 0.3s ease; margin-bottom: 15px;\" href=\"https:\/\/www.yvar-bregeant.com\/it\/?p=15413\" target=\"_blank\" rel=\"noopener noreferrer\">Leggete l&#8217;estratto<\/a><\/p><p>Per ulteriori estratti esclusivi, abbonatevi a <a href=\"https:\/\/yvarbregeant.substack.com\/p\/le-dechiffrage-du-langage-des-cavernes-6aa?r=5g2n2o\" target=\"_blank\" rel=\"noopener\">aber Newsletters<\/a><\/p><h3> <\/h3><h3><span style=\"color: #000000;\">Volete una copia digitale? (disponibile in francese e inglese)<\/span><\/h3><h4 style=\"text-align: center;\"><span style=\"color: #000000;\">cliccate sul pulsante qui sotto<\/span><\/h4><div class=\"book-page\" style=\"text-align: center; margin-top: 15px; margin-bottom: 20px;\"><div><a style=\"text-decoration: none;\" href=\"https:\/\/buy.stripe.com\/bIY6oKbovaoA2L67tc\" target=\"_blank\" rel=\"noopener noreferrer\"><button id=\"stripe-checkout-button\" style=\"background-color: #ff0000; color: #fff; border: none; border-radius: 5px; padding: 12px 25px; font-size: 1em; font-weight: bold; cursor: pointer; transition: background-color 0.3s ease;\" data-product-id=\"VOTRE_ISBN\"><br>Acquistate ora (CB) &#8211; 8,99 \u20ac<br><\/button><\/a><div style=\"margin-bottom: 15px; margin-top: 15px;\"><h4><span style=\"color: #000000;\">Oppure scansionate il codice QR :<\/span><\/h4><p><img decoding=\"async\" class=\"\" style=\"max-width: 150px; height: 131px;\" src=\"https:\/\/www.yvar-bregeant.com\/wp-content\/uploads\/2025\/05\/Code-Qr-Le-dechiffrage-FR-8-99-euros.png\" alt=\"Codice QR Pagamento CB\" width=\"109\"><\/p><p style=\"font-size: 0.8em; color: #777;\">(\u00c8 possibile scansionare questo codice con la propria applicazione bancaria o con la fotocamera)<\/p><\/div><div style=\"margin-top: 15px;\"><p style=\"font-size: 1.1em; color: #333; line-height: 1.4; text-align: center;\"><strong>Importante :<\/strong> Per ricevere il libro digitale, assicuratevi di fornire un indirizzo e-mail valido durante il processo di pagamento.<br>Il libro vi sar\u00e0 inviato entro 24 ore dalla conferma del pagamento.<\/p><\/div><\/div><h4> <\/h4><h3 style=\"text-align: justify; margin-top: 25px;\"><span style=\"color: #000000;\">Potete trovare questo libro evento anche su Amazon! (in francese o in inglese)<\/span><\/h3><h4 style=\"text-align: justify; margin-top: 25px;\"><span style=\"color: #000000;\"> Sono disponibili i seguenti formati :<\/span><\/h4><h4><span style=\"color: #000000;\">Fare clic su quello desiderato <\/span><\/h4><p><a class=\"button button--amazon\" style=\"display: inline-block; background-color: #ffa500; color: #000; border: 1px solid #FFA500; border-radius: 5px; padding: 10px 20px; font-size: 1em; text-decoration: none; transition: background-color 0.3s ease;\" href=\"https:\/\/www.amazon.fr\/dp\/B0F5CM49JP?maas=maas_adg_E5D29A4C5BF9D03B5B1F5774A6036CCF_afap_abs&amp;ref_=aa_maas&amp;tag=maas\" target=\"_blank\" rel=\"noopener\" data-product-id=\"979-10-405-3743-4\">Libro digitale Kindle &#8211; 9,99 \u20ac<\/a><\/p><p>(il prezzo pi\u00f9 alto dei libri digitali per gli e-reader Kindle su Amazon \u00e8 dovuto all&#8217;IVA e alle royalties applicate da Amazon)<\/p><p><a class=\"button button--amazon\" style=\"display: inline-block; background-color: #ffa500; color: #000; border: 1px solid #FFA500; border-radius: 5px; padding: 10px 20px; font-size: 1em; text-decoration: none; transition: background-color 0.3s ease;\" href=\"https:\/\/www.amazon.fr\/D%C3%89CHIFFRAGE-DU-LANGAGE-CAVERNES\/dp\/B0F5MW9RB9?maas=maas_adg_AA42B199475B854D4FF1303D898FEE44_afap_abs&amp;ref_=aa_maas&amp;tag=maas\" target=\"_blank\" rel=\"noopener\" data-product-id=\"979-10-405-3743-4\">Libro di carta &#8211; \u20ac 19,99<\/a><\/p><\/div>\t\t\t\t\t\t\t\t<\/div>\n\t\t\t\t<\/div>\n\t\t\t\t<div class=\"elementor-element elementor-element-e8e0f6a elementor-widget-divider--view-line elementor-widget elementor-widget-divider\" data-id=\"e8e0f6a\" data-element_type=\"widget\" data-e-type=\"widget\" data-widget_type=\"divider.default\">\n\t\t\t\t<div class=\"elementor-widget-container\">\n\t\t\t\t\t\t\t<div class=\"elementor-divider\">\n\t\t\t<span class=\"elementor-divider-separator\">\n\t\t\t\t\t\t<\/span>\n\t\t<\/div>\n\t\t\t\t\t\t<\/div>\n\t\t\t\t<\/div>\n\t\t\t\t<div class=\"elementor-element elementor-element-8691aea elementor-widget elementor-widget-text-editor\" data-id=\"8691aea\" data-element_type=\"widget\" data-e-type=\"widget\" data-widget_type=\"text-editor.default\">\n\t\t\t\t<div class=\"elementor-widget-container\">\n\t\t\t\t\t\t\t\t\t<h2><span style=\"color: #000000;\">Cosa ne pensano coloro che hanno avuto il coraggio di leggerlo:<\/span><\/h2>\t\t\t\t\t\t\t\t<\/div>\n\t\t\t\t<\/div>\n\t\t\t\t\t<\/div>\n\t\t\t\t<\/div>\n\t\t\t\t<section class=\"elementor-section elementor-top-section elementor-element elementor-element-564ea579 elementor-section-boxed elementor-section-height-default elementor-section-height-default\" data-id=\"564ea579\" data-element_type=\"section\" data-e-type=\"section\" id=\"plus\">\n\t\t\t\t\t\t<div class=\"elementor-container elementor-column-gap-no\">\n\t\t\t\t\t<div class=\"elementor-column elementor-col-100 elementor-top-column elementor-element elementor-element-2a08e145\" data-id=\"2a08e145\" data-element_type=\"column\" data-e-type=\"column\">\n\t\t\t<div class=\"elementor-widget-wrap elementor-element-populated\">\n\t\t\t\t<div class=\"elementor-element elementor-element-63d183bc e-flex e-con-boxed e-con e-parent\" data-id=\"63d183bc\" data-element_type=\"container\" data-e-type=\"container\">\n\t\t\t\t\t<div class=\"e-con-inner\">\n\t\t\t\t<div class=\"elementor-element elementor-element-418defa8 elementor-testimonial--skin-default elementor-testimonial--layout-image_inline elementor-testimonial--align-center elementor-arrows-yes elementor-pagination-type-bullets elementor-widget elementor-widget-testimonial-carousel\" data-id=\"418defa8\" data-element_type=\"widget\" data-e-type=\"widget\" data-settings=\"{&quot;show_arrows&quot;:&quot;yes&quot;,&quot;pagination&quot;:&quot;bullets&quot;,&quot;speed&quot;:500,&quot;autoplay&quot;:&quot;yes&quot;,&quot;autoplay_speed&quot;:5000,&quot;loop&quot;:&quot;yes&quot;,&quot;pause_on_hover&quot;:&quot;yes&quot;,&quot;pause_on_interaction&quot;:&quot;yes&quot;,&quot;space_between&quot;:{&quot;unit&quot;:&quot;px&quot;,&quot;size&quot;:10,&quot;sizes&quot;:[]},&quot;space_between_tablet&quot;:{&quot;unit&quot;:&quot;px&quot;,&quot;size&quot;:10,&quot;sizes&quot;:[]},&quot;space_between_mobile&quot;:{&quot;unit&quot;:&quot;px&quot;,&quot;size&quot;:10,&quot;sizes&quot;:[]}}\" data-widget_type=\"testimonial-carousel.default\">\n\t\t\t\t<div class=\"elementor-widget-container\">\n\t\t\t\t\t\t\t\t\t<div class=\"elementor-swiper\">\n\t\t\t\t\t<div class=\"elementor-main-swiper swiper\" role=\"region\" aria-roledescription=\"carousel\" aria-label=\"Diapositives\">\n\t\t\t\t<div class=\"swiper-wrapper\">\n\t\t\t\t\t\t\t\t\t\t\t<div class=\"swiper-slide\" role=\"group\" aria-roledescription=\"slide\">\n\t\t\t\t\t\t\t\t\t<div class=\"elementor-testimonial\">\n\t\t\t\t\t\t\t<div class=\"elementor-testimonial__content\">\n\t\t\t\t\t<div class=\"elementor-testimonial__text\">\n\t\t\t\t\t\t<p>Grazie per la condivisione. Un lavoro impressionante, qualunque cosa possa pensare l'\"establishment scientifico\". Ci vuole coraggio (e convinzione) per cambiare le carte in tavola. Bravo per questo incredibile lavoro.<\/p>\n<p>Questo libro unisce l'intima convinzione che d\u00e0 impulso e direzione alla ricerca e il rigore scientifico che triangola anni di decifrazione delle nostre lingue, aprendo nuove prospettive, e tanto meglio. Senza rispondere alle domande esistenziali sulle nostre origini, propone un filo rosso che attraversa lo sviluppo delle modalit\u00e0 di trasmissione del sapere (\u00e7a voir) dell'umanit\u00e0 alle generazioni successive.<\/p>\n\t\t\t\t\t<\/div>\n\t\t\t\t\t\t\t\t\t<\/div>\n\t\t\t\t\t\t<div class=\"elementor-testimonial__footer\">\n\t\t\t\t\t\t\t\t<cite class=\"elementor-testimonial__cite\"><span class=\"elementor-testimonial__name\">Arnaldus<\/span><span class=\"elementor-testimonial__title\">Valutazione e commenti 5*<\/span><\/cite>\t\t\t<\/div>\n\t\t<\/div>\n\t\t\t\t\t\t\t\t<\/div>\n\t\t\t\t\t\t\t\t\t\t\t<div class=\"swiper-slide\" role=\"group\" aria-roledescription=\"slide\">\n\t\t\t\t\t\t\t\t\t<div class=\"elementor-testimonial\">\n\t\t\t\t\t\t\t<div class=\"elementor-testimonial__content\">\n\t\t\t\t\t<div class=\"elementor-testimonial__text\">\n\t\t\t\t\t\t<p>!!! Dopo un volo di dodici ore, un viaggio in treno di otto ore e alcune serate fuori casa: ben fatto!<br \/>\nChe corpo di lavoro, che erudizione, che punto di vista singolare e seducente!<br \/>\nCongratulazioni<\/p>\n\t\t\t\t\t<\/div>\n\t\t\t\t\t\t\t\t\t<\/div>\n\t\t\t\t\t\t<div class=\"elementor-testimonial__footer\">\n\t\t\t\t\t\t\t\t<cite class=\"elementor-testimonial__cite\"><span class=\"elementor-testimonial__name\">Ange-Fran\u00e7ois<\/span><span class=\"elementor-testimonial__title\">Valutazione e commenti 5*<\/span><\/cite>\t\t\t<\/div>\n\t\t<\/div>\n\t\t\t\t\t\t\t\t<\/div>\n\t\t\t\t\t\t\t\t\t\t\t<div class=\"swiper-slide\" role=\"group\" aria-roledescription=\"slide\">\n\t\t\t\t\t\t\t\t\t<div class=\"elementor-testimonial\">\n\t\t\t\t\t\t\t<div class=\"elementor-testimonial__content\">\n\t\t\t\t\t<div class=\"elementor-testimonial__text\">\n\t\t\t\t\t\t<p>Ciao, Yvar.<br \/>\nSono arrivato alla fine di questa seconda parte, che \u00e8 ambiziosa e impressionante come sempre, grazie all'immensa quantit\u00e0 di ricerca e di sintesi che \u00e8 stata fatta.<br \/>\nNon so da dove cominciare, visto che l'argomento \u00e8 cos\u00ec vasto, quindi far\u00f2 del mio meglio per rispondere alla domanda...<br \/>\nMi hai convinto?<br \/>\nNon proprio, perch\u00e9 ero gi\u00e0 convinto che la maggior parte delle credenze, comprese quelle arcaiche, nascessero dagli stessi miti, che miravano a comprendere meglio la morte, a spiegare fenomeni naturali che da tempo sfuggivano alla nostra comprensione, a placare l'ira del dio o degli dei che avrebbero dovuto causarli, a creare una gerarchia, a usare il potere, a risvegliare la consapevolezza del bene e del male... Sono quindi convinto che le religioni odierne, ad eccezione del buddismo (una religione non teista, ovviamente ;-)), abbiano origine da questo mito iniziale del Dio giudice e creatore.<br \/>\nMa s\u00ec, mi avete convinto concentrandovi sul significato simbolico piuttosto che letterale di linguaggi ideografici dai molteplici significati, sottolineando le loro somiglianze da un sito all'altro, da una civilt\u00e0 all'altra, minimizzando l'impatto delle coincidenze con l'improbabilit\u00e0 del loro numero, perch\u00e9 cos\u00ec facendo avete ridotto il margine di errore. Speculare sul solo significato letterale potrebbe avere lo stesso effetto? Non lo so. In altre parole, \u00e8 meglio ignorare il cartesiano che \u00e8 in voi se volete essere totalmente convinti ;-).<br \/>\nTuttavia, riducendo i margini di interpretazione, la dimostrazione per somiglianze simboliche diventa razionale, ... In ogni caso, se i miei occhi e le mie poche parole da neofita vi incoraggiano, ne sono felice. Grazie per la condivisione, Yvar. Spero che i miei commenti sinceri incoraggino i lettori ad affrontare il vostro lavoro!<\/p>\n\t\t\t\t\t<\/div>\n\t\t\t\t\t\t\t\t\t<\/div>\n\t\t\t\t\t\t<div class=\"elementor-testimonial__footer\">\n\t\t\t\t\t\t\t\t<cite class=\"elementor-testimonial__cite\"><span class=\"elementor-testimonial__name\">Zo\u00e9 FLORENT<\/span><span class=\"elementor-testimonial__title\">Valutazione e commenti 5* <\/span><\/cite>\t\t\t<\/div>\n\t\t<\/div>\n\t\t\t\t\t\t\t\t<\/div>\n\t\t\t\t\t\t\t\t\t<\/div>\n\t\t\t\t\t\t\t\t\t\t\t\t\t\t\t<div class=\"elementor-swiper-button elementor-swiper-button-prev\" role=\"button\" tabindex=\"0\" aria-label=\"Precedente\">\n\t\t\t\t\t\t\t<i aria-hidden=\"true\" class=\"eicon-chevron-left\"><\/i>\t\t\t\t\t\t<\/div>\n\t\t\t\t\t\t<div class=\"elementor-swiper-button elementor-swiper-button-next\" role=\"button\" tabindex=\"0\" aria-label=\"Successivo\">\n\t\t\t\t\t\t\t<i aria-hidden=\"true\" class=\"eicon-chevron-right\"><\/i>\t\t\t\t\t\t<\/div>\n\t\t\t\t\t\t\t\t\t\t\t\t\t\t\t\t<div class=\"swiper-pagination\"><\/div>\n\t\t\t\t\t\t\t\t\t\t\t\t<\/div>\n\t\t\t\t<\/div>\n\t\t\t\t\t\t\t\t<\/div>\n\t\t\t\t<\/div>\n\t\t\t\t\t<\/div>\n\t\t\t\t<\/div>\n\t\t\t\t\t<\/div>\n\t\t<\/div>\n\t\t\t\t\t<\/div>\n\t\t<\/section>\n\t\t<div class=\"elementor-element elementor-element-18ec951 e-flex e-con-boxed e-con e-parent\" data-id=\"18ec951\" data-element_type=\"container\" data-e-type=\"container\">\n\t\t\t\t\t<div class=\"e-con-inner\">\n\t\t\t\t<div class=\"elementor-element elementor-element-e1f8049 elementor-widget elementor-widget-text-editor\" data-id=\"e1f8049\" data-element_type=\"widget\" data-e-type=\"widget\" data-product-id=\"979-10-405-3743-4\" data-widget_type=\"text-editor.default\">\n\t\t\t\t<div class=\"elementor-widget-container\">\n\t\t\t\t\t\t\t\t\t<hr style=\"margin-top: 2em; margin-bottom: 2em;\" \/>\n\n<h3 style=\"text-align: center; margin-top: 2em; margin-bottom: 2em;\"><span style=\"color: #000000;\">Vous aimerez aussi d\u00e9couvrir&#8230;<\/span><\/h3>\n<div style=\"display: flex; flex-wrap: wrap; justify-content: center; gap: 20px; text-align: center;\">\n<div style=\"width: 150px; text-align: center;\">\n\n<a href=\"https:\/\/www.yvar-bregeant.com\/homo-sapiens-livre-2-de-dieu-a-adam\/\" target=\"_blank\" rel=\"noopener noreferrer\">\n<img decoding=\"async\" class=\"alignnone wp-image-43585 size-medium\" src=\"https:\/\/www.yvar-bregeant.com\/wp-content\/uploads\/2025\/07\/Champollion-FR-VF--188x300.png\" alt=\"\" width=\"188\" height=\"300\" srcset=\"https:\/\/www.yvar-bregeant.com\/wp-content\/uploads\/2025\/07\/Champollion-FR-VF--188x300.png 188w, https:\/\/www.yvar-bregeant.com\/wp-content\/uploads\/2025\/07\/Champollion-FR-VF--642x1024.png 642w, https:\/\/www.yvar-bregeant.com\/wp-content\/uploads\/2025\/07\/Champollion-FR-VF--768x1226.png 768w, https:\/\/www.yvar-bregeant.com\/wp-content\/uploads\/2025\/07\/Champollion-FR-VF--963x1536.png 963w, https:\/\/www.yvar-bregeant.com\/wp-content\/uploads\/2025\/07\/Champollion-FR-VF--1283x2048.png 1283w, https:\/\/www.yvar-bregeant.com\/wp-content\/uploads\/2025\/07\/Champollion-FR-VF-.png 1410w\" sizes=\"(max-width: 188px) 100vw, 188px\" \/>\n<\/a>\n<p style=\"font-size: 0.9em; margin: 0; color: #000000;\">Volume 2 Livre 2<\/p>\n\n<\/div>\n<div style=\"width: 150px; text-align: center;\">\n\n<a href=\"https:\/\/www.yvar-bregeant.com\/symboles-mythologiques-primordiaux-dieu-cosmos-homme-naissance-mort-renaissance\/\" target=\"_blank\" rel=\"noopener noreferrer\">\n<img decoding=\"async\" class=\"alignnone wp-image-41324 size-medium\" src=\"https:\/\/www.yvar-bregeant.com\/wp-content\/uploads\/2025\/05\/Couverture-Vol-3-Livre-2-les-symboles-primordiaux-188x300.png\" alt=\"\" width=\"188\" height=\"300\" srcset=\"https:\/\/www.yvar-bregeant.com\/wp-content\/uploads\/2025\/05\/Couverture-Vol-3-Livre-2-les-symboles-primordiaux-188x300.png 188w, https:\/\/www.yvar-bregeant.com\/wp-content\/uploads\/2025\/05\/Couverture-Vol-3-Livre-2-les-symboles-primordiaux-642x1024.png 642w, https:\/\/www.yvar-bregeant.com\/wp-content\/uploads\/2025\/05\/Couverture-Vol-3-Livre-2-les-symboles-primordiaux-768x1226.png 768w, https:\/\/www.yvar-bregeant.com\/wp-content\/uploads\/2025\/05\/Couverture-Vol-3-Livre-2-les-symboles-primordiaux-963x1536.png 963w, https:\/\/www.yvar-bregeant.com\/wp-content\/uploads\/2025\/05\/Couverture-Vol-3-Livre-2-les-symboles-primordiaux-1283x2048.png 1283w, https:\/\/www.yvar-bregeant.com\/wp-content\/uploads\/2025\/05\/Couverture-Vol-3-Livre-2-les-symboles-primordiaux.png 1410w\" sizes=\"(max-width: 188px) 100vw, 188px\" \/>\n<\/a>\n<p style=\"font-size: 0.9em; margin: 0; color: #000000;\">Volume 3 Livre 2<\/p>\n\n<\/div>\n<div style=\"width: 150px; text-align: center;\">\n\n<a href=\"https:\/\/www.yvar-bregeant.com\/la-main-et-ses-symboles-la-deesse\/\" target=\"_blank\" rel=\"noopener noreferrer\">\n<img decoding=\"async\" class=\"alignnone wp-image-37706 size-medium\" src=\"https:\/\/www.yvar-bregeant.com\/wp-content\/uploads\/2024\/12\/Couverture-2-Francais-VF-188x300.png\" alt=\"\" width=\"188\" height=\"300\" srcset=\"https:\/\/www.yvar-bregeant.com\/wp-content\/uploads\/2024\/12\/Couverture-2-Francais-VF-188x300.png 188w, https:\/\/www.yvar-bregeant.com\/wp-content\/uploads\/2024\/12\/Couverture-2-Francais-VF-642x1024.png 642w, https:\/\/www.yvar-bregeant.com\/wp-content\/uploads\/2024\/12\/Couverture-2-Francais-VF-768x1226.png 768w, https:\/\/www.yvar-bregeant.com\/wp-content\/uploads\/2024\/12\/Couverture-2-Francais-VF-963x1536.png 963w, https:\/\/www.yvar-bregeant.com\/wp-content\/uploads\/2024\/12\/Couverture-2-Francais-VF-1283x2048.png 1283w, https:\/\/www.yvar-bregeant.com\/wp-content\/uploads\/2024\/12\/Couverture-2-Francais-VF.png 1410w\" sizes=\"(max-width: 188px) 100vw, 188px\" \/>\n<\/a>\n<p style=\"font-size: 0.9em; margin: 0; color: #000000;\">Volume 3 Livre 1<\/p>\n\n<\/div>\n<div style=\"width: 150px; text-align: center;\">\n\n<a href=\"https:\/\/www.yvar-bregeant.com\/les-temples-megalithiques-de-malte-gobekli-tepe-et-stonehenge-2\/\" target=\"_blank\" rel=\"noopener noreferrer\">\n<img decoding=\"async\" class=\"alignnone wp-image-37696 size-medium\" src=\"https:\/\/www.yvar-bregeant.com\/wp-content\/uploads\/2024\/12\/Volume-6-Livre-2-Malte-Gobekli-Stonehenge-Francais-VF1-188x300.png\" alt=\"\" width=\"188\" height=\"300\" srcset=\"https:\/\/www.yvar-bregeant.com\/wp-content\/uploads\/2024\/12\/Volume-6-Livre-2-Malte-Gobekli-Stonehenge-Francais-VF1-188x300.png 188w, https:\/\/www.yvar-bregeant.com\/wp-content\/uploads\/2024\/12\/Volume-6-Livre-2-Malte-Gobekli-Stonehenge-Francais-VF1-642x1024.png 642w, https:\/\/www.yvar-bregeant.com\/wp-content\/uploads\/2024\/12\/Volume-6-Livre-2-Malte-Gobekli-Stonehenge-Francais-VF1-768x1226.png 768w, https:\/\/www.yvar-bregeant.com\/wp-content\/uploads\/2024\/12\/Volume-6-Livre-2-Malte-Gobekli-Stonehenge-Francais-VF1-963x1536.png 963w, https:\/\/www.yvar-bregeant.com\/wp-content\/uploads\/2024\/12\/Volume-6-Livre-2-Malte-Gobekli-Stonehenge-Francais-VF1-1283x2048.png 1283w, https:\/\/www.yvar-bregeant.com\/wp-content\/uploads\/2024\/12\/Volume-6-Livre-2-Malte-Gobekli-Stonehenge-Francais-VF1.png 1410w\" sizes=\"(max-width: 188px) 100vw, 188px\" \/>\n<\/a>\n<p style=\"font-size: 0.9em; margin: 0; color: #000000;\">Volume 6 Livre 2<\/p>\n\n<\/div>\n<div style=\"width: 150px; text-align: center;\">\n\n<a href=\"https:\/\/www.yvar-bregeant.com\/la-revelation-de-la-genese\/\" target=\"_blank\" rel=\"noopener noreferrer\">\n<img decoding=\"async\" class=\"alignnone wp-image-37676 size-medium\" src=\"https:\/\/www.yvar-bregeant.com\/wp-content\/uploads\/2024\/12\/Couverture-unifiee-Volume-1-Francais-vf-188x300.png\" alt=\"\" width=\"188\" height=\"300\" srcset=\"https:\/\/www.yvar-bregeant.com\/wp-content\/uploads\/2024\/12\/Couverture-unifiee-Volume-1-Francais-vf-188x300.png 188w, https:\/\/www.yvar-bregeant.com\/wp-content\/uploads\/2024\/12\/Couverture-unifiee-Volume-1-Francais-vf-642x1024.png 642w, https:\/\/www.yvar-bregeant.com\/wp-content\/uploads\/2024\/12\/Couverture-unifiee-Volume-1-Francais-vf-768x1226.png 768w, https:\/\/www.yvar-bregeant.com\/wp-content\/uploads\/2024\/12\/Couverture-unifiee-Volume-1-Francais-vf-963x1536.png 963w, https:\/\/www.yvar-bregeant.com\/wp-content\/uploads\/2024\/12\/Couverture-unifiee-Volume-1-Francais-vf-1283x2048.png 1283w, https:\/\/www.yvar-bregeant.com\/wp-content\/uploads\/2024\/12\/Couverture-unifiee-Volume-1-Francais-vf.png 1410w\" sizes=\"(max-width: 188px) 100vw, 188px\" \/>\n<\/a>\n<p style=\"font-size: 0.9em; margin: 0; color: #000000;\">Volume 1<\/p>\n\n<\/div>\n<\/div>\n<p style=\"text-align: center; margin-top: 2em; font-size: 1.1em;\"><span style=\"color: #000000;\">Pour mieux comprendre la structure de la s\u00e9rie litt\u00e9raire \u00ab <strong>La v\u00e9ritable histoire des religions de l\u2019humanit\u00e9<\/strong> \u00bb, <a style=\"color: #007bff; text-decoration: underline; font-weight: bold;\" href=\"https:\/\/www.yvar-bregeant.com\/les-livres-serie\/\" target=\"_blank\" rel=\"noopener noreferrer\">cliquez ici<\/a>.<\/span><\/p>\t\t\t\t\t\t\t\t<\/div>\n\t\t\t\t<\/div>\n\t\t\t\t\t<\/div>\n\t\t\t\t<\/div>\n\t\t\t\t<\/div>\n\t\t","protected":false},"excerpt":{"rendered":"<p>Volume 2 &#8211; Libro 1 DECIFRARE IL LINGUAGGIO DELLE CAVERNE LEGGI LA SINOSSI QUI SOTTO Un libro acclamato dalla stampa specializzata :\ud83d\udc49 leggi l&#8217;articolo sulla rivista Scintilena &#8220;Questo studio rappresenterebbe un importante progresso nella comprensione delle antiche civilt\u00e0 e della loro cultura, dimostrando come l&#8217;uso del linguaggio ideografico proto-sumerico possa essere fondamentale per decifrare i [&hellip;]<\/p>\n","protected":false},"author":4,"featured_media":44841,"parent":0,"menu_order":0,"comment_status":"closed","ping_status":"closed","template":"elementor_header_footer","meta":{"footnotes":""},"class_list":["post-5615","page","type-page","status-publish","has-post-thumbnail","hentry"],"yoast_head":"<!-- This site is optimized with the Yoast SEO plugin v27.5 - https:\/\/yoast.com\/product\/yoast-seo-wordpress\/ -->\n<title>Decifrare il linguaggio delle grotte | Yvar Bregeant<\/title>\n<meta name=\"description\" content=\"Per la prima volta nella storia, questo libro storico decifra gli affreschi rupestri. Egli dimostra che le rappresentazioni e i segni di animali nelle grotte preistoriche del cosiddetto Paleolitico superiore corrispondono in tutto e per tutto al linguaggio ideografico proto-sumerico. Lo illustra poi decifrando i principali affreschi di Lascaux, Marsoulas e Pindal.\" \/>\n<meta name=\"robots\" content=\"index, follow, max-snippet:-1, max-image-preview:large, max-video-preview:-1\" \/>\n<link rel=\"canonical\" href=\"https:\/\/www.yvar-bregeant.com\/it\/decifrare-il-linguaggio-delle-grotte-2\/\" \/>\n<meta property=\"og:locale\" content=\"it_IT\" \/>\n<meta property=\"og:type\" content=\"article\" \/>\n<meta property=\"og:title\" content=\"Decifrare il linguaggio delle grotte | Yvar Bregeant\" \/>\n<meta property=\"og:description\" content=\"Per la prima volta nella storia, questo libro storico decifra gli affreschi rupestri. Egli dimostra che le rappresentazioni e i segni di animali nelle grotte preistoriche del cosiddetto Paleolitico superiore corrispondono in tutto e per tutto al linguaggio ideografico proto-sumerico. Lo illustra poi decifrando i principali affreschi di Lascaux, Marsoulas e Pindal.\" \/>\n<meta property=\"og:url\" content=\"https:\/\/www.yvar-bregeant.com\/it\/decifrare-il-linguaggio-delle-grotte-2\/\" \/>\n<meta property=\"og:site_name\" content=\"Yvar Bregeant\" \/>\n<meta property=\"article:publisher\" content=\"https:\/\/www.facebook.com\/profile.php?id=61553731625098\" \/>\n<meta property=\"article:modified_time\" content=\"2025-11-12T17:48:03+00:00\" \/>\n<meta property=\"og:image\" content=\"https:\/\/www.yvar-bregeant.com\/wp-content\/uploads\/2024\/12\/VOLUME-2-LIVRE-1-LE-DECHIFFRAGE-DU-LANGAGE-DES-CAVERNES-FRANCAIS-VF1-642x1024.png\" \/>\n\t<meta property=\"og:image:width\" content=\"642\" \/>\n\t<meta property=\"og:image:height\" content=\"1024\" \/>\n\t<meta property=\"og:image:type\" content=\"image\/png\" \/>\n<meta name=\"twitter:card\" content=\"summary_large_image\" \/>\n<meta name=\"twitter:label1\" content=\"Tempo di lettura stimato\" \/>\n\t<meta name=\"twitter:data1\" content=\"1 minuto\" \/>\n<script type=\"application\/ld+json\" class=\"yoast-schema-graph\">{\"@context\":\"https:\\\/\\\/schema.org\",\"@graph\":[{\"@type\":\"WebPage\",\"@id\":\"https:\\\/\\\/www.yvar-bregeant.com\\\/it\\\/decifrare-il-linguaggio-delle-grotte-2\\\/\",\"url\":\"https:\\\/\\\/www.yvar-bregeant.com\\\/it\\\/decifrare-il-linguaggio-delle-grotte-2\\\/\",\"name\":\"Decifrare il linguaggio delle grotte | Yvar Bregeant\",\"isPartOf\":{\"@id\":\"https:\\\/\\\/www.yvar-bregeant.com\\\/it\\\/#website\"},\"primaryImageOfPage\":{\"@id\":\"https:\\\/\\\/www.yvar-bregeant.com\\\/it\\\/decifrare-il-linguaggio-delle-grotte-2\\\/#primaryimage\"},\"image\":{\"@id\":\"https:\\\/\\\/www.yvar-bregeant.com\\\/it\\\/decifrare-il-linguaggio-delle-grotte-2\\\/#primaryimage\"},\"thumbnailUrl\":\"https:\\\/\\\/www.yvar-bregeant.com\\\/wp-content\\\/uploads\\\/2025\\\/12\\\/Carrousel-Carre-Le-dechiffrage.png\",\"datePublished\":\"2023-12-14T09:01:40+00:00\",\"dateModified\":\"2025-11-12T17:48:03+00:00\",\"description\":\"Per la prima volta nella storia, questo libro storico decifra gli affreschi rupestri. Egli dimostra che le rappresentazioni e i segni di animali nelle grotte preistoriche del cosiddetto Paleolitico superiore corrispondono in tutto e per tutto al linguaggio ideografico proto-sumerico. Lo illustra poi decifrando i principali affreschi di Lascaux, Marsoulas e Pindal.\",\"breadcrumb\":{\"@id\":\"https:\\\/\\\/www.yvar-bregeant.com\\\/it\\\/decifrare-il-linguaggio-delle-grotte-2\\\/#breadcrumb\"},\"inLanguage\":\"it-IT\",\"potentialAction\":[{\"@type\":\"ReadAction\",\"target\":[\"https:\\\/\\\/www.yvar-bregeant.com\\\/it\\\/decifrare-il-linguaggio-delle-grotte-2\\\/\"]}]},{\"@type\":\"ImageObject\",\"inLanguage\":\"it-IT\",\"@id\":\"https:\\\/\\\/www.yvar-bregeant.com\\\/it\\\/decifrare-il-linguaggio-delle-grotte-2\\\/#primaryimage\",\"url\":\"https:\\\/\\\/www.yvar-bregeant.com\\\/wp-content\\\/uploads\\\/2025\\\/12\\\/Carrousel-Carre-Le-dechiffrage.png\",\"contentUrl\":\"https:\\\/\\\/www.yvar-bregeant.com\\\/wp-content\\\/uploads\\\/2025\\\/12\\\/Carrousel-Carre-Le-dechiffrage.png\",\"width\":1080,\"height\":1080},{\"@type\":\"BreadcrumbList\",\"@id\":\"https:\\\/\\\/www.yvar-bregeant.com\\\/it\\\/decifrare-il-linguaggio-delle-grotte-2\\\/#breadcrumb\",\"itemListElement\":[{\"@type\":\"ListItem\",\"position\":1,\"name\":\"Accueil\",\"item\":\"https:\\\/\\\/www.yvar-bregeant.com\\\/it\\\/\"},{\"@type\":\"ListItem\",\"position\":2,\"name\":\"Decifrare il linguaggio delle grotte\"}]},{\"@type\":\"WebSite\",\"@id\":\"https:\\\/\\\/www.yvar-bregeant.com\\\/it\\\/#website\",\"url\":\"https:\\\/\\\/www.yvar-bregeant.com\\\/it\\\/\",\"name\":\"Yvar Bregeant\",\"description\":\"\",\"publisher\":{\"@id\":\"https:\\\/\\\/www.yvar-bregeant.com\\\/it\\\/#organization\"},\"potentialAction\":[{\"@type\":\"SearchAction\",\"target\":{\"@type\":\"EntryPoint\",\"urlTemplate\":\"https:\\\/\\\/www.yvar-bregeant.com\\\/it\\\/?s={search_term_string}\"},\"query-input\":{\"@type\":\"PropertyValueSpecification\",\"valueRequired\":true,\"valueName\":\"search_term_string\"}}],\"inLanguage\":\"it-IT\"},{\"@type\":\"Organization\",\"@id\":\"https:\\\/\\\/www.yvar-bregeant.com\\\/it\\\/#organization\",\"name\":\"Yvar Bregeant\",\"url\":\"https:\\\/\\\/www.yvar-bregeant.com\\\/it\\\/\",\"logo\":{\"@type\":\"ImageObject\",\"inLanguage\":\"it-IT\",\"@id\":\"https:\\\/\\\/www.yvar-bregeant.com\\\/it\\\/#\\\/schema\\\/logo\\\/image\\\/\",\"url\":\"https:\\\/\\\/www.yvar-bregeant.com\\\/wp-content\\\/uploads\\\/2023\\\/12\\\/Logo-de-presentation-onglet-structuration-russe.jpg\",\"contentUrl\":\"https:\\\/\\\/www.yvar-bregeant.com\\\/wp-content\\\/uploads\\\/2023\\\/12\\\/Logo-de-presentation-onglet-structuration-russe.jpg\",\"width\":612,\"height\":586,\"caption\":\"Yvar Bregeant\"},\"image\":{\"@id\":\"https:\\\/\\\/www.yvar-bregeant.com\\\/it\\\/#\\\/schema\\\/logo\\\/image\\\/\"},\"sameAs\":[\"https:\\\/\\\/www.facebook.com\\\/profile.php?id=61553731625098\"]}]}<\/script>\n<!-- \/ Yoast SEO plugin. -->","yoast_head_json":{"title":"Decifrare il linguaggio delle grotte | Yvar Bregeant","description":"Per la prima volta nella storia, questo libro storico decifra gli affreschi rupestri. Egli dimostra che le rappresentazioni e i segni di animali nelle grotte preistoriche del cosiddetto Paleolitico superiore corrispondono in tutto e per tutto al linguaggio ideografico proto-sumerico. Lo illustra poi decifrando i principali affreschi di Lascaux, Marsoulas e Pindal.","robots":{"index":"index","follow":"follow","max-snippet":"max-snippet:-1","max-image-preview":"max-image-preview:large","max-video-preview":"max-video-preview:-1"},"canonical":"https:\/\/www.yvar-bregeant.com\/it\/decifrare-il-linguaggio-delle-grotte-2\/","og_locale":"it_IT","og_type":"article","og_title":"Decifrare il linguaggio delle grotte | Yvar Bregeant","og_description":"Per la prima volta nella storia, questo libro storico decifra gli affreschi rupestri. Egli dimostra che le rappresentazioni e i segni di animali nelle grotte preistoriche del cosiddetto Paleolitico superiore corrispondono in tutto e per tutto al linguaggio ideografico proto-sumerico. Lo illustra poi decifrando i principali affreschi di Lascaux, Marsoulas e Pindal.","og_url":"https:\/\/www.yvar-bregeant.com\/it\/decifrare-il-linguaggio-delle-grotte-2\/","og_site_name":"Yvar Bregeant","article_publisher":"https:\/\/www.facebook.com\/profile.php?id=61553731625098","article_modified_time":"2025-11-12T17:48:03+00:00","og_image":[{"width":642,"height":1024,"url":"https:\/\/www.yvar-bregeant.com\/wp-content\/uploads\/2024\/12\/VOLUME-2-LIVRE-1-LE-DECHIFFRAGE-DU-LANGAGE-DES-CAVERNES-FRANCAIS-VF1-642x1024.png","type":"image\/png"}],"twitter_card":"summary_large_image","twitter_misc":{"Tempo di lettura stimato":"1 minuto"},"schema":{"@context":"https:\/\/schema.org","@graph":[{"@type":"WebPage","@id":"https:\/\/www.yvar-bregeant.com\/it\/decifrare-il-linguaggio-delle-grotte-2\/","url":"https:\/\/www.yvar-bregeant.com\/it\/decifrare-il-linguaggio-delle-grotte-2\/","name":"Decifrare il linguaggio delle grotte | Yvar Bregeant","isPartOf":{"@id":"https:\/\/www.yvar-bregeant.com\/it\/#website"},"primaryImageOfPage":{"@id":"https:\/\/www.yvar-bregeant.com\/it\/decifrare-il-linguaggio-delle-grotte-2\/#primaryimage"},"image":{"@id":"https:\/\/www.yvar-bregeant.com\/it\/decifrare-il-linguaggio-delle-grotte-2\/#primaryimage"},"thumbnailUrl":"https:\/\/www.yvar-bregeant.com\/wp-content\/uploads\/2025\/12\/Carrousel-Carre-Le-dechiffrage.png","datePublished":"2023-12-14T09:01:40+00:00","dateModified":"2025-11-12T17:48:03+00:00","description":"Per la prima volta nella storia, questo libro storico decifra gli affreschi rupestri. Egli dimostra che le rappresentazioni e i segni di animali nelle grotte preistoriche del cosiddetto Paleolitico superiore corrispondono in tutto e per tutto al linguaggio ideografico proto-sumerico. Lo illustra poi decifrando i principali affreschi di Lascaux, Marsoulas e Pindal.","breadcrumb":{"@id":"https:\/\/www.yvar-bregeant.com\/it\/decifrare-il-linguaggio-delle-grotte-2\/#breadcrumb"},"inLanguage":"it-IT","potentialAction":[{"@type":"ReadAction","target":["https:\/\/www.yvar-bregeant.com\/it\/decifrare-il-linguaggio-delle-grotte-2\/"]}]},{"@type":"ImageObject","inLanguage":"it-IT","@id":"https:\/\/www.yvar-bregeant.com\/it\/decifrare-il-linguaggio-delle-grotte-2\/#primaryimage","url":"https:\/\/www.yvar-bregeant.com\/wp-content\/uploads\/2025\/12\/Carrousel-Carre-Le-dechiffrage.png","contentUrl":"https:\/\/www.yvar-bregeant.com\/wp-content\/uploads\/2025\/12\/Carrousel-Carre-Le-dechiffrage.png","width":1080,"height":1080},{"@type":"BreadcrumbList","@id":"https:\/\/www.yvar-bregeant.com\/it\/decifrare-il-linguaggio-delle-grotte-2\/#breadcrumb","itemListElement":[{"@type":"ListItem","position":1,"name":"Accueil","item":"https:\/\/www.yvar-bregeant.com\/it\/"},{"@type":"ListItem","position":2,"name":"Decifrare il linguaggio delle grotte"}]},{"@type":"WebSite","@id":"https:\/\/www.yvar-bregeant.com\/it\/#website","url":"https:\/\/www.yvar-bregeant.com\/it\/","name":"Yvar Bregeant","description":"","publisher":{"@id":"https:\/\/www.yvar-bregeant.com\/it\/#organization"},"potentialAction":[{"@type":"SearchAction","target":{"@type":"EntryPoint","urlTemplate":"https:\/\/www.yvar-bregeant.com\/it\/?s={search_term_string}"},"query-input":{"@type":"PropertyValueSpecification","valueRequired":true,"valueName":"search_term_string"}}],"inLanguage":"it-IT"},{"@type":"Organization","@id":"https:\/\/www.yvar-bregeant.com\/it\/#organization","name":"Yvar Bregeant","url":"https:\/\/www.yvar-bregeant.com\/it\/","logo":{"@type":"ImageObject","inLanguage":"it-IT","@id":"https:\/\/www.yvar-bregeant.com\/it\/#\/schema\/logo\/image\/","url":"https:\/\/www.yvar-bregeant.com\/wp-content\/uploads\/2023\/12\/Logo-de-presentation-onglet-structuration-russe.jpg","contentUrl":"https:\/\/www.yvar-bregeant.com\/wp-content\/uploads\/2023\/12\/Logo-de-presentation-onglet-structuration-russe.jpg","width":612,"height":586,"caption":"Yvar Bregeant"},"image":{"@id":"https:\/\/www.yvar-bregeant.com\/it\/#\/schema\/logo\/image\/"},"sameAs":["https:\/\/www.facebook.com\/profile.php?id=61553731625098"]}]}},"_links":{"self":[{"href":"https:\/\/www.yvar-bregeant.com\/it\/wp-json\/wp\/v2\/pages\/5615","targetHints":{"allow":["GET"]}}],"collection":[{"href":"https:\/\/www.yvar-bregeant.com\/it\/wp-json\/wp\/v2\/pages"}],"about":[{"href":"https:\/\/www.yvar-bregeant.com\/it\/wp-json\/wp\/v2\/types\/page"}],"author":[{"embeddable":true,"href":"https:\/\/www.yvar-bregeant.com\/it\/wp-json\/wp\/v2\/users\/4"}],"replies":[{"embeddable":true,"href":"https:\/\/www.yvar-bregeant.com\/it\/wp-json\/wp\/v2\/comments?post=5615"}],"version-history":[{"count":2,"href":"https:\/\/www.yvar-bregeant.com\/it\/wp-json\/wp\/v2\/pages\/5615\/revisions"}],"predecessor-version":[{"id":44415,"href":"https:\/\/www.yvar-bregeant.com\/it\/wp-json\/wp\/v2\/pages\/5615\/revisions\/44415"}],"wp:featuredmedia":[{"embeddable":true,"href":"https:\/\/www.yvar-bregeant.com\/it\/wp-json\/wp\/v2\/media\/44841"}],"wp:attachment":[{"href":"https:\/\/www.yvar-bregeant.com\/it\/wp-json\/wp\/v2\/media?parent=5615"}],"curies":[{"name":"wp","href":"https:\/\/api.w.org\/{rel}","templated":true}]}}