{"id":4182,"date":"2023-06-05T08:31:00","date_gmt":"2023-06-05T07:31:00","guid":{"rendered":"https:\/\/www.yvar-bregeant.com\/inicio\/"},"modified":"2025-07-31T18:37:22","modified_gmt":"2025-07-31T17:37:22","slug":"inicio","status":"publish","type":"page","link":"https:\/\/www.yvar-bregeant.com\/pt-pt\/","title":{"rendered":"In\u00edcio"},"content":{"rendered":"\t\t<div data-elementor-type=\"wp-page\" data-elementor-id=\"4182\" class=\"elementor elementor-4182 elementor-108\" data-elementor-post-type=\"page\">\n\t\t\t\t<div class=\"elementor-element elementor-element-c6a8aaa e-flex e-con-boxed e-con e-parent\" data-id=\"c6a8aaa\" data-element_type=\"container\" data-e-type=\"container\">\n\t\t\t\t\t<div class=\"e-con-inner\">\n\t\t\t\t<div class=\"elementor-element elementor-element-e607dbe elementor-widget elementor-widget-spacer\" data-id=\"e607dbe\" data-element_type=\"widget\" data-e-type=\"widget\" data-widget_type=\"spacer.default\">\n\t\t\t\t<div class=\"elementor-widget-container\">\n\t\t\t\t\t\t\t<div class=\"elementor-spacer\">\n\t\t\t<div class=\"elementor-spacer-inner\"><\/div>\n\t\t<\/div>\n\t\t\t\t\t\t<\/div>\n\t\t\t\t<\/div>\n\t\t\t\t\t<\/div>\n\t\t\t\t<\/div>\n\t\t<div class=\"elementor-element elementor-element-43e9de6 e-con-full e-flex e-con e-parent\" data-id=\"43e9de6\" data-element_type=\"container\" data-e-type=\"container\" data-settings=\"{&quot;background_background&quot;:&quot;classic&quot;}\">\n\t\t<div class=\"elementor-element elementor-element-dd7913e e-con-full e-flex e-con e-child\" data-id=\"dd7913e\" data-element_type=\"container\" data-e-type=\"container\">\n\t\t\t\t<div class=\"elementor-element elementor-element-0e7bed8 elementor-widget elementor-widget-heading\" data-id=\"0e7bed8\" data-element_type=\"widget\" data-e-type=\"widget\" data-widget_type=\"heading.default\">\n\t\t\t\t<div class=\"elementor-widget-container\">\n\t\t\t\t\t<h1 class=\"elementor-heading-title elementor-size-default\">Yvar Bregeant<\/h1>\t\t\t\t<\/div>\n\t\t\t\t<\/div>\n\t\t\t\t<div class=\"elementor-element elementor-element-a88328c elementor-widget elementor-widget-heading\" data-id=\"a88328c\" data-element_type=\"widget\" data-e-type=\"widget\" data-widget_type=\"heading.default\">\n\t\t\t\t<div class=\"elementor-widget-container\">\n\t\t\t\t\t<h1 class=\"elementor-heading-title elementor-size-default\">A VERDADEIRA HIST\u00d3RIA DAS RELIGI\u00d5ES DA HUMANIDADE<\/h1>\t\t\t\t<\/div>\n\t\t\t\t<\/div>\n\t\t\t\t<\/div>\n\t\t\t\t<\/div>\n\t\t<div class=\"elementor-element elementor-element-6953bbe e-flex e-con-boxed e-con e-parent\" data-id=\"6953bbe\" data-element_type=\"container\" data-e-type=\"container\" data-settings=\"{&quot;background_background&quot;:&quot;classic&quot;}\">\n\t\t\t\t\t<div class=\"e-con-inner\">\n\t\t<div class=\"elementor-element elementor-element-9950ee2 e-con-full e-flex e-con e-child\" data-id=\"9950ee2\" data-element_type=\"container\" data-e-type=\"container\">\n\t\t\t\t<div class=\"elementor-element elementor-element-51ce514 elementor-widget elementor-widget-text-editor\" data-id=\"51ce514\" data-element_type=\"widget\" data-e-type=\"widget\" data-widget_type=\"text-editor.default\">\n\t\t\t\t<div class=\"elementor-widget-container\">\n\t\t\t\t\t\t\t\t\t<h3 style=\"text-align: center;\"><span style=\"color: #000000;\">V\u00e1 \u00e0 Origem das Religi\u00f5es da Humanidade!<\/span><\/h3><p>\u00a0<\/p><p><span style=\"color: #000000;\">Esta s\u00e9rie liter\u00e1ria prop\u00f5e uma <b>audaciosa explora\u00e7\u00e3o do homem e da religi\u00e3o<\/b>, gra\u00e7as a uma <b>abordagem lingu\u00edstica totalmente inovadora<\/b>.<\/span><\/p><p><span style=\"color: #000000;\">Descubra como:<\/span><\/p><ul><li><span style=\"color: #000000;\">As l\u00ednguas mais antigas (proto-sum\u00e9rio, sum\u00e9rio, hierogl\u00edfico eg\u00edpcio) e as mitologias que veiculam s\u00e3o uma <\/span><b style=\"color: #000000;\">heran\u00e7a direta da Pr\u00e9-hist\u00f3ria<\/b><span style=\"color: #000000;\">.<\/span><\/li><li><span style=\"color: #000000;\">Estas l\u00ednguas s\u00e3o a <b>chave da linguagem simb\u00f3lica<\/b> de todo o mito arcaico e da mitologia antiga.<\/span><\/li><li><span style=\"color: #000000;\">Este mito se recomp\u00f5e e a <strong>integralidade de sua linguagem simb\u00f3lica \u00e9 decifrada<\/strong> atrav\u00e9s dessas l\u00ednguas ancestrais.<\/span><\/li><\/ul><p>\u00a0<\/p><p><span style=\"color: #000000;\">Esta jornada liter\u00e1ria o(a) levar\u00e1 a compreender como o <b>relato do \u00c9den do G\u00eanesis b\u00edblico<\/b> se gravou profundamente na mem\u00f3ria da humanidade, na pr\u00f3pria etimologia dessas l\u00ednguas e na mitologia. Esta s\u00e9rie comparar\u00e1 o G\u00eanesis e a mitologia, esclarecendo suas profundas diverg\u00eancias na interpreta\u00e7\u00e3o dos mesmos eventos primordiais.<\/span><\/p><p>\u00a0<\/p><hr \/><h3>\u00a0<\/h3><h3 style=\"text-align: center;\"><span style=\"color: #000000;\">O Debate se Abre: A Historicidade do Relato B\u00edblico<\/span><\/h3><p>\u00a0<\/p><p><span style=\"color: #000000;\">Esta s\u00e9rie apresentar\u00e1 a voc\u00ea <b>provas lingu\u00edsticas<\/b>, extra\u00eddas da simbologia e mitologia comparada, que refutam as teses comumente aceitas por numerosos detratores do relato b\u00edblico (arqueologia, cientificismo, paganismo, gnose, esoterismo, Anunnaki&#8230;).<\/span><\/p><p><span style=\"color: #000000;\">Ela se dirige a todos: ateu, agn\u00f3stico ou crente.<\/span><\/p><p><span style=\"color: #000000;\">Ela o(a) colocar\u00e1 diante de uma escolha informada:<\/span><\/p><ul><li><span style=\"color: #000000;\">O G\u00eanesis b\u00edblico e a mitologia, embora contradit\u00f3rios em sua interpreta\u00e7\u00e3o, n\u00e3o narram <b>nossa pr\u00f3pria hist\u00f3ria<\/b>?<\/span><\/li><li><span style=\"color: #000000;\">S\u00e3o realmente apenas mitos?<\/span><\/li><li><span style=\"color: #000000;\">Como cada uma de suas vers\u00f5es <b>influenciou profundamente o mundo das religi\u00f5es<\/b> at\u00e9 hoje?<\/span><\/li><li><span style=\"color: #000000;\"><b>Qual das duas vers\u00f5es nos diz a verdade?<\/b><\/span><\/li><\/ul><p>\u00a0<\/p><p><span style=\"color: #000000;\">O objetivo desta s\u00e9rie \u00e9 ajud\u00e1-lo(a) a encontrar a resposta.<\/span><\/p>\t\t\t\t\t\t\t\t<\/div>\n\t\t\t\t<\/div>\n\t\t\t\t<div class=\"elementor-element elementor-element-a2da2d4 elementor-shape-rounded elementor-grid-0 e-grid-align-center elementor-widget elementor-widget-social-icons\" data-id=\"a2da2d4\" data-element_type=\"widget\" data-e-type=\"widget\" data-widget_type=\"social-icons.default\">\n\t\t\t\t<div class=\"elementor-widget-container\">\n\t\t\t\t\t\t\t<div class=\"elementor-social-icons-wrapper elementor-grid\" role=\"list\">\n\t\t\t\t\t\t\t<span class=\"elementor-grid-item\" role=\"listitem\">\n\t\t\t\t\t<a class=\"elementor-icon elementor-social-icon elementor-social-icon-facebook elementor-repeater-item-40aae29\" href=\"https:\/\/www.facebook.com\/profile.php?id=61553731625098\" target=\"_blank\">\n\t\t\t\t\t\t<span class=\"elementor-screen-only\">Facebook<\/span>\n\t\t\t\t\t\t<i aria-hidden=\"true\" class=\"fab fa-facebook\"><\/i>\t\t\t\t\t<\/a>\n\t\t\t\t<\/span>\n\t\t\t\t\t\t\t<span class=\"elementor-grid-item\" role=\"listitem\">\n\t\t\t\t\t<a class=\"elementor-icon elementor-social-icon elementor-social-icon-youtube elementor-repeater-item-04c1fda\" href=\"https:\/\/www.youtube.com\/channel\/UCghMOgQ5pn4mzwHvtYhrmnw\" target=\"_blank\">\n\t\t\t\t\t\t<span class=\"elementor-screen-only\">Youtube<\/span>\n\t\t\t\t\t\t<i aria-hidden=\"true\" class=\"fab fa-youtube\"><\/i>\t\t\t\t\t<\/a>\n\t\t\t\t<\/span>\n\t\t\t\t\t\t\t<span class=\"elementor-grid-item\" role=\"listitem\">\n\t\t\t\t\t<a class=\"elementor-icon elementor-social-icon elementor-social-icon-jki-newsletter-light elementor-repeater-item-b4f4397\" href=\"https:\/\/substack.com\/@yvarbregeant\" target=\"_blank\">\n\t\t\t\t\t\t<span class=\"elementor-screen-only\">Jki-newsletter-light<\/span>\n\t\t\t\t\t\t<i aria-hidden=\"true\" class=\"jki jki-newsletter-light\"><\/i>\t\t\t\t\t<\/a>\n\t\t\t\t<\/span>\n\t\t\t\t\t\t\t<span class=\"elementor-grid-item\" role=\"listitem\">\n\t\t\t\t\t<a class=\"elementor-icon elementor-social-icon elementor-social-icon-amazon elementor-repeater-item-3f546a4\" href=\"https:\/\/www.amazon.fr\/s?k=yvar+bregeant\" target=\"_blank\">\n\t\t\t\t\t\t<span class=\"elementor-screen-only\">Amazon<\/span>\n\t\t\t\t\t\t<i aria-hidden=\"true\" class=\"fab fa-amazon\"><\/i>\t\t\t\t\t<\/a>\n\t\t\t\t<\/span>\n\t\t\t\t\t\t\t<span class=\"elementor-grid-item\" role=\"listitem\">\n\t\t\t\t\t<a class=\"elementor-icon elementor-social-icon elementor-social-icon-instagram elementor-repeater-item-4bed607\" target=\"_blank\">\n\t\t\t\t\t\t<span class=\"elementor-screen-only\">Instagram<\/span>\n\t\t\t\t\t\t<i aria-hidden=\"true\" class=\"fab fa-instagram\"><\/i>\t\t\t\t\t<\/a>\n\t\t\t\t<\/span>\n\t\t\t\t\t<\/div>\n\t\t\t\t\t\t<\/div>\n\t\t\t\t<\/div>\n\t\t\t\t<div class=\"elementor-element elementor-element-20e22a1 elementor-widget elementor-widget-spacer\" data-id=\"20e22a1\" data-element_type=\"widget\" data-e-type=\"widget\" data-widget_type=\"spacer.default\">\n\t\t\t\t<div class=\"elementor-widget-container\">\n\t\t\t\t\t\t\t<div class=\"elementor-spacer\">\n\t\t\t<div class=\"elementor-spacer-inner\"><\/div>\n\t\t<\/div>\n\t\t\t\t\t\t<\/div>\n\t\t\t\t<\/div>\n\t\t\t\t<\/div>\n\t\t\t\t\t<\/div>\n\t\t\t\t<\/div>\n\t\t<div class=\"elementor-element elementor-element-40c423f e-flex e-con-boxed e-con e-parent\" data-id=\"40c423f\" data-element_type=\"container\" data-e-type=\"container\">\n\t\t\t\t\t<div class=\"e-con-inner\">\n\t\t\t\t<div class=\"elementor-element elementor-element-45d5ab6 elementor-widget elementor-widget-text-editor\" data-id=\"45d5ab6\" data-element_type=\"widget\" data-e-type=\"widget\" data-widget_type=\"text-editor.default\">\n\t\t\t\t<div class=\"elementor-widget-container\">\n\t\t\t\t\t\t\t\t\t<h3 style=\"text-align: center;\"><span style=\"color: #000000;\">Livros franceses<\/span><\/h3>\t\t\t\t\t\t\t\t<\/div>\n\t\t\t\t<\/div>\n\t\t\t\t<div class=\"elementor-element elementor-element-6626981 elementor-widget elementor-widget-text-editor\" data-id=\"6626981\" data-element_type=\"widget\" data-e-type=\"widget\" data-widget_type=\"text-editor.default\">\n\t\t\t\t<div class=\"elementor-widget-container\">\n\t\t\t\t\t\t\t\t\t<h6 style=\"text-align: center;\"><span style=\"color: #000000;\">(CLIQUE NO LIVRO DE SUA ESCOLHA PARA OBTER DETALHES COMPLETOS)<\/span><\/h6>\t\t\t\t\t\t\t\t<\/div>\n\t\t\t\t<\/div>\n\t\t\t\t\t<\/div>\n\t\t\t\t<\/div>\n\t\t<div class=\"elementor-element elementor-element-d99f5cd e-grid e-con-boxed e-con e-parent\" data-id=\"d99f5cd\" data-element_type=\"container\" data-e-type=\"container\">\n\t\t\t\t\t<div class=\"e-con-inner\">\n\t\t\t\t<div class=\"elementor-element elementor-element-c4ef21d elementor-widget elementor-widget-image\" data-id=\"c4ef21d\" data-element_type=\"widget\" data-e-type=\"widget\" data-widget_type=\"image.default\">\n\t\t\t\t<div class=\"elementor-widget-container\">\n\t\t\t\t\t\t\t\t\t\t\t\t\t\t\t\t<a href=\"https:\/\/www.yvar-bregeant.com\/pt-pt\/a-revelacao-do-genesis\/\" target=\"_blank\">\n\t\t\t\t\t\t\t<img decoding=\"async\" width=\"642\" height=\"1024\" src=\"https:\/\/www.yvar-bregeant.com\/wp-content\/uploads\/2024\/12\/Couverture-unifiee-Volume-1-Francais-vf-642x1024.png\" class=\"attachment-large size-large wp-image-37682\" alt=\"\" srcset=\"https:\/\/www.yvar-bregeant.com\/wp-content\/uploads\/2024\/12\/Couverture-unifiee-Volume-1-Francais-vf-642x1024.png 642w, https:\/\/www.yvar-bregeant.com\/wp-content\/uploads\/2024\/12\/Couverture-unifiee-Volume-1-Francais-vf-188x300.png 188w, https:\/\/www.yvar-bregeant.com\/wp-content\/uploads\/2024\/12\/Couverture-unifiee-Volume-1-Francais-vf-768x1226.png 768w, https:\/\/www.yvar-bregeant.com\/wp-content\/uploads\/2024\/12\/Couverture-unifiee-Volume-1-Francais-vf-963x1536.png 963w, https:\/\/www.yvar-bregeant.com\/wp-content\/uploads\/2024\/12\/Couverture-unifiee-Volume-1-Francais-vf-1283x2048.png 1283w, https:\/\/www.yvar-bregeant.com\/wp-content\/uploads\/2024\/12\/Couverture-unifiee-Volume-1-Francais-vf.png 1410w\" sizes=\"(max-width: 642px) 100vw, 642px\" \/>\t\t\t\t\t\t\t\t<\/a>\n\t\t\t\t\t\t\t\t\t\t\t\t\t\t\t<\/div>\n\t\t\t\t<\/div>\n\t\t\t\t<div class=\"elementor-element elementor-element-f65795c elementor-widget elementor-widget-image\" data-id=\"f65795c\" data-element_type=\"widget\" data-e-type=\"widget\" data-widget_type=\"image.default\">\n\t\t\t\t<div class=\"elementor-widget-container\">\n\t\t\t\t\t\t\t\t\t\t\t\t\t\t\t\t<a href=\"https:\/\/www.yvar-bregeant.com\/pt-pt\/decifrar-a-linguagem-das-grutas-2\/\" target=\"_blank\">\n\t\t\t\t\t\t\t<img decoding=\"async\" width=\"642\" height=\"1024\" src=\"https:\/\/www.yvar-bregeant.com\/wp-content\/uploads\/2024\/12\/VOLUME-2-LIVRE-1-LE-DECHIFFRAGE-DU-LANGAGE-DES-CAVERNES-FRANCAIS-VF1-642x1024.png\" class=\"attachment-large size-large wp-image-37692\" alt=\"\" srcset=\"https:\/\/www.yvar-bregeant.com\/wp-content\/uploads\/2024\/12\/VOLUME-2-LIVRE-1-LE-DECHIFFRAGE-DU-LANGAGE-DES-CAVERNES-FRANCAIS-VF1-642x1024.png 642w, https:\/\/www.yvar-bregeant.com\/wp-content\/uploads\/2024\/12\/VOLUME-2-LIVRE-1-LE-DECHIFFRAGE-DU-LANGAGE-DES-CAVERNES-FRANCAIS-VF1-188x300.png 188w, https:\/\/www.yvar-bregeant.com\/wp-content\/uploads\/2024\/12\/VOLUME-2-LIVRE-1-LE-DECHIFFRAGE-DU-LANGAGE-DES-CAVERNES-FRANCAIS-VF1-768x1226.png 768w, https:\/\/www.yvar-bregeant.com\/wp-content\/uploads\/2024\/12\/VOLUME-2-LIVRE-1-LE-DECHIFFRAGE-DU-LANGAGE-DES-CAVERNES-FRANCAIS-VF1-963x1536.png 963w, https:\/\/www.yvar-bregeant.com\/wp-content\/uploads\/2024\/12\/VOLUME-2-LIVRE-1-LE-DECHIFFRAGE-DU-LANGAGE-DES-CAVERNES-FRANCAIS-VF1-1283x2048.png 1283w, https:\/\/www.yvar-bregeant.com\/wp-content\/uploads\/2024\/12\/VOLUME-2-LIVRE-1-LE-DECHIFFRAGE-DU-LANGAGE-DES-CAVERNES-FRANCAIS-VF1.png 1410w\" sizes=\"(max-width: 642px) 100vw, 642px\" \/>\t\t\t\t\t\t\t\t<\/a>\n\t\t\t\t\t\t\t\t\t\t\t\t\t\t\t<\/div>\n\t\t\t\t<\/div>\n\t\t\t\t<div class=\"elementor-element elementor-element-c9c2325 elementor-widget elementor-widget-image\" data-id=\"c9c2325\" data-element_type=\"widget\" data-e-type=\"widget\" data-widget_type=\"image.default\">\n\t\t\t\t<div class=\"elementor-widget-container\">\n\t\t\t\t\t\t\t\t\t\t\t\t\t\t\t\t<a href=\"https:\/\/www.yvar-bregeant.com\/homo-sapiens-livre-2-de-dieu-a-adam\/\" target=\"_blank\">\n\t\t\t\t\t\t\t<img decoding=\"async\" width=\"642\" height=\"1024\" src=\"https:\/\/www.yvar-bregeant.com\/wp-content\/uploads\/2025\/07\/Champollion-FR-VF--642x1024.png\" class=\"attachment-large size-large wp-image-43591\" alt=\"\" srcset=\"https:\/\/www.yvar-bregeant.com\/wp-content\/uploads\/2025\/07\/Champollion-FR-VF--642x1024.png 642w, https:\/\/www.yvar-bregeant.com\/wp-content\/uploads\/2025\/07\/Champollion-FR-VF--188x300.png 188w, https:\/\/www.yvar-bregeant.com\/wp-content\/uploads\/2025\/07\/Champollion-FR-VF--768x1226.png 768w, https:\/\/www.yvar-bregeant.com\/wp-content\/uploads\/2025\/07\/Champollion-FR-VF--963x1536.png 963w, https:\/\/www.yvar-bregeant.com\/wp-content\/uploads\/2025\/07\/Champollion-FR-VF--1283x2048.png 1283w, https:\/\/www.yvar-bregeant.com\/wp-content\/uploads\/2025\/07\/Champollion-FR-VF-.png 1410w\" sizes=\"(max-width: 642px) 100vw, 642px\" \/>\t\t\t\t\t\t\t\t<\/a>\n\t\t\t\t\t\t\t\t\t\t\t\t\t\t\t<\/div>\n\t\t\t\t<\/div>\n\t\t\t\t\t<\/div>\n\t\t\t\t<\/div>\n\t\t<div class=\"elementor-element elementor-element-f90657d e-grid e-con-boxed e-con e-parent\" data-id=\"f90657d\" data-element_type=\"container\" data-e-type=\"container\">\n\t\t\t\t\t<div class=\"e-con-inner\">\n\t\t\t\t<div class=\"elementor-element elementor-element-cf4bb1b elementor-widget elementor-widget-image\" data-id=\"cf4bb1b\" data-element_type=\"widget\" data-e-type=\"widget\" data-widget_type=\"image.default\">\n\t\t\t\t<div class=\"elementor-widget-container\">\n\t\t\t\t\t\t\t\t\t\t\t\t\t\t\t\t<a href=\"https:\/\/www.yvar-bregeant.com\/pt-pt\/a-mao-e-seus-simbolos-a-deusa-mae-sacrificadora-e-regeneradora\/\" target=\"_blank\">\n\t\t\t\t\t\t\t<img decoding=\"async\" width=\"642\" height=\"1024\" src=\"https:\/\/www.yvar-bregeant.com\/wp-content\/uploads\/2024\/12\/Couverture-2-Francais-VF-642x1024.png\" class=\"attachment-large size-large wp-image-37712\" alt=\"\" srcset=\"https:\/\/www.yvar-bregeant.com\/wp-content\/uploads\/2024\/12\/Couverture-2-Francais-VF-642x1024.png 642w, https:\/\/www.yvar-bregeant.com\/wp-content\/uploads\/2024\/12\/Couverture-2-Francais-VF-188x300.png 188w, https:\/\/www.yvar-bregeant.com\/wp-content\/uploads\/2024\/12\/Couverture-2-Francais-VF-768x1226.png 768w, https:\/\/www.yvar-bregeant.com\/wp-content\/uploads\/2024\/12\/Couverture-2-Francais-VF-963x1536.png 963w, https:\/\/www.yvar-bregeant.com\/wp-content\/uploads\/2024\/12\/Couverture-2-Francais-VF-1283x2048.png 1283w, https:\/\/www.yvar-bregeant.com\/wp-content\/uploads\/2024\/12\/Couverture-2-Francais-VF.png 1410w\" sizes=\"(max-width: 642px) 100vw, 642px\" \/>\t\t\t\t\t\t\t\t<\/a>\n\t\t\t\t\t\t\t\t\t\t\t\t\t\t\t<\/div>\n\t\t\t\t<\/div>\n\t\t\t\t<div class=\"elementor-element elementor-element-7b03b0c elementor-widget elementor-widget-image\" data-id=\"7b03b0c\" data-element_type=\"widget\" data-e-type=\"widget\" data-widget_type=\"image.default\">\n\t\t\t\t<div class=\"elementor-widget-container\">\n\t\t\t\t\t\t\t\t\t\t\t\t\t\t\t\t<a href=\"https:\/\/www.yvar-bregeant.com\/symboles-mythologiques-primordiaux-dieu-cosmos-homme-naissance-mort-renaissance\/\" target=\"_blank\">\n\t\t\t\t\t\t\t<img decoding=\"async\" width=\"642\" height=\"1024\" src=\"https:\/\/www.yvar-bregeant.com\/wp-content\/uploads\/2025\/05\/Couverture-Vol-3-Livre-2-les-symboles-primordiaux-642x1024.png\" class=\"attachment-large size-large wp-image-41330\" alt=\"\" srcset=\"https:\/\/www.yvar-bregeant.com\/wp-content\/uploads\/2025\/05\/Couverture-Vol-3-Livre-2-les-symboles-primordiaux-642x1024.png 642w, https:\/\/www.yvar-bregeant.com\/wp-content\/uploads\/2025\/05\/Couverture-Vol-3-Livre-2-les-symboles-primordiaux-188x300.png 188w, https:\/\/www.yvar-bregeant.com\/wp-content\/uploads\/2025\/05\/Couverture-Vol-3-Livre-2-les-symboles-primordiaux-768x1226.png 768w, https:\/\/www.yvar-bregeant.com\/wp-content\/uploads\/2025\/05\/Couverture-Vol-3-Livre-2-les-symboles-primordiaux-963x1536.png 963w, https:\/\/www.yvar-bregeant.com\/wp-content\/uploads\/2025\/05\/Couverture-Vol-3-Livre-2-les-symboles-primordiaux-1283x2048.png 1283w, https:\/\/www.yvar-bregeant.com\/wp-content\/uploads\/2025\/05\/Couverture-Vol-3-Livre-2-les-symboles-primordiaux.png 1410w\" sizes=\"(max-width: 642px) 100vw, 642px\" \/>\t\t\t\t\t\t\t\t<\/a>\n\t\t\t\t\t\t\t\t\t\t\t\t\t\t\t<\/div>\n\t\t\t\t<\/div>\n\t\t\t\t<div class=\"elementor-element elementor-element-6b1c2ab elementor-widget elementor-widget-image\" data-id=\"6b1c2ab\" data-element_type=\"widget\" data-e-type=\"widget\" data-widget_type=\"image.default\">\n\t\t\t\t<div class=\"elementor-widget-container\">\n\t\t\t\t\t\t\t\t\t\t\t\t\t\t\t\t<a href=\"https:\/\/www.yvar-bregeant.com\/les-temples-megalithiques-de-malte-gobekli-tepe-et-stonehenge\/\" target=\"_blank\">\n\t\t\t\t\t\t\t<img decoding=\"async\" width=\"642\" height=\"1024\" src=\"https:\/\/www.yvar-bregeant.com\/wp-content\/uploads\/2024\/12\/Volume-6-Livre-2-Malte-Gobekli-Stonehenge-Francais-VF1-642x1024.png\" class=\"attachment-large size-large wp-image-37702\" alt=\"\" srcset=\"https:\/\/www.yvar-bregeant.com\/wp-content\/uploads\/2024\/12\/Volume-6-Livre-2-Malte-Gobekli-Stonehenge-Francais-VF1-642x1024.png 642w, https:\/\/www.yvar-bregeant.com\/wp-content\/uploads\/2024\/12\/Volume-6-Livre-2-Malte-Gobekli-Stonehenge-Francais-VF1-188x300.png 188w, https:\/\/www.yvar-bregeant.com\/wp-content\/uploads\/2024\/12\/Volume-6-Livre-2-Malte-Gobekli-Stonehenge-Francais-VF1-768x1226.png 768w, https:\/\/www.yvar-bregeant.com\/wp-content\/uploads\/2024\/12\/Volume-6-Livre-2-Malte-Gobekli-Stonehenge-Francais-VF1-963x1536.png 963w, https:\/\/www.yvar-bregeant.com\/wp-content\/uploads\/2024\/12\/Volume-6-Livre-2-Malte-Gobekli-Stonehenge-Francais-VF1-1283x2048.png 1283w, https:\/\/www.yvar-bregeant.com\/wp-content\/uploads\/2024\/12\/Volume-6-Livre-2-Malte-Gobekli-Stonehenge-Francais-VF1.png 1410w\" sizes=\"(max-width: 642px) 100vw, 642px\" \/>\t\t\t\t\t\t\t\t<\/a>\n\t\t\t\t\t\t\t\t\t\t\t\t\t\t\t<\/div>\n\t\t\t\t<\/div>\n\t\t\t\t\t<\/div>\n\t\t\t\t<\/div>\n\t\t<div class=\"elementor-element elementor-element-ea59a8c e-flex e-con-boxed e-con e-parent\" data-id=\"ea59a8c\" data-element_type=\"container\" data-e-type=\"container\">\n\t\t\t\t\t<div class=\"e-con-inner\">\n\t\t<div class=\"elementor-element elementor-element-39d4162 e-con-full e-flex e-con e-child\" data-id=\"39d4162\" data-element_type=\"container\" data-e-type=\"container\">\n\t\t\t\t<div class=\"elementor-element elementor-element-0247310 elementor-widget elementor-widget-text-editor\" data-id=\"0247310\" data-element_type=\"widget\" data-e-type=\"widget\" data-widget_type=\"text-editor.default\">\n\t\t\t\t<div class=\"elementor-widget-container\">\n\t\t\t\t\t\t\t\t\t<h3 style=\"text-align: center;\"><span style=\"color: #000000;\">V\u00eddeos do YouTube<\/span><\/h3>\t\t\t\t\t\t\t\t<\/div>\n\t\t\t\t<\/div>\n\t\t\t\t<\/div>\n\t\t\t\t<div class=\"elementor-element elementor-element-a93c4b6 elementor-widget-mobile__width-initial e-tabs-view-vertical elementor-layout-end elementor-widget elementor-widget-video-playlist\" data-id=\"a93c4b6\" data-element_type=\"widget\" data-e-type=\"widget\" data-settings=\"{&quot;playlist_title&quot;:&quot;Lista de leitura&quot;,&quot;tabs&quot;:[{&quot;title&quot;:&quot;Satan\\u00e1s, o deus oculto da Sum\\u00e9ria e do Egito&quot;,&quot;youtube_url&quot;:&quot;https:\\\/\\\/youtu.be\\\/uZkVVW49Kfc&quot;,&quot;duration&quot;:&quot;22:54&quot;,&quot;thumbnail&quot;:{&quot;url&quot;:&quot;https:\\\/\\\/img.youtube.com\\\/vi\\\/XHOmBV4js_E\\\/maxresdefault.jpg&quot;,&quot;id&quot;:&quot;&quot;,&quot;size&quot;:&quot;&quot;},&quot;_id&quot;:&quot;bd866c0&quot;,&quot;vimeo_url&quot;:null,&quot;inner_tab_content_1&quot;:null,&quot;index&quot;:0,&quot;type&quot;:&quot;youtube&quot;,&quot;is_external_url&quot;:null,&quot;hosted_url&quot;:null,&quot;external_url&quot;:null,&quot;section_html_tag&quot;:null,&quot;video_html_tag&quot;:&quot;h4&quot;,&quot;inner_tab_is_content_visible&quot;:&quot;&quot;,&quot;inner_tab_content_2&quot;:null},{&quot;_id&quot;:&quot;5dbdcbc&quot;,&quot;youtube_url&quot;:&quot;https:\\\/\\\/youtu.be\\\/YToahLXtZOs&quot;,&quot;vimeo_url&quot;:null,&quot;title&quot;:&quot;A B\\u00edblia versus a mitologia&quot;,&quot;duration&quot;:&quot;13:15&quot;,&quot;inner_tab_content_1&quot;:null,&quot;index&quot;:1,&quot;type&quot;:&quot;youtube&quot;,&quot;is_external_url&quot;:null,&quot;hosted_url&quot;:null,&quot;external_url&quot;:null,&quot;section_html_tag&quot;:null,&quot;video_html_tag&quot;:&quot;h4&quot;,&quot;thumbnail&quot;:{&quot;url&quot;:&quot;https:\\\/\\\/www.yvar-bregeant.com\\\/wp-content\\\/plugins\\\/elementor\\\/assets\\\/images\\\/placeholder.png&quot;,&quot;id&quot;:&quot;&quot;,&quot;size&quot;:&quot;&quot;},&quot;inner_tab_is_content_visible&quot;:&quot;&quot;,&quot;inner_tab_content_2&quot;:null},{&quot;_id&quot;:&quot;9c6f557&quot;,&quot;youtube_url&quot;:&quot;https:\\\/\\\/youtu.be\\\/4dYuybEic5Y&quot;,&quot;vimeo_url&quot;:null,&quot;title&quot;:&quot;Ad\\u00e3o, o deus auroque da caverna de Lascaux Parte II&quot;,&quot;duration&quot;:&quot;26:13&quot;,&quot;inner_tab_content_1&quot;:null,&quot;index&quot;:2,&quot;type&quot;:&quot;youtube&quot;,&quot;is_external_url&quot;:null,&quot;hosted_url&quot;:null,&quot;external_url&quot;:null,&quot;section_html_tag&quot;:null,&quot;video_html_tag&quot;:&quot;h4&quot;,&quot;thumbnail&quot;:{&quot;url&quot;:&quot;https:\\\/\\\/www.yvar-bregeant.com\\\/wp-content\\\/plugins\\\/elementor\\\/assets\\\/images\\\/placeholder.png&quot;,&quot;id&quot;:&quot;&quot;,&quot;size&quot;:&quot;&quot;},&quot;inner_tab_is_content_visible&quot;:&quot;&quot;,&quot;inner_tab_content_2&quot;:null},{&quot;title&quot;:&quot;Decifrando dois afrescos na caverna de Marsoulas&quot;,&quot;youtube_url&quot;:&quot;https:\\\/\\\/youtu.be\\\/1J_wMzx0rR4&quot;,&quot;duration&quot;:&quot;41:51&quot;,&quot;thumbnail&quot;:{&quot;url&quot;:&quot;https:\\\/\\\/img.youtube.com\\\/vi\\\/XHOmBV4js_E\\\/maxresdefault.jpg&quot;,&quot;id&quot;:&quot;&quot;,&quot;size&quot;:&quot;&quot;},&quot;_id&quot;:&quot;11fb9ca&quot;,&quot;vimeo_url&quot;:null,&quot;inner_tab_content_1&quot;:null,&quot;index&quot;:3,&quot;type&quot;:&quot;youtube&quot;,&quot;is_external_url&quot;:null,&quot;hosted_url&quot;:null,&quot;external_url&quot;:null,&quot;section_html_tag&quot;:null,&quot;video_html_tag&quot;:&quot;h4&quot;,&quot;inner_tab_is_content_visible&quot;:&quot;&quot;,&quot;inner_tab_content_2&quot;:null},{&quot;_id&quot;:&quot;605a572&quot;,&quot;youtube_url&quot;:&quot;https:\\\/\\\/youtu.be\\\/M62JVWFSN2Y&quot;,&quot;vimeo_url&quot;:null,&quot;title&quot;:&quot;Ad\\u00e3o, o deus auroque da caverna de Lascaux Parte I &quot;,&quot;duration&quot;:&quot;21:17&quot;,&quot;inner_tab_content_1&quot;:null,&quot;index&quot;:4,&quot;type&quot;:&quot;youtube&quot;,&quot;is_external_url&quot;:null,&quot;hosted_url&quot;:null,&quot;external_url&quot;:null,&quot;section_html_tag&quot;:null,&quot;video_html_tag&quot;:&quot;h4&quot;,&quot;thumbnail&quot;:{&quot;url&quot;:&quot;https:\\\/\\\/www.yvar-bregeant.com\\\/wp-content\\\/plugins\\\/elementor\\\/assets\\\/images\\\/placeholder.png&quot;,&quot;id&quot;:&quot;&quot;,&quot;size&quot;:&quot;&quot;},&quot;inner_tab_is_content_visible&quot;:&quot;&quot;,&quot;inner_tab_content_2&quot;:null},{&quot;title&quot;:&quot;O simbolismo do falo na religi\\u00e3o mitol\\u00f3gica&quot;,&quot;youtube_url&quot;:&quot;https:\\\/\\\/youtu.be\\\/1dT8WNgZ830&quot;,&quot;duration&quot;:&quot;11:07&quot;,&quot;thumbnail&quot;:{&quot;url&quot;:&quot;https:\\\/\\\/img.youtube.com\\\/vi\\\/XHOmBV4js_E\\\/maxresdefault.jpg&quot;,&quot;id&quot;:&quot;&quot;,&quot;size&quot;:&quot;&quot;},&quot;_id&quot;:&quot;6b16bd8&quot;,&quot;vimeo_url&quot;:null,&quot;inner_tab_content_1&quot;:null,&quot;index&quot;:5,&quot;type&quot;:&quot;youtube&quot;,&quot;is_external_url&quot;:null,&quot;hosted_url&quot;:null,&quot;external_url&quot;:null,&quot;section_html_tag&quot;:null,&quot;video_html_tag&quot;:&quot;h4&quot;,&quot;inner_tab_is_content_visible&quot;:&quot;&quot;,&quot;inner_tab_content_2&quot;:null}],&quot;inner_tab_title_1&quot;:&quot;Aba 1&quot;,&quot;inner_tab_title_2&quot;:&quot;Aba 2&quot;}\" data-widget_type=\"video-playlist.default\">\n\t\t\t\t<div class=\"elementor-widget-container\">\n\t\t\t\t\t\n\t\t<div class=\"e-tabs\" role=\"region\" aria-labelledby=\"e-playlist-a93c4b6\">\n\t\t\t<div class=\"e-tabs-main-area\">\n\t\t\t\t<div class=\"e-tabs-wrapper\">\n\t\t\t\t\t<div class=\"e-tabs-header\">\n\t\t\t\t\t\t<h2 class=\"e-tabs-title\" id=\"e-playlist-a93c4b6\">Lista de leitura<\/h2>\n\t\t\t\t\t\t<div class=\"e-tabs-header-right-side\">\n\t\t\t\t\t\t\t\t\t\t\t\t\t\t\t<span class=\"e-tabs-videos-count\">6 Videos<\/span>\n\t\t\t\t\t\t\t\t\t\t\t\t\t\t<i aria-hidden=\"true\" class=\"e-tabs-toggle-videos-display-button rotate-down eicon-caret-down\"><\/i>\t\t\t\t\t\t<\/div>\n\t\t\t\t\t<\/div>\n\t\t\t\t\t<div class=\"e-tabs-items-wrapper\">\n\t\t\t\t\t\t<div class=\"e-tabs-items\" role=\"tablist\">\n\t\t\t\t\t\t\t\t\t\t\t\t\t\t\t\t\t\t\t\t\t\t\t\t<div id=\"e-tab-title-1771\" class=\"e-tab-title e-tab-desktop-title\" aria-selected=\"true\" data-tab=\"1\" role=\"tab\" tabindex=\"0\" aria-controls=\"e-tab-content-1771\">\n\t\t\t\t\t\t\t\t\t\t\t\t\t\t\t\t\t\t\t\t\t<div class=\"e-tab-thumbnail\">\n\t\t\t\t\t\t\t\t\t\t\t\t\t\t\t\t\t\t\t\t\t\t\t\t\t<img decoding=\"async\" src=\"https:\/\/img.youtube.com\/vi\/XHOmBV4js_E\/maxresdefault.jpg\" alt=\"Satan\u00e1s, o deus oculto da Sum\u00e9ria e do Egito\" loading=\"lazy\" \/>\n\t\t\t\t\t\t\t\t\t\t\t\t\t\t\t\t\t\t\t\t\t\t\t\t<span class=\"icon-play\"><i aria-hidden=\"true\" class=\"fas fa-play-circle\"><\/i><\/span>\n\t\t\t\t\t\t\t\t\t\t\t\t<span class=\"icon-watched\"><i aria-hidden=\"true\" class=\"fas fa-check-circle\"><\/i><\/span>\n\t\t\t\t\t\t\t\t\t\t\t<\/div>\n\t\t\t\t\t\t\t\t\t\t\t\t\t\t\t\t\t\t\t\t<h4 class=\"e-tab-title-text\">\n\t\t\t\t\t\t\t\t\t\t\t<button type=\"button\">Satan\u00e1s, o deus oculto da Sum\u00e9ria e do Egito<\/button>\n\t\t\t\t\t\t\t\t\t\t<\/h4>\n\t\t\t\t\t\t\t\t\t\t\t\t\t\t\t\t\t\t\t\t\t<span class=\"e-tab-duration\">22:54<\/span>\n\t\t\t\t\t\t\t\t\t\t\t\t\t\t\t\t\t\t\t<\/div>\n\t\t\t\t\t\t\t\t\t\t\t\t\t\t\t\t\t\t\t\t\t\t\t\t\t\t\t\t\t\t\t\t<div id=\"e-tab-title-1772\" class=\"e-tab-title e-tab-desktop-title\" aria-selected=\"false\" data-tab=\"2\" role=\"tab\" tabindex=\"-1\" aria-controls=\"e-tab-content-1772\">\n\t\t\t\t\t\t\t\t\t\t\t\t\t\t\t\t\t\t\t\t\t<div class=\"e-tab-thumbnail\">\n\t\t\t\t\t\t\t\t\t\t\t\t\t\t\t\t\t\t\t\t\t\t\t\t\t<img decoding=\"async\" src=\"https:\/\/www.yvar-bregeant.com\/wp-content\/plugins\/elementor\/assets\/images\/placeholder.png\" alt=\"A B\u00edblia versus a mitologia\" loading=\"lazy\" \/>\n\t\t\t\t\t\t\t\t\t\t\t\t\t\t\t\t\t\t\t\t\t\t\t\t<span class=\"icon-play\"><i aria-hidden=\"true\" class=\"fas fa-play-circle\"><\/i><\/span>\n\t\t\t\t\t\t\t\t\t\t\t\t<span class=\"icon-watched\"><i aria-hidden=\"true\" class=\"fas fa-check-circle\"><\/i><\/span>\n\t\t\t\t\t\t\t\t\t\t\t<\/div>\n\t\t\t\t\t\t\t\t\t\t\t\t\t\t\t\t\t\t\t\t<h4 class=\"e-tab-title-text\">\n\t\t\t\t\t\t\t\t\t\t\t<button type=\"button\">A B\u00edblia versus a mitologia<\/button>\n\t\t\t\t\t\t\t\t\t\t<\/h4>\n\t\t\t\t\t\t\t\t\t\t\t\t\t\t\t\t\t\t\t\t\t<span class=\"e-tab-duration\">13:15<\/span>\n\t\t\t\t\t\t\t\t\t\t\t\t\t\t\t\t\t\t\t<\/div>\n\t\t\t\t\t\t\t\t\t\t\t\t\t\t\t\t\t\t\t\t\t\t\t\t\t\t\t\t\t\t\t\t<div id=\"e-tab-title-1773\" class=\"e-tab-title e-tab-desktop-title\" aria-selected=\"false\" data-tab=\"3\" role=\"tab\" tabindex=\"-1\" aria-controls=\"e-tab-content-1773\">\n\t\t\t\t\t\t\t\t\t\t\t\t\t\t\t\t\t\t\t\t\t<div class=\"e-tab-thumbnail\">\n\t\t\t\t\t\t\t\t\t\t\t\t\t\t\t\t\t\t\t\t\t\t\t\t\t<img decoding=\"async\" src=\"https:\/\/www.yvar-bregeant.com\/wp-content\/plugins\/elementor\/assets\/images\/placeholder.png\" alt=\"Ad\u00e3o, o deus auroque da caverna de Lascaux Parte II\" loading=\"lazy\" \/>\n\t\t\t\t\t\t\t\t\t\t\t\t\t\t\t\t\t\t\t\t\t\t\t\t<span class=\"icon-play\"><i aria-hidden=\"true\" class=\"fas fa-play-circle\"><\/i><\/span>\n\t\t\t\t\t\t\t\t\t\t\t\t<span class=\"icon-watched\"><i aria-hidden=\"true\" class=\"fas fa-check-circle\"><\/i><\/span>\n\t\t\t\t\t\t\t\t\t\t\t<\/div>\n\t\t\t\t\t\t\t\t\t\t\t\t\t\t\t\t\t\t\t\t<h4 class=\"e-tab-title-text\">\n\t\t\t\t\t\t\t\t\t\t\t<button type=\"button\">Ad\u00e3o, o deus auroque da caverna de Lascaux Parte II<\/button>\n\t\t\t\t\t\t\t\t\t\t<\/h4>\n\t\t\t\t\t\t\t\t\t\t\t\t\t\t\t\t\t\t\t\t\t<span class=\"e-tab-duration\">26:13<\/span>\n\t\t\t\t\t\t\t\t\t\t\t\t\t\t\t\t\t\t\t<\/div>\n\t\t\t\t\t\t\t\t\t\t\t\t\t\t\t\t\t\t\t\t\t\t\t\t\t\t\t\t\t\t\t\t<div id=\"e-tab-title-1774\" class=\"e-tab-title e-tab-desktop-title\" aria-selected=\"false\" data-tab=\"4\" role=\"tab\" tabindex=\"-1\" aria-controls=\"e-tab-content-1774\">\n\t\t\t\t\t\t\t\t\t\t\t\t\t\t\t\t\t\t\t\t\t<div class=\"e-tab-thumbnail\">\n\t\t\t\t\t\t\t\t\t\t\t\t\t\t\t\t\t\t\t\t\t\t\t\t\t<img decoding=\"async\" src=\"https:\/\/img.youtube.com\/vi\/XHOmBV4js_E\/maxresdefault.jpg\" alt=\"Decifrando dois afrescos na caverna de Marsoulas\" loading=\"lazy\" \/>\n\t\t\t\t\t\t\t\t\t\t\t\t\t\t\t\t\t\t\t\t\t\t\t\t<span class=\"icon-play\"><i aria-hidden=\"true\" class=\"fas fa-play-circle\"><\/i><\/span>\n\t\t\t\t\t\t\t\t\t\t\t\t<span class=\"icon-watched\"><i aria-hidden=\"true\" class=\"fas fa-check-circle\"><\/i><\/span>\n\t\t\t\t\t\t\t\t\t\t\t<\/div>\n\t\t\t\t\t\t\t\t\t\t\t\t\t\t\t\t\t\t\t\t<h4 class=\"e-tab-title-text\">\n\t\t\t\t\t\t\t\t\t\t\t<button type=\"button\">Decifrando dois afrescos na caverna de Marsoulas<\/button>\n\t\t\t\t\t\t\t\t\t\t<\/h4>\n\t\t\t\t\t\t\t\t\t\t\t\t\t\t\t\t\t\t\t\t\t<span class=\"e-tab-duration\">41:51<\/span>\n\t\t\t\t\t\t\t\t\t\t\t\t\t\t\t\t\t\t\t<\/div>\n\t\t\t\t\t\t\t\t\t\t\t\t\t\t\t\t\t\t\t\t\t\t\t\t\t\t\t\t\t\t\t\t<div id=\"e-tab-title-1775\" class=\"e-tab-title e-tab-desktop-title\" aria-selected=\"false\" data-tab=\"5\" role=\"tab\" tabindex=\"-1\" aria-controls=\"e-tab-content-1775\">\n\t\t\t\t\t\t\t\t\t\t\t\t\t\t\t\t\t\t\t\t\t<div class=\"e-tab-thumbnail\">\n\t\t\t\t\t\t\t\t\t\t\t\t\t\t\t\t\t\t\t\t\t\t\t\t\t<img decoding=\"async\" src=\"https:\/\/www.yvar-bregeant.com\/wp-content\/plugins\/elementor\/assets\/images\/placeholder.png\" alt=\"Ad\u00e3o, o deus auroque da caverna de Lascaux Parte I \" loading=\"lazy\" \/>\n\t\t\t\t\t\t\t\t\t\t\t\t\t\t\t\t\t\t\t\t\t\t\t\t<span class=\"icon-play\"><i aria-hidden=\"true\" class=\"fas fa-play-circle\"><\/i><\/span>\n\t\t\t\t\t\t\t\t\t\t\t\t<span class=\"icon-watched\"><i aria-hidden=\"true\" class=\"fas fa-check-circle\"><\/i><\/span>\n\t\t\t\t\t\t\t\t\t\t\t<\/div>\n\t\t\t\t\t\t\t\t\t\t\t\t\t\t\t\t\t\t\t\t<h4 class=\"e-tab-title-text\">\n\t\t\t\t\t\t\t\t\t\t\t<button type=\"button\">Ad\u00e3o, o deus auroque da caverna de Lascaux Parte I <\/button>\n\t\t\t\t\t\t\t\t\t\t<\/h4>\n\t\t\t\t\t\t\t\t\t\t\t\t\t\t\t\t\t\t\t\t\t<span class=\"e-tab-duration\">21:17<\/span>\n\t\t\t\t\t\t\t\t\t\t\t\t\t\t\t\t\t\t\t<\/div>\n\t\t\t\t\t\t\t\t\t\t\t\t\t\t\t\t\t\t\t\t\t\t\t\t\t\t\t\t\t\t\t\t<div id=\"e-tab-title-1776\" class=\"e-tab-title e-tab-desktop-title\" aria-selected=\"false\" data-tab=\"6\" role=\"tab\" tabindex=\"-1\" aria-controls=\"e-tab-content-1776\">\n\t\t\t\t\t\t\t\t\t\t\t\t\t\t\t\t\t\t\t\t\t<div class=\"e-tab-thumbnail\">\n\t\t\t\t\t\t\t\t\t\t\t\t\t\t\t\t\t\t\t\t\t\t\t\t\t<img decoding=\"async\" src=\"https:\/\/img.youtube.com\/vi\/XHOmBV4js_E\/maxresdefault.jpg\" alt=\"O simbolismo do falo na religi\u00e3o mitol\u00f3gica\" loading=\"lazy\" \/>\n\t\t\t\t\t\t\t\t\t\t\t\t\t\t\t\t\t\t\t\t\t\t\t\t<span class=\"icon-play\"><i aria-hidden=\"true\" class=\"fas fa-play-circle\"><\/i><\/span>\n\t\t\t\t\t\t\t\t\t\t\t\t<span class=\"icon-watched\"><i aria-hidden=\"true\" class=\"fas fa-check-circle\"><\/i><\/span>\n\t\t\t\t\t\t\t\t\t\t\t<\/div>\n\t\t\t\t\t\t\t\t\t\t\t\t\t\t\t\t\t\t\t\t<h4 class=\"e-tab-title-text\">\n\t\t\t\t\t\t\t\t\t\t\t<button type=\"button\">O simbolismo do falo na religi\u00e3o mitol\u00f3gica<\/button>\n\t\t\t\t\t\t\t\t\t\t<\/h4>\n\t\t\t\t\t\t\t\t\t\t\t\t\t\t\t\t\t\t\t\t\t<span class=\"e-tab-duration\">11:07<\/span>\n\t\t\t\t\t\t\t\t\t\t\t\t\t\t\t\t\t\t\t<\/div>\n\t\t\t\t\t\t\t\t\t\t\t\t\t\t\t\t\t\t\t\t\t<\/div>\n\t\t\t\t\t\t<div class=\"shadow shadow-top\" aria-hidden=\"true\"><\/div>\n\t\t\t\t\t\t<div class=\"shadow shadow-bottom\" aria-hidden=\"true\"><\/div>\n\t\t\t\t\t<\/div>\n\t\t\t\t<\/div>\n\n\t\t\t\t<div class=\"e-tabs-content-wrapper\" role=\"tablist\" aria-orientation=\"vertical\">\n\t\t\t\t\t\t\t\t\t\t\t<div id=\"e-tab-content-1771\" class=\"e-tab-content elementor-clearfix\" data-tab=\"1\" role=\"tabpanel\" aria-labelledby=\"e-tab-title-1771\" tabindex=\"0\" data-video-url=\"https:\/\/youtu.be\/uZkVVW49Kfc\" data-video-type=\"youtube\" data-video-title=\"Satan\u00e1s, o deus oculto da Sum\u00e9ria e do Egito\" data-video-duration=\"22:54\">\n\t\t\t\t\t\t\t<div><\/div>\n\t\t\t\t\t\t\t\t\t\t\t\t\t<\/div>\n\t\t\t\t\t\t\t\t\t\t\t<div id=\"e-tab-content-1772\" class=\"e-tab-content elementor-clearfix\" data-tab=\"2\" role=\"tabpanel\" aria-labelledby=\"e-tab-title-1772\" tabindex=\"0\" data-video-url=\"https:\/\/youtu.be\/YToahLXtZOs\" data-video-type=\"youtube\" data-video-title=\"A B\u00edblia versus a mitologia\" data-video-duration=\"13:15\" hidden=\"hidden\">\n\t\t\t\t\t\t\t<div><\/div>\n\t\t\t\t\t\t\t\t\t\t\t\t\t<\/div>\n\t\t\t\t\t\t\t\t\t\t\t<div id=\"e-tab-content-1773\" class=\"e-tab-content elementor-clearfix\" data-tab=\"3\" role=\"tabpanel\" aria-labelledby=\"e-tab-title-1773\" tabindex=\"0\" data-video-url=\"https:\/\/youtu.be\/4dYuybEic5Y\" data-video-type=\"youtube\" data-video-title=\"Ad\u00e3o, o deus auroque da caverna de Lascaux Parte II\" data-video-duration=\"26:13\" hidden=\"hidden\">\n\t\t\t\t\t\t\t<div><\/div>\n\t\t\t\t\t\t\t\t\t\t\t\t\t<\/div>\n\t\t\t\t\t\t\t\t\t\t\t<div id=\"e-tab-content-1774\" class=\"e-tab-content elementor-clearfix\" data-tab=\"4\" role=\"tabpanel\" aria-labelledby=\"e-tab-title-1774\" tabindex=\"0\" data-video-url=\"https:\/\/youtu.be\/1J_wMzx0rR4\" data-video-type=\"youtube\" data-video-title=\"Decifrando dois afrescos na caverna de Marsoulas\" data-video-duration=\"41:51\" hidden=\"hidden\">\n\t\t\t\t\t\t\t<div><\/div>\n\t\t\t\t\t\t\t\t\t\t\t\t\t<\/div>\n\t\t\t\t\t\t\t\t\t\t\t<div id=\"e-tab-content-1775\" class=\"e-tab-content elementor-clearfix\" data-tab=\"5\" role=\"tabpanel\" aria-labelledby=\"e-tab-title-1775\" tabindex=\"0\" data-video-url=\"https:\/\/youtu.be\/M62JVWFSN2Y\" data-video-type=\"youtube\" data-video-title=\"Ad\u00e3o, o deus auroque da caverna de Lascaux Parte I \" data-video-duration=\"21:17\" hidden=\"hidden\">\n\t\t\t\t\t\t\t<div><\/div>\n\t\t\t\t\t\t\t\t\t\t\t\t\t<\/div>\n\t\t\t\t\t\t\t\t\t\t\t<div id=\"e-tab-content-1776\" class=\"e-tab-content elementor-clearfix\" data-tab=\"6\" role=\"tabpanel\" aria-labelledby=\"e-tab-title-1776\" tabindex=\"0\" data-video-url=\"https:\/\/youtu.be\/1dT8WNgZ830\" data-video-type=\"youtube\" data-video-title=\"O simbolismo do falo na religi\u00e3o mitol\u00f3gica\" data-video-duration=\"11:07\" hidden=\"hidden\">\n\t\t\t\t\t\t\t<div><\/div>\n\t\t\t\t\t\t\t\t\t\t\t\t\t<\/div>\n\t\t\t\t\t\t\t\t\t<\/div>\n\t\t\t<\/div>\n\n\t\t\t<div class=\"e-tabs-inner-tabs\" >\n\t\t\t\t\t\t\t\t\t\t\t\t\t\t\t\t\t\t\t\t\t\t\t\t\t\t\t\t\t\t\t\t\t\t\t\t\t\t\t\t\t\t\t\t\t\t\t\t\t\t\t\t\t\t\t\t\t\t\t\t\t<\/div>\n\t\t<\/div>\n\t\t\t\t\t\t<\/div>\n\t\t\t\t<\/div>\n\t\t\t\t\t<\/div>\n\t\t\t\t<\/div>\n\t\t<div class=\"elementor-element elementor-element-183210b e-flex e-con-boxed e-con e-parent\" data-id=\"183210b\" data-element_type=\"container\" data-e-type=\"container\">\n\t\t\t\t\t<div class=\"e-con-inner\">\n\t\t\t\t<div class=\"elementor-element elementor-element-56b826b elementor-widget elementor-widget-text-editor\" data-id=\"56b826b\" data-element_type=\"widget\" data-e-type=\"widget\" data-widget_type=\"text-editor.default\">\n\t\t\t\t<div class=\"elementor-widget-container\">\n\t\t\t\t\t\t\t\t\t<h3 style=\"text-align: center;\"><span style=\"color: #000000;\">MINHA P\u00c1GINA NO FACEBOOK<\/span><\/h3>\t\t\t\t\t\t\t\t<\/div>\n\t\t\t\t<\/div>\n\t\t\t\t<div class=\"elementor-element elementor-element-034e483 elementor-widget elementor-widget-facebook-page\" data-id=\"034e483\" data-element_type=\"widget\" data-e-type=\"widget\" data-widget_type=\"facebook-page.default\">\n\t\t\t\t<div class=\"elementor-widget-container\">\n\t\t\t\t\t<div class=\"elementor-facebook-widget fb-page\" data-href=\"https:\/\/www.facebook.com\/profile.php?id=61553731625098\" data-tabs=\"timeline\" data-height=\"500px\" data-width=\"500px\" data-small-header=\"false\" data-hide-cover=\"false\" data-show-facepile=\"true\" data-hide-cta=\"false\" style=\"min-height: 1px;height:500px\"><\/div>\t\t\t\t<\/div>\n\t\t\t\t<\/div>\n\t\t\t\t\t<\/div>\n\t\t\t\t<\/div>\n\t\t\t\t<\/div>\n\t\t","protected":false},"excerpt":{"rendered":"<p>Essa s\u00e9rie liter\u00e1ria analisa as origens e a hist\u00f3ria das religi\u00f5es. Ele revela e compara as duas religi\u00f5es pr\u00e9-hist\u00f3ricas da humanidade, transmitidas pela mitologia (pr\u00e9-hist\u00f3rica e antiga) e pela narrativa b\u00edblica. Analisa em pormenor a verdadeira natureza da religi\u00e3o mitol\u00f3gica original, atrav\u00e9s de uma an\u00e1lise comparativa dos mitos e da decifra\u00e7\u00e3o da sua linguagem simb\u00f3lica gra\u00e7as ao conhecimento das l\u00ednguas sagradas sum\u00e9ria e eg\u00edpcia (hier\u00f3glifos); em particular, demonstra que o proto-sumeriano era a l\u00edngua do homem pr\u00e9-hist\u00f3rico e que as grutas eram santu\u00e1rios da religi\u00e3o mitol\u00f3gica pr\u00e9-hist\u00f3rica. Desta forma, a s\u00e9rie unifica a pr\u00e9-hist\u00f3ria e a hist\u00f3ria, demonstrando a singularidade da sua linguagem e religi\u00e3o; permite-nos apreender o significado sagrado oculto dos cultos e templos de todo o mundo e mostra que a linguagem simb\u00f3lica da religi\u00e3o mitol\u00f3gica pr\u00e9-hist\u00f3rica os permeou a todos de uma forma sistem\u00e1tica, intemporal e universal. Com um conhecimento perfeito do passado religioso da humanidade e das suas duas vers\u00f5es originais, permitir\u00e1 ao leitor fazer a escolha certa para o seu futuro.<\/p>\n","protected":false},"author":2,"featured_media":44893,"parent":0,"menu_order":0,"comment_status":"closed","ping_status":"closed","template":"elementor_header_footer","meta":{"footnotes":""},"class_list":["post-4182","page","type-page","status-publish","has-post-thumbnail","hentry"],"yoast_head":"<!-- This site is optimized with the Yoast SEO plugin v27.5 - https:\/\/yoast.com\/product\/yoast-seo-wordpress\/ -->\n<title>V\u00e1 at\u00e9 a origem da hist\u00f3ria das religi\u00f5es da humanidade.<\/title>\n<meta name=\"description\" content=\"Essa s\u00e9rie liter\u00e1ria revela as origens das religi\u00f5es ao decifrar e comparar a mitologia pr\u00e9-hist\u00f3rica com a hist\u00f3ria b\u00edblica de G\u00eanesis.\" \/>\n<meta name=\"robots\" content=\"index, follow, max-snippet:-1, max-image-preview:large, max-video-preview:-1\" \/>\n<link rel=\"canonical\" href=\"https:\/\/www.yvar-bregeant.com\/pt-pt\/\" \/>\n<meta property=\"og:locale\" content=\"pt_PT\" \/>\n<meta property=\"og:type\" content=\"article\" \/>\n<meta property=\"og:title\" content=\"V\u00e1 at\u00e9 a origem da hist\u00f3ria das religi\u00f5es da humanidade.\" \/>\n<meta property=\"og:description\" content=\"Essa s\u00e9rie liter\u00e1ria revela as origens das religi\u00f5es ao decifrar e comparar a mitologia pr\u00e9-hist\u00f3rica com a hist\u00f3ria b\u00edblica de G\u00eanesis.\" \/>\n<meta property=\"og:url\" content=\"https:\/\/www.yvar-bregeant.com\/pt-pt\/\" \/>\n<meta property=\"og:site_name\" content=\"Yvar Bregeant\" \/>\n<meta property=\"article:publisher\" content=\"https:\/\/www.facebook.com\/profile.php?id=61553731625098\" \/>\n<meta property=\"article:modified_time\" content=\"2025-07-31T17:37:22+00:00\" \/>\n<meta property=\"og:image\" content=\"https:\/\/www.yvar-bregeant.com\/wp-content\/uploads\/2023\/12\/Logo-de-presentation-onglet-structuration-1.jpg\" \/>\n\t<meta property=\"og:image:width\" content=\"612\" \/>\n\t<meta property=\"og:image:height\" content=\"586\" \/>\n\t<meta property=\"og:image:type\" content=\"image\/jpeg\" \/>\n<meta name=\"twitter:card\" content=\"summary_large_image\" \/>\n<meta name=\"twitter:label1\" content=\"Tempo estimado de leitura\" \/>\n\t<meta name=\"twitter:data1\" content=\"5 minutos\" \/>\n<script type=\"application\/ld+json\" class=\"yoast-schema-graph\">{\"@context\":\"https:\\\/\\\/schema.org\",\"@graph\":[{\"@type\":\"WebPage\",\"@id\":\"https:\\\/\\\/www.yvar-bregeant.com\\\/pt-pt\\\/\",\"url\":\"https:\\\/\\\/www.yvar-bregeant.com\\\/pt-pt\\\/\",\"name\":\"V\u00e1 at\u00e9 a origem da hist\u00f3ria das religi\u00f5es da humanidade.\",\"isPartOf\":{\"@id\":\"https:\\\/\\\/www.yvar-bregeant.com\\\/pt-pt\\\/#website\"},\"primaryImageOfPage\":{\"@id\":\"https:\\\/\\\/www.yvar-bregeant.com\\\/pt-pt\\\/#primaryimage\"},\"image\":{\"@id\":\"https:\\\/\\\/www.yvar-bregeant.com\\\/pt-pt\\\/#primaryimage\"},\"thumbnailUrl\":\"https:\\\/\\\/www.yvar-bregeant.com\\\/wp-content\\\/uploads\\\/2025\\\/12\\\/Carrousel-Image-serie-et-logo.png\",\"datePublished\":\"2023-06-05T07:31:00+00:00\",\"dateModified\":\"2025-07-31T17:37:22+00:00\",\"description\":\"Essa s\u00e9rie liter\u00e1ria revela as origens das religi\u00f5es ao decifrar e comparar a mitologia pr\u00e9-hist\u00f3rica com a hist\u00f3ria b\u00edblica de G\u00eanesis.\",\"breadcrumb\":{\"@id\":\"https:\\\/\\\/www.yvar-bregeant.com\\\/pt-pt\\\/#breadcrumb\"},\"inLanguage\":\"pt-PT\",\"potentialAction\":[{\"@type\":\"ReadAction\",\"target\":[\"https:\\\/\\\/www.yvar-bregeant.com\\\/pt-pt\\\/\"]}]},{\"@type\":\"ImageObject\",\"inLanguage\":\"pt-PT\",\"@id\":\"https:\\\/\\\/www.yvar-bregeant.com\\\/pt-pt\\\/#primaryimage\",\"url\":\"https:\\\/\\\/www.yvar-bregeant.com\\\/wp-content\\\/uploads\\\/2025\\\/12\\\/Carrousel-Image-serie-et-logo.png\",\"contentUrl\":\"https:\\\/\\\/www.yvar-bregeant.com\\\/wp-content\\\/uploads\\\/2025\\\/12\\\/Carrousel-Image-serie-et-logo.png\",\"width\":1080,\"height\":1080},{\"@type\":\"BreadcrumbList\",\"@id\":\"https:\\\/\\\/www.yvar-bregeant.com\\\/pt-pt\\\/#breadcrumb\",\"itemListElement\":[{\"@type\":\"ListItem\",\"position\":1,\"name\":\"Accueil\",\"item\":\"https:\\\/\\\/www.yvar-bregeant.com\\\/pt-pt\\\/\"},{\"@type\":\"ListItem\",\"position\":2,\"name\":\"In\u00edcio\"}]},{\"@type\":\"WebSite\",\"@id\":\"https:\\\/\\\/www.yvar-bregeant.com\\\/pt-pt\\\/#website\",\"url\":\"https:\\\/\\\/www.yvar-bregeant.com\\\/pt-pt\\\/\",\"name\":\"Yvar Bregeant\",\"description\":\"\",\"publisher\":{\"@id\":\"https:\\\/\\\/www.yvar-bregeant.com\\\/pt-pt\\\/#organization\"},\"potentialAction\":[{\"@type\":\"SearchAction\",\"target\":{\"@type\":\"EntryPoint\",\"urlTemplate\":\"https:\\\/\\\/www.yvar-bregeant.com\\\/pt-pt\\\/?s={search_term_string}\"},\"query-input\":{\"@type\":\"PropertyValueSpecification\",\"valueRequired\":true,\"valueName\":\"search_term_string\"}}],\"inLanguage\":\"pt-PT\"},{\"@type\":\"Organization\",\"@id\":\"https:\\\/\\\/www.yvar-bregeant.com\\\/pt-pt\\\/#organization\",\"name\":\"Yvar Bregeant\",\"url\":\"https:\\\/\\\/www.yvar-bregeant.com\\\/pt-pt\\\/\",\"logo\":{\"@type\":\"ImageObject\",\"inLanguage\":\"pt-PT\",\"@id\":\"https:\\\/\\\/www.yvar-bregeant.com\\\/pt-pt\\\/#\\\/schema\\\/logo\\\/image\\\/\",\"url\":\"https:\\\/\\\/www.yvar-bregeant.com\\\/wp-content\\\/uploads\\\/2023\\\/12\\\/Logo-de-presentation-onglet-structuration-russe.jpg\",\"contentUrl\":\"https:\\\/\\\/www.yvar-bregeant.com\\\/wp-content\\\/uploads\\\/2023\\\/12\\\/Logo-de-presentation-onglet-structuration-russe.jpg\",\"width\":612,\"height\":586,\"caption\":\"Yvar Bregeant\"},\"image\":{\"@id\":\"https:\\\/\\\/www.yvar-bregeant.com\\\/pt-pt\\\/#\\\/schema\\\/logo\\\/image\\\/\"},\"sameAs\":[\"https:\\\/\\\/www.facebook.com\\\/profile.php?id=61553731625098\"]}]}<\/script>\n<!-- \/ Yoast SEO plugin. -->","yoast_head_json":{"title":"V\u00e1 at\u00e9 a origem da hist\u00f3ria das religi\u00f5es da humanidade.","description":"Essa s\u00e9rie liter\u00e1ria revela as origens das religi\u00f5es ao decifrar e comparar a mitologia pr\u00e9-hist\u00f3rica com a hist\u00f3ria b\u00edblica de G\u00eanesis.","robots":{"index":"index","follow":"follow","max-snippet":"max-snippet:-1","max-image-preview":"max-image-preview:large","max-video-preview":"max-video-preview:-1"},"canonical":"https:\/\/www.yvar-bregeant.com\/pt-pt\/","og_locale":"pt_PT","og_type":"article","og_title":"V\u00e1 at\u00e9 a origem da hist\u00f3ria das religi\u00f5es da humanidade.","og_description":"Essa s\u00e9rie liter\u00e1ria revela as origens das religi\u00f5es ao decifrar e comparar a mitologia pr\u00e9-hist\u00f3rica com a hist\u00f3ria b\u00edblica de G\u00eanesis.","og_url":"https:\/\/www.yvar-bregeant.com\/pt-pt\/","og_site_name":"Yvar Bregeant","article_publisher":"https:\/\/www.facebook.com\/profile.php?id=61553731625098","article_modified_time":"2025-07-31T17:37:22+00:00","og_image":[{"width":612,"height":586,"url":"https:\/\/www.yvar-bregeant.com\/wp-content\/uploads\/2023\/12\/Logo-de-presentation-onglet-structuration-1.jpg","type":"image\/jpeg"}],"twitter_card":"summary_large_image","twitter_misc":{"Tempo estimado de leitura":"5 minutos"},"schema":{"@context":"https:\/\/schema.org","@graph":[{"@type":"WebPage","@id":"https:\/\/www.yvar-bregeant.com\/pt-pt\/","url":"https:\/\/www.yvar-bregeant.com\/pt-pt\/","name":"V\u00e1 at\u00e9 a origem da hist\u00f3ria das religi\u00f5es da humanidade.","isPartOf":{"@id":"https:\/\/www.yvar-bregeant.com\/pt-pt\/#website"},"primaryImageOfPage":{"@id":"https:\/\/www.yvar-bregeant.com\/pt-pt\/#primaryimage"},"image":{"@id":"https:\/\/www.yvar-bregeant.com\/pt-pt\/#primaryimage"},"thumbnailUrl":"https:\/\/www.yvar-bregeant.com\/wp-content\/uploads\/2025\/12\/Carrousel-Image-serie-et-logo.png","datePublished":"2023-06-05T07:31:00+00:00","dateModified":"2025-07-31T17:37:22+00:00","description":"Essa s\u00e9rie liter\u00e1ria revela as origens das religi\u00f5es ao decifrar e comparar a mitologia pr\u00e9-hist\u00f3rica com a hist\u00f3ria b\u00edblica de G\u00eanesis.","breadcrumb":{"@id":"https:\/\/www.yvar-bregeant.com\/pt-pt\/#breadcrumb"},"inLanguage":"pt-PT","potentialAction":[{"@type":"ReadAction","target":["https:\/\/www.yvar-bregeant.com\/pt-pt\/"]}]},{"@type":"ImageObject","inLanguage":"pt-PT","@id":"https:\/\/www.yvar-bregeant.com\/pt-pt\/#primaryimage","url":"https:\/\/www.yvar-bregeant.com\/wp-content\/uploads\/2025\/12\/Carrousel-Image-serie-et-logo.png","contentUrl":"https:\/\/www.yvar-bregeant.com\/wp-content\/uploads\/2025\/12\/Carrousel-Image-serie-et-logo.png","width":1080,"height":1080},{"@type":"BreadcrumbList","@id":"https:\/\/www.yvar-bregeant.com\/pt-pt\/#breadcrumb","itemListElement":[{"@type":"ListItem","position":1,"name":"Accueil","item":"https:\/\/www.yvar-bregeant.com\/pt-pt\/"},{"@type":"ListItem","position":2,"name":"In\u00edcio"}]},{"@type":"WebSite","@id":"https:\/\/www.yvar-bregeant.com\/pt-pt\/#website","url":"https:\/\/www.yvar-bregeant.com\/pt-pt\/","name":"Yvar Bregeant","description":"","publisher":{"@id":"https:\/\/www.yvar-bregeant.com\/pt-pt\/#organization"},"potentialAction":[{"@type":"SearchAction","target":{"@type":"EntryPoint","urlTemplate":"https:\/\/www.yvar-bregeant.com\/pt-pt\/?s={search_term_string}"},"query-input":{"@type":"PropertyValueSpecification","valueRequired":true,"valueName":"search_term_string"}}],"inLanguage":"pt-PT"},{"@type":"Organization","@id":"https:\/\/www.yvar-bregeant.com\/pt-pt\/#organization","name":"Yvar Bregeant","url":"https:\/\/www.yvar-bregeant.com\/pt-pt\/","logo":{"@type":"ImageObject","inLanguage":"pt-PT","@id":"https:\/\/www.yvar-bregeant.com\/pt-pt\/#\/schema\/logo\/image\/","url":"https:\/\/www.yvar-bregeant.com\/wp-content\/uploads\/2023\/12\/Logo-de-presentation-onglet-structuration-russe.jpg","contentUrl":"https:\/\/www.yvar-bregeant.com\/wp-content\/uploads\/2023\/12\/Logo-de-presentation-onglet-structuration-russe.jpg","width":612,"height":586,"caption":"Yvar Bregeant"},"image":{"@id":"https:\/\/www.yvar-bregeant.com\/pt-pt\/#\/schema\/logo\/image\/"},"sameAs":["https:\/\/www.facebook.com\/profile.php?id=61553731625098"]}]}},"_links":{"self":[{"href":"https:\/\/www.yvar-bregeant.com\/pt-pt\/wp-json\/wp\/v2\/pages\/4182","targetHints":{"allow":["GET"]}}],"collection":[{"href":"https:\/\/www.yvar-bregeant.com\/pt-pt\/wp-json\/wp\/v2\/pages"}],"about":[{"href":"https:\/\/www.yvar-bregeant.com\/pt-pt\/wp-json\/wp\/v2\/types\/page"}],"author":[{"embeddable":true,"href":"https:\/\/www.yvar-bregeant.com\/pt-pt\/wp-json\/wp\/v2\/users\/2"}],"replies":[{"embeddable":true,"href":"https:\/\/www.yvar-bregeant.com\/pt-pt\/wp-json\/wp\/v2\/comments?post=4182"}],"version-history":[{"count":2,"href":"https:\/\/www.yvar-bregeant.com\/pt-pt\/wp-json\/wp\/v2\/pages\/4182\/revisions"}],"predecessor-version":[{"id":43696,"href":"https:\/\/www.yvar-bregeant.com\/pt-pt\/wp-json\/wp\/v2\/pages\/4182\/revisions\/43696"}],"wp:featuredmedia":[{"embeddable":true,"href":"https:\/\/www.yvar-bregeant.com\/pt-pt\/wp-json\/wp\/v2\/media\/44893"}],"wp:attachment":[{"href":"https:\/\/www.yvar-bregeant.com\/pt-pt\/wp-json\/wp\/v2\/media?parent=4182"}],"curies":[{"name":"wp","href":"https:\/\/api.w.org\/{rel}","templated":true}]}}