{"id":4516,"date":"2023-06-06T10:20:01","date_gmt":"2023-06-06T09:20:01","guid":{"rendered":"https:\/\/www.yvar-bregeant.com\/cevrimici-okuyun\/"},"modified":"2025-07-31T20:11:08","modified_gmt":"2025-07-31T19:11:08","slug":"cevrimici-okuyun","status":"publish","type":"page","link":"https:\/\/www.yvar-bregeant.com\/tr\/cevrimici-okuyun\/","title":{"rendered":"Al\u0131nt\u0131lar"},"content":{"rendered":"\t\t<div data-elementor-type=\"wp-page\" data-elementor-id=\"4516\" class=\"elementor elementor-4516 elementor-375\" data-elementor-post-type=\"page\">\n\t\t\t\t\t\t<section class=\"elementor-section elementor-top-section elementor-element elementor-element-7be35709 elementor-section-height-full elementor-section-boxed elementor-section-height-default elementor-section-items-middle\" data-id=\"7be35709\" data-element_type=\"section\" data-e-type=\"section\" data-settings=\"{&quot;background_background&quot;:&quot;classic&quot;}\">\n\t\t\t\t\t\t\t<div class=\"elementor-background-overlay\"><\/div>\n\t\t\t\t\t\t\t<div class=\"elementor-container elementor-column-gap-default\">\n\t\t\t\t\t<div class=\"elementor-column elementor-col-100 elementor-top-column elementor-element elementor-element-40806ed7\" data-id=\"40806ed7\" data-element_type=\"column\" data-e-type=\"column\">\n\t\t\t<div class=\"elementor-widget-wrap elementor-element-populated\">\n\t\t\t\t\t\t<div class=\"elementor-element elementor-element-207ab226 elementor-widget elementor-widget-heading\" data-id=\"207ab226\" data-element_type=\"widget\" data-e-type=\"widget\" data-widget_type=\"heading.default\">\n\t\t\t\t<div class=\"elementor-widget-container\">\n\t\t\t\t\t<h1 class=\"elementor-heading-title elementor-size-default\">Ara\u015ft\u0131rmam\u0131n Kalbine Gidin:<br>Mevcut \u00d6zetlerim<\/h1>\t\t\t\t<\/div>\n\t\t\t\t<\/div>\n\t\t\t\t<div class=\"elementor-element elementor-element-830cd95 elementor-widget elementor-widget-text-editor\" data-id=\"830cd95\" data-element_type=\"widget\" data-e-type=\"widget\" data-widget_type=\"text-editor.default\">\n\t\t\t\t<div class=\"elementor-widget-container\">\n\t\t\t\t\t\t\t\t\t<h2 style=\"text-align: center;\">Kitaplar\u0131mdan al\u0131nt\u0131lar okuyun <\/h2>\t\t\t\t\t\t\t\t<\/div>\n\t\t\t\t<\/div>\n\t\t\t\t\t<\/div>\n\t\t<\/div>\n\t\t\t\t\t<\/div>\n\t\t<\/section>\n\t\t<div class=\"elementor-element elementor-element-2ef5981 e-flex e-con-boxed e-con e-parent\" data-id=\"2ef5981\" data-element_type=\"container\" data-e-type=\"container\">\n\t\t\t\t\t<div class=\"e-con-inner\">\n\t\t\t\t<div class=\"elementor-element elementor-element-9ce1196 elementor-shape-rounded elementor-grid-0 e-grid-align-center elementor-widget elementor-widget-social-icons\" data-id=\"9ce1196\" data-element_type=\"widget\" data-e-type=\"widget\" data-widget_type=\"social-icons.default\">\n\t\t\t\t<div class=\"elementor-widget-container\">\n\t\t\t\t\t\t\t<div class=\"elementor-social-icons-wrapper elementor-grid\">\n\t\t\t\t\t\t\t<span class=\"elementor-grid-item\">\n\t\t\t\t\t<a class=\"elementor-icon elementor-social-icon elementor-social-icon-jki-newsletter-light elementor-repeater-item-689dbd2\" href=\"https:\/\/yvarbregeant.substack.com\/p\/table-des-matieres-de-tous-les-extraits?r=5g2n2o\" target=\"_blank\">\n\t\t\t\t\t\t<span class=\"elementor-screen-only\">Jki-newsletter-light<\/span>\n\t\t\t\t\t\t<i aria-hidden=\"true\" class=\"jki jki-newsletter-light\"><\/i>\t\t\t\t\t<\/a>\n\t\t\t\t<\/span>\n\t\t\t\t\t<\/div>\n\t\t\t\t\t\t<\/div>\n\t\t\t\t<\/div>\n\t\t<div class=\"elementor-element elementor-element-bb7d874 e-con-full e-flex e-con e-child\" data-id=\"bb7d874\" data-element_type=\"container\" data-e-type=\"container\">\n\t\t<div class=\"elementor-element elementor-element-b69fe54 e-con-full e-flex e-con e-child\" data-id=\"b69fe54\" data-element_type=\"container\" data-e-type=\"container\">\n\t\t\t\t<div class=\"elementor-element elementor-element-a299b95 elementor-widget elementor-widget-text-editor\" data-id=\"a299b95\" data-element_type=\"widget\" data-e-type=\"widget\" data-widget_type=\"text-editor.default\">\n\t\t\t\t<div class=\"elementor-widget-container\">\n\t\t\t\t\t\t\t\t\t<div class=\"important-links\"><h3><span style=\"color: #000000;\">Daha fazlas\u0131n\u0131 \u00f6\u011frenmek i\u00e7in buraya t\u0131klay\u0131n:<\/span><\/h3><ul><li><h6>\u27a1\ufe0f <a href=\"https:\/\/www.yvar-bregeant.com\/tr\/halihazirda-yayinlanmis-kitaplar-2\/\" target=\"_blank\" rel=\"noopener\">Ara\u015ft\u0131rmalar\u0131m\u0131 eri\u015fime a\u00e7ma politikam<\/a><\/h6><\/li><li><h6>\u27a1\ufe0f <a href=\"https:\/\/www.yvar-bregeant.com\/tr\/giris-yapi-ve-icerik\/\" target=\"_blank\" rel=\"noopener\">Serideki kitaplar\u0131n yap\u0131s\u0131<\/a><\/h6><\/li><li><h6>\u27a1\ufe0f <a href=\"https:\/\/yvarbregeant.substack.com\/p\/le-revelation-de-la-genese-sommaire?r=5g2n2o\" target=\"_blank\" rel=\"noopener\">Kitaplar\u0131mdan al\u0131nt\u0131lar\u0131n genel \u00f6zetine bak\u0131n<\/a><\/h6><\/li><\/ul><\/div>\t\t\t\t\t\t\t\t<\/div>\n\t\t\t\t<\/div>\n\t\t\t\t<\/div>\n\t\t\t\t<div class=\"elementor-element elementor-element-23038d2 elementor-widget elementor-widget-heading\" data-id=\"23038d2\" data-element_type=\"widget\" data-e-type=\"widget\" data-widget_type=\"heading.default\">\n\t\t\t\t<div class=\"elementor-widget-container\">\n\t\t\t\t\t<h2 class=\"elementor-heading-title elementor-size-default\"><a href=\"https:\/\/yvarbregeant.substack.com\/p\/table-des-matieres-de-tous-les-extraits?r=5g2n2o\" target=\"_blank\">Serideki kitaplardan a\u015famal\u0131 olarak s\u0131ralanm\u0131\u015f al\u0131nt\u0131lar<\/a><\/h2>\t\t\t\t<\/div>\n\t\t\t\t<\/div>\n\t\t\t\t<div class=\"elementor-element elementor-element-13a0f56 elementor-widget-divider--view-line elementor-widget elementor-widget-divider\" data-id=\"13a0f56\" data-element_type=\"widget\" data-e-type=\"widget\" data-widget_type=\"divider.default\">\n\t\t\t\t<div class=\"elementor-widget-container\">\n\t\t\t\t\t\t\t<div class=\"elementor-divider\">\n\t\t\t<span class=\"elementor-divider-separator\">\n\t\t\t\t\t\t<\/span>\n\t\t<\/div>\n\t\t\t\t\t\t<\/div>\n\t\t\t\t<\/div>\n\t\t\t\t<div class=\"elementor-element elementor-element-3997911 elementor-widget elementor-widget-heading\" data-id=\"3997911\" data-element_type=\"widget\" data-e-type=\"widget\" data-widget_type=\"heading.default\">\n\t\t\t\t<div class=\"elementor-widget-container\">\n\t\t\t\t\t<h3 class=\"elementor-heading-title elementor-size-default\"><a href=\"https:\/\/www.yvar-bregeant.com\/tr\/yaratilisin-vahyi\/\" target=\"_blank\">1. CI\u0307LT: YARADILI\u015e VAHYI\u0307<\/a><\/h3>\t\t\t\t<\/div>\n\t\t\t\t<\/div>\n\t\t\t\t<div class=\"elementor-element elementor-element-5e581f5 elementor-widget-divider--view-line elementor-widget elementor-widget-divider\" data-id=\"5e581f5\" data-element_type=\"widget\" data-e-type=\"widget\" data-widget_type=\"divider.default\">\n\t\t\t\t<div class=\"elementor-widget-container\">\n\t\t\t\t\t\t\t<div class=\"elementor-divider\">\n\t\t\t<span class=\"elementor-divider-separator\">\n\t\t\t\t\t\t<\/span>\n\t\t<\/div>\n\t\t\t\t\t\t<\/div>\n\t\t\t\t<\/div>\n\t\t\t\t<div class=\"elementor-element elementor-element-e25c8dd elementor-widget elementor-widget-image\" data-id=\"e25c8dd\" data-element_type=\"widget\" data-e-type=\"widget\" data-widget_type=\"image.default\">\n\t\t\t\t<div class=\"elementor-widget-container\">\n\t\t\t\t\t\t\t\t\t\t\t\t\t\t\t\t<a href=\"https:\/\/www.yvar-bregeant.com\/tr\/yaratilisin-vahyi\/\" target=\"_blank\">\n\t\t\t\t\t\t\t<img decoding=\"async\" width=\"188\" height=\"300\" src=\"https:\/\/www.yvar-bregeant.com\/wp-content\/uploads\/2024\/12\/Couverture-unifiee-Volume-1-Francais-vf-188x300.png\" class=\"attachment-medium size-medium wp-image-37685\" alt=\"\" srcset=\"https:\/\/www.yvar-bregeant.com\/wp-content\/uploads\/2024\/12\/Couverture-unifiee-Volume-1-Francais-vf-188x300.png 188w, https:\/\/www.yvar-bregeant.com\/wp-content\/uploads\/2024\/12\/Couverture-unifiee-Volume-1-Francais-vf-642x1024.png 642w, https:\/\/www.yvar-bregeant.com\/wp-content\/uploads\/2024\/12\/Couverture-unifiee-Volume-1-Francais-vf-768x1226.png 768w, https:\/\/www.yvar-bregeant.com\/wp-content\/uploads\/2024\/12\/Couverture-unifiee-Volume-1-Francais-vf-963x1536.png 963w, https:\/\/www.yvar-bregeant.com\/wp-content\/uploads\/2024\/12\/Couverture-unifiee-Volume-1-Francais-vf-1283x2048.png 1283w, https:\/\/www.yvar-bregeant.com\/wp-content\/uploads\/2024\/12\/Couverture-unifiee-Volume-1-Francais-vf.png 1410w\" sizes=\"(max-width: 188px) 100vw, 188px\" \/>\t\t\t\t\t\t\t\t<\/a>\n\t\t\t\t\t\t\t\t\t\t\t\t\t\t\t<\/div>\n\t\t\t\t<\/div>\n\t\t\t\t<div class=\"elementor-element elementor-element-adbb3e9 elementor-widget elementor-widget-text-editor\" data-id=\"adbb3e9\" data-element_type=\"widget\" data-e-type=\"widget\" data-widget_type=\"text-editor.default\">\n\t\t\t\t<div class=\"elementor-widget-container\">\n\t\t\t\t\t\t\t\t\t<div class=\"volume-info-text\"><p>\u27a1\ufe0f Bu kitap, insanl\u0131\u011f\u0131n iki ilkel dini aras\u0131ndaki orijinal \u00e7at\u0131\u015fmaya basit, a\u00e7\u0131k ve e\u011flenceli bir giri\u015f niteli\u011findedir. Ayr\u0131ca, sonraki kitaplarda daha derinlemesine analiz edilecek olan mitolojik dinin t\u00fcm sembollerini de sunmaktad\u0131r.<\/p><h6>\u27a1\ufe0f <a href=\"https:\/\/yvarbregeant.substack.com\/p\/le-revelation-de-la-genese-sommaire?r=5g2n2o\" target=\"_blank\" rel=\"noopener\">B\u00fcltenimde yer alan al\u0131nt\u0131lar\u0131n \u00f6zeti<\/a><\/h6><\/div>\t\t\t\t\t\t\t\t<\/div>\n\t\t\t\t<\/div>\n\t\t\t\t<div class=\"elementor-element elementor-element-e650fe0 elementor-widget-divider--view-line elementor-widget elementor-widget-divider\" data-id=\"e650fe0\" data-element_type=\"widget\" data-e-type=\"widget\" data-widget_type=\"divider.default\">\n\t\t\t\t<div class=\"elementor-widget-container\">\n\t\t\t\t\t\t\t<div class=\"elementor-divider\">\n\t\t\t<span class=\"elementor-divider-separator\">\n\t\t\t\t\t\t<\/span>\n\t\t<\/div>\n\t\t\t\t\t\t<\/div>\n\t\t\t\t<\/div>\n\t\t\t\t<div class=\"elementor-element elementor-element-6d925c9 elementor-widget elementor-widget-heading\" data-id=\"6d925c9\" data-element_type=\"widget\" data-e-type=\"widget\" data-widget_type=\"heading.default\">\n\t\t\t\t<div class=\"elementor-widget-container\">\n\t\t\t\t\t<h3 class=\"elementor-heading-title elementor-size-default\"><a href=\"https:\/\/www.yvar-bregeant.com\/tr\/cilt-2-giris-iki-karsit-ilkel-dinin-on-ozeti\/\" target=\"_blank\">VOLUME 2: \"Homo-Sapiens? Onun iyile\u015fmi\u015f haf\u0131zas\u0131. Dili, sembolleri, mitleri, dinleri, tarihi\".<\/a><\/h3>\t\t\t\t<\/div>\n\t\t\t\t<\/div>\n\t\t\t\t<div class=\"elementor-element elementor-element-f48a7ea elementor-widget-divider--view-line elementor-widget elementor-widget-divider\" data-id=\"f48a7ea\" data-element_type=\"widget\" data-e-type=\"widget\" data-widget_type=\"divider.default\">\n\t\t\t\t<div class=\"elementor-widget-container\">\n\t\t\t\t\t\t\t<div class=\"elementor-divider\">\n\t\t\t<span class=\"elementor-divider-separator\">\n\t\t\t\t\t\t<\/span>\n\t\t<\/div>\n\t\t\t\t\t\t<\/div>\n\t\t\t\t<\/div>\n\t\t<div class=\"elementor-element elementor-element-8c2ddcf e-con-full e-flex e-con e-child\" data-id=\"8c2ddcf\" data-element_type=\"container\" data-e-type=\"container\">\n\t\t\t\t<div class=\"elementor-element elementor-element-25aeff2 elementor-widget elementor-widget-text-editor\" data-id=\"25aeff2\" data-element_type=\"widget\" data-e-type=\"widget\" data-widget_type=\"text-editor.default\">\n\t\t\t\t<div class=\"elementor-widget-container\">\n\t\t\t\t\t\t\t\t\t<div class=\"blog__extrait-container\"><p><img decoding=\"async\" class=\"alignnone wp-image-37328 \" src=\"https:\/\/www.yvar-bregeant.com\/wp-content\/uploads\/2024\/11\/Bible-de-la-Mythologie-v3-300x300.png\" alt=\"\" width=\"200\" height=\"200\" srcset=\"https:\/\/www.yvar-bregeant.com\/wp-content\/uploads\/2024\/11\/Bible-de-la-Mythologie-v3-300x300.png 300w, https:\/\/www.yvar-bregeant.com\/wp-content\/uploads\/2024\/11\/Bible-de-la-Mythologie-v3-1024x1024.png 1024w, https:\/\/www.yvar-bregeant.com\/wp-content\/uploads\/2024\/11\/Bible-de-la-Mythologie-v3-150x150.png 150w, https:\/\/www.yvar-bregeant.com\/wp-content\/uploads\/2024\/11\/Bible-de-la-Mythologie-v3-768x768.png 768w, https:\/\/www.yvar-bregeant.com\/wp-content\/uploads\/2024\/11\/Bible-de-la-Mythologie-v3.png 1080w\" sizes=\"(max-width: 200px) 100vw, 200px\" \/><\/p><div class=\"blog__extrait-info\"><h3 class=\"blog__extrait-titre\"><span style=\"color: #000000;\"> <span style=\"color: #0000ff;\">Kamu \u00f6z\u00fc<\/span> : Giri\u015f : <\/span><\/h3><h3 class=\"blog__extrait-titre\"><span style=\"color: #000000;\"> \u0130ki kar\u015f\u0131t ilkel dinin \u00f6zeti<\/span><\/h3><p class=\"blog__extrait-volume\"> Cilt 2: &#8220;Homo-Sapiens? Onun iyile\u015fmi\u015f haf\u0131zas\u0131&#8230;&#8221;<\/p><h6><span style=\"color: #000000;\"> Bu al\u0131nt\u0131y\u0131 okuyun:<\/span><\/h6><h6>\u27a1\ufe0f <a href=\"https:\/\/yvarbregeant.substack.com\/p\/volume-2-homo-sapiens-sa-memoire?r=5g2n2o\" target=\"_blank\" rel=\"noopener\">Haber b\u00fcltenimle<\/a><\/h6><h6>\u27a1\ufe0f <a href=\"https:\/\/www.yvar-bregeant.com\/tr\/cilt-2-giris-iki-karsit-ilkel-dinin-on-ozeti\/\" target=\"_blank\" rel=\"noopener\">Web sitemden<\/a><\/h6><\/div><\/div>\t\t\t\t\t\t\t\t<\/div>\n\t\t\t\t<\/div>\n\t\t\t\t<\/div>\n\t\t\t\t<div class=\"elementor-element elementor-element-3b09735 elementor-widget-divider--view-line elementor-widget elementor-widget-divider\" data-id=\"3b09735\" data-element_type=\"widget\" data-e-type=\"widget\" data-widget_type=\"divider.default\">\n\t\t\t\t<div class=\"elementor-widget-container\">\n\t\t\t\t\t\t\t<div class=\"elementor-divider\">\n\t\t\t<span class=\"elementor-divider-separator\">\n\t\t\t\t\t\t<\/span>\n\t\t<\/div>\n\t\t\t\t\t\t<\/div>\n\t\t\t\t<\/div>\n\t\t\t\t<div class=\"elementor-element elementor-element-ccfb093 elementor-widget elementor-widget-heading\" data-id=\"ccfb093\" data-element_type=\"widget\" data-e-type=\"widget\" data-widget_type=\"heading.default\">\n\t\t\t\t<div class=\"elementor-widget-container\">\n\t\t\t\t\t<h3 class=\"elementor-heading-title elementor-size-default\"><a href=\"https:\/\/www.yvar-bregeant.com\/tr\/magaralarin-dilini-desifre-etmek-2\/\" target=\"_blank\">CI\u0307LT 2 KI\u0307TAP 1: MA\u011eARALARIN DI\u0307LI\u0307NI\u0307N DE\u015eI\u0307FRESI\u0307 <\/a><\/h3>\t\t\t\t<\/div>\n\t\t\t\t<\/div>\n\t\t\t\t<\/div>\n\t\t\t\t<div class=\"elementor-element elementor-element-eac4026 elementor-widget elementor-widget-image\" data-id=\"eac4026\" data-element_type=\"widget\" data-e-type=\"widget\" data-widget_type=\"image.default\">\n\t\t\t\t<div class=\"elementor-widget-container\">\n\t\t\t\t\t\t\t\t\t\t\t\t\t\t\t\t<a href=\"https:\/\/www.yvar-bregeant.com\/tr\/magaralarin-dilini-desifre-etmek-2\/\" target=\"_blank\">\n\t\t\t\t\t\t\t<img decoding=\"async\" width=\"188\" height=\"300\" src=\"https:\/\/www.yvar-bregeant.com\/wp-content\/uploads\/2024\/12\/VOLUME-2-LIVRE-1-LE-DECHIFFRAGE-DU-LANGAGE-DES-CAVERNES-FRANCAIS-VF1-188x300.png\" class=\"attachment-medium size-medium wp-image-37695\" alt=\"\" srcset=\"https:\/\/www.yvar-bregeant.com\/wp-content\/uploads\/2024\/12\/VOLUME-2-LIVRE-1-LE-DECHIFFRAGE-DU-LANGAGE-DES-CAVERNES-FRANCAIS-VF1-188x300.png 188w, https:\/\/www.yvar-bregeant.com\/wp-content\/uploads\/2024\/12\/VOLUME-2-LIVRE-1-LE-DECHIFFRAGE-DU-LANGAGE-DES-CAVERNES-FRANCAIS-VF1-642x1024.png 642w, https:\/\/www.yvar-bregeant.com\/wp-content\/uploads\/2024\/12\/VOLUME-2-LIVRE-1-LE-DECHIFFRAGE-DU-LANGAGE-DES-CAVERNES-FRANCAIS-VF1-768x1226.png 768w, https:\/\/www.yvar-bregeant.com\/wp-content\/uploads\/2024\/12\/VOLUME-2-LIVRE-1-LE-DECHIFFRAGE-DU-LANGAGE-DES-CAVERNES-FRANCAIS-VF1-963x1536.png 963w, https:\/\/www.yvar-bregeant.com\/wp-content\/uploads\/2024\/12\/VOLUME-2-LIVRE-1-LE-DECHIFFRAGE-DU-LANGAGE-DES-CAVERNES-FRANCAIS-VF1-1283x2048.png 1283w, https:\/\/www.yvar-bregeant.com\/wp-content\/uploads\/2024\/12\/VOLUME-2-LIVRE-1-LE-DECHIFFRAGE-DU-LANGAGE-DES-CAVERNES-FRANCAIS-VF1.png 1410w\" sizes=\"(max-width: 188px) 100vw, 188px\" \/>\t\t\t\t\t\t\t\t<\/a>\n\t\t\t\t\t\t\t\t\t\t\t\t\t\t\t<\/div>\n\t\t\t\t<\/div>\n\t\t\t\t<div class=\"elementor-element elementor-element-ec84a0c elementor-widget elementor-widget-text-editor\" data-id=\"ec84a0c\" data-element_type=\"widget\" data-e-type=\"widget\" data-widget_type=\"text-editor.default\">\n\t\t\t\t<div class=\"elementor-widget-container\">\n\t\t\t\t\t\t\t\t\t<div class=\"volume-info-text\"><p>\u27a1\ufe0f <span style=\"color: #000000;\">Bu kitap, \u00dcst Paleolitik olarak bilinen tarih \u00f6ncesi ma\u011fara fresklerindeki hayvan tasvirlerinin ve bunlarla ili\u015fkili i\u015faretlerin proto-S\u00fcmer d\u00f6nemine kar\u015f\u0131l\u0131k geldi\u011fini g\u00f6stermektedir. Proto-S\u00fcmerce ve onu tamamlayan hiyeroglif M\u0131s\u0131rcan\u0131n, orijinal mitolojik dinin en ba\u015f\u0131ndan beri doktrinini dayand\u0131rd\u0131\u011f\u0131, onu kodlamak ve aktarmak i\u00e7in sembolik dilini kulland\u0131\u011f\u0131 dilsel temeli olu\u015fturdu\u011funu g\u00f6stermektedir. <\/span><\/p><h6>\u27a1\ufe0f <a href=\"https:\/\/yvarbregeant.substack.com\/p\/le-dechiffrage-du-langage-des-cavernes-6aa?r=5g2n2o\" target=\"_blank\" rel=\"noopener\">B\u00fcltenimde yer alan al\u0131nt\u0131lar\u0131n \u00f6zeti<\/a><\/h6><\/div>\t\t\t\t\t\t\t\t<\/div>\n\t\t\t\t<\/div>\n\t\t\t\t<div class=\"elementor-element elementor-element-cc1b77c elementor-widget-divider--view-line elementor-widget elementor-widget-divider\" data-id=\"cc1b77c\" data-element_type=\"widget\" data-e-type=\"widget\" data-widget_type=\"divider.default\">\n\t\t\t\t<div class=\"elementor-widget-container\">\n\t\t\t\t\t\t\t<div class=\"elementor-divider\">\n\t\t\t<span class=\"elementor-divider-separator\">\n\t\t\t\t\t\t<\/span>\n\t\t<\/div>\n\t\t\t\t\t\t<\/div>\n\t\t\t\t<\/div>\n\t\t<div class=\"elementor-element elementor-element-910c8d1 e-con-full e-flex e-con e-child\" data-id=\"910c8d1\" data-element_type=\"container\" data-e-type=\"container\">\n\t\t\t\t<div class=\"elementor-element elementor-element-581f209 elementor-widget elementor-widget-text-editor\" data-id=\"581f209\" data-element_type=\"widget\" data-e-type=\"widget\" data-widget_type=\"text-editor.default\">\n\t\t\t\t<div class=\"elementor-widget-container\">\n\t\t\t\t\t\t\t\t\t<div class=\"blog__extrait-container\"><p><img decoding=\"async\" class=\"alignnone wp-image-40848\" src=\"https:\/\/www.yvar-bregeant.com\/wp-content\/uploads\/2025\/05\/Bison-200-.png\" alt=\"\" width=\"326\" height=\"267\" \/><\/p><div class=\"blog__extrait-info\"><h3 class=\"blog__extrait-titre\"><span style=\"color: #000000;\"> <span style=\"color: #0000ff;\">Kamu \u00f6z\u00fc<\/span> : Marsoulas ma\u011faras\u0131ndaki ikinci pettiform i\u015faretinin de\u015fifre edilmesi (s.434-441)<\/span><\/h3><p class=\"blog__extrait-volume\">Cilt 2 Kitap 1: Ma\u011faralar\u0131n dilini de\u015fifre etmek<\/p><h6><span style=\"color: #000000;\"> Bu al\u0131nt\u0131y\u0131 okuyun: <\/span><\/h6><h6>\u27a1\ufe0f <a href=\"https:\/\/yvarbregeant.substack.com\/p\/volume-2-livre-1-le-dechiffrage-du-a08?r=5g2n2o\" target=\"_blank\" rel=\"noopener\">Haber b\u00fcltenimle<\/a><\/h6><h6>\u27a1\ufe0f <a href=\"https:\/\/www.yvar-bregeant.com\/tr\/?p=15425\" target=\"_blank\" rel=\"noopener\">Web sitemden<\/a><\/h6><\/div><\/div>\t\t\t\t\t\t\t\t<\/div>\n\t\t\t\t<\/div>\n\t\t\t\t<div class=\"elementor-element elementor-element-9beddff elementor-widget elementor-widget-text-editor\" data-id=\"9beddff\" data-element_type=\"widget\" data-e-type=\"widget\" data-widget_type=\"text-editor.default\">\n\t\t\t\t<div class=\"elementor-widget-container\">\n\t\t\t\t\t\t\t\t\t<div class=\"blog__extrait-container\"><p><img decoding=\"async\" class=\"alignnone wp-image-37132\" src=\"https:\/\/www.yvar-bregeant.com\/wp-content\/uploads\/2024\/10\/Couverture-video-le-dechiffrage-de-lauroch-300x300.png\" alt=\"\" width=\"312\" height=\"312\" srcset=\"https:\/\/www.yvar-bregeant.com\/wp-content\/uploads\/2024\/10\/Couverture-video-le-dechiffrage-de-lauroch-300x300.png 300w, https:\/\/www.yvar-bregeant.com\/wp-content\/uploads\/2024\/10\/Couverture-video-le-dechiffrage-de-lauroch-1024x1024.png 1024w, https:\/\/www.yvar-bregeant.com\/wp-content\/uploads\/2024\/10\/Couverture-video-le-dechiffrage-de-lauroch-150x150.png 150w, https:\/\/www.yvar-bregeant.com\/wp-content\/uploads\/2024\/10\/Couverture-video-le-dechiffrage-de-lauroch-768x768.png 768w, https:\/\/www.yvar-bregeant.com\/wp-content\/uploads\/2024\/10\/Couverture-video-le-dechiffrage-de-lauroch.png 1080w\" sizes=\"(max-width: 312px) 100vw, 312px\" \/><\/p><div class=\"blog__extrait-info\"><h3 class=\"blog__extrait-titre\"><span style=\"color: #000000;\">Genel al\u0131nt\u0131: Lascaux tek boynuzlu at\u0131n\u0131n ilk panelindeki yaban \u00f6k\u00fcz\u00fcn\u00fcn \u00f6nemi (s.307-341)<\/span><\/h3><p class=\"blog__extrait-volume\">Cilt 2 Kitap 1: Ma\u011faralar\u0131n dilini de\u015fifre etmek<\/p><h6><span style=\"color: #000000;\"> Bu al\u0131nt\u0131y\u0131 okuyun: <\/span><\/h6><h6>\u27a1\ufe0f <a href=\"https:\/\/yvarbregeant.substack.com\/p\/le-dechiffrage-du-langage-des-cavernes?r=5g2n2o\" target=\"_blank\" rel=\"noopener\">Haber b\u00fcltenimle<\/a><\/h6><h6>\u27a1\ufe0f <a href=\"https:\/\/www.yvar-bregeant.com\/la-signification-du-taureau-auroch-du-premier-panneau-de-la-licorne-de-la-grotte-de-lascaux\/\" target=\"_blank\" rel=\"noopener\">Web sitemden<\/a><\/h6><\/div><\/div>\t\t\t\t\t\t\t\t<\/div>\n\t\t\t\t<\/div>\n\t\t\t\t<div class=\"elementor-element elementor-element-adbb4e4 elementor-widget elementor-widget-text-editor\" data-id=\"adbb4e4\" data-element_type=\"widget\" data-e-type=\"widget\" data-widget_type=\"text-editor.default\">\n\t\t\t\t<div class=\"elementor-widget-container\">\n\t\t\t\t\t\t\t\t\t<div class=\"blog__extrait-container\"><div class=\"blog__extrait-info\"><h3 class=\"blog__extrait-titre\"><span style=\"color: #000000;\"> <span style=\"color: #ff0000;\">\u00d6zel abone \u00f6zeti<\/span> : Bu konudaki \u00f6nceki bilimsel ara\u015ft\u0131rmalar ve sonu\u00e7lar\u0131 (s.109-140)<\/span><\/h3><p class=\"blog__extrait-volume\"> Cilt 2 Kitap 1: Ma\u011faralar\u0131n dilini de\u015fifre etmek<\/p><h6><span style=\"color: #000000;\"> Bu al\u0131nt\u0131y\u0131 okuyun: <\/span><\/h6><h6>\u27a1\ufe0f <a href=\"https:\/\/yvarbregeant.substack.com\/p\/volume-2-livre-1-le-dechiffrage-du?r=5g2n2o\" target=\"_blank\" rel=\"noopener\">Haber b\u00fcltenimle<\/a><\/h6><\/div><\/div>\t\t\t\t\t\t\t\t<\/div>\n\t\t\t\t<\/div>\n\t\t\t\t<div class=\"elementor-element elementor-element-933d151 elementor-widget elementor-widget-text-editor\" data-id=\"933d151\" data-element_type=\"widget\" data-e-type=\"widget\" data-widget_type=\"text-editor.default\">\n\t\t\t\t<div class=\"elementor-widget-container\">\n\t\t\t\t\t\t\t\t\t<div class=\"blog__extrait-container\"><div class=\"blog__extrait-info\"><h3 class=\"blog__extrait-titre\"><span style=\"color: #000000;\"> <span style=\"color: #ff0000;\"> \u00d6zel abone \u00f6zeti<\/span> : Yaban \u00f6k\u00fcz\u00fc ve bizon sembolizmi (s.344-349)<\/span><\/h3><p class=\"blog__extrait-volume\"> Cilt 2 Kitap 1: Ma\u011faralar\u0131n dilini de\u015fifre etmek<\/p><h6><span style=\"color: #000000;\"> Bu al\u0131nt\u0131y\u0131 okuyun: <\/span><\/h6><h6>\u27a1\ufe0f <a href=\"https:\/\/yvarbregeant.substack.com\/p\/le-dechiffrage-du-langage-des-cavernes-7e7?r=5g2n2o\" target=\"_blank\" rel=\"noopener\">Haber b\u00fcltenimle<\/a><\/h6><\/div><\/div>\t\t\t\t\t\t\t\t<\/div>\n\t\t\t\t<\/div>\n\t\t\t\t<div class=\"elementor-element elementor-element-cea4f71 elementor-widget elementor-widget-text-editor\" data-id=\"cea4f71\" data-element_type=\"widget\" data-e-type=\"widget\" data-widget_type=\"text-editor.default\">\n\t\t\t\t<div class=\"elementor-widget-container\">\n\t\t\t\t\t\t\t\t\t<div class=\"blog__extrait-container\"><p><img decoding=\"async\" class=\"wp-image-40858 alignnone\" src=\"https:\/\/www.yvar-bregeant.com\/wp-content\/uploads\/2025\/05\/Image1-300x200.png\" alt=\"\" width=\"390\" height=\"260\" srcset=\"https:\/\/www.yvar-bregeant.com\/wp-content\/uploads\/2025\/05\/Image1-300x200.png 300w, https:\/\/www.yvar-bregeant.com\/wp-content\/uploads\/2025\/05\/Image1.png 361w\" sizes=\"(max-width: 390px) 100vw, 390px\" \/><\/p><div class=\"blog__extrait-info\"><h3 class=\"blog__extrait-titre\"><span style=\"color: #000000;\"> <span style=\"color: #ff0000;\">\u00d6zel abone \u00f6zeti<\/span> : Marsoulas ma\u011faras\u0131ndaki b\u00fcy\u00fck panoda yer alan freskin de\u015fifre edilmesi (s.373- 433)<\/span><\/h3><p class=\"blog__extrait-volume\"> Cilt 2 Kitap 1: Ma\u011faralar\u0131n dilini de\u015fifre etmek<\/p><h6><span style=\"color: #000000;\"> Bu al\u0131nt\u0131y\u0131 okuyun: <\/span><\/h6><h6>\u27a1\ufe0f <a href=\"https:\/\/yvarbregeant.substack.com\/p\/volume-2-livre-1-le-dechiffrage-du-70e?r=5g2n2o\" target=\"_blank\" rel=\"noopener\">Haber b\u00fcltenimle<\/a><\/h6><\/div><\/div>\t\t\t\t\t\t\t\t<\/div>\n\t\t\t\t<\/div>\n\t\t\t\t<div class=\"elementor-element elementor-element-e0dfe84 elementor-widget elementor-widget-text-editor\" data-id=\"e0dfe84\" data-element_type=\"widget\" data-e-type=\"widget\" data-widget_type=\"text-editor.default\">\n\t\t\t\t<div class=\"elementor-widget-container\">\n\t\t\t\t\t\t\t\t\t<div class=\"blog__extrait-container\"><div class=\"blog__extrait-info\"><h3 class=\"blog__extrait-titre\"><span style=\"color: #000000;\"> <span style=\"color: #ff0000;\">\u00d6zel abone \u00f6zeti<\/span> : Geyik sembolizmi (s.460-463)<\/span><\/h3><p class=\"blog__extrait-volume\"> Cilt 2 Kitap 1: Ma\u011faralar\u0131n dilini de\u015fifre etmek<\/p><h6><span style=\"color: #000000;\"> Bu al\u0131nt\u0131y\u0131 okuyun: <\/span><\/h6><h6>\u27a1\ufe0f <a href=\"https:\/\/yvarbregeant.substack.com\/p\/le-dechiffrage-du-langage-des-cavernes-517?r=5g2n2o\" target=\"_blank\" rel=\"noopener\">Haber b\u00fcltenimle<\/a><\/h6><\/div><\/div>\t\t\t\t\t\t\t\t<\/div>\n\t\t\t\t<\/div>\n\t\t\t\t<div class=\"elementor-element elementor-element-d870c44 elementor-widget elementor-widget-text-editor\" data-id=\"d870c44\" data-element_type=\"widget\" data-e-type=\"widget\" data-widget_type=\"text-editor.default\">\n\t\t\t\t<div class=\"elementor-widget-container\">\n\t\t\t\t\t\t\t\t\t<div class=\"blog__extrait-container\"><img decoding=\"async\" class=\"alignnone wp-image-40969 \" src=\"https:\/\/www.yvar-bregeant.com\/wp-content\/uploads\/2025\/05\/KISH-GIZEH-300x300.png\" alt=\"\" width=\"210\" height=\"210\" srcset=\"https:\/\/www.yvar-bregeant.com\/wp-content\/uploads\/2025\/05\/KISH-GIZEH-300x300.png 300w, https:\/\/www.yvar-bregeant.com\/wp-content\/uploads\/2025\/05\/KISH-GIZEH-1024x1024.png 1024w, https:\/\/www.yvar-bregeant.com\/wp-content\/uploads\/2025\/05\/KISH-GIZEH-150x150.png 150w, https:\/\/www.yvar-bregeant.com\/wp-content\/uploads\/2025\/05\/KISH-GIZEH-768x768.png 768w, https:\/\/www.yvar-bregeant.com\/wp-content\/uploads\/2025\/05\/KISH-GIZEH.png 1080w\" sizes=\"(max-width: 210px) 100vw, 210px\" \/><div class=\"blog__extrait-info\"><h3 class=\"blog__extrait-titre\"><span style=\"color: #000000;\"> <span style=\"color: #ff0000;\"> \u00d6zel abone \u00f6zeti<\/span> : Tarih \u00f6ncesi tanr\u0131lar\u0131n babas\u0131 ile S\u00fcmer&#8217;de Ki\u015f, M\u0131s\u0131r&#8217;da Gizeh ve Hitit \u00fclkesinde Hatti aras\u0131ndaki do\u011frudan ruhani ve nominatif ili\u015fki (s.526-547)<\/span><\/h3><p class=\"blog__extrait-volume\"> Cilt 2 Kitap 1: Ma\u011faralar\u0131n dilini de\u015fifre etmek<\/p><h6><span style=\"color: #000000;\"> Bu al\u0131nt\u0131y\u0131 okuyun: <\/span><\/h6><h6>\u27a1\ufe0f <a href=\"https:\/\/yvarbregeant.substack.com\/p\/le-dechiffrage-du-langage-des-cavernes-167?r=5g2n2o\" target=\"_blank\" rel=\"noopener\">Haber b\u00fcltenimle<\/a><\/h6><\/div><\/div>\t\t\t\t\t\t\t\t<\/div>\n\t\t\t\t<\/div>\n\t\t\t\t<\/div>\n\t\t\t\t<div class=\"elementor-element elementor-element-25a265d elementor-widget-divider--view-line elementor-widget elementor-widget-divider\" data-id=\"25a265d\" data-element_type=\"widget\" data-e-type=\"widget\" data-widget_type=\"divider.default\">\n\t\t\t\t<div class=\"elementor-widget-container\">\n\t\t\t\t\t\t\t<div class=\"elementor-divider\">\n\t\t\t<span class=\"elementor-divider-separator\">\n\t\t\t\t\t\t<\/span>\n\t\t<\/div>\n\t\t\t\t\t\t<\/div>\n\t\t\t\t<\/div>\n\t\t\t\t<div class=\"elementor-element elementor-element-f6dc0de elementor-widget elementor-widget-heading\" data-id=\"f6dc0de\" data-element_type=\"widget\" data-e-type=\"widget\" data-widget_type=\"heading.default\">\n\t\t\t\t<div class=\"elementor-widget-container\">\n\t\t\t\t\t<h3 class=\"elementor-heading-title elementor-size-default\">CI\u0307LT 2 LI\u0307VRE 2 : DE DIEU \u00c0 ADEM <\/h3>\t\t\t\t<\/div>\n\t\t\t\t<\/div>\n\t\t\t\t<div class=\"elementor-element elementor-element-7928187 elementor-widget elementor-widget-heading\" data-id=\"7928187\" data-element_type=\"widget\" data-e-type=\"widget\" data-widget_type=\"heading.default\">\n\t\t\t\t<div class=\"elementor-widget-container\">\n\t\t\t\t\t<h3 class=\"elementor-heading-title elementor-size-default\">YEN\u0130! MEVCUT <\/h3>\t\t\t\t<\/div>\n\t\t\t\t<\/div>\n\t\t\t\t<div class=\"elementor-element elementor-element-074dc8d elementor-widget elementor-widget-image\" data-id=\"074dc8d\" data-element_type=\"widget\" data-e-type=\"widget\" data-widget_type=\"image.default\">\n\t\t\t\t<div class=\"elementor-widget-container\">\n\t\t\t\t\t\t\t\t\t\t\t\t\t\t\t\t<a href=\"https:\/\/www.yvar-bregeant.com\/en\/homo-sapiens-book-2-from-god-to-adam\/\" target=\"_blank\">\n\t\t\t\t\t\t\t<img decoding=\"async\" width=\"188\" height=\"300\" src=\"https:\/\/www.yvar-bregeant.com\/wp-content\/uploads\/2025\/07\/Champollion-FR-VF--188x300.png\" class=\"attachment-medium size-medium wp-image-43594\" alt=\"\" srcset=\"https:\/\/www.yvar-bregeant.com\/wp-content\/uploads\/2025\/07\/Champollion-FR-VF--188x300.png 188w, https:\/\/www.yvar-bregeant.com\/wp-content\/uploads\/2025\/07\/Champollion-FR-VF--642x1024.png 642w, https:\/\/www.yvar-bregeant.com\/wp-content\/uploads\/2025\/07\/Champollion-FR-VF--768x1226.png 768w, https:\/\/www.yvar-bregeant.com\/wp-content\/uploads\/2025\/07\/Champollion-FR-VF--963x1536.png 963w, https:\/\/www.yvar-bregeant.com\/wp-content\/uploads\/2025\/07\/Champollion-FR-VF--1283x2048.png 1283w, https:\/\/www.yvar-bregeant.com\/wp-content\/uploads\/2025\/07\/Champollion-FR-VF-.png 1410w\" sizes=\"(max-width: 188px) 100vw, 188px\" \/>\t\t\t\t\t\t\t\t<\/a>\n\t\t\t\t\t\t\t\t\t\t\t\t\t\t\t<\/div>\n\t\t\t\t<\/div>\n\t\t\t\t<div class=\"elementor-element elementor-element-4f509c0 elementor-widget elementor-widget-text-editor\" data-id=\"4f509c0\" data-element_type=\"widget\" data-e-type=\"widget\" data-widget_type=\"text-editor.default\">\n\t\t\t\t<div class=\"elementor-widget-container\">\n\t\t\t\t\t\t\t\t\t<div class=\"volume-info-text\">\n<p><span style=\"color: #000000;\">\u27a1\ufe0f \u0130kinci ciltte yer alan &#8220;Tanr\u0131&#8217;dan Adem&#8217;e&#8221; ba\u015fl\u0131kl\u0131 bu ikinci kitap, &#8220;Tanr\u0131&#8217;n\u0131n varolu\u015fundan Adem&#8217;in yarat\u0131l\u0131\u015f\u0131na&#8221; kadar olan olaylar\u0131 kronolojik bir s\u0131rayla ele alarak mitolojik din ile Kutsal Kitap dinini kar\u015f\u0131la\u015ft\u0131rmal\u0131 olarak incelemeye ba\u015flar.<\/span><\/p>\n<h6>\u27a1\ufe0f <a href=\"https:\/\/yvarbregeant.substack.com\/p\/de-dieu-a-adam-sommaire-de-ses-extraits?r=5g2n2o\" target=\"_blank\" rel=\"noopener\">B\u00fcltenimde yer alan al\u0131nt\u0131lar\u0131n \u00f6zeti<\/a><\/h6>\n<\/div>\t\t\t\t\t\t\t\t<\/div>\n\t\t\t\t<\/div>\n\t\t\t\t<div class=\"elementor-element elementor-element-fade9fa elementor-widget elementor-widget-text-editor\" data-id=\"fade9fa\" data-element_type=\"widget\" data-e-type=\"widget\" data-widget_type=\"text-editor.default\">\n\t\t\t\t<div class=\"elementor-widget-container\">\n\t\t\t\t\t\t\t\t\t<div class=\"blog__extrait-container\"><p><img decoding=\"async\" class=\"alignnone wp-image-37154 size-medium\" src=\"https:\/\/www.yvar-bregeant.com\/wp-content\/uploads\/2024\/10\/Couverture-Satan-FB-YT-vf-300x300.png\" alt=\"\" width=\"300\" height=\"300\" srcset=\"https:\/\/www.yvar-bregeant.com\/wp-content\/uploads\/2024\/10\/Couverture-Satan-FB-YT-vf-300x300.png 300w, https:\/\/www.yvar-bregeant.com\/wp-content\/uploads\/2024\/10\/Couverture-Satan-FB-YT-vf-1024x1024.png 1024w, https:\/\/www.yvar-bregeant.com\/wp-content\/uploads\/2024\/10\/Couverture-Satan-FB-YT-vf-150x150.png 150w, https:\/\/www.yvar-bregeant.com\/wp-content\/uploads\/2024\/10\/Couverture-Satan-FB-YT-vf-768x768.png 768w, https:\/\/www.yvar-bregeant.com\/wp-content\/uploads\/2024\/10\/Couverture-Satan-FB-YT-vf.png 1080w\" sizes=\"(max-width: 300px) 100vw, 300px\" \/><\/p><div class=\"blog__extrait-info\"><h3 class=\"blog__extrait-titre\"><span style=\"color: #000000;\"> <span style=\"color: #0000ff;\">Kamu \u00f6z\u00fc<\/span> : S\u00fcmerlerin ve M\u0131s\u0131rl\u0131lar\u0131n b\u00fcy\u00fck gizli tanr\u0131s\u0131 \u015eeytan&#8217;\u0131n etimolojisi (s.40-59)<\/span><\/h3><p class=\"blog__extrait-volume\"> Cilt 2 Kitap 1: Tanr\u0131&#8217;dan Adem&#8217;e<\/p><h6><span style=\"color: #000000;\"> Bu al\u0131nt\u0131y\u0131 okuyun: <\/span><\/h6><h6>\u27a1\ufe0f <a href=\"https:\/\/yvarbregeant.substack.com\/p\/de-dieu-a-adam-letymologie-de-satan?r=5g2n2o\" target=\"_blank\" rel=\"noopener\">Haber b\u00fcltenimle<\/a><\/h6><h6>\u27a1\ufe0f <a href=\"https:\/\/www.yvar-bregeant.com\/satan-le-dieu-cache-des-sumeriens-et-egyptiens\/\" target=\"_blank\" rel=\"noopener\">Web sitemden<\/a><\/h6><\/div><\/div>\t\t\t\t\t\t\t\t<\/div>\n\t\t\t\t<\/div>\n\t\t\t\t<div class=\"elementor-element elementor-element-807ef5a elementor-widget elementor-widget-text-editor\" data-id=\"807ef5a\" data-element_type=\"widget\" data-e-type=\"widget\" data-widget_type=\"text-editor.default\">\n\t\t\t\t<div class=\"elementor-widget-container\">\n\t\t\t\t\t\t\t\t\t<div class=\"blog__extrait-container\"><p><img decoding=\"async\" class=\"alignnone wp-image-40868 \" src=\"https:\/\/www.yvar-bregeant.com\/wp-content\/uploads\/2025\/05\/Dieu--300x300.jpg\" alt=\"\" width=\"209\" height=\"209\" srcset=\"https:\/\/www.yvar-bregeant.com\/wp-content\/uploads\/2025\/05\/Dieu--300x300.jpg 300w, https:\/\/www.yvar-bregeant.com\/wp-content\/uploads\/2025\/05\/Dieu--150x150.jpg 150w, https:\/\/www.yvar-bregeant.com\/wp-content\/uploads\/2025\/05\/Dieu--768x768.jpg 768w, https:\/\/www.yvar-bregeant.com\/wp-content\/uploads\/2025\/05\/Dieu-.jpg 1024w\" sizes=\"(max-width: 209px) 100vw, 209px\" \/><\/p><div class=\"blog__extrait-info\"><h3 class=\"blog__extrait-titre\"><span style=\"color: #000000;\"> <span style=\"color: #ff0000;\">\u00d6zel abone \u00f6zeti<\/span> :<\/span><\/h3><h3 class=\"blog__extrait-titre\"><span style=\"color: #000000;\"> Tanr\u0131&#8217;n\u0131n do\u011fas\u0131 (b\u00f6l\u00fcmden al\u0131nt\u0131) (s75-141)<\/span><\/h3><p class=\"blog__extrait-volume\"> Cilt 2 Kitap 1: Tanr\u0131&#8217;dan Adem&#8217;e<\/p><h6><span style=\"color: #000000;\"> Bu al\u0131nt\u0131y\u0131 okuyun: <\/span><\/h6><h6>\u27a1\ufe0f <a href=\"https:\/\/yvarbregeant.substack.com\/p\/de-dieu-a-adam-p49-a-94?r=5g2n2o\" target=\"_blank\" rel=\"noopener\">Haber b\u00fcltenimle<\/a><\/h6><\/div><\/div>\t\t\t\t\t\t\t\t<\/div>\n\t\t\t\t<\/div>\n\t\t\t\t<div class=\"elementor-element elementor-element-f9cf07d elementor-widget elementor-widget-text-editor\" data-id=\"f9cf07d\" data-element_type=\"widget\" data-e-type=\"widget\" data-widget_type=\"text-editor.default\">\n\t\t\t\t<div class=\"elementor-widget-container\">\n\t\t\t\t\t\t\t\t\t<div class=\"blog__extrait-container\"><p><img decoding=\"async\" class=\"alignnone wp-image-37167 \" src=\"https:\/\/www.yvar-bregeant.com\/wp-content\/uploads\/2024\/10\/Image-symbolisme-du-phallus-V1-1-300x300.png\" alt=\"\" width=\"298\" height=\"298\" srcset=\"https:\/\/www.yvar-bregeant.com\/wp-content\/uploads\/2024\/10\/Image-symbolisme-du-phallus-V1-1-300x300.png 300w, https:\/\/www.yvar-bregeant.com\/wp-content\/uploads\/2024\/10\/Image-symbolisme-du-phallus-V1-1-1024x1024.png 1024w, https:\/\/www.yvar-bregeant.com\/wp-content\/uploads\/2024\/10\/Image-symbolisme-du-phallus-V1-1-150x150.png 150w, https:\/\/www.yvar-bregeant.com\/wp-content\/uploads\/2024\/10\/Image-symbolisme-du-phallus-V1-1-768x768.png 768w, https:\/\/www.yvar-bregeant.com\/wp-content\/uploads\/2024\/10\/Image-symbolisme-du-phallus-V1-1.png 1080w\" sizes=\"(max-width: 298px) 100vw, 298px\" \/><\/p><div class=\"blog__extrait-info\"><h3 class=\"blog__extrait-titre\"><span style=\"color: #000000;\"> <span style=\"color: #ff0000;\">\u00d6zel abone \u00f6zeti<\/span> : Mitolojik dinlerde fallus sembolizmi (s.460-467)<\/span><\/h3><p class=\"blog__extrait-volume\"> Cilt 2 Kitap 1: Tanr\u0131&#8217;dan Adem&#8217;e<\/p><h6><span style=\"color: #000000;\"> Bu al\u0131nt\u0131y\u0131 okuyun: <\/span><\/h6><h6>\u27a1\ufe0f <a href=\"https:\/\/yvarbregeant.substack.com\/p\/de-dieu-a-adam-le-symbolisme-du-phallus?r=5g2n2o\" target=\"_blank\" rel=\"noopener\">Haber b\u00fcltenimle<\/a><\/h6><\/div><\/div>\t\t\t\t\t\t\t\t<\/div>\n\t\t\t\t<\/div>\n\t\t\t\t<div class=\"elementor-element elementor-element-6cdbc0d elementor-widget-divider--view-line elementor-widget elementor-widget-divider\" data-id=\"6cdbc0d\" data-element_type=\"widget\" data-e-type=\"widget\" data-widget_type=\"divider.default\">\n\t\t\t\t<div class=\"elementor-widget-container\">\n\t\t\t\t\t\t\t<div class=\"elementor-divider\">\n\t\t\t<span class=\"elementor-divider-separator\">\n\t\t\t\t\t\t<\/span>\n\t\t<\/div>\n\t\t\t\t\t\t<\/div>\n\t\t\t\t<\/div>\n\t\t\t\t<div class=\"elementor-element elementor-element-6bdee4b elementor-widget elementor-widget-heading\" data-id=\"6bdee4b\" data-element_type=\"widget\" data-e-type=\"widget\" data-widget_type=\"heading.default\">\n\t\t\t\t<div class=\"elementor-widget-container\">\n\t\t\t\t\t<h3 class=\"elementor-heading-title elementor-size-default\">3. CI\u0307LT: TARI\u0307H \u00d6NCESI\u0307 VE ESKI\u0307 MI\u0307TOLOJI\u0307K DI\u0307NI\u0307N SEMBOL KI\u0307TABI\n\n<\/h3>\t\t\t\t<\/div>\n\t\t\t\t<\/div>\n\t\t\t\t<div class=\"elementor-element elementor-element-b234616 elementor-widget-divider--view-line elementor-widget elementor-widget-divider\" data-id=\"b234616\" data-element_type=\"widget\" data-e-type=\"widget\" data-widget_type=\"divider.default\">\n\t\t\t\t<div class=\"elementor-widget-container\">\n\t\t\t\t\t\t\t<div class=\"elementor-divider\">\n\t\t\t<span class=\"elementor-divider-separator\">\n\t\t\t\t\t\t<\/span>\n\t\t<\/div>\n\t\t\t\t\t\t<\/div>\n\t\t\t\t<\/div>\n\t\t\t\t<div class=\"elementor-element elementor-element-0b0b558 elementor-widget elementor-widget-heading\" data-id=\"0b0b558\" data-element_type=\"widget\" data-e-type=\"widget\" data-widget_type=\"heading.default\">\n\t\t\t\t<div class=\"elementor-widget-container\">\n\t\t\t\t\t<h3 class=\"elementor-heading-title elementor-size-default\"><a href=\"https:\/\/www.yvar-bregeant.com\/tr\/el-ve-sembolleri-kurban-edici-yenileyici-ana-tanrica\/\" target=\"_blank\">3. CI\u0307LT 1. KI\u0307TAP: EL VE SEMBOLLERI\u0307 KURBAN EDEN, YENI\u0307LEYEN ANA TANRI\u00c7A\n<\/a><\/h3>\t\t\t\t<\/div>\n\t\t\t\t<\/div>\n\t\t\t\t<div class=\"elementor-element elementor-element-75ff985 elementor-widget elementor-widget-image\" data-id=\"75ff985\" data-element_type=\"widget\" data-e-type=\"widget\" data-widget_type=\"image.default\">\n\t\t\t\t<div class=\"elementor-widget-container\">\n\t\t\t\t\t\t\t\t\t\t\t\t\t\t\t\t<a href=\"https:\/\/www.yvar-bregeant.com\/tr\/el-ve-sembolleri-kurban-edici-yenileyici-ana-tanrica\/\" target=\"_blank\">\n\t\t\t\t\t\t\t<img decoding=\"async\" width=\"188\" height=\"300\" src=\"https:\/\/www.yvar-bregeant.com\/wp-content\/uploads\/2024\/12\/Couverture-2-Francais-VF-188x300.png\" class=\"attachment-medium size-medium wp-image-37715\" alt=\"\" srcset=\"https:\/\/www.yvar-bregeant.com\/wp-content\/uploads\/2024\/12\/Couverture-2-Francais-VF-188x300.png 188w, https:\/\/www.yvar-bregeant.com\/wp-content\/uploads\/2024\/12\/Couverture-2-Francais-VF-642x1024.png 642w, https:\/\/www.yvar-bregeant.com\/wp-content\/uploads\/2024\/12\/Couverture-2-Francais-VF-768x1226.png 768w, https:\/\/www.yvar-bregeant.com\/wp-content\/uploads\/2024\/12\/Couverture-2-Francais-VF-963x1536.png 963w, https:\/\/www.yvar-bregeant.com\/wp-content\/uploads\/2024\/12\/Couverture-2-Francais-VF-1283x2048.png 1283w, https:\/\/www.yvar-bregeant.com\/wp-content\/uploads\/2024\/12\/Couverture-2-Francais-VF.png 1410w\" sizes=\"(max-width: 188px) 100vw, 188px\" \/>\t\t\t\t\t\t\t\t<\/a>\n\t\t\t\t\t\t\t\t\t\t\t\t\t\t\t<\/div>\n\t\t\t\t<\/div>\n\t\t<div class=\"elementor-element elementor-element-69c887c e-con-full e-flex e-con e-child\" data-id=\"69c887c\" data-element_type=\"container\" data-e-type=\"container\">\n\t\t\t\t<div class=\"elementor-element elementor-element-d87ca3e elementor-widget elementor-widget-text-editor\" data-id=\"d87ca3e\" data-element_type=\"widget\" data-e-type=\"widget\" data-widget_type=\"text-editor.default\">\n\t\t\t\t<div class=\"elementor-widget-container\">\n\t\t\t\t\t\t\t\t\t<div class=\"volume-info-text\"><h6>\u27a1\ufe0f <a href=\"https:\/\/yvarbregeant.substack.com\/p\/la-main-et-ses-symboles-la-deesse-c13?r=5g2n2o\" target=\"_blank\" rel=\"noopener\">B\u00fcltenimde yer alan al\u0131nt\u0131lar\u0131n \u00f6zeti<\/a><\/h6><\/div>\t\t\t\t\t\t\t\t<\/div>\n\t\t\t\t<\/div>\n\t\t\t\t<\/div>\n\t\t\t\t<div class=\"elementor-element elementor-element-6fee20e elementor-widget elementor-widget-text-editor\" data-id=\"6fee20e\" data-element_type=\"widget\" data-e-type=\"widget\" data-widget_type=\"text-editor.default\">\n\t\t\t\t<div class=\"elementor-widget-container\">\n\t\t\t\t\t\t\t\t\t<div class=\"blog__extrait-container\"><p><img decoding=\"async\" class=\"alignnone wp-image-40878 \" src=\"https:\/\/www.yvar-bregeant.com\/wp-content\/uploads\/2025\/05\/Image33.png\" alt=\"\" width=\"274\" height=\"393\"><\/p><div class=\"blog__extrait-info\"><h3 class=\"blog__extrait-titre\"><span style=\"color: #000000;\"> <span style=\"color: #0000ff;\"> Kamu \u00f6z\u00fc<\/span> : Ana tanr\u0131\u00e7a k\u00fclt\u00fc ve \u00e7\u00f6melmi\u015f bir pozisyonda temsil edilmesinin nedeni (s.18-116)<\/span><\/h3><p class=\"blog__extrait-volume\"> Cilt 3 Kitap 1: El ve sembolleri: kurban eden, yenileyici ana tanr\u0131\u00e7a<\/p><h6><span style=\"color: #000000;\"> Bu al\u0131nt\u0131y\u0131 okuyun: <\/span><\/h6><h6>\u27a1\ufe0f <a href=\"https:\/\/yvarbregeant.substack.com\/p\/la-main-et-ses-symboles-la-deesse?r=5g2n2o\" target=\"_blank\" rel=\"noopener\">Haber b\u00fcltenimle<\/a><\/h6><h6>\u27a1\ufe0f <a href=\"https:\/\/www.yvar-bregeant.com\/tr\/ana-tanrica-kultu-ve-comelme-pozisyonunda-temsil-edilmesinin-nedeni\/\" target=\"_blank\" rel=\"noopener\">Web sitemden<\/a><\/h6><\/div><\/div>\t\t\t\t\t\t\t\t<\/div>\n\t\t\t\t<\/div>\n\t\t\t\t<div class=\"elementor-element elementor-element-6660174 elementor-widget-divider--view-line elementor-widget elementor-widget-divider\" data-id=\"6660174\" data-element_type=\"widget\" data-e-type=\"widget\" data-widget_type=\"divider.default\">\n\t\t\t\t<div class=\"elementor-widget-container\">\n\t\t\t\t\t\t\t<div class=\"elementor-divider\">\n\t\t\t<span class=\"elementor-divider-separator\">\n\t\t\t\t\t\t<\/span>\n\t\t<\/div>\n\t\t\t\t\t\t<\/div>\n\t\t\t\t<\/div>\n\t\t\t\t<div class=\"elementor-element elementor-element-58f199f elementor-widget-divider--view-line elementor-widget elementor-widget-divider\" data-id=\"58f199f\" data-element_type=\"widget\" data-e-type=\"widget\" data-widget_type=\"divider.default\">\n\t\t\t\t<div class=\"elementor-widget-container\">\n\t\t\t\t\t\t\t<div class=\"elementor-divider\">\n\t\t\t<span class=\"elementor-divider-separator\">\n\t\t\t\t\t\t<\/span>\n\t\t<\/div>\n\t\t\t\t\t\t<\/div>\n\t\t\t\t<\/div>\n\t\t\t\t<div class=\"elementor-element elementor-element-e37ce6f elementor-widget elementor-widget-heading\" data-id=\"e37ce6f\" data-element_type=\"widget\" data-e-type=\"widget\" data-widget_type=\"heading.default\">\n\t\t\t\t<div class=\"elementor-widget-container\">\n\t\t\t\t\t<h3 class=\"elementor-heading-title elementor-size-default\">CI\u0307LT 6: MEGALI\u0307TI\u0307K TAPINAKLAR <\/h3>\t\t\t\t<\/div>\n\t\t\t\t<\/div>\n\t\t\t\t<div class=\"elementor-element elementor-element-2eadde3 elementor-widget-divider--view-line elementor-widget elementor-widget-divider\" data-id=\"2eadde3\" data-element_type=\"widget\" data-e-type=\"widget\" data-widget_type=\"divider.default\">\n\t\t\t\t<div class=\"elementor-widget-container\">\n\t\t\t\t\t\t\t<div class=\"elementor-divider\">\n\t\t\t<span class=\"elementor-divider-separator\">\n\t\t\t\t\t\t<\/span>\n\t\t<\/div>\n\t\t\t\t\t\t<\/div>\n\t\t\t\t<\/div>\n\t\t\t\t<div class=\"elementor-element elementor-element-69ef7a4 elementor-widget elementor-widget-heading\" data-id=\"69ef7a4\" data-element_type=\"widget\" data-e-type=\"widget\" data-widget_type=\"heading.default\">\n\t\t\t\t<div class=\"elementor-widget-container\">\n\t\t\t\t\t<h3 class=\"elementor-heading-title elementor-size-default\"><a href=\"https:\/\/www.yvar-bregeant.com\/les-temples-megalithiques-de-malte-gobekli-tepe-et-stonehenge\/\" target=\"_blank\">CI\u0307LT 6 KI\u0307TAP 2: MALTA'NIN MEGALI\u0307TI\u0307K TAPINAKLARI, G\u00d6BEKLI\u0307 TEPE VE STONEHENGE<\/a><\/h3>\t\t\t\t<\/div>\n\t\t\t\t<\/div>\n\t\t\t\t<div class=\"elementor-element elementor-element-75ff87b elementor-widget elementor-widget-image\" data-id=\"75ff87b\" data-element_type=\"widget\" data-e-type=\"widget\" data-widget_type=\"image.default\">\n\t\t\t\t<div class=\"elementor-widget-container\">\n\t\t\t\t\t\t\t\t\t\t\t\t\t\t\t\t<a href=\"https:\/\/www.yvar-bregeant.com\/les-temples-megalithiques-de-malte-gobekli-tepe-et-stonehenge\/\" target=\"_blank\">\n\t\t\t\t\t\t\t<img decoding=\"async\" width=\"188\" height=\"300\" src=\"https:\/\/www.yvar-bregeant.com\/wp-content\/uploads\/2024\/12\/Volume-6-Livre-2-Malte-Gobekli-Stonehenge-Francais-VF1-188x300.png\" class=\"attachment-medium size-medium wp-image-37705\" alt=\"\" srcset=\"https:\/\/www.yvar-bregeant.com\/wp-content\/uploads\/2024\/12\/Volume-6-Livre-2-Malte-Gobekli-Stonehenge-Francais-VF1-188x300.png 188w, https:\/\/www.yvar-bregeant.com\/wp-content\/uploads\/2024\/12\/Volume-6-Livre-2-Malte-Gobekli-Stonehenge-Francais-VF1-642x1024.png 642w, https:\/\/www.yvar-bregeant.com\/wp-content\/uploads\/2024\/12\/Volume-6-Livre-2-Malte-Gobekli-Stonehenge-Francais-VF1-768x1226.png 768w, https:\/\/www.yvar-bregeant.com\/wp-content\/uploads\/2024\/12\/Volume-6-Livre-2-Malte-Gobekli-Stonehenge-Francais-VF1-963x1536.png 963w, https:\/\/www.yvar-bregeant.com\/wp-content\/uploads\/2024\/12\/Volume-6-Livre-2-Malte-Gobekli-Stonehenge-Francais-VF1-1283x2048.png 1283w, https:\/\/www.yvar-bregeant.com\/wp-content\/uploads\/2024\/12\/Volume-6-Livre-2-Malte-Gobekli-Stonehenge-Francais-VF1.png 1410w\" sizes=\"(max-width: 188px) 100vw, 188px\" \/>\t\t\t\t\t\t\t\t<\/a>\n\t\t\t\t\t\t\t\t\t\t\t\t\t\t\t<\/div>\n\t\t\t\t<\/div>\n\t\t<div class=\"elementor-element elementor-element-1c91e3e e-con-full e-flex e-con e-child\" data-id=\"1c91e3e\" data-element_type=\"container\" data-e-type=\"container\">\n\t\t\t\t<div class=\"elementor-element elementor-element-381d478 elementor-widget elementor-widget-text-editor\" data-id=\"381d478\" data-element_type=\"widget\" data-e-type=\"widget\" data-widget_type=\"text-editor.default\">\n\t\t\t\t<div class=\"elementor-widget-container\">\n\t\t\t\t\t\t\t\t\t<div class=\"volume-info-text\"><h6>\u27a1\ufe0f <a href=\"https:\/\/yvarbregeant.substack.com\/p\/les-temples-megalithiques-de-malte-704?r=5g2n2o\" target=\"_blank\" rel=\"noopener\">B\u00fcltenimde yer alan al\u0131nt\u0131lar\u0131n \u00f6zeti<\/a><\/h6><\/div>\t\t\t\t\t\t\t\t<\/div>\n\t\t\t\t<\/div>\n\t\t\t\t<\/div>\n\t\t\t\t<div class=\"elementor-element elementor-element-64a3cd4 elementor-widget elementor-widget-text-editor\" data-id=\"64a3cd4\" data-element_type=\"widget\" data-e-type=\"widget\" data-widget_type=\"text-editor.default\">\n\t\t\t\t<div class=\"elementor-widget-container\">\n\t\t\t\t\t\t\t\t\t<div class=\"blog__extrait-container\"><p><img decoding=\"async\" class=\"alignnone wp-image-40888 \" src=\"https:\/\/www.yvar-bregeant.com\/wp-content\/uploads\/2025\/05\/Image27-300x148.jpg\" alt=\"\" width=\"353\" height=\"174\" srcset=\"https:\/\/www.yvar-bregeant.com\/wp-content\/uploads\/2025\/05\/Image27-300x148.jpg 300w, https:\/\/www.yvar-bregeant.com\/wp-content\/uploads\/2025\/05\/Image27.jpg 416w\" sizes=\"(max-width: 353px) 100vw, 353px\" \/><\/p><div class=\"blog__extrait-info\"><h3 class=\"blog__extrait-titre\"><span style=\"color: #000000;\"> <span style=\"color: #0000ff;\">Kamu \u00f6z\u00fc<\/span> : Malta tap\u0131naklar\u0131 \/ Arkeolojik ke\u015fiflerin \u00f6zeti (s.116-140)<\/span><\/h3><p class=\"blog__extrait-volume\"> Cilt 6 Kitap 2: Malta&#8217;n\u0131n megalitik tap\u0131naklar\u0131, G\u00f6bekli Tepe ve Stonehenge<\/p><h6><span style=\"color: #000000;\"> Bu al\u0131nt\u0131y\u0131 okuyun: <\/span><\/h6><h6>\u27a1\ufe0f <a href=\"https:\/\/yvarbregeant.substack.com\/p\/les-temples-megalithiques-de-malte?r=5g2n2o\" target=\"_blank\" rel=\"noopener\">Haber b\u00fcltenimle<\/a><\/h6><h6>\u27a1\ufe0f <a href=\"https:\/\/www.yvar-bregeant.com\/tr\/malta-tapinaklari-arkeolojik-kesiflerin-ozeti\/\" target=\"_blank\" rel=\"noopener\">Web sitemden<\/a><\/h6><\/div><\/div>\t\t\t\t\t\t\t\t<\/div>\n\t\t\t\t<\/div>\n\t\t\t\t<div class=\"elementor-element elementor-element-34e42a5 elementor-widget elementor-widget-text-editor\" data-id=\"34e42a5\" data-element_type=\"widget\" data-e-type=\"widget\" data-widget_type=\"text-editor.default\">\n\t\t\t\t<div class=\"elementor-widget-container\">\n\t\t\t\t\t\t\t\t\t<div class=\"blog__extrait-container\"><p><img decoding=\"async\" class=\"alignnone wp-image-40888 \" src=\"https:\/\/www.yvar-bregeant.com\/wp-content\/uploads\/2025\/05\/Image27-300x148.jpg\" alt=\"\" width=\"347\" height=\"171\" srcset=\"https:\/\/www.yvar-bregeant.com\/wp-content\/uploads\/2025\/05\/Image27-300x148.jpg 300w, https:\/\/www.yvar-bregeant.com\/wp-content\/uploads\/2025\/05\/Image27.jpg 416w\" sizes=\"(max-width: 347px) 100vw, 347px\" \/><\/p><div class=\"blog__extrait-info\"><h3 class=\"blog__extrait-titre\"><span style=\"color: #000000;\"> <span style=\"color: #ff0000;\"> \u00d6zel abone \u00f6zeti<\/span> : Malta Tap\u0131naklar\u0131 \/ Gizemi \u00c7\u00f6zmek (s.141 &#8211; 221)<\/span><\/h3><p class=\"blog__extrait-volume\"> Cilt 6 Kitap 2: Malta&#8217;n\u0131n megalitik tap\u0131naklar\u0131, G\u00f6bekli Tepe ve Stonehenge<\/p><h6><span style=\"color: #000000;\"> Bu al\u0131nt\u0131y\u0131 okuyun: <\/span><\/h6><h6>\u27a1\ufe0f <a href=\"https:\/\/yvarbregeant.substack.com\/p\/volume-6-livre-2-les-temples-megalithiques?r=5g2n2o\" target=\"_blank\" rel=\"noopener\">Haber b\u00fcltenimle<\/a><\/h6><\/div><\/div>\t\t\t\t\t\t\t\t<\/div>\n\t\t\t\t<\/div>\n\t\t\t\t\t<\/div>\n\t\t\t\t<\/div>\n\t\t\t\t<\/div>\n\t\t","protected":false},"excerpt":{"rendered":"<p>Ara\u015ft\u0131rmam\u0131n Kalbine Gidin:Mevcut \u00d6zetlerim Kitaplar\u0131mdan al\u0131nt\u0131lar okuyun Jki-newsletter-light Daha fazlas\u0131n\u0131 \u00f6\u011frenmek i\u00e7in buraya t\u0131klay\u0131n: \u27a1\ufe0f Ara\u015ft\u0131rmalar\u0131m\u0131 eri\u015fime a\u00e7ma politikam \u27a1\ufe0f Serideki kitaplar\u0131n yap\u0131s\u0131 \u27a1\ufe0f Kitaplar\u0131mdan al\u0131nt\u0131lar\u0131n genel \u00f6zetine bak\u0131n Serideki kitaplardan a\u015famal\u0131 olarak s\u0131ralanm\u0131\u015f al\u0131nt\u0131lar 1. CI\u0307LT: YARADILI\u015e VAHYI\u0307 \u27a1\ufe0f Bu kitap, insanl\u0131\u011f\u0131n iki ilkel dini aras\u0131ndaki orijinal \u00e7at\u0131\u015fmaya basit, a\u00e7\u0131k ve e\u011flenceli bir giri\u015f [&hellip;]<\/p>\n","protected":false},"author":2,"featured_media":44896,"parent":0,"menu_order":0,"comment_status":"closed","ping_status":"closed","template":"elementor_header_footer","meta":{"footnotes":""},"class_list":["post-4516","page","type-page","status-publish","has-post-thumbnail","hentry"],"yoast_head":"<!-- This site is optimized with the Yoast SEO plugin v27.5 - https:\/\/yoast.com\/product\/yoast-seo-wordpress\/ -->\n<title>Yvar Bregeant taraf\u0131ndan yaz\u0131lan online kitaplar\u0131 okuyun<\/title>\n<meta name=\"description\" content=\"Yvar Bregeant&#039;\u0131n insanl\u0131\u011f\u0131n dinlerinin k\u00f6kenleri ve tarihi hakk\u0131ndaki kitaplar\u0131ndan blog makaleleri veya b\u00fcy\u00fck al\u0131nt\u0131lar \u015feklinde t\u00fcm b\u00f6l\u00fcmleri se\u00e7in ve okuyun.\" \/>\n<meta name=\"robots\" content=\"index, follow, max-snippet:-1, max-image-preview:large, max-video-preview:-1\" \/>\n<link rel=\"canonical\" href=\"https:\/\/www.yvar-bregeant.com\/tr\/cevrimici-okuyun\/\" \/>\n<meta property=\"og:locale\" content=\"tr_TR\" \/>\n<meta property=\"og:type\" content=\"article\" \/>\n<meta property=\"og:title\" content=\"Yvar Bregeant taraf\u0131ndan yaz\u0131lan online kitaplar\u0131 okuyun\" \/>\n<meta property=\"og:description\" content=\"Yvar Bregeant&#039;\u0131n insanl\u0131\u011f\u0131n dinlerinin k\u00f6kenleri ve tarihi hakk\u0131ndaki kitaplar\u0131ndan blog makaleleri veya b\u00fcy\u00fck al\u0131nt\u0131lar \u015feklinde t\u00fcm b\u00f6l\u00fcmleri se\u00e7in ve okuyun.\" \/>\n<meta property=\"og:url\" content=\"https:\/\/www.yvar-bregeant.com\/tr\/cevrimici-okuyun\/\" \/>\n<meta property=\"og:site_name\" content=\"Yvar Bregeant\" \/>\n<meta property=\"article:publisher\" content=\"https:\/\/www.facebook.com\/profile.php?id=61553731625098\" \/>\n<meta property=\"article:modified_time\" content=\"2025-07-31T19:11:08+00:00\" \/>\n<meta property=\"og:image\" content=\"https:\/\/www.yvar-bregeant.com\/wp-content\/uploads\/2023\/12\/Logo-de-presentation-onglet-structuration-1.jpg\" \/>\n\t<meta property=\"og:image:width\" content=\"612\" \/>\n\t<meta property=\"og:image:height\" content=\"586\" \/>\n\t<meta property=\"og:image:type\" content=\"image\/jpeg\" \/>\n<meta name=\"twitter:card\" content=\"summary_large_image\" \/>\n<script type=\"application\/ld+json\" class=\"yoast-schema-graph\">{\"@context\":\"https:\\\/\\\/schema.org\",\"@graph\":[{\"@type\":\"WebPage\",\"@id\":\"https:\\\/\\\/www.yvar-bregeant.com\\\/tr\\\/cevrimici-okuyun\\\/\",\"url\":\"https:\\\/\\\/www.yvar-bregeant.com\\\/tr\\\/cevrimici-okuyun\\\/\",\"name\":\"Yvar Bregeant taraf\u0131ndan yaz\u0131lan online kitaplar\u0131 okuyun\",\"isPartOf\":{\"@id\":\"https:\\\/\\\/www.yvar-bregeant.com\\\/tr\\\/#website\"},\"primaryImageOfPage\":{\"@id\":\"https:\\\/\\\/www.yvar-bregeant.com\\\/tr\\\/cevrimici-okuyun\\\/#primaryimage\"},\"image\":{\"@id\":\"https:\\\/\\\/www.yvar-bregeant.com\\\/tr\\\/cevrimici-okuyun\\\/#primaryimage\"},\"thumbnailUrl\":\"https:\\\/\\\/www.yvar-bregeant.com\\\/wp-content\\\/uploads\\\/2025\\\/12\\\/Carrousel-Image-serie-et-logo.png\",\"datePublished\":\"2023-06-06T09:20:01+00:00\",\"dateModified\":\"2025-07-31T19:11:08+00:00\",\"description\":\"Yvar Bregeant'\u0131n insanl\u0131\u011f\u0131n dinlerinin k\u00f6kenleri ve tarihi hakk\u0131ndaki kitaplar\u0131ndan blog makaleleri veya b\u00fcy\u00fck al\u0131nt\u0131lar \u015feklinde t\u00fcm b\u00f6l\u00fcmleri se\u00e7in ve okuyun.\",\"breadcrumb\":{\"@id\":\"https:\\\/\\\/www.yvar-bregeant.com\\\/tr\\\/cevrimici-okuyun\\\/#breadcrumb\"},\"inLanguage\":\"tr\",\"potentialAction\":[{\"@type\":\"ReadAction\",\"target\":[\"https:\\\/\\\/www.yvar-bregeant.com\\\/tr\\\/cevrimici-okuyun\\\/\"]}]},{\"@type\":\"ImageObject\",\"inLanguage\":\"tr\",\"@id\":\"https:\\\/\\\/www.yvar-bregeant.com\\\/tr\\\/cevrimici-okuyun\\\/#primaryimage\",\"url\":\"https:\\\/\\\/www.yvar-bregeant.com\\\/wp-content\\\/uploads\\\/2025\\\/12\\\/Carrousel-Image-serie-et-logo.png\",\"contentUrl\":\"https:\\\/\\\/www.yvar-bregeant.com\\\/wp-content\\\/uploads\\\/2025\\\/12\\\/Carrousel-Image-serie-et-logo.png\",\"width\":1080,\"height\":1080},{\"@type\":\"BreadcrumbList\",\"@id\":\"https:\\\/\\\/www.yvar-bregeant.com\\\/tr\\\/cevrimici-okuyun\\\/#breadcrumb\",\"itemListElement\":[{\"@type\":\"ListItem\",\"position\":1,\"name\":\"Accueil\",\"item\":\"https:\\\/\\\/www.yvar-bregeant.com\\\/tr\\\/\"},{\"@type\":\"ListItem\",\"position\":2,\"name\":\"Al\u0131nt\u0131lar\"}]},{\"@type\":\"WebSite\",\"@id\":\"https:\\\/\\\/www.yvar-bregeant.com\\\/tr\\\/#website\",\"url\":\"https:\\\/\\\/www.yvar-bregeant.com\\\/tr\\\/\",\"name\":\"Yvar Bregeant\",\"description\":\"\",\"publisher\":{\"@id\":\"https:\\\/\\\/www.yvar-bregeant.com\\\/tr\\\/#organization\"},\"potentialAction\":[{\"@type\":\"SearchAction\",\"target\":{\"@type\":\"EntryPoint\",\"urlTemplate\":\"https:\\\/\\\/www.yvar-bregeant.com\\\/tr\\\/?s={search_term_string}\"},\"query-input\":{\"@type\":\"PropertyValueSpecification\",\"valueRequired\":true,\"valueName\":\"search_term_string\"}}],\"inLanguage\":\"tr\"},{\"@type\":\"Organization\",\"@id\":\"https:\\\/\\\/www.yvar-bregeant.com\\\/tr\\\/#organization\",\"name\":\"Yvar Bregeant\",\"url\":\"https:\\\/\\\/www.yvar-bregeant.com\\\/tr\\\/\",\"logo\":{\"@type\":\"ImageObject\",\"inLanguage\":\"tr\",\"@id\":\"https:\\\/\\\/www.yvar-bregeant.com\\\/tr\\\/#\\\/schema\\\/logo\\\/image\\\/\",\"url\":\"https:\\\/\\\/www.yvar-bregeant.com\\\/wp-content\\\/uploads\\\/2023\\\/12\\\/Logo-de-presentation-onglet-structuration-russe.jpg\",\"contentUrl\":\"https:\\\/\\\/www.yvar-bregeant.com\\\/wp-content\\\/uploads\\\/2023\\\/12\\\/Logo-de-presentation-onglet-structuration-russe.jpg\",\"width\":612,\"height\":586,\"caption\":\"Yvar Bregeant\"},\"image\":{\"@id\":\"https:\\\/\\\/www.yvar-bregeant.com\\\/tr\\\/#\\\/schema\\\/logo\\\/image\\\/\"},\"sameAs\":[\"https:\\\/\\\/www.facebook.com\\\/profile.php?id=61553731625098\"]}]}<\/script>\n<!-- \/ Yoast SEO plugin. -->","yoast_head_json":{"title":"Yvar Bregeant taraf\u0131ndan yaz\u0131lan online kitaplar\u0131 okuyun","description":"Yvar Bregeant'\u0131n insanl\u0131\u011f\u0131n dinlerinin k\u00f6kenleri ve tarihi hakk\u0131ndaki kitaplar\u0131ndan blog makaleleri veya b\u00fcy\u00fck al\u0131nt\u0131lar \u015feklinde t\u00fcm b\u00f6l\u00fcmleri se\u00e7in ve okuyun.","robots":{"index":"index","follow":"follow","max-snippet":"max-snippet:-1","max-image-preview":"max-image-preview:large","max-video-preview":"max-video-preview:-1"},"canonical":"https:\/\/www.yvar-bregeant.com\/tr\/cevrimici-okuyun\/","og_locale":"tr_TR","og_type":"article","og_title":"Yvar Bregeant taraf\u0131ndan yaz\u0131lan online kitaplar\u0131 okuyun","og_description":"Yvar Bregeant'\u0131n insanl\u0131\u011f\u0131n dinlerinin k\u00f6kenleri ve tarihi hakk\u0131ndaki kitaplar\u0131ndan blog makaleleri veya b\u00fcy\u00fck al\u0131nt\u0131lar \u015feklinde t\u00fcm b\u00f6l\u00fcmleri se\u00e7in ve okuyun.","og_url":"https:\/\/www.yvar-bregeant.com\/tr\/cevrimici-okuyun\/","og_site_name":"Yvar Bregeant","article_publisher":"https:\/\/www.facebook.com\/profile.php?id=61553731625098","article_modified_time":"2025-07-31T19:11:08+00:00","og_image":[{"width":612,"height":586,"url":"https:\/\/www.yvar-bregeant.com\/wp-content\/uploads\/2023\/12\/Logo-de-presentation-onglet-structuration-1.jpg","type":"image\/jpeg"}],"twitter_card":"summary_large_image","schema":{"@context":"https:\/\/schema.org","@graph":[{"@type":"WebPage","@id":"https:\/\/www.yvar-bregeant.com\/tr\/cevrimici-okuyun\/","url":"https:\/\/www.yvar-bregeant.com\/tr\/cevrimici-okuyun\/","name":"Yvar Bregeant taraf\u0131ndan yaz\u0131lan online kitaplar\u0131 okuyun","isPartOf":{"@id":"https:\/\/www.yvar-bregeant.com\/tr\/#website"},"primaryImageOfPage":{"@id":"https:\/\/www.yvar-bregeant.com\/tr\/cevrimici-okuyun\/#primaryimage"},"image":{"@id":"https:\/\/www.yvar-bregeant.com\/tr\/cevrimici-okuyun\/#primaryimage"},"thumbnailUrl":"https:\/\/www.yvar-bregeant.com\/wp-content\/uploads\/2025\/12\/Carrousel-Image-serie-et-logo.png","datePublished":"2023-06-06T09:20:01+00:00","dateModified":"2025-07-31T19:11:08+00:00","description":"Yvar Bregeant'\u0131n insanl\u0131\u011f\u0131n dinlerinin k\u00f6kenleri ve tarihi hakk\u0131ndaki kitaplar\u0131ndan blog makaleleri veya b\u00fcy\u00fck al\u0131nt\u0131lar \u015feklinde t\u00fcm b\u00f6l\u00fcmleri se\u00e7in ve okuyun.","breadcrumb":{"@id":"https:\/\/www.yvar-bregeant.com\/tr\/cevrimici-okuyun\/#breadcrumb"},"inLanguage":"tr","potentialAction":[{"@type":"ReadAction","target":["https:\/\/www.yvar-bregeant.com\/tr\/cevrimici-okuyun\/"]}]},{"@type":"ImageObject","inLanguage":"tr","@id":"https:\/\/www.yvar-bregeant.com\/tr\/cevrimici-okuyun\/#primaryimage","url":"https:\/\/www.yvar-bregeant.com\/wp-content\/uploads\/2025\/12\/Carrousel-Image-serie-et-logo.png","contentUrl":"https:\/\/www.yvar-bregeant.com\/wp-content\/uploads\/2025\/12\/Carrousel-Image-serie-et-logo.png","width":1080,"height":1080},{"@type":"BreadcrumbList","@id":"https:\/\/www.yvar-bregeant.com\/tr\/cevrimici-okuyun\/#breadcrumb","itemListElement":[{"@type":"ListItem","position":1,"name":"Accueil","item":"https:\/\/www.yvar-bregeant.com\/tr\/"},{"@type":"ListItem","position":2,"name":"Al\u0131nt\u0131lar"}]},{"@type":"WebSite","@id":"https:\/\/www.yvar-bregeant.com\/tr\/#website","url":"https:\/\/www.yvar-bregeant.com\/tr\/","name":"Yvar Bregeant","description":"","publisher":{"@id":"https:\/\/www.yvar-bregeant.com\/tr\/#organization"},"potentialAction":[{"@type":"SearchAction","target":{"@type":"EntryPoint","urlTemplate":"https:\/\/www.yvar-bregeant.com\/tr\/?s={search_term_string}"},"query-input":{"@type":"PropertyValueSpecification","valueRequired":true,"valueName":"search_term_string"}}],"inLanguage":"tr"},{"@type":"Organization","@id":"https:\/\/www.yvar-bregeant.com\/tr\/#organization","name":"Yvar Bregeant","url":"https:\/\/www.yvar-bregeant.com\/tr\/","logo":{"@type":"ImageObject","inLanguage":"tr","@id":"https:\/\/www.yvar-bregeant.com\/tr\/#\/schema\/logo\/image\/","url":"https:\/\/www.yvar-bregeant.com\/wp-content\/uploads\/2023\/12\/Logo-de-presentation-onglet-structuration-russe.jpg","contentUrl":"https:\/\/www.yvar-bregeant.com\/wp-content\/uploads\/2023\/12\/Logo-de-presentation-onglet-structuration-russe.jpg","width":612,"height":586,"caption":"Yvar Bregeant"},"image":{"@id":"https:\/\/www.yvar-bregeant.com\/tr\/#\/schema\/logo\/image\/"},"sameAs":["https:\/\/www.facebook.com\/profile.php?id=61553731625098"]}]}},"_links":{"self":[{"href":"https:\/\/www.yvar-bregeant.com\/tr\/wp-json\/wp\/v2\/pages\/4516","targetHints":{"allow":["GET"]}}],"collection":[{"href":"https:\/\/www.yvar-bregeant.com\/tr\/wp-json\/wp\/v2\/pages"}],"about":[{"href":"https:\/\/www.yvar-bregeant.com\/tr\/wp-json\/wp\/v2\/types\/page"}],"author":[{"embeddable":true,"href":"https:\/\/www.yvar-bregeant.com\/tr\/wp-json\/wp\/v2\/users\/2"}],"replies":[{"embeddable":true,"href":"https:\/\/www.yvar-bregeant.com\/tr\/wp-json\/wp\/v2\/comments?post=4516"}],"version-history":[{"count":2,"href":"https:\/\/www.yvar-bregeant.com\/tr\/wp-json\/wp\/v2\/pages\/4516\/revisions"}],"predecessor-version":[{"id":43774,"href":"https:\/\/www.yvar-bregeant.com\/tr\/wp-json\/wp\/v2\/pages\/4516\/revisions\/43774"}],"wp:featuredmedia":[{"embeddable":true,"href":"https:\/\/www.yvar-bregeant.com\/tr\/wp-json\/wp\/v2\/media\/44896"}],"wp:attachment":[{"href":"https:\/\/www.yvar-bregeant.com\/tr\/wp-json\/wp\/v2\/media?parent=4516"}],"curies":[{"name":"wp","href":"https:\/\/api.w.org\/{rel}","templated":true}]}}